{"id":33389,"date":"2022-10-03T15:42:07","date_gmt":"2022-10-03T13:42:07","guid":{"rendered":"https:\/\/swissdox.ch\/?page_id=33389"},"modified":"2026-08-13T09:59:49","modified_gmt":"2026-08-13T07:59:49","slug":"archives-media","status":"publish","type":"page","link":"https:\/\/swissdox.ch\/fr\/archives-media\/","title":{"rendered":"Archives m\u00e9dia"},"content":{"rendered":"\t\t<div data-elementor-type=\"wp-page\" data-elementor-id=\"33389\" class=\"elementor elementor-33389 elementor-33388\" data-elementor-post-type=\"page\">\n\t\t\t\t\t\t<section class=\"elementor-section elementor-top-section elementor-element elementor-element-fa3f395 elementor-section-boxed elementor-section-height-default elementor-section-height-default\" data-id=\"fa3f395\" data-element_type=\"section\" data-e-type=\"section\">\n\t\t\t\t\t\t<div class=\"elementor-container elementor-column-gap-default\">\n\t\t\t\t\t<div class=\"elementor-column elementor-col-100 elementor-top-column elementor-element elementor-element-51814ae\" data-id=\"51814ae\" data-element_type=\"column\" data-e-type=\"column\">\n\t\t\t<div class=\"elementor-widget-wrap elementor-element-populated\">\n\t\t\t\t\t\t<div class=\"elementor-element elementor-element-f2506ca elementor-widget elementor-widget-breadcrumbs\" data-id=\"f2506ca\" data-element_type=\"widget\" data-e-type=\"widget\" data-widget_type=\"breadcrumbs.default\">\n\t\t\t\t<div class=\"elementor-widget-container\">\n\t\t\t\t\t<p id=\"breadcrumbs\"><span><span><a href=\"https:\/\/swissdox.ch\/fr\/\">Home<\/a><\/span><\/span><\/p>\t\t\t\t<\/div>\n\t\t\t\t<\/div>\n\t\t\t\t\t<\/div>\n\t\t<\/div>\n\t\t\t\t\t<\/div>\n\t\t<\/section>\n\t\t\t\t<section class=\"elementor-section elementor-top-section elementor-element elementor-element-87963c6 elementor-hidden-desktop elementor-hidden-tablet elementor-section-boxed elementor-section-height-default elementor-section-height-default\" data-id=\"87963c6\" data-element_type=\"section\" data-e-type=\"section\">\n\t\t\t\t\t\t<div class=\"elementor-container elementor-column-gap-default\">\n\t\t\t\t\t<div class=\"elementor-column elementor-col-100 elementor-top-column elementor-element elementor-element-662077b\" data-id=\"662077b\" data-element_type=\"column\" data-e-type=\"column\" data-settings=\"{&quot;background_background&quot;:&quot;classic&quot;}\">\n\t\t\t<div class=\"elementor-widget-wrap elementor-element-populated\">\n\t\t\t\t\t\t<div class=\"elementor-element elementor-element-4c8e174 elementor-widget elementor-widget-heading\" data-id=\"4c8e174\" data-element_type=\"widget\" data-e-type=\"widget\" data-widget_type=\"heading.default\">\n\t\t\t\t<div class=\"elementor-widget-container\">\n\t\t\t\t\t<h2 class=\"elementor-heading-title elementor-size-default\">Archives m\u00e9dia<\/h2>\t\t\t\t<\/div>\n\t\t\t\t<\/div>\n\t\t\t\t<div class=\"elementor-element elementor-element-f839973 elementor-widget elementor-widget-text-editor\" data-id=\"f839973\" data-element_type=\"widget\" data-e-type=\"widget\" data-widget_type=\"text-editor.default\">\n\t\t\t\t<div class=\"elementor-widget-container\">\n\t\t\t\t\t\t\t\t\t<p>Les archives m\u00e9dia de Swissdox contiennent plus de 43 millions de documents. Plus de 600 sources: Des quotidiens, des hebdomadaires et des journaux du dimanche r\u00e9gionaux, nationaux et internationaux, des magazines, des agences de presse, des sources en ligne, des \u00e9missions de radio et de TV ainsi que des publications anciennes. Situation au 23.07.2026. Toutes les indications sans garantie. Pour toute question : <a href=\"ma&#105;&#108;&#116;&#x6f;&#x3a;&#x63;&#x6f;nt&#97;&#99;&#116;&#x40;&#x73;&#x77;&#x69;ss&#100;&#111;&#120;&#x2e;&#x63;&#x68;\">&#x63;&#x6f;&#x6e;&#x74;&#x61;&#x63;&#x74;&#x40;&#x73;&#x77;&#x69;&#x73;&#x73;&#x64;&#111;&#120;&#46;&#99;&#104;<\/a>.<\/p>\n<p><a href=\"https:\/\/swissdox.ch\/fr\/archives-media\/liste-de-medias\/\">Liste de toutes les sources (actuelles et non actuelles)<\/a><\/p>\n\t\t\t\t\t\t\t\t<\/div>\n\t\t\t\t<\/div>\n\t\t\t\t\t<\/div>\n\t\t<\/div>\n\t\t\t\t\t<\/div>\n\t\t<\/section>\n\t\t\t\t<section class=\"elementor-section elementor-top-section elementor-element elementor-element-0aa66d0 elementor-hidden-mobile elementor-section-boxed elementor-section-height-default elementor-section-height-default\" data-id=\"0aa66d0\" data-element_type=\"section\" data-e-type=\"section\">\n\t\t\t\t\t\t<div class=\"elementor-container elementor-column-gap-default\">\n\t\t\t\t\t<div class=\"elementor-column elementor-col-100 elementor-top-column elementor-element elementor-element-0cb4b6f\" data-id=\"0cb4b6f\" data-element_type=\"column\" data-e-type=\"column\" data-settings=\"{&quot;background_background&quot;:&quot;classic&quot;}\">\n\t\t\t<div class=\"elementor-widget-wrap elementor-element-populated\">\n\t\t\t\t\t\t<div class=\"elementor-element elementor-element-c996941 elementor-widget elementor-widget-heading\" data-id=\"c996941\" data-element_type=\"widget\" data-e-type=\"widget\" data-widget_type=\"heading.default\">\n\t\t\t\t<div class=\"elementor-widget-container\">\n\t\t\t\t\t<h2 class=\"elementor-heading-title elementor-size-default\">Archives m\u00e9dia<\/h2>\t\t\t\t<\/div>\n\t\t\t\t<\/div>\n\t\t\t\t<section class=\"elementor-section elementor-inner-section elementor-element elementor-element-6727038 elementor-section-boxed elementor-section-height-default elementor-section-height-default\" data-id=\"6727038\" data-element_type=\"section\" data-e-type=\"section\">\n\t\t\t\t\t\t<div class=\"elementor-container elementor-column-gap-default\">\n\t\t\t\t\t<div class=\"elementor-column elementor-col-50 elementor-inner-column elementor-element elementor-element-812352e\" data-id=\"812352e\" data-element_type=\"column\" data-e-type=\"column\">\n\t\t\t<div class=\"elementor-widget-wrap elementor-element-populated\">\n\t\t\t\t\t\t<div class=\"elementor-element elementor-element-476321b elementor-widget elementor-widget-text-editor\" data-id=\"476321b\" data-element_type=\"widget\" data-e-type=\"widget\" data-widget_type=\"text-editor.default\">\n\t\t\t\t<div class=\"elementor-widget-container\">\n\t\t\t\t\t\t\t\t\t<p>Les archives m\u00e9dia de Swissdox contiennent plus de 43 millions de documents. Plus de 600 sources sont \u00e0 votre disposition. Vous pouvez choisir parmi des quotidiens, des hebdomadaires et des journaux du dimanche r\u00e9gionaux, nationaux et internationaux, des magazines, des agences de presse, des sources en ligne, des \u00e9missions de radio et de TV ainsi que des publications anciennes.<\/p>\n\t\t\t\t\t\t\t\t<\/div>\n\t\t\t\t<\/div>\n\t\t\t\t\t<\/div>\n\t\t<\/div>\n\t\t\t\t<div class=\"elementor-column elementor-col-50 elementor-inner-column elementor-element elementor-element-2ec2e66\" data-id=\"2ec2e66\" data-element_type=\"column\" data-e-type=\"column\">\n\t\t\t<div class=\"elementor-widget-wrap elementor-element-populated\">\n\t\t\t\t\t\t<div class=\"elementor-element elementor-element-e57f784 elementor-widget elementor-widget-text-editor\" data-id=\"e57f784\" data-element_type=\"widget\" data-e-type=\"widget\" data-widget_type=\"text-editor.default\">\n\t\t\t\t<div class=\"elementor-widget-container\">\n\t\t\t\t\t\t\t\t\t<p>Situation au 23.07.2026.<br \/>L\u2019exhaustivit\u00e9 d\u2019une source m\u00e9diatique ne peut pas toujours \u00eatre garantie.<br \/>Pour toute question : <a href=\"&#109;a&#105;l&#116;o&#x3a;c&#x6f;n&#x74;a&#x63;t&#x40;s&#x77;i&#x73;s&#x64;o&#x78;&#46;&#x63;&#104;\">&#x63;&#x6f;&#110;ta&#x63;&#x74;&#64;&#115;w&#x69;&#x73;&#115;&#100;o&#x78;&#x2e;&#x63;&#104;<\/a>.<\/p>\n\t\t\t\t\t\t\t\t<\/div>\n\t\t\t\t<\/div>\n\t\t\t\t<div class=\"elementor-element elementor-element-4ef3e10 elementor-widget elementor-widget-text-editor\" data-id=\"4ef3e10\" data-element_type=\"widget\" data-e-type=\"widget\" data-widget_type=\"text-editor.default\">\n\t\t\t\t<div class=\"elementor-widget-container\">\n\t\t\t\t\t\t\t\t\t<p><a href=\"https:\/\/swissdox.ch\/fr\/archives-media\/liste-de-medias\/\">Liste de toutes les sources (actuelles et non actuelles)<\/a><\/p>\n\t\t\t\t\t\t\t\t<\/div>\n\t\t\t\t<\/div>\n\t\t\t\t\t<\/div>\n\t\t<\/div>\n\t\t\t\t\t<\/div>\n\t\t<\/section>\n\t\t\t\t\t<\/div>\n\t\t<\/div>\n\t\t\t\t\t<\/div>\n\t\t<\/section>\n\t\t\t\t<section class=\"elementor-section elementor-top-section elementor-element elementor-element-a6cf026 elementor-section-boxed elementor-section-height-default elementor-section-height-default\" data-id=\"a6cf026\" data-element_type=\"section\" data-e-type=\"section\">\n\t\t\t\t\t\t<div class=\"elementor-container elementor-column-gap-default\">\n\t\t\t\t\t<div class=\"elementor-column elementor-col-100 elementor-top-column elementor-element elementor-element-c89c5a3\" data-id=\"c89c5a3\" data-element_type=\"column\" data-e-type=\"column\" data-settings=\"{&quot;background_background&quot;:&quot;classic&quot;}\">\n\t\t\t<div class=\"elementor-widget-wrap elementor-element-populated\">\n\t\t\t\t\t\t<div class=\"elementor-element elementor-element-7511a42 elementor-widget__width-auto elementor-widget elementor-widget-heading\" data-id=\"7511a42\" data-element_type=\"widget\" data-e-type=\"widget\" data-widget_type=\"heading.default\">\n\t\t\t\t<div class=\"elementor-widget-container\">\n\t\t\t\t\t<h2 class=\"elementor-heading-title elementor-size-default\">Les sources m\u00e9diatiques actuelles<\/h2>\t\t\t\t<\/div>\n\t\t\t\t<\/div>\n\t\t\t\t<section class=\"elementor-section elementor-inner-section elementor-element elementor-element-4ed8c3e elementor-section-boxed elementor-section-height-default elementor-section-height-default\" data-id=\"4ed8c3e\" data-element_type=\"section\" data-e-type=\"section\">\n\t\t\t\t\t\t<div class=\"elementor-container elementor-column-gap-default\">\n\t\t\t\t\t<div class=\"elementor-column elementor-col-20 elementor-inner-column elementor-element elementor-element-6432609\" data-id=\"6432609\" data-element_type=\"column\" data-e-type=\"column\">\n\t\t\t<div class=\"elementor-widget-wrap elementor-element-populated\">\n\t\t\t\t\t\t<div class=\"elementor-element elementor-element-81bc07f elementor-widget elementor-widget-search-filter-field\" data-id=\"81bc07f\" data-element_type=\"widget\" data-e-type=\"widget\" data-settings=\"{&quot;search_filter_field&quot;:&quot;field_1&quot;}\" data-widget_type=\"search-filter-field.default\">\n\t\t\t\t<div class=\"elementor-widget-container\">\n\t\t\t\t\t<div  class=\"search-filter-base search-filter-field search-filter-field--id-1 search-filter-field--type-search search-filter-field--input-type-text search-filter-style--id-1 search-filter-style--search-text search-filter-field--width-100\"  data-search-filter-settings=\"{&quot;attributes&quot;:{&quot;queryId&quot;:&quot;2&quot;,&quot;type&quot;:&quot;search&quot;,&quot;inputType&quot;:&quot;text&quot;,&quot;label&quot;:&quot;New field&quot;,&quot;showLabel&quot;:&quot;no&quot;,&quot;showDescription&quot;:&quot;no&quot;,&quot;dataType&quot;:&quot;relevanssi&quot;,&quot;placeholder&quot;:&quot;Rechercher&quot;,&quot;addClass&quot;:&quot;&quot;,&quot;stylesId&quot;:1,&quot;width&quot;:&quot;100&quot;,&quot;inputShowIcon&quot;:&quot;yes&quot;,&quot;autoSubmit&quot;:&quot;yes&quot;,&quot;autoSubmitDelay&quot;:&quot;600&quot;,&quot;defaultValueType&quot;:&quot;none&quot;,&quot;dataUrlName&quot;:&quot;&quot;},&quot;options&quot;:[],&quot;values&quot;:[],&quot;uid&quot;:0,&quot;urlName&quot;:&quot;s&quot;,&quot;icons&quot;:[&quot;search&quot;,&quot;clear&quot;],&quot;urlTemplate&quot;:[],&quot;id&quot;:1,&quot;connectedData&quot;:[],&quot;supports&quot;:[],&quot;elementorId&quot;:&quot;81bc07f&quot;}\" ><\/div>\t\t\t\t<\/div>\n\t\t\t\t<\/div>\n\t\t\t\t\t<\/div>\n\t\t<\/div>\n\t\t\t\t<div class=\"elementor-column elementor-col-20 elementor-inner-column elementor-element elementor-element-312c0de\" data-id=\"312c0de\" data-element_type=\"column\" data-e-type=\"column\">\n\t\t\t<div class=\"elementor-widget-wrap elementor-element-populated\">\n\t\t\t\t\t\t<div class=\"elementor-element elementor-element-649a2d7 elementor-widget elementor-widget-search-filter-field\" data-id=\"649a2d7\" data-element_type=\"widget\" data-e-type=\"widget\" data-settings=\"{&quot;search_filter_field&quot;:&quot;field_2&quot;}\" data-widget_type=\"search-filter-field.default\">\n\t\t\t\t<div class=\"elementor-widget-container\">\n\t\t\t\t\t<div  class=\"search-filter-base search-filter-field search-filter-field--id-2 search-filter-field--type-choice search-filter-field--input-type-select search-filter-style--id-1 search-filter-style--choice-select search-filter-field--width-100\"  data-search-filter-settings=\"{&quot;attributes&quot;:{&quot;queryId&quot;:&quot;2&quot;,&quot;type&quot;:&quot;choice&quot;,&quot;inputType&quot;:&quot;select&quot;,&quot;label&quot;:&quot;Medientypen&quot;,&quot;showLabel&quot;:&quot;no&quot;,&quot;showDescription&quot;:&quot;no&quot;,&quot;dataType&quot;:&quot;taxonomy&quot;,&quot;placeholder&quot;:&quot;Tous les types de m\\u00e9dias&quot;,&quot;addClass&quot;:&quot;&quot;,&quot;stylesId&quot;:1,&quot;width&quot;:&quot;100&quot;,&quot;autoSubmit&quot;:&quot;yes&quot;,&quot;autoSubmitDelay&quot;:&quot;0&quot;,&quot;defaultValueType&quot;:&quot;none&quot;,&quot;dataUrlName&quot;:&quot;&quot;,&quot;dataTaxonomy&quot;:&quot;medientyp&quot;,&quot;multiple&quot;:&quot;yes&quot;,&quot;hideEmpty&quot;:&quot;yes&quot;,&quot;showCount&quot;:&quot;yes&quot;,&quot;showCountBrackets&quot;:&quot;yes&quot;,&quot;showCountPosition&quot;:&quot;inline&quot;,&quot;dataTotalNumberOfOptions&quot;:&quot;100&quot;,&quot;hideFieldWhenEmpty&quot;:&quot;no&quot;,&quot;taxonomyHierarchical&quot;:&quot;yes&quot;,&quot;taxonomyOrderBy&quot;:&quot;default&quot;,&quot;taxonomyOrderDir&quot;:&quot;inherit&quot;,&quot;taxonomyTermsConditions&quot;:&quot;all&quot;,&quot;inputEnableSearch&quot;:&quot;yes&quot;,&quot;inputNoResultsText&quot;:&quot;No results&quot;,&quot;inputSingularResultsCountText&quot;:&quot;%d result available&quot;,&quot;inputPluralResultsCountText&quot;:&quot;%d results available&quot;,&quot;multipleMatchMethod&quot;:&quot;any&quot;},&quot;options&quot;:[{&quot;value&quot;:&quot;quotidien&quot;,&quot;label&quot;:&quot;Quotidien&quot;,&quot;depth&quot;:0,&quot;id&quot;:793,&quot;parent_id&quot;:0,&quot;count&quot;:85,&quot;countLabel&quot;:&quot;(85)&quot;},{&quot;value&quot;:&quot;agence-de-presse&quot;,&quot;label&quot;:&quot;Agence de presse&quot;,&quot;depth&quot;:0,&quot;id&quot;:138,&quot;parent_id&quot;:0,&quot;count&quot;:4,&quot;countLabel&quot;:&quot;(4)&quot;},{&quot;value&quot;:&quot;presse-en-ligne&quot;,&quot;label&quot;:&quot;Presse en ligne&quot;,&quot;depth&quot;:0,&quot;id&quot;:137,&quot;parent_id&quot;:0,&quot;count&quot;:195,&quot;countLabel&quot;:&quot;(195)&quot;},{&quot;value&quot;:&quot;audio&quot;,&quot;label&quot;:&quot;Audio&quot;,&quot;depth&quot;:0,&quot;id&quot;:136,&quot;parent_id&quot;:0,&quot;count&quot;:19,&quot;countLabel&quot;:&quot;(19)&quot;},{&quot;value&quot;:&quot;magazine&quot;,&quot;label&quot;:&quot;Magazine&quot;,&quot;depth&quot;:0,&quot;id&quot;:135,&quot;parent_id&quot;:0,&quot;count&quot;:139,&quot;countLabel&quot;:&quot;(139)&quot;},{&quot;value&quot;:&quot;hebdomadaire&quot;,&quot;label&quot;:&quot;Hebdomadaire&quot;,&quot;depth&quot;:0,&quot;id&quot;:134,&quot;parent_id&quot;:0,&quot;count&quot;:27,&quot;countLabel&quot;:&quot;(27)&quot;},{&quot;value&quot;:&quot;journal-du-dimanche&quot;,&quot;label&quot;:&quot;Journal du dimanche&quot;,&quot;depth&quot;:0,&quot;id&quot;:133,&quot;parent_id&quot;:0,&quot;count&quot;:10,&quot;countLabel&quot;:&quot;(10)&quot;},{&quot;value&quot;:&quot;video&quot;,&quot;label&quot;:&quot;Vid\\u00e9o&quot;,&quot;depth&quot;:0,&quot;id&quot;:132,&quot;parent_id&quot;:0,&quot;count&quot;:7,&quot;countLabel&quot;:&quot;(7)&quot;}],&quot;values&quot;:[],&quot;uid&quot;:1,&quot;urlName&quot;:&quot;medientyp&quot;,&quot;icons&quot;:[&quot;arrow-down&quot;,&quot;clear&quot;],&quot;urlTemplate&quot;:[],&quot;id&quot;:2,&quot;connectedData&quot;:{&quot;taxonomyParents&quot;:{&quot;793&quot;:[],&quot;138&quot;:[],&quot;137&quot;:[],&quot;136&quot;:[],&quot;135&quot;:[],&quot;134&quot;:[],&quot;133&quot;:[],&quot;132&quot;:[]},&quot;termIdentifiers&quot;:[{&quot;id&quot;:793,&quot;slug&quot;:&quot;quotidien&quot;},{&quot;id&quot;:138,&quot;slug&quot;:&quot;agence-de-presse&quot;},{&quot;id&quot;:137,&quot;slug&quot;:&quot;presse-en-ligne&quot;},{&quot;id&quot;:136,&quot;slug&quot;:&quot;audio&quot;},{&quot;id&quot;:135,&quot;slug&quot;:&quot;magazine&quot;},{&quot;id&quot;:134,&quot;slug&quot;:&quot;hebdomadaire&quot;},{&quot;id&quot;:133,&quot;slug&quot;:&quot;journal-du-dimanche&quot;},{&quot;id&quot;:132,&quot;slug&quot;:&quot;video&quot;}]},&quot;supports&quot;:[],&quot;elementorId&quot;:&quot;649a2d7&quot;}\" ><\/div>\t\t\t\t<\/div>\n\t\t\t\t<\/div>\n\t\t\t\t\t<\/div>\n\t\t<\/div>\n\t\t\t\t<div class=\"elementor-column elementor-col-20 elementor-inner-column elementor-element elementor-element-6cbe6a9\" data-id=\"6cbe6a9\" data-element_type=\"column\" data-e-type=\"column\">\n\t\t\t<div class=\"elementor-widget-wrap elementor-element-populated\">\n\t\t\t\t\t\t<div class=\"elementor-element elementor-element-a52f362 elementor-widget elementor-widget-search-filter-field\" data-id=\"a52f362\" data-element_type=\"widget\" data-e-type=\"widget\" data-settings=\"{&quot;search_filter_field&quot;:&quot;field_3&quot;}\" data-widget_type=\"search-filter-field.default\">\n\t\t\t\t<div class=\"elementor-widget-container\">\n\t\t\t\t\t<div  class=\"search-filter-base search-filter-field search-filter-field--id-3 search-filter-field--type-choice search-filter-field--input-type-select search-filter-style--id-1 search-filter-style--choice-select\"  data-search-filter-settings=\"{&quot;attributes&quot;:{&quot;queryId&quot;:&quot;2&quot;,&quot;type&quot;:&quot;choice&quot;,&quot;inputType&quot;:&quot;select&quot;,&quot;label&quot;:&quot;New field&quot;,&quot;showLabel&quot;:&quot;no&quot;,&quot;showDescription&quot;:&quot;no&quot;,&quot;dataType&quot;:&quot;taxonomy&quot;,&quot;placeholder&quot;:&quot;Toutes les langues&quot;,&quot;addClass&quot;:&quot;&quot;,&quot;stylesId&quot;:1,&quot;width&quot;:&quot;&quot;,&quot;autoSubmit&quot;:&quot;yes&quot;,&quot;autoSubmitDelay&quot;:&quot;0&quot;,&quot;defaultValueType&quot;:&quot;none&quot;,&quot;dataUrlName&quot;:&quot;&quot;,&quot;dataTaxonomy&quot;:&quot;sprache&quot;,&quot;multiple&quot;:&quot;yes&quot;,&quot;hideEmpty&quot;:&quot;yes&quot;,&quot;showCount&quot;:&quot;yes&quot;,&quot;showCountBrackets&quot;:&quot;yes&quot;,&quot;dataTotalNumberOfOptions&quot;:&quot;100&quot;,&quot;hideFieldWhenEmpty&quot;:&quot;no&quot;,&quot;taxonomyHierarchical&quot;:&quot;yes&quot;,&quot;taxonomyOrderBy&quot;:&quot;default&quot;,&quot;taxonomyOrderDir&quot;:&quot;inherit&quot;,&quot;taxonomyTermsConditions&quot;:&quot;all&quot;,&quot;showCountPosition&quot;:&quot;inline&quot;,&quot;inputEnableSearch&quot;:&quot;yes&quot;,&quot;inputNoResultsText&quot;:&quot;No results&quot;,&quot;inputSingularResultsCountText&quot;:&quot;%d result available&quot;,&quot;inputPluralResultsCountText&quot;:&quot;%d results available&quot;,&quot;multipleMatchMethod&quot;:&quot;any&quot;},&quot;options&quot;:[{&quot;value&quot;:&quot;rheto-roman&quot;,&quot;label&quot;:&quot;Rh\\u00e9to-roman&quot;,&quot;depth&quot;:0,&quot;id&quot;:111,&quot;parent_id&quot;:0,&quot;count&quot;:4,&quot;countLabel&quot;:&quot;(4)&quot;},{&quot;value&quot;:&quot;italien&quot;,&quot;label&quot;:&quot;Italien&quot;,&quot;depth&quot;:0,&quot;id&quot;:110,&quot;parent_id&quot;:0,&quot;count&quot;:11,&quot;countLabel&quot;:&quot;(11)&quot;},{&quot;value&quot;:&quot;francais&quot;,&quot;label&quot;:&quot;Fran\\u00e7ais&quot;,&quot;depth&quot;:0,&quot;id&quot;:109,&quot;parent_id&quot;:0,&quot;count&quot;:105,&quot;countLabel&quot;:&quot;(105)&quot;},{&quot;value&quot;:&quot;anglais&quot;,&quot;label&quot;:&quot;Anglais&quot;,&quot;depth&quot;:0,&quot;id&quot;:108,&quot;parent_id&quot;:0,&quot;count&quot;:28,&quot;countLabel&quot;:&quot;(28)&quot;},{&quot;value&quot;:&quot;allemand&quot;,&quot;label&quot;:&quot;Allemand&quot;,&quot;depth&quot;:0,&quot;id&quot;:107,&quot;parent_id&quot;:0,&quot;count&quot;:383,&quot;countLabel&quot;:&quot;(383)&quot;}],&quot;values&quot;:[],&quot;uid&quot;:2,&quot;urlName&quot;:&quot;sprache&quot;,&quot;icons&quot;:[&quot;arrow-down&quot;,&quot;clear&quot;],&quot;urlTemplate&quot;:[],&quot;id&quot;:3,&quot;connectedData&quot;:{&quot;taxonomyParents&quot;:{&quot;111&quot;:[],&quot;110&quot;:[],&quot;109&quot;:[],&quot;108&quot;:[],&quot;107&quot;:[]},&quot;termIdentifiers&quot;:[{&quot;id&quot;:111,&quot;slug&quot;:&quot;rheto-roman&quot;},{&quot;id&quot;:110,&quot;slug&quot;:&quot;italien&quot;},{&quot;id&quot;:109,&quot;slug&quot;:&quot;francais&quot;},{&quot;id&quot;:108,&quot;slug&quot;:&quot;anglais&quot;},{&quot;id&quot;:107,&quot;slug&quot;:&quot;allemand&quot;}]},&quot;supports&quot;:[],&quot;elementorId&quot;:&quot;a52f362&quot;}\" ><\/div>\t\t\t\t<\/div>\n\t\t\t\t<\/div>\n\t\t\t\t\t<\/div>\n\t\t<\/div>\n\t\t\t\t<div class=\"elementor-column elementor-col-20 elementor-inner-column elementor-element elementor-element-31ca1be\" data-id=\"31ca1be\" data-element_type=\"column\" data-e-type=\"column\">\n\t\t\t<div class=\"elementor-widget-wrap elementor-element-populated\">\n\t\t\t\t\t\t<div class=\"elementor-element elementor-element-8e19d76 elementor-widget elementor-widget-search-filter-field\" data-id=\"8e19d76\" data-element_type=\"widget\" data-e-type=\"widget\" data-settings=\"{&quot;search_filter_field&quot;:&quot;field_5&quot;}\" data-widget_type=\"search-filter-field.default\">\n\t\t\t\t<div class=\"elementor-widget-container\">\n\t\t\t\t\t<div  class=\"search-filter-base search-filter-field search-filter-field--id-5 search-filter-field--type-choice search-filter-field--input-type-select search-filter-style--id-1 search-filter-style--choice-select\"  data-search-filter-settings=\"{&quot;attributes&quot;:{&quot;queryId&quot;:&quot;2&quot;,&quot;type&quot;:&quot;choice&quot;,&quot;inputType&quot;:&quot;select&quot;,&quot;label&quot;:&quot;L\\u00e4nder&quot;,&quot;showLabel&quot;:&quot;no&quot;,&quot;showDescription&quot;:&quot;no&quot;,&quot;dataType&quot;:&quot;taxonomy&quot;,&quot;placeholder&quot;:&quot;Tous les pays&quot;,&quot;addClass&quot;:&quot;&quot;,&quot;stylesId&quot;:1,&quot;width&quot;:&quot;&quot;,&quot;autoSubmit&quot;:&quot;yes&quot;,&quot;autoSubmitDelay&quot;:&quot;0&quot;,&quot;defaultValueType&quot;:&quot;none&quot;,&quot;dataUrlName&quot;:&quot;&quot;,&quot;multiple&quot;:&quot;yes&quot;,&quot;dataTotalNumberOfOptions&quot;:&quot;100&quot;,&quot;hideFieldWhenEmpty&quot;:&quot;no&quot;,&quot;inputEnableSearch&quot;:&quot;yes&quot;,&quot;inputNoResultsText&quot;:&quot;No results&quot;,&quot;inputSingularResultsCountText&quot;:&quot;%d result available&quot;,&quot;inputPluralResultsCountText&quot;:&quot;%d results available&quot;,&quot;multipleMatchMethod&quot;:&quot;any&quot;,&quot;hideEmpty&quot;:&quot;yes&quot;,&quot;showCount&quot;:&quot;yes&quot;,&quot;taxonomyHierarchical&quot;:&quot;yes&quot;,&quot;taxonomyOrderBy&quot;:&quot;default&quot;,&quot;taxonomyOrderDir&quot;:&quot;inherit&quot;,&quot;taxonomyTermsConditions&quot;:&quot;all&quot;,&quot;showCountBrackets&quot;:&quot;yes&quot;,&quot;showCountPosition&quot;:&quot;inline&quot;,&quot;dataTaxonomy&quot;:&quot;land&quot;},&quot;options&quot;:[{&quot;value&quot;:&quot;grande-bretagne&quot;,&quot;label&quot;:&quot;Grande-Bretagne&quot;,&quot;depth&quot;:0,&quot;id&quot;:978,&quot;parent_id&quot;:0,&quot;count&quot;:1,&quot;countLabel&quot;:&quot;(1)&quot;},{&quot;value&quot;:&quot;grossbritannien&quot;,&quot;label&quot;:&quot;Grossbritannien&quot;,&quot;depth&quot;:0,&quot;id&quot;:971,&quot;parent_id&quot;:0,&quot;count&quot;:1,&quot;countLabel&quot;:&quot;(1)&quot;},{&quot;value&quot;:&quot;inde&quot;,&quot;label&quot;:&quot;Inde&quot;,&quot;depth&quot;:0,&quot;id&quot;:946,&quot;parent_id&quot;:0,&quot;count&quot;:3,&quot;countLabel&quot;:&quot;(3)&quot;},{&quot;value&quot;:&quot;ukraine&quot;,&quot;label&quot;:&quot;Ukraine&quot;,&quot;depth&quot;:0,&quot;id&quot;:944,&quot;parent_id&quot;:0,&quot;count&quot;:1,&quot;countLabel&quot;:&quot;(1)&quot;},{&quot;value&quot;:&quot;russie&quot;,&quot;label&quot;:&quot;Russie&quot;,&quot;depth&quot;:0,&quot;id&quot;:943,&quot;parent_id&quot;:0,&quot;count&quot;:2,&quot;countLabel&quot;:&quot;(2)&quot;},{&quot;value&quot;:&quot;liechtenstein&quot;,&quot;label&quot;:&quot;Liechtenstein&quot;,&quot;depth&quot;:0,&quot;id&quot;:122,&quot;parent_id&quot;:0,&quot;count&quot;:1,&quot;countLabel&quot;:&quot;(1)&quot;},{&quot;value&quot;:&quot;autriche&quot;,&quot;label&quot;:&quot;Autriche&quot;,&quot;depth&quot;:0,&quot;id&quot;:121,&quot;parent_id&quot;:0,&quot;count&quot;:14,&quot;countLabel&quot;:&quot;(14)&quot;},{&quot;value&quot;:&quot;suisse&quot;,&quot;label&quot;:&quot;Suisse&quot;,&quot;depth&quot;:0,&quot;id&quot;:120,&quot;parent_id&quot;:0,&quot;count&quot;:392,&quot;countLabel&quot;:&quot;(392)&quot;},{&quot;value&quot;:&quot;allemagne&quot;,&quot;label&quot;:&quot;Allemagne&quot;,&quot;depth&quot;:0,&quot;id&quot;:119,&quot;parent_id&quot;:0,&quot;count&quot;:72,&quot;countLabel&quot;:&quot;(72)&quot;}],&quot;values&quot;:[],&quot;uid&quot;:3,&quot;urlName&quot;:&quot;land&quot;,&quot;icons&quot;:[&quot;arrow-down&quot;,&quot;clear&quot;],&quot;urlTemplate&quot;:[],&quot;id&quot;:5,&quot;connectedData&quot;:{&quot;taxonomyParents&quot;:{&quot;978&quot;:[],&quot;971&quot;:[],&quot;946&quot;:[],&quot;944&quot;:[],&quot;943&quot;:[],&quot;122&quot;:[],&quot;121&quot;:[],&quot;120&quot;:[],&quot;119&quot;:[]},&quot;termIdentifiers&quot;:[{&quot;id&quot;:978,&quot;slug&quot;:&quot;grande-bretagne&quot;},{&quot;id&quot;:971,&quot;slug&quot;:&quot;grossbritannien&quot;},{&quot;id&quot;:946,&quot;slug&quot;:&quot;inde&quot;},{&quot;id&quot;:944,&quot;slug&quot;:&quot;ukraine&quot;},{&quot;id&quot;:943,&quot;slug&quot;:&quot;russie&quot;},{&quot;id&quot;:122,&quot;slug&quot;:&quot;liechtenstein&quot;},{&quot;id&quot;:121,&quot;slug&quot;:&quot;autriche&quot;},{&quot;id&quot;:120,&quot;slug&quot;:&quot;suisse&quot;},{&quot;id&quot;:119,&quot;slug&quot;:&quot;allemagne&quot;}]},&quot;supports&quot;:[],&quot;elementorId&quot;:&quot;8e19d76&quot;}\" ><\/div>\t\t\t\t<\/div>\n\t\t\t\t<\/div>\n\t\t\t\t\t<\/div>\n\t\t<\/div>\n\t\t\t\t<div class=\"elementor-column elementor-col-20 elementor-inner-column elementor-element elementor-element-22a18ce\" data-id=\"22a18ce\" data-element_type=\"column\" data-e-type=\"column\">\n\t\t\t<div class=\"elementor-widget-wrap elementor-element-populated\">\n\t\t\t\t\t\t<div class=\"elementor-element elementor-element-7ead3a6 elementor-widget elementor-widget-search-filter-field\" data-id=\"7ead3a6\" data-element_type=\"widget\" data-e-type=\"widget\" data-settings=\"{&quot;search_filter_field&quot;:&quot;field_4&quot;}\" data-widget_type=\"search-filter-field.default\">\n\t\t\t\t<div class=\"elementor-widget-container\">\n\t\t\t\t\t<div  class=\"search-filter-base search-filter-field search-filter-field--id-4 search-filter-field--type-choice search-filter-field--input-type-select search-filter-style--id-1 search-filter-style--choice-select\"  data-search-filter-settings=\"{&quot;attributes&quot;:{&quot;queryId&quot;:&quot;2&quot;,&quot;type&quot;:&quot;choice&quot;,&quot;inputType&quot;:&quot;select&quot;,&quot;label&quot;:&quot;Partner&quot;,&quot;showLabel&quot;:&quot;no&quot;,&quot;showDescription&quot;:&quot;no&quot;,&quot;dataType&quot;:&quot;taxonomy&quot;,&quot;placeholder&quot;:&quot;Tous les partenaires&quot;,&quot;addClass&quot;:&quot;&quot;,&quot;stylesId&quot;:1,&quot;width&quot;:&quot;&quot;,&quot;autoSubmit&quot;:&quot;yes&quot;,&quot;autoSubmitDelay&quot;:&quot;0&quot;,&quot;defaultValueType&quot;:&quot;none&quot;,&quot;dataUrlName&quot;:&quot;&quot;,&quot;dataTaxonomy&quot;:&quot;partner&quot;,&quot;multiple&quot;:&quot;yes&quot;,&quot;hideEmpty&quot;:&quot;yes&quot;,&quot;showCount&quot;:&quot;yes&quot;,&quot;showCountBrackets&quot;:&quot;yes&quot;,&quot;showCountPosition&quot;:&quot;inline&quot;,&quot;dataTotalNumberOfOptions&quot;:&quot;100&quot;,&quot;hideFieldWhenEmpty&quot;:&quot;yes&quot;,&quot;taxonomyHierarchical&quot;:&quot;yes&quot;,&quot;taxonomyOrderBy&quot;:&quot;default&quot;,&quot;taxonomyOrderDir&quot;:&quot;inherit&quot;,&quot;taxonomyTermsConditions&quot;:&quot;all&quot;,&quot;inputEnableSearch&quot;:&quot;yes&quot;,&quot;inputNoResultsText&quot;:&quot;No results&quot;,&quot;inputSingularResultsCountText&quot;:&quot;%d result available&quot;,&quot;inputPluralResultsCountText&quot;:&quot;%d results available&quot;,&quot;multipleMatchMethod&quot;:&quot;all&quot;},&quot;options&quot;:[{&quot;value&quot;:&quot;interact-media-group-ag&quot;,&quot;label&quot;:&quot;Interact Media Group AG&quot;,&quot;depth&quot;:0,&quot;id&quot;:1018,&quot;parent_id&quot;:0,&quot;count&quot;:2,&quot;countLabel&quot;:&quot;(2)&quot;},{&quot;value&quot;:&quot;gambarognonews&quot;,&quot;label&quot;:&quot;GambarognoNews&quot;,&quot;depth&quot;:0,&quot;id&quot;:1017,&quot;parent_id&quot;:0,&quot;count&quot;:1,&quot;countLabel&quot;:&quot;(1)&quot;},{&quot;value&quot;:&quot;rnd-redaktionsnetzwerk-deutschland-gmbh&quot;,&quot;label&quot;:&quot;RND RedaktionsNetzwerk Deutschland GmbH&quot;,&quot;depth&quot;:0,&quot;id&quot;:1014,&quot;parent_id&quot;:0,&quot;count&quot;:9,&quot;countLabel&quot;:&quot;(9)&quot;},{&quot;value&quot;:&quot;schweizer-wanderwege&quot;,&quot;label&quot;:&quot;Schweizer Wanderwege&quot;,&quot;depth&quot;:0,&quot;id&quot;:1012,&quot;parent_id&quot;:0,&quot;count&quot;:2,&quot;countLabel&quot;:&quot;(2)&quot;},{&quot;value&quot;:&quot;radio-munot-betriebs-ag&quot;,&quot;label&quot;:&quot;Radio Munot Betriebs AG&quot;,&quot;depth&quot;:0,&quot;id&quot;:1011,&quot;parent_id&quot;:0,&quot;count&quot;:1,&quot;countLabel&quot;:&quot;(1)&quot;},{&quot;value&quot;:&quot;canal9-kanal9&quot;,&quot;label&quot;:&quot;Canal9\\\/Kanal9&quot;,&quot;depth&quot;:0,&quot;id&quot;:1009,&quot;parent_id&quot;:0,&quot;count&quot;:1,&quot;countLabel&quot;:&quot;(1)&quot;},{&quot;value&quot;:&quot;nouveau-geneve-sarl&quot;,&quot;label&quot;:&quot;Nouveau Gen\\u00e8ve S\\u00e0rl&quot;,&quot;depth&quot;:0,&quot;id&quot;:994,&quot;parent_id&quot;:0,&quot;count&quot;:1,&quot;countLabel&quot;:&quot;(1)&quot;},{&quot;value&quot;:&quot;bezirk-medien-ag&quot;,&quot;label&quot;:&quot;Bezirk Medien AG&quot;,&quot;depth&quot;:0,&quot;id&quot;:992,&quot;parent_id&quot;:0,&quot;count&quot;:1,&quot;countLabel&quot;:&quot;(1)&quot;},{&quot;value&quot;:&quot;tt-verlag-ug&quot;,&quot;label&quot;:&quot;TT Verlag UG&quot;,&quot;depth&quot;:0,&quot;id&quot;:990,&quot;parent_id&quot;:0,&quot;count&quot;:2,&quot;countLabel&quot;:&quot;(2)&quot;},{&quot;value&quot;:&quot;lo-na-lokal-nachrichten-muri-ag&quot;,&quot;label&quot;:&quot;Lo-Na Lokal-Nachrichten Muri AG&quot;,&quot;depth&quot;:0,&quot;id&quot;:988,&quot;parent_id&quot;:0,&quot;count&quot;:1,&quot;countLabel&quot;:&quot;(1)&quot;},{&quot;value&quot;:&quot;guardian-news-media-limited-gnm&quot;,&quot;label&quot;:&quot;GUARDIAN NEWS &amp; MEDIA LIMITED (GNM)&quot;,&quot;depth&quot;:0,&quot;id&quot;:985,&quot;parent_id&quot;:0,&quot;count&quot;:1,&quot;countLabel&quot;:&quot;(1)&quot;},{&quot;value&quot;:&quot;food-revolution&quot;,&quot;label&quot;:&quot;Food Revolution&quot;,&quot;depth&quot;:0,&quot;id&quot;:983,&quot;parent_id&quot;:0,&quot;count&quot;:1,&quot;countLabel&quot;:&quot;(1)&quot;},{&quot;value&quot;:&quot;baba-news&quot;,&quot;label&quot;:&quot;baba news&quot;,&quot;depth&quot;:0,&quot;id&quot;:981,&quot;parent_id&quot;:0,&quot;count&quot;:1,&quot;countLabel&quot;:&quot;(1)&quot;},{&quot;value&quot;:&quot;nebelspalter-ag&quot;,&quot;label&quot;:&quot;Nebelspalter AG&quot;,&quot;depth&quot;:0,&quot;id&quot;:977,&quot;parent_id&quot;:0,&quot;count&quot;:1,&quot;countLabel&quot;:&quot;(1)&quot;},{&quot;value&quot;:&quot;bern-ost&quot;,&quot;label&quot;:&quot;BERN-OST&quot;,&quot;depth&quot;:0,&quot;id&quot;:974,&quot;parent_id&quot;:0,&quot;count&quot;:1,&quot;countLabel&quot;:&quot;(1)&quot;},{&quot;value&quot;:&quot;nebelspalter-ag&quot;,&quot;label&quot;:&quot;Nebelspalter AG&quot;,&quot;depth&quot;:0,&quot;id&quot;:970,&quot;parent_id&quot;:0,&quot;count&quot;:1,&quot;countLabel&quot;:&quot;(1)&quot;},{&quot;value&quot;:&quot;bern-ost&quot;,&quot;label&quot;:&quot;BERN-OST&quot;,&quot;depth&quot;:0,&quot;id&quot;:967,&quot;parent_id&quot;:0,&quot;count&quot;:1,&quot;countLabel&quot;:&quot;(1)&quot;},{&quot;value&quot;:&quot;surseer-woche-ag&quot;,&quot;label&quot;:&quot;Surseer Woche AG&quot;,&quot;depth&quot;:0,&quot;id&quot;:965,&quot;parent_id&quot;:0,&quot;count&quot;:2,&quot;countLabel&quot;:&quot;(2)&quot;},{&quot;value&quot;:&quot;ag-fur-ein-gemeinschaftsradio-bern-agrabe&quot;,&quot;label&quot;:&quot;AG f\\u00fcr ein Gemeinschaftsradio Bern Agrabe&quot;,&quot;depth&quot;:0,&quot;id&quot;:960,&quot;parent_id&quot;:0,&quot;count&quot;:1,&quot;countLabel&quot;:&quot;(1)&quot;},{&quot;value&quot;:&quot;verlag-achtvier-gmbh&quot;,&quot;label&quot;:&quot;Verlag Achtvier GmbH&quot;,&quot;depth&quot;:0,&quot;id&quot;:958,&quot;parent_id&quot;:0,&quot;count&quot;:1,&quot;countLabel&quot;:&quot;(1)&quot;},{&quot;value&quot;:&quot;pro-velo-schweiz&quot;,&quot;label&quot;:&quot;Pro Velo Schweiz&quot;,&quot;depth&quot;:0,&quot;id&quot;:956,&quot;parent_id&quot;:0,&quot;count&quot;:2,&quot;countLabel&quot;:&quot;(2)&quot;},{&quot;value&quot;:&quot;press-media-ag&quot;,&quot;label&quot;:&quot;Press Media AG&quot;,&quot;depth&quot;:0,&quot;id&quot;:954,&quot;parent_id&quot;:0,&quot;count&quot;:1,&quot;countLabel&quot;:&quot;(1)&quot;},{&quot;value&quot;:&quot;meduza-project-ltd&quot;,&quot;label&quot;:&quot;Meduza Project LTD&quot;,&quot;depth&quot;:0,&quot;id&quot;:952,&quot;parent_id&quot;:0,&quot;count&quot;:1,&quot;countLabel&quot;:&quot;(1)&quot;},{&quot;value&quot;:&quot;radio-3fach&quot;,&quot;label&quot;:&quot;Radio 3FACH&quot;,&quot;depth&quot;:0,&quot;id&quot;:950,&quot;parent_id&quot;:0,&quot;count&quot;:2,&quot;countLabel&quot;:&quot;(2)&quot;},{&quot;value&quot;:&quot;bennett-coleman-co-limited&quot;,&quot;label&quot;:&quot;Bennett, Coleman &amp; Co. Limited&quot;,&quot;depth&quot;:0,&quot;id&quot;:948,&quot;parent_id&quot;:0,&quot;count&quot;:3,&quot;countLabel&quot;:&quot;(3)&quot;},{&quot;value&quot;:&quot;kyiv-independent-media-ltd&quot;,&quot;label&quot;:&quot;Kyiv Independent Media LTD&quot;,&quot;depth&quot;:0,&quot;id&quot;:934,&quot;parent_id&quot;:0,&quot;count&quot;:1,&quot;countLabel&quot;:&quot;(1)&quot;},{&quot;value&quot;:&quot;kunstbulletin&quot;,&quot;label&quot;:&quot;Kunstbulletin&quot;,&quot;depth&quot;:0,&quot;id&quot;:932,&quot;parent_id&quot;:0,&quot;count&quot;:2,&quot;countLabel&quot;:&quot;(2)&quot;},{&quot;value&quot;:&quot;schweizerischer-baumeisterverband&quot;,&quot;label&quot;:&quot;Schweizerischer Baumeisterverband&quot;,&quot;depth&quot;:0,&quot;id&quot;:920,&quot;parent_id&quot;:0,&quot;count&quot;:2,&quot;countLabel&quot;:&quot;(2)&quot;},{&quot;value&quot;:&quot;taz-verlagsgenossenschaft&quot;,&quot;label&quot;:&quot;taz-Verlagsgenossenschaft&quot;,&quot;depth&quot;:0,&quot;id&quot;:918,&quot;parent_id&quot;:0,&quot;count&quot;:1,&quot;countLabel&quot;:&quot;(1)&quot;},{&quot;value&quot;:&quot;matthias-beilstein-kartographie&quot;,&quot;label&quot;:&quot;Matthias Beilstein Kartographie&quot;,&quot;depth&quot;:0,&quot;id&quot;:916,&quot;parent_id&quot;:0,&quot;count&quot;:1,&quot;countLabel&quot;:&quot;(1)&quot;},{&quot;value&quot;:&quot;radio-basilisk-betriebs-ag&quot;,&quot;label&quot;:&quot;Radio Basilisk Betriebs AG&quot;,&quot;depth&quot;:0,&quot;id&quot;:914,&quot;parent_id&quot;:0,&quot;count&quot;:1,&quot;countLabel&quot;:&quot;(1)&quot;},{&quot;value&quot;:&quot;unia&quot;,&quot;label&quot;:&quot;Unia&quot;,&quot;depth&quot;:0,&quot;id&quot;:913,&quot;parent_id&quot;:0,&quot;count&quot;:4,&quot;countLabel&quot;:&quot;(4)&quot;},{&quot;value&quot;:&quot;onlinereports&quot;,&quot;label&quot;:&quot;OnlineReports&quot;,&quot;depth&quot;:0,&quot;id&quot;:912,&quot;parent_id&quot;:0,&quot;count&quot;:1,&quot;countLabel&quot;:&quot;(1)&quot;},{&quot;value&quot;:&quot;galledia-ag&quot;,&quot;label&quot;:&quot;Galledia AG&quot;,&quot;depth&quot;:0,&quot;id&quot;:911,&quot;parent_id&quot;:0,&quot;count&quot;:4,&quot;countLabel&quot;:&quot;(4)&quot;},{&quot;value&quot;:&quot;zentralplus-ag&quot;,&quot;label&quot;:&quot;Zentralplus AG&quot;,&quot;depth&quot;:0,&quot;id&quot;:910,&quot;parent_id&quot;:0,&quot;count&quot;:1,&quot;countLabel&quot;:&quot;(1)&quot;},{&quot;value&quot;:&quot;verein-radio-lora&quot;,&quot;label&quot;:&quot;Verein Radio LoRa&quot;,&quot;depth&quot;:0,&quot;id&quot;:909,&quot;parent_id&quot;:0,&quot;count&quot;:1,&quot;countLabel&quot;:&quot;(1)&quot;},{&quot;value&quot;:&quot;pfarrblatt-gemeinschaft-bern&quot;,&quot;label&quot;:&quot;pfarrblatt Gemeinschaft Bern&quot;,&quot;depth&quot;:0,&quot;id&quot;:907,&quot;parent_id&quot;:0,&quot;count&quot;:1,&quot;countLabel&quot;:&quot;(1)&quot;},{&quot;value&quot;:&quot;velomedien-ag&quot;,&quot;label&quot;:&quot;Velomedien AG&quot;,&quot;depth&quot;:0,&quot;id&quot;:906,&quot;parent_id&quot;:0,&quot;count&quot;:4,&quot;countLabel&quot;:&quot;(4)&quot;},{&quot;value&quot;:&quot;regionalradio-aargaudio-ag&quot;,&quot;label&quot;:&quot;Regionalradio Aargaudio AG&quot;,&quot;depth&quot;:0,&quot;id&quot;:905,&quot;parent_id&quot;:0,&quot;count&quot;:1,&quot;countLabel&quot;:&quot;(1)&quot;},{&quot;value&quot;:&quot;whistle-spark-gmbh&quot;,&quot;label&quot;:&quot;Whistle &amp; Spark GmbH&quot;,&quot;depth&quot;:0,&quot;id&quot;:897,&quot;parent_id&quot;:0,&quot;count&quot;:1,&quot;countLabel&quot;:&quot;(1)&quot;},{&quot;value&quot;:&quot;intro-schweiz-ag&quot;,&quot;label&quot;:&quot;Intro (Schweiz) AG&quot;,&quot;depth&quot;:0,&quot;id&quot;:893,&quot;parent_id&quot;:0,&quot;count&quot;:1,&quot;countLabel&quot;:&quot;(1)&quot;},{&quot;value&quot;:&quot;radio-stadtfilter-ag&quot;,&quot;label&quot;:&quot;Radio Stadtfilter AG&quot;,&quot;depth&quot;:0,&quot;id&quot;:888,&quot;parent_id&quot;:0,&quot;count&quot;:1,&quot;countLabel&quot;:&quot;(1)&quot;},{&quot;value&quot;:&quot;amici-della-bici-gmbh&quot;,&quot;label&quot;:&quot;Amici della Bici GmbH&quot;,&quot;depth&quot;:0,&quot;id&quot;:886,&quot;parent_id&quot;:0,&quot;count&quot;:2,&quot;countLabel&quot;:&quot;(2)&quot;},{&quot;value&quot;:&quot;puntas-reportagen-ag&quot;,&quot;label&quot;:&quot;Puntas Reportagen AG&quot;,&quot;depth&quot;:0,&quot;id&quot;:875,&quot;parent_id&quot;:0,&quot;count&quot;:1,&quot;countLabel&quot;:&quot;(1)&quot;},{&quot;value&quot;:&quot;verein-tuufner-poscht&quot;,&quot;label&quot;:&quot;Verein T\\u00fc\\u00fcfner Poscht&quot;,&quot;depth&quot;:0,&quot;id&quot;:873,&quot;parent_id&quot;:0,&quot;count&quot;:1,&quot;countLabel&quot;:&quot;(1)&quot;},{&quot;value&quot;:&quot;gassmann-media-ag&quot;,&quot;label&quot;:&quot;Gassmann Media AG&quot;,&quot;depth&quot;:0,&quot;id&quot;:869,&quot;parent_id&quot;:0,&quot;count&quot;:3,&quot;countLabel&quot;:&quot;(3)&quot;},{&quot;value&quot;:&quot;novaya-gazeta-europe&quot;,&quot;label&quot;:&quot;Novaya Gazeta Europe&quot;,&quot;depth&quot;:0,&quot;id&quot;:864,&quot;parent_id&quot;:0,&quot;count&quot;:1,&quot;countLabel&quot;:&quot;(1)&quot;},{&quot;value&quot;:&quot;fundaziun-medias-rumantschas-fmr&quot;,&quot;label&quot;:&quot;Fundaziun Medias Rumantschas FMR&quot;,&quot;depth&quot;:0,&quot;id&quot;:862,&quot;parent_id&quot;:0,&quot;count&quot;:1,&quot;countLabel&quot;:&quot;(1)&quot;},{&quot;value&quot;:&quot;matthiaszehnder-ch-ag&quot;,&quot;label&quot;:&quot;MatthiasZehnder.ch AG&quot;,&quot;depth&quot;:0,&quot;id&quot;:860,&quot;parent_id&quot;:0,&quot;count&quot;:2,&quot;countLabel&quot;:&quot;(2)&quot;},{&quot;value&quot;:&quot;walder-zeitschrift-waz&quot;,&quot;label&quot;:&quot;Walder Zeitschrift WAZ&quot;,&quot;depth&quot;:0,&quot;id&quot;:858,&quot;parent_id&quot;:0,&quot;count&quot;:1,&quot;countLabel&quot;:&quot;(1)&quot;},{&quot;value&quot;:&quot;dr-ouwerkerk-ag&quot;,&quot;label&quot;:&quot;dr-ouwerkerk AG&quot;,&quot;depth&quot;:0,&quot;id&quot;:855,&quot;parent_id&quot;:0,&quot;count&quot;:1,&quot;countLabel&quot;:&quot;(1)&quot;},{&quot;value&quot;:&quot;alma-media-ag&quot;,&quot;label&quot;:&quot;Alma Media AG&quot;,&quot;depth&quot;:0,&quot;id&quot;:854,&quot;parent_id&quot;:0,&quot;count&quot;:5,&quot;countLabel&quot;:&quot;(5)&quot;},{&quot;value&quot;:&quot;akeret-verlag-und-druck-ag&quot;,&quot;label&quot;:&quot;Akeret Verlag und Druck AG&quot;,&quot;depth&quot;:0,&quot;id&quot;:853,&quot;parent_id&quot;:0,&quot;count&quot;:1,&quot;countLabel&quot;:&quot;(1)&quot;},{&quot;value&quot;:&quot;pomona-media-ag&quot;,&quot;label&quot;:&quot;Pomona Media AG&quot;,&quot;depth&quot;:0,&quot;id&quot;:852,&quot;parent_id&quot;:0,&quot;count&quot;:4,&quot;countLabel&quot;:&quot;(4)&quot;},{&quot;value&quot;:&quot;srg&quot;,&quot;label&quot;:&quot;SRG SSR&quot;,&quot;depth&quot;:0,&quot;id&quot;:851,&quot;parent_id&quot;:0,&quot;count&quot;:12,&quot;countLabel&quot;:&quot;(12)&quot;},{&quot;value&quot;:&quot;johann-oberauer-gmbh&quot;,&quot;label&quot;:&quot;Johann Oberauer GmbH&quot;,&quot;depth&quot;:0,&quot;id&quot;:834,&quot;parent_id&quot;:0,&quot;count&quot;:1,&quot;countLabel&quot;:&quot;(1)&quot;},{&quot;value&quot;:&quot;sr-medien-group-ag&quot;,&quot;label&quot;:&quot;SR Medien Group AG&quot;,&quot;depth&quot;:0,&quot;id&quot;:831,&quot;parent_id&quot;:0,&quot;count&quot;:1,&quot;countLabel&quot;:&quot;(1)&quot;},{&quot;value&quot;:&quot;association-radio-vostok&quot;,&quot;label&quot;:&quot;Association Radio Vostok&quot;,&quot;depth&quot;:0,&quot;id&quot;:830,&quot;parent_id&quot;:0,&quot;count&quot;:2,&quot;countLabel&quot;:&quot;(2)&quot;},{&quot;value&quot;:&quot;journal21-ch&quot;,&quot;label&quot;:&quot;Journal21.ch&quot;,&quot;depth&quot;:0,&quot;id&quot;:828,&quot;parent_id&quot;:0,&quot;count&quot;:1,&quot;countLabel&quot;:&quot;(1)&quot;},{&quot;value&quot;:&quot;papierlose-zeitung&quot;,&quot;label&quot;:&quot;Papierlose Zeitung&quot;,&quot;depth&quot;:0,&quot;id&quot;:826,&quot;parent_id&quot;:0,&quot;count&quot;:1,&quot;countLabel&quot;:&quot;(1)&quot;},{&quot;value&quot;:&quot;limpertinent-media&quot;,&quot;label&quot;:&quot;L&#039;impertinent Media&quot;,&quot;depth&quot;:0,&quot;id&quot;:822,&quot;parent_id&quot;:0,&quot;count&quot;:1,&quot;countLabel&quot;:&quot;(1)&quot;},{&quot;value&quot;:&quot;streetlife-media-ag&quot;,&quot;label&quot;:&quot;Streetlife Media AG&quot;,&quot;depth&quot;:0,&quot;id&quot;:819,&quot;parent_id&quot;:0,&quot;count&quot;:1,&quot;countLabel&quot;:&quot;(1)&quot;},{&quot;value&quot;:&quot;public-eye&quot;,&quot;label&quot;:&quot;Public Eye&quot;,&quot;depth&quot;:0,&quot;id&quot;:818,&quot;parent_id&quot;:0,&quot;count&quot;:2,&quot;countLabel&quot;:&quot;(2)&quot;},{&quot;value&quot;:&quot;radio-1&quot;,&quot;label&quot;:&quot;Radio 1&quot;,&quot;depth&quot;:0,&quot;id&quot;:816,&quot;parent_id&quot;:0,&quot;count&quot;:1,&quot;countLabel&quot;:&quot;(1)&quot;},{&quot;value&quot;:&quot;vaduzer-medienhaus-ag&quot;,&quot;label&quot;:&quot;Vaduzer Medienhaus AG&quot;,&quot;depth&quot;:0,&quot;id&quot;:814,&quot;parent_id&quot;:0,&quot;count&quot;:1,&quot;countLabel&quot;:&quot;(1)&quot;},{&quot;value&quot;:&quot;verein-swiss-cath-ch&quot;,&quot;label&quot;:&quot;Verein swiss-cath.ch&quot;,&quot;depth&quot;:0,&quot;id&quot;:812,&quot;parent_id&quot;:0,&quot;count&quot;:1,&quot;countLabel&quot;:&quot;(1)&quot;},{&quot;value&quot;:&quot;denknetz&quot;,&quot;label&quot;:&quot;Denknetz&quot;,&quot;depth&quot;:0,&quot;id&quot;:810,&quot;parent_id&quot;:0,&quot;count&quot;:1,&quot;countLabel&quot;:&quot;(1)&quot;},{&quot;value&quot;:&quot;winterthurer-zeitung-ag&quot;,&quot;label&quot;:&quot;Winterthurer Zeitung AG&quot;,&quot;depth&quot;:0,&quot;id&quot;:805,&quot;parent_id&quot;:0,&quot;count&quot;:1,&quot;countLabel&quot;:&quot;(1)&quot;},{&quot;value&quot;:&quot;christian-keller-medien-gmbh&quot;,&quot;label&quot;:&quot;Christian Keller Medien GmbH&quot;,&quot;depth&quot;:0,&quot;id&quot;:802,&quot;parent_id&quot;:0,&quot;count&quot;:1,&quot;countLabel&quot;:&quot;(1)&quot;},{&quot;value&quot;:&quot;bundesamt-fuer-sozialversicherungen-bsv&quot;,&quot;label&quot;:&quot;Bundesamt f\\u00fcr Sozialversicherungen BSV&quot;,&quot;depth&quot;:0,&quot;id&quot;:800,&quot;parent_id&quot;:0,&quot;count&quot;:1,&quot;countLabel&quot;:&quot;(1)&quot;},{&quot;value&quot;:&quot;neue-fricktaler-zeitung-ag&quot;,&quot;label&quot;:&quot;Neue Fricktaler Zeitung AG&quot;,&quot;depth&quot;:0,&quot;id&quot;:799,&quot;parent_id&quot;:0,&quot;count&quot;:2,&quot;countLabel&quot;:&quot;(2)&quot;},{&quot;value&quot;:&quot;verein-oeffentlichkeitsgesetz-ch&quot;,&quot;label&quot;:&quot;Verein \\u00d6ffentlichkeitsgesetz.ch&quot;,&quot;depth&quot;:0,&quot;id&quot;:797,&quot;parent_id&quot;:0,&quot;count&quot;:1,&quot;countLabel&quot;:&quot;(1)&quot;},{&quot;value&quot;:&quot;stefan-ehrbar&quot;,&quot;label&quot;:&quot;Stefan Ehrbar&quot;,&quot;depth&quot;:0,&quot;id&quot;:795,&quot;parent_id&quot;:0,&quot;count&quot;:1,&quot;countLabel&quot;:&quot;(1)&quot;},{&quot;value&quot;:&quot;nationale-informationsstelle-zum-kulturerbe&quot;,&quot;label&quot;:&quot;Nationale Informationsstelle zum Kulturerbe&quot;,&quot;depth&quot;:0,&quot;id&quot;:786,&quot;parent_id&quot;:0,&quot;count&quot;:1,&quot;countLabel&quot;:&quot;(1)&quot;},{&quot;value&quot;:&quot;winsider-ag&quot;,&quot;label&quot;:&quot;Winsider AG&quot;,&quot;depth&quot;:0,&quot;id&quot;:782,&quot;parent_id&quot;:0,&quot;count&quot;:1,&quot;countLabel&quot;:&quot;(1)&quot;},{&quot;value&quot;:&quot;tsuri-ag&quot;,&quot;label&quot;:&quot;Ts\\u00fcri AG&quot;,&quot;depth&quot;:0,&quot;id&quot;:781,&quot;parent_id&quot;:0,&quot;count&quot;:1,&quot;countLabel&quot;:&quot;(1)&quot;},{&quot;value&quot;:&quot;top-online&quot;,&quot;label&quot;:&quot;TOP ONLINE&quot;,&quot;depth&quot;:0,&quot;id&quot;:780,&quot;parent_id&quot;:0,&quot;count&quot;:3,&quot;countLabel&quot;:&quot;(3)&quot;},{&quot;value&quot;:&quot;thurgau-kultur-ag&quot;,&quot;label&quot;:&quot;Thurgau Kultur AG&quot;,&quot;depth&quot;:0,&quot;id&quot;:779,&quot;parent_id&quot;:0,&quot;count&quot;:1,&quot;countLabel&quot;:&quot;(1)&quot;},{&quot;value&quot;:&quot;terre-et-nature-publications-sa&quot;,&quot;label&quot;:&quot;Terre et Nature Publications SA&quot;,&quot;depth&quot;:0,&quot;id&quot;:778,&quot;parent_id&quot;:0,&quot;count&quot;:1,&quot;countLabel&quot;:&quot;(1)&quot;},{&quot;value&quot;:&quot;riviera-chablais-sa&quot;,&quot;label&quot;:&quot;Riviera Chablais SA&quot;,&quot;depth&quot;:0,&quot;id&quot;:777,&quot;parent_id&quot;:0,&quot;count&quot;:1,&quot;countLabel&quot;:&quot;(1)&quot;},{&quot;value&quot;:&quot;tagblatt-der-stadt-zurich&quot;,&quot;label&quot;:&quot;Tagblatt der Stadt Z\\u00fcrich&quot;,&quot;depth&quot;:0,&quot;id&quot;:776,&quot;parent_id&quot;:0,&quot;count&quot;:1,&quot;countLabel&quot;:&quot;(1)&quot;},{&quot;value&quot;:&quot;smh-verlag-ag&quot;,&quot;label&quot;:&quot;SMH Verlag AG&quot;,&quot;depth&quot;:0,&quot;id&quot;:774,&quot;parent_id&quot;:0,&quot;count&quot;:1,&quot;countLabel&quot;:&quot;(1)&quot;},{&quot;value&quot;:&quot;seco&quot;,&quot;label&quot;:&quot;SECO&quot;,&quot;depth&quot;:0,&quot;id&quot;:773,&quot;parent_id&quot;:0,&quot;count&quot;:2,&quot;countLabel&quot;:&quot;(2)&quot;},{&quot;value&quot;:&quot;schweiz-gemeindeverband&quot;,&quot;label&quot;:&quot;Schweiz. Gemeindeverband&quot;,&quot;depth&quot;:0,&quot;id&quot;:772,&quot;parent_id&quot;:0,&quot;count&quot;:1,&quot;countLabel&quot;:&quot;(1)&quot;},{&quot;value&quot;:&quot;republik-ag&quot;,&quot;label&quot;:&quot;Republik AG&quot;,&quot;depth&quot;:0,&quot;id&quot;:770,&quot;parent_id&quot;:0,&quot;count&quot;:1,&quot;countLabel&quot;:&quot;(1)&quot;},{&quot;value&quot;:&quot;reflekt-verein&quot;,&quot;label&quot;:&quot;Reflekt (Verein)&quot;,&quot;depth&quot;:0,&quot;id&quot;:769,&quot;parent_id&quot;:0,&quot;count&quot;:1,&quot;countLabel&quot;:&quot;(1)&quot;},{&quot;value&quot;:&quot;p-s-verlags-gmbh&quot;,&quot;label&quot;:&quot;P.S. Verlags GmbH&quot;,&quot;depth&quot;:0,&quot;id&quot;:768,&quot;parent_id&quot;:0,&quot;count&quot;:1,&quot;countLabel&quot;:&quot;(1)&quot;},{&quot;value&quot;:&quot;news-aktuell-schweiz&quot;,&quot;label&quot;:&quot;news aktuell (Schweiz)&quot;,&quot;depth&quot;:0,&quot;id&quot;:767,&quot;parent_id&quot;:0,&quot;count&quot;:1,&quot;countLabel&quot;:&quot;(1)&quot;},{&quot;value&quot;:&quot;meier-cie-ag-schaffhausen&quot;,&quot;label&quot;:&quot;Meier + Cie AG Schaffhausen&quot;,&quot;depth&quot;:0,&quot;id&quot;:765,&quot;parent_id&quot;:0,&quot;count&quot;:5,&quot;countLabel&quot;:&quot;(5)&quot;},{&quot;value&quot;:&quot;kath-medienzentrum&quot;,&quot;label&quot;:&quot;Kath. Medienzentrum&quot;,&quot;depth&quot;:0,&quot;id&quot;:763,&quot;parent_id&quot;:0,&quot;count&quot;:1,&quot;countLabel&quot;:&quot;(1)&quot;},{&quot;value&quot;:&quot;journal-de-morges-sa&quot;,&quot;label&quot;:&quot;Journal de Morges SA&quot;,&quot;depth&quot;:0,&quot;id&quot;:762,&quot;parent_id&quot;:0,&quot;count&quot;:2,&quot;countLabel&quot;:&quot;(2)&quot;},{&quot;value&quot;:&quot;inside-paradeplatz-gmbh&quot;,&quot;label&quot;:&quot;Inside Paradeplatz GmbH&quot;,&quot;depth&quot;:0,&quot;id&quot;:761,&quot;parent_id&quot;:0,&quot;count&quot;:1,&quot;countLabel&quot;:&quot;(1)&quot;},{&quot;value&quot;:&quot;lci&quot;,&quot;label&quot;:&quot;LCI&quot;,&quot;depth&quot;:0,&quot;id&quot;:760,&quot;parent_id&quot;:0,&quot;count&quot;:1,&quot;countLabel&quot;:&quot;(1)&quot;},{&quot;value&quot;:&quot;ghi&quot;,&quot;label&quot;:&quot;GHI&quot;,&quot;depth&quot;:0,&quot;id&quot;:759,&quot;parent_id&quot;:0,&quot;count&quot;:1,&quot;countLabel&quot;:&quot;(1)&quot;},{&quot;value&quot;:&quot;effingermedien-ag&quot;,&quot;label&quot;:&quot;Effingermedien AG&quot;,&quot;depth&quot;:0,&quot;id&quot;:758,&quot;parent_id&quot;:0,&quot;count&quot;:4,&quot;countLabel&quot;:&quot;(4)&quot;},{&quot;value&quot;:&quot;bnj-fm-sa&quot;,&quot;label&quot;:&quot;BNJ FM SA&quot;,&quot;depth&quot;:0,&quot;id&quot;:757,&quot;parent_id&quot;:0,&quot;count&quot;:6,&quot;countLabel&quot;:&quot;(6)&quot;},{&quot;value&quot;:&quot;austria-presse-agentur&quot;,&quot;label&quot;:&quot;Austria Presse Agentur&quot;,&quot;depth&quot;:0,&quot;id&quot;:756,&quot;parent_id&quot;:0,&quot;count&quot;:14,&quot;countLabel&quot;:&quot;(14)&quot;},{&quot;value&quot;:&quot;inside-justiz&quot;,&quot;label&quot;:&quot;Inside Justiz&quot;,&quot;depth&quot;:0,&quot;id&quot;:723,&quot;parent_id&quot;:0,&quot;count&quot;:1,&quot;countLabel&quot;:&quot;(1)&quot;},{&quot;value&quot;:&quot;filmbulletin&quot;,&quot;label&quot;:&quot;Filmbulletin&quot;,&quot;depth&quot;:0,&quot;id&quot;:721,&quot;parent_id&quot;:0,&quot;count&quot;:1,&quot;countLabel&quot;:&quot;(1)&quot;},{&quot;value&quot;:&quot;fz-furttaler-zeitung&quot;,&quot;label&quot;:&quot;FZ Furttaler Zeitung&quot;,&quot;depth&quot;:0,&quot;id&quot;:715,&quot;parent_id&quot;:0,&quot;count&quot;:2,&quot;countLabel&quot;:&quot;(2)&quot;}],&quot;values&quot;:[],&quot;uid&quot;:4,&quot;urlName&quot;:&quot;partner&quot;,&quot;icons&quot;:[&quot;arrow-down&quot;,&quot;clear&quot;],&quot;urlTemplate&quot;:[],&quot;id&quot;:4,&quot;connectedData&quot;:{&quot;taxonomyParents&quot;:{&quot;1018&quot;:[],&quot;1017&quot;:[],&quot;1014&quot;:[],&quot;1012&quot;:[],&quot;1011&quot;:[],&quot;1009&quot;:[],&quot;994&quot;:[],&quot;992&quot;:[],&quot;990&quot;:[],&quot;988&quot;:[],&quot;985&quot;:[],&quot;983&quot;:[],&quot;981&quot;:[],&quot;977&quot;:[],&quot;974&quot;:[],&quot;970&quot;:[],&quot;967&quot;:[],&quot;965&quot;:[],&quot;960&quot;:[],&quot;958&quot;:[],&quot;956&quot;:[],&quot;954&quot;:[],&quot;952&quot;:[],&quot;950&quot;:[],&quot;948&quot;:[],&quot;934&quot;:[],&quot;932&quot;:[],&quot;920&quot;:[],&quot;918&quot;:[],&quot;916&quot;:[],&quot;914&quot;:[],&quot;913&quot;:[],&quot;912&quot;:[],&quot;911&quot;:[],&quot;910&quot;:[],&quot;909&quot;:[],&quot;907&quot;:[],&quot;906&quot;:[],&quot;905&quot;:[],&quot;897&quot;:[],&quot;893&quot;:[],&quot;888&quot;:[],&quot;886&quot;:[],&quot;875&quot;:[],&quot;873&quot;:[],&quot;869&quot;:[],&quot;864&quot;:[],&quot;862&quot;:[],&quot;860&quot;:[],&quot;858&quot;:[],&quot;855&quot;:[],&quot;854&quot;:[],&quot;853&quot;:[],&quot;852&quot;:[],&quot;851&quot;:[],&quot;834&quot;:[],&quot;831&quot;:[],&quot;830&quot;:[],&quot;828&quot;:[],&quot;826&quot;:[],&quot;822&quot;:[],&quot;819&quot;:[],&quot;818&quot;:[],&quot;816&quot;:[],&quot;814&quot;:[],&quot;812&quot;:[],&quot;810&quot;:[],&quot;805&quot;:[],&quot;802&quot;:[],&quot;800&quot;:[],&quot;799&quot;:[],&quot;797&quot;:[],&quot;795&quot;:[],&quot;786&quot;:[],&quot;782&quot;:[],&quot;781&quot;:[],&quot;780&quot;:[],&quot;779&quot;:[],&quot;778&quot;:[],&quot;777&quot;:[],&quot;776&quot;:[],&quot;774&quot;:[],&quot;773&quot;:[],&quot;772&quot;:[],&quot;770&quot;:[],&quot;769&quot;:[],&quot;768&quot;:[],&quot;767&quot;:[],&quot;765&quot;:[],&quot;763&quot;:[],&quot;762&quot;:[],&quot;761&quot;:[],&quot;760&quot;:[],&quot;759&quot;:[],&quot;758&quot;:[],&quot;757&quot;:[],&quot;756&quot;:[],&quot;723&quot;:[],&quot;721&quot;:[],&quot;715&quot;:[],&quot;710&quot;:[],&quot;709&quot;:[],&quot;706&quot;:[],&quot;702&quot;:[],&quot;687&quot;:[],&quot;683&quot;:[],&quot;677&quot;:[],&quot;666&quot;:[],&quot;664&quot;:[],&quot;660&quot;:[],&quot;658&quot;:[],&quot;656&quot;:[],&quot;654&quot;:[],&quot;652&quot;:[],&quot;649&quot;:[],&quot;645&quot;:[],&quot;634&quot;:[],&quot;632&quot;:[],&quot;628&quot;:[],&quot;626&quot;:[],&quot;624&quot;:[],&quot;601&quot;:[],&quot;599&quot;:[],&quot;598&quot;:[],&quot;597&quot;:[],&quot;595&quot;:[],&quot;594&quot;:[],&quot;591&quot;:[],&quot;590&quot;:[],&quot;589&quot;:[],&quot;587&quot;:[],&quot;586&quot;:[],&quot;584&quot;:[],&quot;581&quot;:[],&quot;578&quot;:[],&quot;577&quot;:[],&quot;575&quot;:[],&quot;573&quot;:[],&quot;572&quot;:[],&quot;571&quot;:[],&quot;569&quot;:[],&quot;568&quot;:[],&quot;563&quot;:[],&quot;560&quot;:[],&quot;559&quot;:[],&quot;546&quot;:[],&quot;544&quot;:[],&quot;541&quot;:[],&quot;538&quot;:[],&quot;536&quot;:[],&quot;534&quot;:[],&quot;533&quot;:[],&quot;532&quot;:[],&quot;528&quot;:[],&quot;527&quot;:[],&quot;526&quot;:[],&quot;524&quot;:[],&quot;522&quot;:[],&quot;521&quot;:[],&quot;517&quot;:[],&quot;513&quot;:[],&quot;511&quot;:[],&quot;509&quot;:[],&quot;508&quot;:[],&quot;507&quot;:[],&quot;506&quot;:[],&quot;505&quot;:[],&quot;504&quot;:[],&quot;503&quot;:[],&quot;502&quot;:[],&quot;501&quot;:[],&quot;500&quot;:[],&quot;499&quot;:[],&quot;498&quot;:[],&quot;496&quot;:[],&quot;495&quot;:[],&quot;494&quot;:[]},&quot;termIdentifiers&quot;:[{&quot;id&quot;:1018,&quot;slug&quot;:&quot;interact-media-group-ag&quot;},{&quot;id&quot;:1017,&quot;slug&quot;:&quot;gambarognonews&quot;},{&quot;id&quot;:1014,&quot;slug&quot;:&quot;rnd-redaktionsnetzwerk-deutschland-gmbh&quot;},{&quot;id&quot;:1012,&quot;slug&quot;:&quot;schweizer-wanderwege&quot;},{&quot;id&quot;:1011,&quot;slug&quot;:&quot;radio-munot-betriebs-ag&quot;},{&quot;id&quot;:1009,&quot;slug&quot;:&quot;canal9-kanal9&quot;},{&quot;id&quot;:994,&quot;slug&quot;:&quot;nouveau-geneve-sarl&quot;},{&quot;id&quot;:992,&quot;slug&quot;:&quot;bezirk-medien-ag&quot;},{&quot;id&quot;:990,&quot;slug&quot;:&quot;tt-verlag-ug&quot;},{&quot;id&quot;:988,&quot;slug&quot;:&quot;lo-na-lokal-nachrichten-muri-ag&quot;},{&quot;id&quot;:985,&quot;slug&quot;:&quot;guardian-news-media-limited-gnm&quot;},{&quot;id&quot;:983,&quot;slug&quot;:&quot;food-revolution&quot;},{&quot;id&quot;:981,&quot;slug&quot;:&quot;baba-news&quot;},{&quot;id&quot;:977,&quot;slug&quot;:&quot;nebelspalter-ag&quot;},{&quot;id&quot;:974,&quot;slug&quot;:&quot;bern-ost&quot;},{&quot;id&quot;:970,&quot;slug&quot;:&quot;nebelspalter-ag&quot;},{&quot;id&quot;:967,&quot;slug&quot;:&quot;bern-ost&quot;},{&quot;id&quot;:965,&quot;slug&quot;:&quot;surseer-woche-ag&quot;},{&quot;id&quot;:960,&quot;slug&quot;:&quot;ag-fur-ein-gemeinschaftsradio-bern-agrabe&quot;},{&quot;id&quot;:958,&quot;slug&quot;:&quot;verlag-achtvier-gmbh&quot;},{&quot;id&quot;:956,&quot;slug&quot;:&quot;pro-velo-schweiz&quot;},{&quot;id&quot;:954,&quot;slug&quot;:&quot;press-media-ag&quot;},{&quot;id&quot;:952,&quot;slug&quot;:&quot;meduza-project-ltd&quot;},{&quot;id&quot;:950,&quot;slug&quot;:&quot;radio-3fach&quot;},{&quot;id&quot;:948,&quot;slug&quot;:&quot;bennett-coleman-co-limited&quot;},{&quot;id&quot;:934,&quot;slug&quot;:&quot;kyiv-independent-media-ltd&quot;},{&quot;id&quot;:932,&quot;slug&quot;:&quot;kunstbulletin&quot;},{&quot;id&quot;:920,&quot;slug&quot;:&quot;schweizerischer-baumeisterverband&quot;},{&quot;id&quot;:918,&quot;slug&quot;:&quot;taz-verlagsgenossenschaft&quot;},{&quot;id&quot;:916,&quot;slug&quot;:&quot;matthias-beilstein-kartographie&quot;},{&quot;id&quot;:914,&quot;slug&quot;:&quot;radio-basilisk-betriebs-ag&quot;},{&quot;id&quot;:913,&quot;slug&quot;:&quot;unia&quot;},{&quot;id&quot;:912,&quot;slug&quot;:&quot;onlinereports&quot;},{&quot;id&quot;:911,&quot;slug&quot;:&quot;galledia-ag&quot;},{&quot;id&quot;:910,&quot;slug&quot;:&quot;zentralplus-ag&quot;},{&quot;id&quot;:909,&quot;slug&quot;:&quot;verein-radio-lora&quot;},{&quot;id&quot;:907,&quot;slug&quot;:&quot;pfarrblatt-gemeinschaft-bern&quot;},{&quot;id&quot;:906,&quot;slug&quot;:&quot;velomedien-ag&quot;},{&quot;id&quot;:905,&quot;slug&quot;:&quot;regionalradio-aargaudio-ag&quot;},{&quot;id&quot;:897,&quot;slug&quot;:&quot;whistle-spark-gmbh&quot;},{&quot;id&quot;:893,&quot;slug&quot;:&quot;intro-schweiz-ag&quot;},{&quot;id&quot;:888,&quot;slug&quot;:&quot;radio-stadtfilter-ag&quot;},{&quot;id&quot;:886,&quot;slug&quot;:&quot;amici-della-bici-gmbh&quot;},{&quot;id&quot;:875,&quot;slug&quot;:&quot;puntas-reportagen-ag&quot;},{&quot;id&quot;:873,&quot;slug&quot;:&quot;verein-tuufner-poscht&quot;},{&quot;id&quot;:869,&quot;slug&quot;:&quot;gassmann-media-ag&quot;},{&quot;id&quot;:864,&quot;slug&quot;:&quot;novaya-gazeta-europe&quot;},{&quot;id&quot;:862,&quot;slug&quot;:&quot;fundaziun-medias-rumantschas-fmr&quot;},{&quot;id&quot;:860,&quot;slug&quot;:&quot;matthiaszehnder-ch-ag&quot;},{&quot;id&quot;:858,&quot;slug&quot;:&quot;walder-zeitschrift-waz&quot;},{&quot;id&quot;:855,&quot;slug&quot;:&quot;dr-ouwerkerk-ag&quot;},{&quot;id&quot;:854,&quot;slug&quot;:&quot;alma-media-ag&quot;},{&quot;id&quot;:853,&quot;slug&quot;:&quot;akeret-verlag-und-druck-ag&quot;},{&quot;id&quot;:852,&quot;slug&quot;:&quot;pomona-media-ag&quot;},{&quot;id&quot;:851,&quot;slug&quot;:&quot;srg&quot;},{&quot;id&quot;:834,&quot;slug&quot;:&quot;johann-oberauer-gmbh&quot;},{&quot;id&quot;:831,&quot;slug&quot;:&quot;sr-medien-group-ag&quot;},{&quot;id&quot;:830,&quot;slug&quot;:&quot;association-radio-vostok&quot;},{&quot;id&quot;:828,&quot;slug&quot;:&quot;journal21-ch&quot;},{&quot;id&quot;:826,&quot;slug&quot;:&quot;papierlose-zeitung&quot;},{&quot;id&quot;:822,&quot;slug&quot;:&quot;limpertinent-media&quot;},{&quot;id&quot;:819,&quot;slug&quot;:&quot;streetlife-media-ag&quot;},{&quot;id&quot;:818,&quot;slug&quot;:&quot;public-eye&quot;},{&quot;id&quot;:816,&quot;slug&quot;:&quot;radio-1&quot;},{&quot;id&quot;:814,&quot;slug&quot;:&quot;vaduzer-medienhaus-ag&quot;},{&quot;id&quot;:812,&quot;slug&quot;:&quot;verein-swiss-cath-ch&quot;},{&quot;id&quot;:810,&quot;slug&quot;:&quot;denknetz&quot;},{&quot;id&quot;:805,&quot;slug&quot;:&quot;winterthurer-zeitung-ag&quot;},{&quot;id&quot;:802,&quot;slug&quot;:&quot;christian-keller-medien-gmbh&quot;},{&quot;id&quot;:800,&quot;slug&quot;:&quot;bundesamt-fuer-sozialversicherungen-bsv&quot;},{&quot;id&quot;:799,&quot;slug&quot;:&quot;neue-fricktaler-zeitung-ag&quot;},{&quot;id&quot;:797,&quot;slug&quot;:&quot;verein-oeffentlichkeitsgesetz-ch&quot;},{&quot;id&quot;:795,&quot;slug&quot;:&quot;stefan-ehrbar&quot;},{&quot;id&quot;:786,&quot;slug&quot;:&quot;nationale-informationsstelle-zum-kulturerbe&quot;},{&quot;id&quot;:782,&quot;slug&quot;:&quot;winsider-ag&quot;},{&quot;id&quot;:781,&quot;slug&quot;:&quot;tsuri-ag&quot;},{&quot;id&quot;:780,&quot;slug&quot;:&quot;top-online&quot;},{&quot;id&quot;:779,&quot;slug&quot;:&quot;thurgau-kultur-ag&quot;},{&quot;id&quot;:778,&quot;slug&quot;:&quot;terre-et-nature-publications-sa&quot;},{&quot;id&quot;:777,&quot;slug&quot;:&quot;riviera-chablais-sa&quot;},{&quot;id&quot;:776,&quot;slug&quot;:&quot;tagblatt-der-stadt-zurich&quot;},{&quot;id&quot;:774,&quot;slug&quot;:&quot;smh-verlag-ag&quot;},{&quot;id&quot;:773,&quot;slug&quot;:&quot;seco&quot;},{&quot;id&quot;:772,&quot;slug&quot;:&quot;schweiz-gemeindeverband&quot;},{&quot;id&quot;:770,&quot;slug&quot;:&quot;republik-ag&quot;},{&quot;id&quot;:769,&quot;slug&quot;:&quot;reflekt-verein&quot;},{&quot;id&quot;:768,&quot;slug&quot;:&quot;p-s-verlags-gmbh&quot;},{&quot;id&quot;:767,&quot;slug&quot;:&quot;news-aktuell-schweiz&quot;},{&quot;id&quot;:765,&quot;slug&quot;:&quot;meier-cie-ag-schaffhausen&quot;},{&quot;id&quot;:763,&quot;slug&quot;:&quot;kath-medienzentrum&quot;},{&quot;id&quot;:762,&quot;slug&quot;:&quot;journal-de-morges-sa&quot;},{&quot;id&quot;:761,&quot;slug&quot;:&quot;inside-paradeplatz-gmbh&quot;},{&quot;id&quot;:760,&quot;slug&quot;:&quot;lci&quot;},{&quot;id&quot;:759,&quot;slug&quot;:&quot;ghi&quot;},{&quot;id&quot;:758,&quot;slug&quot;:&quot;effingermedien-ag&quot;},{&quot;id&quot;:757,&quot;slug&quot;:&quot;bnj-fm-sa&quot;},{&quot;id&quot;:756,&quot;slug&quot;:&quot;austria-presse-agentur&quot;},{&quot;id&quot;:723,&quot;slug&quot;:&quot;inside-justiz&quot;},{&quot;id&quot;:721,&quot;slug&quot;:&quot;filmbulletin&quot;},{&quot;id&quot;:715,&quot;slug&quot;:&quot;fz-furttaler-zeitung&quot;},{&quot;id&quot;:710,&quot;slug&quot;:&quot;zurcher-studierendenzeitung-zs&quot;},{&quot;id&quot;:709,&quot;slug&quot;:&quot;frutiglander-medien-ag&quot;},{&quot;id&quot;:706,&quot;slug&quot;:&quot;akut-gmbh&quot;},{&quot;id&quot;:702,&quot;slug&quot;:&quot;bks-information-gmbh&quot;},{&quot;id&quot;:687,&quot;slug&quot;:&quot;conference-des-eglises-reformees&quot;},{&quot;id&quot;:683,&quot;slug&quot;:&quot;anzeiger-vom-rottal&quot;},{&quot;id&quot;:677,&quot;slug&quot;:&quot;pps-pressedienst&quot;},{&quot;id&quot;:666,&quot;slug&quot;:&quot;naturfreunde-schweiz&quot;},{&quot;id&quot;:664,&quot;slug&quot;:&quot;hauptstadt&quot;},{&quot;id&quot;:660,&quot;slug&quot;:&quot;vpod-bildungspolitik&quot;},{&quot;id&quot;:658,&quot;slug&quot;:&quot;le-temps-sa&quot;},{&quot;id&quot;:656,&quot;slug&quot;:&quot;edition-frida&quot;},{&quot;id&quot;:654,&quot;slug&quot;:&quot;der-theaterverlag&quot;},{&quot;id&quot;:652,&quot;slug&quot;:&quot;bibliosuisse&quot;},{&quot;id&quot;:649,&quot;slug&quot;:&quot;zwoelf&quot;},{&quot;id&quot;:645,&quot;slug&quot;:&quot;bon-pour-la-tete&quot;},{&quot;id&quot;:634,&quot;slug&quot;:&quot;berner-kulturagenda&quot;},{&quot;id&quot;:632,&quot;slug&quot;:&quot;schaffhauser-az&quot;},{&quot;id&quot;:628,&quot;slug&quot;:&quot;verlag-null41&quot;},{&quot;id&quot;:626,&quot;slug&quot;:&quot;radiofr&quot;},{&quot;id&quot;:624,&quot;slug&quot;:&quot;gammeter-media-ag&quot;},{&quot;id&quot;:601,&quot;slug&quot;:&quot;personlich-verlags-ag&quot;},{&quot;id&quot;:599,&quot;slug&quot;:&quot;dfv-mediengruppe&quot;},{&quot;id&quot;:598,&quot;slug&quot;:&quot;blue-entertainment&quot;},{&quot;id&quot;:597,&quot;slug&quot;:&quot;aerotelegraph&quot;},{&quot;id&quot;:595,&quot;slug&quot;:&quot;zo-medien-ag&quot;},{&quot;id&quot;:594,&quot;slug&quot;:&quot;zhaw&quot;},{&quot;id&quot;:591,&quot;slug&quot;:&quot;weltwoche-verlags-ag&quot;},{&quot;id&quot;:590,&quot;slug&quot;:&quot;verein-surprise&quot;},{&quot;id&quot;:589,&quot;slug&quot;:&quot;verein-saiten&quot;},{&quot;id&quot;:587,&quot;slug&quot;:&quot;telebasel&quot;},{&quot;id&quot;:586,&quot;slug&quot;:&quot;tx-group-ag&quot;},{&quot;id&quot;:584,&quot;slug&quot;:&quot;sueddeutscher-verlag&quot;},{&quot;id&quot;:581,&quot;slug&quot;:&quot;stiftung-elternsein&quot;},{&quot;id&quot;:578,&quot;slug&quot;:&quot;somedia-ag&quot;},{&quot;id&quot;:577,&quot;slug&quot;:&quot;smartnews-sa&quot;},{&quot;id&quot;:575,&quot;slug&quot;:&quot;sgv-usam&quot;},{&quot;id&quot;:573,&quot;slug&quot;:&quot;schweizer-bauer&quot;},{&quot;id&quot;:572,&quot;slug&quot;:&quot;schweizer-alpen-club-sac&quot;},{&quot;id&quot;:571,&quot;slug&quot;:&quot;schweizer-agrarmedien-ag&quot;},{&quot;id&quot;:569,&quot;slug&quot;:&quot;willisauer-bote&quot;},{&quot;id&quot;:568,&quot;slug&quot;:&quot;ssui&quot;},{&quot;id&quot;:563,&quot;slug&quot;:&quot;ringier-ag&quot;},{&quot;id&quot;:560,&quot;slug&quot;:&quot;reformierte-medien&quot;},{&quot;id&quot;:559,&quot;slug&quot;:&quot;reformiert&quot;},{&quot;id&quot;:546,&quot;slug&quot;:&quot;nzz-mediengruppe&quot;},{&quot;id&quot;:544,&quot;slug&quot;:&quot;migros&quot;},{&quot;id&quot;:541,&quot;slug&quot;:&quot;medienart-ag&quot;},{&quot;id&quot;:538,&quot;slug&quot;:&quot;le-courrier&quot;},{&quot;id&quot;:536,&quot;slug&quot;:&quot;lch&quot;},{&quot;id&quot;:534,&quot;slug&quot;:&quot;konsumenteninfo-ag&quot;},{&quot;id&quot;:533,&quot;slug&quot;:&quot;cath-info&quot;},{&quot;id&quot;:532,&quot;slug&quot;:&quot;jm-judische-medien-ag&quot;},{&quot;id&quot;:528,&quot;slug&quot;:&quot;hotelrevue&quot;},{&quot;id&quot;:527,&quot;slug&quot;:&quot;hochparterre&quot;},{&quot;id&quot;:526,&quot;slug&quot;:&quot;st-paul-medias-sa&quot;},{&quot;id&quot;:524,&quot;slug&quot;:&quot;wochenzeitung&quot;},{&quot;id&quot;:522,&quot;slug&quot;:&quot;gemeinde-maur&quot;},{&quot;id&quot;:521,&quot;slug&quot;:&quot;gemeinde-emmen&quot;},{&quot;id&quot;:517,&quot;slug&quot;:&quot;freiburger-nachrichten-ag&quot;},{&quot;id&quot;:513,&quot;slug&quot;:&quot;finews-ag&quot;},{&quot;id&quot;:511,&quot;slug&quot;:&quot;esh-medias-sa&quot;},{&quot;id&quot;:509,&quot;slug&quot;:&quot;die-medien-ag&quot;},{&quot;id&quot;:508,&quot;slug&quot;:&quot;defacto&quot;},{&quot;id&quot;:507,&quot;slug&quot;:&quot;das-lamm&quot;},{&quot;id&quot;:506,&quot;slug&quot;:&quot;cruiser&quot;},{&quot;id&quot;:505,&quot;slug&quot;:&quot;coop&quot;},{&quot;id&quot;:504,&quot;slug&quot;:&quot;cinebulletin&quot;},{&quot;id&quot;:503,&quot;slug&quot;:&quot;ch-media&quot;},{&quot;id&quot;:502,&quot;slug&quot;:&quot;bote-der-urschweiz-ag&quot;},{&quot;id&quot;:501,&quot;slug&quot;:&quot;bajour&quot;},{&quot;id&quot;:500,&quot;slug&quot;:&quot;axel-springer-ullstein-syndication-gmbh&quot;},{&quot;id&quot;:499,&quot;slug&quot;:&quot;automobil-revue-ag&quot;},{&quot;id&quot;:498,&quot;slug&quot;:&quot;alliance-sud&quot;},{&quot;id&quot;:496,&quot;slug&quot;:&quot;akomag&quot;},{&quot;id&quot;:495,&quot;slug&quot;:&quot;agefi&quot;},{&quot;id&quot;:494,&quot;slug&quot;:&quot;3g-media-gmbh&quot;}]},&quot;supports&quot;:[],&quot;elementorId&quot;:&quot;7ead3a6&quot;}\" ><\/div>\t\t\t\t<\/div>\n\t\t\t\t<\/div>\n\t\t\t\t\t<\/div>\n\t\t<\/div>\n\t\t\t\t\t<\/div>\n\t\t<\/section>\n\t\t\t\t<div class=\"search-filter-query--id-2 elementor-element elementor-element-549195a elementor-grid-4 elementor-grid-tablet-4 elementor-grid-mobile-2 elementor-posts--thumbnail-top elementor-widget elementor-widget-posts\" data-id=\"549195a\" data-element_type=\"widget\" data-e-type=\"widget\" data-settings=\"{&quot;classic_columns&quot;:&quot;4&quot;,&quot;classic_columns_tablet&quot;:&quot;4&quot;,&quot;classic_columns_mobile&quot;:&quot;2&quot;,&quot;classic_row_gap&quot;:{&quot;unit&quot;:&quot;px&quot;,&quot;size&quot;:30,&quot;sizes&quot;:[]},&quot;pagination_type&quot;:&quot;load_more_infinite_scroll&quot;,&quot;classic_row_gap_tablet&quot;:{&quot;unit&quot;:&quot;px&quot;,&quot;size&quot;:&quot;&quot;,&quot;sizes&quot;:[]},&quot;classic_row_gap_mobile&quot;:{&quot;unit&quot;:&quot;px&quot;,&quot;size&quot;:&quot;&quot;,&quot;sizes&quot;:[]},&quot;load_more_spinner&quot;:{&quot;value&quot;:&quot;fas fa-spinner&quot;,&quot;library&quot;:&quot;fa-solid&quot;}}\" data-widget_type=\"posts.classic\">\n\t\t\t\t<div class=\"elementor-widget-container\">\n\t\t\t\t\t\t\t<div class=\"elementor-posts-container elementor-posts elementor-posts--skin-classic elementor-grid\" role=\"list\">\n\t\t\t\t<article class=\"elementor-post elementor-grid-item post-69610 medienverzeichnis type-medienverzeichnis status-publish has-post-thumbnail hentry land-suisse medientyp-magazine partner-verlag-null41 sprache-allemand\" role=\"listitem\">\n\t\t\t\t<a class=\"elementor-post__thumbnail__link\" href=\"https:\/\/swissdox.ch\/fr\/repertoire-des-medias\/041-das-kulturmagazin\/\" tabindex=\"-1\" >\n\t\t\t<div class=\"elementor-post__thumbnail\"><img fetchpriority=\"high\" decoding=\"async\" width=\"600\" height=\"799\" src=\"https:\/\/swissdox.ch\/wp-content\/uploads\/2024\/09\/041-das-kulturmagazin.jpg\" class=\"attachment-full size-full wp-image-53221\" alt=\"\" srcset=\"https:\/\/swissdox.ch\/wp-content\/uploads\/2024\/09\/041-das-kulturmagazin.jpg 600w, https:\/\/swissdox.ch\/wp-content\/uploads\/2024\/09\/041-das-kulturmagazin-225x300.jpg 225w\" sizes=\"(max-width: 600px) 100vw, 600px\" \/><\/div>\n\t\t<\/a>\n\t\t\t\t<div class=\"elementor-post__text\">\n\t\t\t\t<h3 class=\"elementor-post__title\">\n\t\t\t<a href=\"https:\/\/swissdox.ch\/fr\/repertoire-des-medias\/041-das-kulturmagazin\/\" >\n\t\t\t\t041 &#8211; Das Kulturmagazin\t\t\t<\/a>\n\t\t<\/h3>\n\t\t\t\t<\/div>\n\t\t\t\t<\/article>\n\t\t\t\t<article class=\"elementor-post elementor-grid-item post-69611 medienverzeichnis type-medienverzeichnis status-publish has-post-thumbnail hentry land-suisse medientyp-presse-en-ligne partner-tx-group-ag sprache-allemand\" role=\"listitem\">\n\t\t\t\t<a class=\"elementor-post__thumbnail__link\" href=\"https:\/\/swissdox.ch\/fr\/repertoire-des-medias\/20-minuten-online\/\" tabindex=\"-1\" >\n\t\t\t<div class=\"elementor-post__thumbnail\"><img decoding=\"async\" width=\"600\" height=\"800\" src=\"https:\/\/swissdox.ch\/wp-content\/uploads\/2024\/09\/20-minuten-online.jpg\" class=\"attachment-full size-full wp-image-53193\" alt=\"\" srcset=\"https:\/\/swissdox.ch\/wp-content\/uploads\/2024\/09\/20-minuten-online.jpg 600w, https:\/\/swissdox.ch\/wp-content\/uploads\/2024\/09\/20-minuten-online-225x300.jpg 225w\" sizes=\"(max-width: 600px) 100vw, 600px\" \/><\/div>\n\t\t<\/a>\n\t\t\t\t<div class=\"elementor-post__text\">\n\t\t\t\t<h3 class=\"elementor-post__title\">\n\t\t\t<a href=\"https:\/\/swissdox.ch\/fr\/repertoire-des-medias\/20-minuten-online\/\" >\n\t\t\t\t20 minuten online\t\t\t<\/a>\n\t\t<\/h3>\n\t\t\t\t<\/div>\n\t\t\t\t<\/article>\n\t\t\t\t<article class=\"elementor-post elementor-grid-item post-69612 medienverzeichnis type-medienverzeichnis status-publish has-post-thumbnail hentry land-suisse medientyp-presse-en-ligne partner-tx-group-ag sprache-francais\" role=\"listitem\">\n\t\t\t\t<a class=\"elementor-post__thumbnail__link\" href=\"https:\/\/swissdox.ch\/fr\/repertoire-des-medias\/20-minutes-online\/\" tabindex=\"-1\" >\n\t\t\t<div class=\"elementor-post__thumbnail\"><img decoding=\"async\" width=\"600\" height=\"800\" src=\"https:\/\/swissdox.ch\/wp-content\/uploads\/2024\/09\/20-minutes-online.jpg\" class=\"attachment-full size-full wp-image-53201\" alt=\"\" srcset=\"https:\/\/swissdox.ch\/wp-content\/uploads\/2024\/09\/20-minutes-online.jpg 600w, https:\/\/swissdox.ch\/wp-content\/uploads\/2024\/09\/20-minutes-online-225x300.jpg 225w\" sizes=\"(max-width: 600px) 100vw, 600px\" \/><\/div>\n\t\t<\/a>\n\t\t\t\t<div class=\"elementor-post__text\">\n\t\t\t\t<h3 class=\"elementor-post__title\">\n\t\t\t<a href=\"https:\/\/swissdox.ch\/fr\/repertoire-des-medias\/20-minutes-online\/\" >\n\t\t\t\t20 minutes online\t\t\t<\/a>\n\t\t<\/h3>\n\t\t\t\t<\/div>\n\t\t\t\t<\/article>\n\t\t\t\t<article class=\"elementor-post elementor-grid-item post-69613 medienverzeichnis type-medienverzeichnis status-publish has-post-thumbnail hentry land-suisse medientyp-quotidien partner-tx-group-ag sprache-francais\" role=\"listitem\">\n\t\t\t\t<a class=\"elementor-post__thumbnail__link\" href=\"https:\/\/swissdox.ch\/fr\/repertoire-des-medias\/24-heures\/\" tabindex=\"-1\" >\n\t\t\t<div class=\"elementor-post__thumbnail\"><img loading=\"lazy\" decoding=\"async\" width=\"600\" height=\"799\" src=\"https:\/\/swissdox.ch\/wp-content\/uploads\/2024\/09\/24-heures.jpg\" class=\"attachment-full size-full wp-image-53213\" alt=\"\" srcset=\"https:\/\/swissdox.ch\/wp-content\/uploads\/2024\/09\/24-heures.jpg 600w, https:\/\/swissdox.ch\/wp-content\/uploads\/2024\/09\/24-heures-225x300.jpg 225w\" sizes=\"(max-width: 600px) 100vw, 600px\" \/><\/div>\n\t\t<\/a>\n\t\t\t\t<div class=\"elementor-post__text\">\n\t\t\t\t<h3 class=\"elementor-post__title\">\n\t\t\t<a href=\"https:\/\/swissdox.ch\/fr\/repertoire-des-medias\/24-heures\/\" >\n\t\t\t\t24 heures\t\t\t<\/a>\n\t\t<\/h3>\n\t\t\t\t<\/div>\n\t\t\t\t<\/article>\n\t\t\t\t<article class=\"elementor-post elementor-grid-item post-69614 medienverzeichnis type-medienverzeichnis status-publish has-post-thumbnail hentry land-suisse medientyp-presse-en-ligne partner-tx-group-ag sprache-francais\" role=\"listitem\">\n\t\t\t\t<a class=\"elementor-post__thumbnail__link\" href=\"https:\/\/swissdox.ch\/fr\/repertoire-des-medias\/24heures-ch\/\" tabindex=\"-1\" >\n\t\t\t<div class=\"elementor-post__thumbnail\"><img loading=\"lazy\" decoding=\"async\" width=\"600\" height=\"800\" src=\"https:\/\/swissdox.ch\/wp-content\/uploads\/2024\/09\/24heures-ch.jpg\" class=\"attachment-full size-full wp-image-53217\" alt=\"\" srcset=\"https:\/\/swissdox.ch\/wp-content\/uploads\/2024\/09\/24heures-ch.jpg 600w, https:\/\/swissdox.ch\/wp-content\/uploads\/2024\/09\/24heures-ch-225x300.jpg 225w\" sizes=\"(max-width: 600px) 100vw, 600px\" \/><\/div>\n\t\t<\/a>\n\t\t\t\t<div class=\"elementor-post__text\">\n\t\t\t\t<h3 class=\"elementor-post__title\">\n\t\t\t<a href=\"https:\/\/swissdox.ch\/fr\/repertoire-des-medias\/24heures-ch\/\" >\n\t\t\t\t24heures.ch\t\t\t<\/a>\n\t\t<\/h3>\n\t\t\t\t<\/div>\n\t\t\t\t<\/article>\n\t\t\t\t<article class=\"elementor-post elementor-grid-item post-69615 medienverzeichnis type-medienverzeichnis status-publish has-post-thumbnail hentry land-suisse medientyp-presse-en-ligne partner-radio-3fach sprache-allemand\" role=\"listitem\">\n\t\t\t\t<a class=\"elementor-post__thumbnail__link\" href=\"https:\/\/swissdox.ch\/fr\/repertoire-des-medias\/3fach-ch\/\" tabindex=\"-1\" >\n\t\t\t<div class=\"elementor-post__thumbnail\"><img loading=\"lazy\" decoding=\"async\" width=\"600\" height=\"799\" src=\"https:\/\/swissdox.ch\/wp-content\/uploads\/2025\/06\/3fach-ch.jpg\" class=\"attachment-full size-full wp-image-62670\" alt=\"\" srcset=\"https:\/\/swissdox.ch\/wp-content\/uploads\/2025\/06\/3fach-ch.jpg 600w, https:\/\/swissdox.ch\/wp-content\/uploads\/2025\/06\/3fach-ch-225x300.jpg 225w\" sizes=\"(max-width: 600px) 100vw, 600px\" \/><\/div>\n\t\t<\/a>\n\t\t\t\t<div class=\"elementor-post__text\">\n\t\t\t\t<h3 class=\"elementor-post__title\">\n\t\t\t<a href=\"https:\/\/swissdox.ch\/fr\/repertoire-des-medias\/3fach-ch\/\" >\n\t\t\t\t3fach.ch\t\t\t<\/a>\n\t\t<\/h3>\n\t\t\t\t<\/div>\n\t\t\t\t<\/article>\n\t\t\t\t<article class=\"elementor-post elementor-grid-item post-69616 medienverzeichnis type-medienverzeichnis status-publish has-post-thumbnail hentry land-suisse medientyp-quotidien partner-ch-media sprache-allemand\" role=\"listitem\">\n\t\t\t\t<a class=\"elementor-post__thumbnail__link\" href=\"https:\/\/swissdox.ch\/fr\/repertoire-des-medias\/aargauer-zeitung\/\" tabindex=\"-1\" >\n\t\t\t<div class=\"elementor-post__thumbnail\"><img loading=\"lazy\" decoding=\"async\" width=\"600\" height=\"799\" src=\"https:\/\/swissdox.ch\/wp-content\/uploads\/2024\/09\/aargauer-zeitung.jpg\" class=\"attachment-full size-full wp-image-53225\" alt=\"\" srcset=\"https:\/\/swissdox.ch\/wp-content\/uploads\/2024\/09\/aargauer-zeitung.jpg 600w, https:\/\/swissdox.ch\/wp-content\/uploads\/2024\/09\/aargauer-zeitung-225x300.jpg 225w\" sizes=\"(max-width: 600px) 100vw, 600px\" \/><\/div>\n\t\t<\/a>\n\t\t\t\t<div class=\"elementor-post__text\">\n\t\t\t\t<h3 class=\"elementor-post__title\">\n\t\t\t<a href=\"https:\/\/swissdox.ch\/fr\/repertoire-des-medias\/aargauer-zeitung\/\" >\n\t\t\t\tAargauer Zeitung\t\t\t<\/a>\n\t\t<\/h3>\n\t\t\t\t<\/div>\n\t\t\t\t<\/article>\n\t\t\t\t<article class=\"elementor-post elementor-grid-item post-69617 medienverzeichnis type-medienverzeichnis status-publish has-post-thumbnail hentry land-suisse medientyp-presse-en-ligne partner-ch-media sprache-allemand\" role=\"listitem\">\n\t\t\t\t<a class=\"elementor-post__thumbnail__link\" href=\"https:\/\/swissdox.ch\/fr\/repertoire-des-medias\/aargauerzeitung-ch\/\" tabindex=\"-1\" >\n\t\t\t<div class=\"elementor-post__thumbnail\"><img loading=\"lazy\" decoding=\"async\" width=\"600\" height=\"800\" src=\"https:\/\/swissdox.ch\/wp-content\/uploads\/2024\/09\/aargauerzeitung-ch.jpg\" class=\"attachment-full size-full wp-image-53229\" alt=\"\" srcset=\"https:\/\/swissdox.ch\/wp-content\/uploads\/2024\/09\/aargauerzeitung-ch.jpg 600w, https:\/\/swissdox.ch\/wp-content\/uploads\/2024\/09\/aargauerzeitung-ch-225x300.jpg 225w\" sizes=\"(max-width: 600px) 100vw, 600px\" \/><\/div>\n\t\t<\/a>\n\t\t\t\t<div class=\"elementor-post__text\">\n\t\t\t\t<h3 class=\"elementor-post__title\">\n\t\t\t<a href=\"https:\/\/swissdox.ch\/fr\/repertoire-des-medias\/aargauerzeitung-ch\/\" >\n\t\t\t\taargauerzeitung.ch\t\t\t<\/a>\n\t\t<\/h3>\n\t\t\t\t<\/div>\n\t\t\t\t<\/article>\n\t\t\t\t<article class=\"elementor-post elementor-grid-item post-69618 medienverzeichnis type-medienverzeichnis status-publish has-post-thumbnail hentry land-suisse medientyp-presse-en-ligne partner-aerotelegraph sprache-allemand sprache-anglais\" role=\"listitem\">\n\t\t\t\t<a class=\"elementor-post__thumbnail__link\" href=\"https:\/\/swissdox.ch\/fr\/repertoire-des-medias\/aerotelegraph-com\/\" tabindex=\"-1\" >\n\t\t\t<div class=\"elementor-post__thumbnail\"><img loading=\"lazy\" decoding=\"async\" width=\"600\" height=\"800\" src=\"https:\/\/swissdox.ch\/wp-content\/uploads\/2024\/09\/aerotelegraph-com.jpg\" class=\"attachment-full size-full wp-image-53233\" alt=\"\" srcset=\"https:\/\/swissdox.ch\/wp-content\/uploads\/2024\/09\/aerotelegraph-com.jpg 600w, https:\/\/swissdox.ch\/wp-content\/uploads\/2024\/09\/aerotelegraph-com-225x300.jpg 225w\" sizes=\"(max-width: 600px) 100vw, 600px\" \/><\/div>\n\t\t<\/a>\n\t\t\t\t<div class=\"elementor-post__text\">\n\t\t\t\t<h3 class=\"elementor-post__title\">\n\t\t\t<a href=\"https:\/\/swissdox.ch\/fr\/repertoire-des-medias\/aerotelegraph-com\/\" >\n\t\t\t\taerotelegraph.com\t\t\t<\/a>\n\t\t<\/h3>\n\t\t\t\t<\/div>\n\t\t\t\t<\/article>\n\t\t\t\t<article class=\"elementor-post elementor-grid-item post-69619 medienverzeichnis type-medienverzeichnis status-publish has-post-thumbnail hentry land-suisse medientyp-quotidien partner-agefi sprache-francais\" role=\"listitem\">\n\t\t\t\t<a class=\"elementor-post__thumbnail__link\" href=\"https:\/\/swissdox.ch\/fr\/repertoire-des-medias\/agefi\/\" tabindex=\"-1\" >\n\t\t\t<div class=\"elementor-post__thumbnail\"><img loading=\"lazy\" decoding=\"async\" width=\"600\" height=\"800\" src=\"https:\/\/swissdox.ch\/wp-content\/uploads\/2024\/09\/agefi.jpg\" class=\"attachment-full size-full wp-image-53241\" alt=\"\" srcset=\"https:\/\/swissdox.ch\/wp-content\/uploads\/2024\/09\/agefi.jpg 600w, https:\/\/swissdox.ch\/wp-content\/uploads\/2024\/09\/agefi-225x300.jpg 225w\" sizes=\"(max-width: 600px) 100vw, 600px\" \/><\/div>\n\t\t<\/a>\n\t\t\t\t<div class=\"elementor-post__text\">\n\t\t\t\t<h3 class=\"elementor-post__title\">\n\t\t\t<a href=\"https:\/\/swissdox.ch\/fr\/repertoire-des-medias\/agefi\/\" >\n\t\t\t\tAgefi\t\t\t<\/a>\n\t\t<\/h3>\n\t\t\t\t<\/div>\n\t\t\t\t<\/article>\n\t\t\t\t<article class=\"elementor-post elementor-grid-item post-69620 medienverzeichnis type-medienverzeichnis status-publish has-post-thumbnail hentry land-suisse medientyp-presse-en-ligne partner-agefi sprache-francais\" role=\"listitem\">\n\t\t\t\t<a class=\"elementor-post__thumbnail__link\" href=\"https:\/\/swissdox.ch\/fr\/repertoire-des-medias\/agefi-com\/\" tabindex=\"-1\" >\n\t\t\t<div class=\"elementor-post__thumbnail\"><img loading=\"lazy\" decoding=\"async\" width=\"600\" height=\"800\" src=\"https:\/\/swissdox.ch\/wp-content\/uploads\/2024\/09\/agefi-com.jpg\" class=\"attachment-full size-full wp-image-53237\" alt=\"\" srcset=\"https:\/\/swissdox.ch\/wp-content\/uploads\/2024\/09\/agefi-com.jpg 600w, https:\/\/swissdox.ch\/wp-content\/uploads\/2024\/09\/agefi-com-225x300.jpg 225w\" sizes=\"(max-width: 600px) 100vw, 600px\" \/><\/div>\n\t\t<\/a>\n\t\t\t\t<div class=\"elementor-post__text\">\n\t\t\t\t<h3 class=\"elementor-post__title\">\n\t\t\t<a href=\"https:\/\/swissdox.ch\/fr\/repertoire-des-medias\/agefi-com\/\" >\n\t\t\t\tagefi.com\t\t\t<\/a>\n\t\t<\/h3>\n\t\t\t\t<\/div>\n\t\t\t\t<\/article>\n\t\t\t\t<article class=\"elementor-post elementor-grid-item post-69621 medienverzeichnis type-medienverzeichnis status-publish has-post-thumbnail hentry land-suisse medientyp-audio partner-whistle-spark-gmbh sprache-allemand\" role=\"listitem\">\n\t\t\t\t<a class=\"elementor-post__thumbnail__link\" href=\"https:\/\/swissdox.ch\/fr\/repertoire-des-medias\/agrarpolitik-der-podcast\/\" tabindex=\"-1\" >\n\t\t\t<div class=\"elementor-post__thumbnail\"><img loading=\"lazy\" decoding=\"async\" width=\"600\" height=\"800\" src=\"https:\/\/swissdox.ch\/wp-content\/uploads\/2024\/11\/agrarpolitik-der-podcast.jpg\" class=\"attachment-full size-full wp-image-58084\" alt=\"\" srcset=\"https:\/\/swissdox.ch\/wp-content\/uploads\/2024\/11\/agrarpolitik-der-podcast.jpg 600w, https:\/\/swissdox.ch\/wp-content\/uploads\/2024\/11\/agrarpolitik-der-podcast-225x300.jpg 225w\" sizes=\"(max-width: 600px) 100vw, 600px\" \/><\/div>\n\t\t<\/a>\n\t\t\t\t<div class=\"elementor-post__text\">\n\t\t\t\t<h3 class=\"elementor-post__title\">\n\t\t\t<a href=\"https:\/\/swissdox.ch\/fr\/repertoire-des-medias\/agrarpolitik-der-podcast\/\" >\n\t\t\t\tAgrarpolitik der Podcast\t\t\t<\/a>\n\t\t<\/h3>\n\t\t\t\t<\/div>\n\t\t\t\t<\/article>\n\t\t\t\t<article class=\"elementor-post elementor-grid-item post-69622 medienverzeichnis type-medienverzeichnis status-publish has-post-thumbnail hentry land-allemagne medientyp-magazine partner-dfv-mediengruppe sprache-allemand\" role=\"listitem\">\n\t\t\t\t<a class=\"elementor-post__thumbnail__link\" href=\"https:\/\/swissdox.ch\/fr\/repertoire-des-medias\/agrarzeitung\/\" tabindex=\"-1\" >\n\t\t\t<div class=\"elementor-post__thumbnail\"><img loading=\"lazy\" decoding=\"async\" width=\"600\" height=\"800\" src=\"https:\/\/swissdox.ch\/wp-content\/uploads\/2024\/09\/agrarzeitung.jpg\" class=\"attachment-full size-full wp-image-53245\" alt=\"\" srcset=\"https:\/\/swissdox.ch\/wp-content\/uploads\/2024\/09\/agrarzeitung.jpg 600w, https:\/\/swissdox.ch\/wp-content\/uploads\/2024\/09\/agrarzeitung-225x300.jpg 225w\" sizes=\"(max-width: 600px) 100vw, 600px\" \/><\/div>\n\t\t<\/a>\n\t\t\t\t<div class=\"elementor-post__text\">\n\t\t\t\t<h3 class=\"elementor-post__title\">\n\t\t\t<a href=\"https:\/\/swissdox.ch\/fr\/repertoire-des-medias\/agrarzeitung\/\" >\n\t\t\t\tagrarzeitung\t\t\t<\/a>\n\t\t<\/h3>\n\t\t\t\t<\/div>\n\t\t\t\t<\/article>\n\t\t\t\t<article class=\"elementor-post elementor-grid-item post-69623 medienverzeichnis type-medienverzeichnis status-publish has-post-thumbnail hentry land-suisse medientyp-presse-en-ligne partner-gassmann-media-ag sprache-allemand sprache-francais\" role=\"listitem\">\n\t\t\t\t<a class=\"elementor-post__thumbnail__link\" href=\"https:\/\/swissdox.ch\/fr\/repertoire-des-medias\/ajour-ch\/\" tabindex=\"-1\" >\n\t\t\t<div class=\"elementor-post__thumbnail\"><img loading=\"lazy\" decoding=\"async\" width=\"600\" height=\"800\" src=\"https:\/\/swissdox.ch\/wp-content\/uploads\/2024\/09\/ajour-ch.jpg\" class=\"attachment-full size-full wp-image-53249\" alt=\"\" srcset=\"https:\/\/swissdox.ch\/wp-content\/uploads\/2024\/09\/ajour-ch.jpg 600w, https:\/\/swissdox.ch\/wp-content\/uploads\/2024\/09\/ajour-ch-225x300.jpg 225w\" sizes=\"(max-width: 600px) 100vw, 600px\" \/><\/div>\n\t\t<\/a>\n\t\t\t\t<div class=\"elementor-post__text\">\n\t\t\t\t<h3 class=\"elementor-post__title\">\n\t\t\t<a href=\"https:\/\/swissdox.ch\/fr\/repertoire-des-medias\/ajour-ch\/\" >\n\t\t\t\tajour.ch\t\t\t<\/a>\n\t\t<\/h3>\n\t\t\t\t<\/div>\n\t\t\t\t<\/article>\n\t\t\t\t<article class=\"elementor-post elementor-grid-item post-69624 medienverzeichnis type-medienverzeichnis status-publish has-post-thumbnail hentry land-suisse medientyp-audio partner-intro-schweiz-ag sprache-allemand\" role=\"listitem\">\n\t\t\t\t<a class=\"elementor-post__thumbnail__link\" href=\"https:\/\/swissdox.ch\/fr\/repertoire-des-medias\/aktiv-radio\/\" tabindex=\"-1\" >\n\t\t\t<div class=\"elementor-post__thumbnail\"><img loading=\"lazy\" decoding=\"async\" width=\"600\" height=\"800\" src=\"https:\/\/swissdox.ch\/wp-content\/uploads\/2024\/10\/aktiv-radio.jpg\" class=\"attachment-full size-full wp-image-57012\" alt=\"\" srcset=\"https:\/\/swissdox.ch\/wp-content\/uploads\/2024\/10\/aktiv-radio.jpg 600w, https:\/\/swissdox.ch\/wp-content\/uploads\/2024\/10\/aktiv-radio-225x300.jpg 225w\" sizes=\"(max-width: 600px) 100vw, 600px\" \/><\/div>\n\t\t<\/a>\n\t\t\t\t<div class=\"elementor-post__text\">\n\t\t\t\t<h3 class=\"elementor-post__title\">\n\t\t\t<a href=\"https:\/\/swissdox.ch\/fr\/repertoire-des-medias\/aktiv-radio\/\" >\n\t\t\t\tAKTIV RADIO\t\t\t<\/a>\n\t\t<\/h3>\n\t\t\t\t<\/div>\n\t\t\t\t<\/article>\n\t\t\t\t<article class=\"elementor-post elementor-grid-item post-69625 medienverzeichnis type-medienverzeichnis status-publish has-post-thumbnail hentry land-suisse medientyp-presse-en-ligne partner-akut-gmbh sprache-allemand sprache-anglais\" role=\"listitem\">\n\t\t\t\t<a class=\"elementor-post__thumbnail__link\" href=\"https:\/\/swissdox.ch\/fr\/repertoire-des-medias\/akutmag-ch\/\" tabindex=\"-1\" >\n\t\t\t<div class=\"elementor-post__thumbnail\"><img loading=\"lazy\" decoding=\"async\" width=\"600\" height=\"800\" src=\"https:\/\/swissdox.ch\/wp-content\/uploads\/2024\/09\/akutmag-ch.jpg\" class=\"attachment-full size-full wp-image-53253\" alt=\"\" srcset=\"https:\/\/swissdox.ch\/wp-content\/uploads\/2024\/09\/akutmag-ch.jpg 600w, https:\/\/swissdox.ch\/wp-content\/uploads\/2024\/09\/akutmag-ch-225x300.jpg 225w\" sizes=\"(max-width: 600px) 100vw, 600px\" \/><\/div>\n\t\t<\/a>\n\t\t\t\t<div class=\"elementor-post__text\">\n\t\t\t\t<h3 class=\"elementor-post__title\">\n\t\t\t<a href=\"https:\/\/swissdox.ch\/fr\/repertoire-des-medias\/akutmag-ch\/\" >\n\t\t\t\takutmag.ch\t\t\t<\/a>\n\t\t<\/h3>\n\t\t\t\t<\/div>\n\t\t\t\t<\/article>\n\t\t\t\t<article class=\"elementor-post elementor-grid-item post-69626 medienverzeichnis type-medienverzeichnis status-publish has-post-thumbnail hentry land-allemagne medientyp-magazine partner-dfv-mediengruppe sprache-allemand\" role=\"listitem\">\n\t\t\t\t<a class=\"elementor-post__thumbnail__link\" href=\"https:\/\/swissdox.ch\/fr\/repertoire-des-medias\/allgemeine-baeckerzeitung\/\" tabindex=\"-1\" >\n\t\t\t<div class=\"elementor-post__thumbnail\"><img loading=\"lazy\" decoding=\"async\" width=\"600\" height=\"799\" src=\"https:\/\/swissdox.ch\/wp-content\/uploads\/2024\/09\/allgemeine-baecker-zeitung.jpg\" class=\"attachment-full size-full wp-image-53257\" alt=\"\" srcset=\"https:\/\/swissdox.ch\/wp-content\/uploads\/2024\/09\/allgemeine-baecker-zeitung.jpg 600w, https:\/\/swissdox.ch\/wp-content\/uploads\/2024\/09\/allgemeine-baecker-zeitung-225x300.jpg 225w\" sizes=\"(max-width: 600px) 100vw, 600px\" \/><\/div>\n\t\t<\/a>\n\t\t\t\t<div class=\"elementor-post__text\">\n\t\t\t\t<h3 class=\"elementor-post__title\">\n\t\t\t<a href=\"https:\/\/swissdox.ch\/fr\/repertoire-des-medias\/allgemeine-baeckerzeitung\/\" >\n\t\t\t\tAllgemeine B\u00e4ckerZeitung\t\t\t<\/a>\n\t\t<\/h3>\n\t\t\t\t<\/div>\n\t\t\t\t<\/article>\n\t\t\t\t<article class=\"elementor-post elementor-grid-item post-69627 medienverzeichnis type-medienverzeichnis status-publish has-post-thumbnail hentry land-suisse medientyp-presse-en-ligne partner-smartnews-sa sprache-anglais sprache-francais\" role=\"listitem\">\n\t\t\t\t<a class=\"elementor-post__thumbnail__link\" href=\"https:\/\/swissdox.ch\/fr\/repertoire-des-medias\/allnews-ch\/\" tabindex=\"-1\" >\n\t\t\t<div class=\"elementor-post__thumbnail\"><img loading=\"lazy\" decoding=\"async\" width=\"600\" height=\"800\" src=\"https:\/\/swissdox.ch\/wp-content\/uploads\/2024\/09\/allnews-ch.jpg\" class=\"attachment-full size-full wp-image-53261\" alt=\"\" srcset=\"https:\/\/swissdox.ch\/wp-content\/uploads\/2024\/09\/allnews-ch.jpg 600w, https:\/\/swissdox.ch\/wp-content\/uploads\/2024\/09\/allnews-ch-225x300.jpg 225w\" sizes=\"(max-width: 600px) 100vw, 600px\" \/><\/div>\n\t\t<\/a>\n\t\t\t\t<div class=\"elementor-post__text\">\n\t\t\t\t<h3 class=\"elementor-post__title\">\n\t\t\t<a href=\"https:\/\/swissdox.ch\/fr\/repertoire-des-medias\/allnews-ch\/\" >\n\t\t\t\tallnews.ch\t\t\t<\/a>\n\t\t<\/h3>\n\t\t\t\t<\/div>\n\t\t\t\t<\/article>\n\t\t\t\t<article class=\"elementor-post elementor-grid-item post-69628 medienverzeichnis type-medienverzeichnis status-publish has-post-thumbnail hentry land-suisse medientyp-magazine partner-schweizer-alpen-club-sac sprache-allemand\" role=\"listitem\">\n\t\t\t\t<a class=\"elementor-post__thumbnail__link\" href=\"https:\/\/swissdox.ch\/fr\/repertoire-des-medias\/die-alpen\/\" tabindex=\"-1\" >\n\t\t\t<div class=\"elementor-post__thumbnail\"><img loading=\"lazy\" decoding=\"async\" width=\"600\" height=\"800\" src=\"https:\/\/swissdox.ch\/wp-content\/uploads\/2024\/09\/die-alpen.jpg\" class=\"attachment-full size-full wp-image-53625\" alt=\"\" srcset=\"https:\/\/swissdox.ch\/wp-content\/uploads\/2024\/09\/die-alpen.jpg 600w, https:\/\/swissdox.ch\/wp-content\/uploads\/2024\/09\/die-alpen-225x300.jpg 225w\" sizes=\"(max-width: 600px) 100vw, 600px\" \/><\/div>\n\t\t<\/a>\n\t\t\t\t<div class=\"elementor-post__text\">\n\t\t\t\t<h3 class=\"elementor-post__title\">\n\t\t\t<a href=\"https:\/\/swissdox.ch\/fr\/repertoire-des-medias\/die-alpen\/\" >\n\t\t\t\tDie Alpen\t\t\t<\/a>\n\t\t<\/h3>\n\t\t\t\t<\/div>\n\t\t\t\t<\/article>\n\t\t\t\t<article class=\"elementor-post elementor-grid-item post-69629 medienverzeichnis type-medienverzeichnis status-publish has-post-thumbnail hentry land-suisse medientyp-magazine partner-schweizer-alpen-club-sac sprache-francais\" role=\"listitem\">\n\t\t\t\t<a class=\"elementor-post__thumbnail__link\" href=\"https:\/\/swissdox.ch\/fr\/repertoire-des-medias\/les-alpes\/\" tabindex=\"-1\" >\n\t\t\t<div class=\"elementor-post__thumbnail\"><img loading=\"lazy\" decoding=\"async\" width=\"600\" height=\"800\" src=\"https:\/\/swissdox.ch\/wp-content\/uploads\/2024\/09\/les-alpes.jpg\" class=\"attachment-full size-full wp-image-54097\" alt=\"\" srcset=\"https:\/\/swissdox.ch\/wp-content\/uploads\/2024\/09\/les-alpes.jpg 600w, https:\/\/swissdox.ch\/wp-content\/uploads\/2024\/09\/les-alpes-225x300.jpg 225w\" sizes=\"(max-width: 600px) 100vw, 600px\" \/><\/div>\n\t\t<\/a>\n\t\t\t\t<div class=\"elementor-post__text\">\n\t\t\t\t<h3 class=\"elementor-post__title\">\n\t\t\t<a href=\"https:\/\/swissdox.ch\/fr\/repertoire-des-medias\/les-alpes\/\" >\n\t\t\t\tLes Alpes\t\t\t<\/a>\n\t\t<\/h3>\n\t\t\t\t<\/div>\n\t\t\t\t<\/article>\n\t\t\t\t<article class=\"elementor-post elementor-grid-item post-69630 medienverzeichnis type-medienverzeichnis status-publish has-post-thumbnail hentry land-suisse medientyp-magazine partner-schweizer-alpen-club-sac sprache-italien\" role=\"listitem\">\n\t\t\t\t<a class=\"elementor-post__thumbnail__link\" href=\"https:\/\/swissdox.ch\/fr\/repertoire-des-medias\/le-alpi\/\" tabindex=\"-1\" >\n\t\t\t<div class=\"elementor-post__thumbnail\"><img loading=\"lazy\" decoding=\"async\" width=\"600\" height=\"800\" src=\"https:\/\/swissdox.ch\/wp-content\/uploads\/2024\/09\/le-alpi.jpg\" class=\"attachment-full size-full wp-image-54049\" alt=\"\" srcset=\"https:\/\/swissdox.ch\/wp-content\/uploads\/2024\/09\/le-alpi.jpg 600w, https:\/\/swissdox.ch\/wp-content\/uploads\/2024\/09\/le-alpi-225x300.jpg 225w\" sizes=\"(max-width: 600px) 100vw, 600px\" \/><\/div>\n\t\t<\/a>\n\t\t\t\t<div class=\"elementor-post__text\">\n\t\t\t\t<h3 class=\"elementor-post__title\">\n\t\t\t<a href=\"https:\/\/swissdox.ch\/fr\/repertoire-des-medias\/le-alpi\/\" >\n\t\t\t\tLe Alpi\t\t\t<\/a>\n\t\t<\/h3>\n\t\t\t\t<\/div>\n\t\t\t\t<\/article>\n\t\t\t\t<article class=\"elementor-post elementor-grid-item post-69631 medienverzeichnis type-medienverzeichnis status-publish has-post-thumbnail hentry land-suisse medientyp-magazine partner-naturfreunde-schweiz sprache-francais\" role=\"listitem\">\n\t\t\t\t<a class=\"elementor-post__thumbnail__link\" href=\"https:\/\/swissdox.ch\/fr\/repertoire-des-medias\/ami-de-la-nature\/\" tabindex=\"-1\" >\n\t\t\t<div class=\"elementor-post__thumbnail\"><img loading=\"lazy\" decoding=\"async\" width=\"600\" height=\"800\" src=\"https:\/\/swissdox.ch\/wp-content\/uploads\/2024\/09\/ami-de-la-nature.jpg\" class=\"attachment-full size-full wp-image-53265\" alt=\"\" srcset=\"https:\/\/swissdox.ch\/wp-content\/uploads\/2024\/09\/ami-de-la-nature.jpg 600w, https:\/\/swissdox.ch\/wp-content\/uploads\/2024\/09\/ami-de-la-nature-225x300.jpg 225w\" sizes=\"(max-width: 600px) 100vw, 600px\" \/><\/div>\n\t\t<\/a>\n\t\t\t\t<div class=\"elementor-post__text\">\n\t\t\t\t<h3 class=\"elementor-post__title\">\n\t\t\t<a href=\"https:\/\/swissdox.ch\/fr\/repertoire-des-medias\/ami-de-la-nature\/\" >\n\t\t\t\tAmi de la Nature\t\t\t<\/a>\n\t\t<\/h3>\n\t\t\t\t<\/div>\n\t\t\t\t<\/article>\n\t\t\t\t<article class=\"elementor-post elementor-grid-item post-69632 medienverzeichnis type-medienverzeichnis status-publish has-post-thumbnail hentry land-suisse medientyp-quotidien partner-akeret-verlag-und-druck-ag sprache-allemand\" role=\"listitem\">\n\t\t\t\t<a class=\"elementor-post__thumbnail__link\" href=\"https:\/\/swissdox.ch\/fr\/repertoire-des-medias\/andelfinger-zeitung\/\" tabindex=\"-1\" >\n\t\t\t<div class=\"elementor-post__thumbnail\"><img loading=\"lazy\" decoding=\"async\" width=\"600\" height=\"800\" src=\"https:\/\/swissdox.ch\/wp-content\/uploads\/2024\/09\/andelfinger-zeitung.jpg\" class=\"attachment-full size-full wp-image-53269\" alt=\"\" srcset=\"https:\/\/swissdox.ch\/wp-content\/uploads\/2024\/09\/andelfinger-zeitung.jpg 600w, https:\/\/swissdox.ch\/wp-content\/uploads\/2024\/09\/andelfinger-zeitung-225x300.jpg 225w\" sizes=\"(max-width: 600px) 100vw, 600px\" \/><\/div>\n\t\t<\/a>\n\t\t\t\t<div class=\"elementor-post__text\">\n\t\t\t\t<h3 class=\"elementor-post__title\">\n\t\t\t<a href=\"https:\/\/swissdox.ch\/fr\/repertoire-des-medias\/andelfinger-zeitung\/\" >\n\t\t\t\tAndelfinger Zeitung\t\t\t<\/a>\n\t\t<\/h3>\n\t\t\t\t<\/div>\n\t\t\t\t<\/article>\n\t\t\t\t<article class=\"elementor-post elementor-grid-item post-69633 medienverzeichnis type-medienverzeichnis status-publish has-post-thumbnail hentry land-suisse medientyp-magazine partner-medienart-ag sprache-allemand\" role=\"listitem\">\n\t\t\t\t<a class=\"elementor-post__thumbnail__link\" href=\"https:\/\/swissdox.ch\/fr\/repertoire-des-medias\/annabelle\/\" tabindex=\"-1\" >\n\t\t\t<div class=\"elementor-post__thumbnail\"><img loading=\"lazy\" decoding=\"async\" width=\"600\" height=\"800\" src=\"https:\/\/swissdox.ch\/wp-content\/uploads\/2024\/09\/annabelle.jpg\" class=\"attachment-full size-full wp-image-53277\" alt=\"\" srcset=\"https:\/\/swissdox.ch\/wp-content\/uploads\/2024\/09\/annabelle.jpg 600w, https:\/\/swissdox.ch\/wp-content\/uploads\/2024\/09\/annabelle-225x300.jpg 225w\" sizes=\"(max-width: 600px) 100vw, 600px\" \/><\/div>\n\t\t<\/a>\n\t\t\t\t<div class=\"elementor-post__text\">\n\t\t\t\t<h3 class=\"elementor-post__title\">\n\t\t\t<a href=\"https:\/\/swissdox.ch\/fr\/repertoire-des-medias\/annabelle\/\" >\n\t\t\t\tAnnabelle\t\t\t<\/a>\n\t\t<\/h3>\n\t\t\t\t<\/div>\n\t\t\t\t<\/article>\n\t\t\t\t<article class=\"elementor-post elementor-grid-item post-69634 medienverzeichnis type-medienverzeichnis status-publish has-post-thumbnail hentry land-suisse medientyp-presse-en-ligne partner-medienart-ag sprache-allemand\" role=\"listitem\">\n\t\t\t\t<a class=\"elementor-post__thumbnail__link\" href=\"https:\/\/swissdox.ch\/fr\/repertoire-des-medias\/annabelle-ch\/\" tabindex=\"-1\" >\n\t\t\t<div class=\"elementor-post__thumbnail\"><img loading=\"lazy\" decoding=\"async\" width=\"600\" height=\"800\" src=\"https:\/\/swissdox.ch\/wp-content\/uploads\/2024\/09\/annabelle-ch.jpg\" class=\"attachment-full size-full wp-image-53273\" alt=\"\" srcset=\"https:\/\/swissdox.ch\/wp-content\/uploads\/2024\/09\/annabelle-ch.jpg 600w, https:\/\/swissdox.ch\/wp-content\/uploads\/2024\/09\/annabelle-ch-225x300.jpg 225w\" sizes=\"(max-width: 600px) 100vw, 600px\" \/><\/div>\n\t\t<\/a>\n\t\t\t\t<div class=\"elementor-post__text\">\n\t\t\t\t<h3 class=\"elementor-post__title\">\n\t\t\t<a href=\"https:\/\/swissdox.ch\/fr\/repertoire-des-medias\/annabelle-ch\/\" >\n\t\t\t\tannabelle.ch\t\t\t<\/a>\n\t\t<\/h3>\n\t\t\t\t<\/div>\n\t\t\t\t<\/article>\n\t\t\t\t<article class=\"elementor-post elementor-grid-item post-69635 medienverzeichnis type-medienverzeichnis status-publish has-post-thumbnail hentry land-suisse medientyp-quotidien partner-ch-media sprache-allemand\" role=\"listitem\">\n\t\t\t\t<a class=\"elementor-post__thumbnail__link\" href=\"https:\/\/swissdox.ch\/fr\/repertoire-des-medias\/anzeiger-aus-dem-bezirk-affoltern\/\" tabindex=\"-1\" >\n\t\t\t<div class=\"elementor-post__thumbnail\"><img loading=\"lazy\" decoding=\"async\" width=\"600\" height=\"800\" src=\"https:\/\/swissdox.ch\/wp-content\/uploads\/2024\/09\/anzeiger-aus-dem-bezirk-affoltern.jpg\" class=\"attachment-full size-full wp-image-53281\" alt=\"\" srcset=\"https:\/\/swissdox.ch\/wp-content\/uploads\/2024\/09\/anzeiger-aus-dem-bezirk-affoltern.jpg 600w, https:\/\/swissdox.ch\/wp-content\/uploads\/2024\/09\/anzeiger-aus-dem-bezirk-affoltern-225x300.jpg 225w\" sizes=\"(max-width: 600px) 100vw, 600px\" \/><\/div>\n\t\t<\/a>\n\t\t\t\t<div class=\"elementor-post__text\">\n\t\t\t\t<h3 class=\"elementor-post__title\">\n\t\t\t<a href=\"https:\/\/swissdox.ch\/fr\/repertoire-des-medias\/anzeiger-aus-dem-bezirk-affoltern\/\" >\n\t\t\t\tAnzeiger aus dem Bezirk Affoltern\t\t\t<\/a>\n\t\t<\/h3>\n\t\t\t\t<\/div>\n\t\t\t\t<\/article>\n\t\t\t\t<article class=\"elementor-post elementor-grid-item post-69636 medienverzeichnis type-medienverzeichnis status-publish has-post-thumbnail hentry land-suisse medientyp-quotidien partner-anzeiger-vom-rottal sprache-allemand\" role=\"listitem\">\n\t\t\t\t<a class=\"elementor-post__thumbnail__link\" href=\"https:\/\/swissdox.ch\/fr\/repertoire-des-medias\/anzeiger-vom-rottal\/\" tabindex=\"-1\" >\n\t\t\t<div class=\"elementor-post__thumbnail\"><img loading=\"lazy\" decoding=\"async\" width=\"600\" height=\"799\" src=\"https:\/\/swissdox.ch\/wp-content\/uploads\/2024\/09\/anzeiger-vom-rottal.jpg\" class=\"attachment-full size-full wp-image-53289\" alt=\"\" srcset=\"https:\/\/swissdox.ch\/wp-content\/uploads\/2024\/09\/anzeiger-vom-rottal.jpg 600w, https:\/\/swissdox.ch\/wp-content\/uploads\/2024\/09\/anzeiger-vom-rottal-225x300.jpg 225w\" sizes=\"(max-width: 600px) 100vw, 600px\" \/><\/div>\n\t\t<\/a>\n\t\t\t\t<div class=\"elementor-post__text\">\n\t\t\t\t<h3 class=\"elementor-post__title\">\n\t\t\t<a href=\"https:\/\/swissdox.ch\/fr\/repertoire-des-medias\/anzeiger-vom-rottal\/\" >\n\t\t\t\tAnzeiger vom Rottal\t\t\t<\/a>\n\t\t<\/h3>\n\t\t\t\t<\/div>\n\t\t\t\t<\/article>\n\t\t\t\t<article class=\"elementor-post elementor-grid-item post-69637 medienverzeichnis type-medienverzeichnis status-publish has-post-thumbnail hentry land-suisse medientyp-quotidien partner-ch-media sprache-allemand\" role=\"listitem\">\n\t\t\t\t<a class=\"elementor-post__thumbnail__link\" href=\"https:\/\/swissdox.ch\/fr\/repertoire-des-medias\/appenzeller-zeitung\/\" tabindex=\"-1\" >\n\t\t\t<div class=\"elementor-post__thumbnail\"><img loading=\"lazy\" decoding=\"async\" width=\"600\" height=\"800\" src=\"https:\/\/swissdox.ch\/wp-content\/uploads\/2024\/09\/appenzeller-zeitung.jpg\" class=\"attachment-full size-full wp-image-53293\" alt=\"\" srcset=\"https:\/\/swissdox.ch\/wp-content\/uploads\/2024\/09\/appenzeller-zeitung.jpg 600w, https:\/\/swissdox.ch\/wp-content\/uploads\/2024\/09\/appenzeller-zeitung-225x300.jpg 225w\" sizes=\"(max-width: 600px) 100vw, 600px\" \/><\/div>\n\t\t<\/a>\n\t\t\t\t<div class=\"elementor-post__text\">\n\t\t\t\t<h3 class=\"elementor-post__title\">\n\t\t\t<a href=\"https:\/\/swissdox.ch\/fr\/repertoire-des-medias\/appenzeller-zeitung\/\" >\n\t\t\t\tAppenzeller Zeitung\t\t\t<\/a>\n\t\t<\/h3>\n\t\t\t\t<\/div>\n\t\t\t\t<\/article>\n\t\t\t\t<article class=\"elementor-post elementor-grid-item post-69638 medienverzeichnis type-medienverzeichnis status-publish has-post-thumbnail hentry land-suisse medientyp-presse-en-ligne partner-ch-media sprache-allemand\" role=\"listitem\">\n\t\t\t\t<a class=\"elementor-post__thumbnail__link\" href=\"https:\/\/swissdox.ch\/fr\/repertoire-des-medias\/appenzellerzeitung-ch\/\" tabindex=\"-1\" >\n\t\t\t<div class=\"elementor-post__thumbnail\"><img loading=\"lazy\" decoding=\"async\" width=\"600\" height=\"800\" src=\"https:\/\/swissdox.ch\/wp-content\/uploads\/2026\/07\/appenzellerzeitung-ch.jpg\" class=\"attachment-full size-full wp-image-69094\" alt=\"\" srcset=\"https:\/\/swissdox.ch\/wp-content\/uploads\/2026\/07\/appenzellerzeitung-ch.jpg 600w, https:\/\/swissdox.ch\/wp-content\/uploads\/2026\/07\/appenzellerzeitung-ch-225x300.jpg 225w\" sizes=\"(max-width: 600px) 100vw, 600px\" \/><\/div>\n\t\t<\/a>\n\t\t\t\t<div class=\"elementor-post__text\">\n\t\t\t\t<h3 class=\"elementor-post__title\">\n\t\t\t<a href=\"https:\/\/swissdox.ch\/fr\/repertoire-des-medias\/appenzellerzeitung-ch\/\" >\n\t\t\t\tappenzellerzeitung.ch\t\t\t<\/a>\n\t\t<\/h3>\n\t\t\t\t<\/div>\n\t\t\t\t<\/article>\n\t\t\t\t<article class=\"elementor-post elementor-grid-item post-69639 medienverzeichnis type-medienverzeichnis status-publish has-post-thumbnail hentry land-suisse medientyp-quotidien partner-esh-medias-sa sprache-francais\" role=\"listitem\">\n\t\t\t\t<a class=\"elementor-post__thumbnail__link\" href=\"https:\/\/swissdox.ch\/fr\/repertoire-des-medias\/arcinfo\/\" tabindex=\"-1\" >\n\t\t\t<div class=\"elementor-post__thumbnail\"><img loading=\"lazy\" decoding=\"async\" width=\"600\" height=\"800\" src=\"https:\/\/swissdox.ch\/wp-content\/uploads\/2024\/09\/arcinfo.jpg\" class=\"attachment-full size-full wp-image-53301\" alt=\"\" srcset=\"https:\/\/swissdox.ch\/wp-content\/uploads\/2024\/09\/arcinfo.jpg 600w, https:\/\/swissdox.ch\/wp-content\/uploads\/2024\/09\/arcinfo-225x300.jpg 225w\" sizes=\"(max-width: 600px) 100vw, 600px\" \/><\/div>\n\t\t<\/a>\n\t\t\t\t<div class=\"elementor-post__text\">\n\t\t\t\t<h3 class=\"elementor-post__title\">\n\t\t\t<a href=\"https:\/\/swissdox.ch\/fr\/repertoire-des-medias\/arcinfo\/\" >\n\t\t\t\tArcinfo\t\t\t<\/a>\n\t\t<\/h3>\n\t\t\t\t<\/div>\n\t\t\t\t<\/article>\n\t\t\t\t<article class=\"elementor-post elementor-grid-item post-69640 medienverzeichnis type-medienverzeichnis status-publish has-post-thumbnail hentry land-suisse medientyp-presse-en-ligne partner-esh-medias-sa sprache-francais\" role=\"listitem\">\n\t\t\t\t<a class=\"elementor-post__thumbnail__link\" href=\"https:\/\/swissdox.ch\/fr\/repertoire-des-medias\/arcinfo-ch\/\" tabindex=\"-1\" >\n\t\t\t<div class=\"elementor-post__thumbnail\"><img loading=\"lazy\" decoding=\"async\" width=\"600\" height=\"800\" src=\"https:\/\/swissdox.ch\/wp-content\/uploads\/2024\/09\/arcinfo-ch.jpg\" class=\"attachment-full size-full wp-image-53297\" alt=\"\" srcset=\"https:\/\/swissdox.ch\/wp-content\/uploads\/2024\/09\/arcinfo-ch.jpg 600w, https:\/\/swissdox.ch\/wp-content\/uploads\/2024\/09\/arcinfo-ch-225x300.jpg 225w\" sizes=\"(max-width: 600px) 100vw, 600px\" \/><\/div>\n\t\t<\/a>\n\t\t\t\t<div class=\"elementor-post__text\">\n\t\t\t\t<h3 class=\"elementor-post__title\">\n\t\t\t<a href=\"https:\/\/swissdox.ch\/fr\/repertoire-des-medias\/arcinfo-ch\/\" >\n\t\t\t\tarcinfo.ch\t\t\t<\/a>\n\t\t<\/h3>\n\t\t\t\t<\/div>\n\t\t\t\t<\/article>\n\t\t\t\t<article class=\"elementor-post elementor-grid-item post-69641 medienverzeichnis type-medienverzeichnis status-publish has-post-thumbnail hentry land-suisse medientyp-magazine partner-jm-judische-medien-ag sprache-allemand\" role=\"listitem\">\n\t\t\t\t<a class=\"elementor-post__thumbnail__link\" href=\"https:\/\/swissdox.ch\/fr\/repertoire-des-medias\/aufbau\/\" tabindex=\"-1\" >\n\t\t\t<div class=\"elementor-post__thumbnail\"><img loading=\"lazy\" decoding=\"async\" width=\"600\" height=\"800\" src=\"https:\/\/swissdox.ch\/wp-content\/uploads\/2024\/09\/aufbau.jpg\" class=\"attachment-full size-full wp-image-53313\" alt=\"\" srcset=\"https:\/\/swissdox.ch\/wp-content\/uploads\/2024\/09\/aufbau.jpg 600w, https:\/\/swissdox.ch\/wp-content\/uploads\/2024\/09\/aufbau-225x300.jpg 225w\" sizes=\"(max-width: 600px) 100vw, 600px\" \/><\/div>\n\t\t<\/a>\n\t\t\t\t<div class=\"elementor-post__text\">\n\t\t\t\t<h3 class=\"elementor-post__title\">\n\t\t\t<a href=\"https:\/\/swissdox.ch\/fr\/repertoire-des-medias\/aufbau\/\" >\n\t\t\t\taufbau\t\t\t<\/a>\n\t\t<\/h3>\n\t\t\t\t<\/div>\n\t\t\t\t<\/article>\n\t\t\t\t<article class=\"elementor-post elementor-grid-item post-69642 medienverzeichnis type-medienverzeichnis status-publish has-post-thumbnail hentry land-suisse medientyp-presse-en-ligne partner-jm-judische-medien-ag sprache-allemand\" role=\"listitem\">\n\t\t\t\t<a class=\"elementor-post__thumbnail__link\" href=\"https:\/\/swissdox.ch\/fr\/repertoire-des-medias\/aufbau-eu\/\" tabindex=\"-1\" >\n\t\t\t<div class=\"elementor-post__thumbnail\"><img loading=\"lazy\" decoding=\"async\" width=\"600\" height=\"800\" src=\"https:\/\/swissdox.ch\/wp-content\/uploads\/2024\/09\/aufbau-eu.jpg\" class=\"attachment-full size-full wp-image-53309\" alt=\"\" srcset=\"https:\/\/swissdox.ch\/wp-content\/uploads\/2024\/09\/aufbau-eu.jpg 600w, https:\/\/swissdox.ch\/wp-content\/uploads\/2024\/09\/aufbau-eu-225x300.jpg 225w\" sizes=\"(max-width: 600px) 100vw, 600px\" \/><\/div>\n\t\t<\/a>\n\t\t\t\t<div class=\"elementor-post__text\">\n\t\t\t\t<h3 class=\"elementor-post__title\">\n\t\t\t<a href=\"https:\/\/swissdox.ch\/fr\/repertoire-des-medias\/aufbau-eu\/\" >\n\t\t\t\taufbau.eu\t\t\t<\/a>\n\t\t<\/h3>\n\t\t\t\t<\/div>\n\t\t\t\t<\/article>\n\t\t\t\t<article class=\"elementor-post elementor-grid-item post-69643 medienverzeichnis type-medienverzeichnis status-publish has-post-thumbnail hentry land-allemagne medientyp-magazine partner-axel-springer-ullstein-syndication-gmbh sprache-allemand\" role=\"listitem\">\n\t\t\t\t<a class=\"elementor-post__thumbnail__link\" href=\"https:\/\/swissdox.ch\/fr\/repertoire-des-medias\/auto-bild\/\" tabindex=\"-1\" >\n\t\t\t<div class=\"elementor-post__thumbnail\"><img loading=\"lazy\" decoding=\"async\" width=\"600\" height=\"800\" src=\"https:\/\/swissdox.ch\/wp-content\/uploads\/2024\/09\/auto-bild.jpg\" class=\"attachment-full size-full wp-image-53321\" alt=\"\" srcset=\"https:\/\/swissdox.ch\/wp-content\/uploads\/2024\/09\/auto-bild.jpg 600w, https:\/\/swissdox.ch\/wp-content\/uploads\/2024\/09\/auto-bild-225x300.jpg 225w\" sizes=\"(max-width: 600px) 100vw, 600px\" \/><\/div>\n\t\t<\/a>\n\t\t\t\t<div class=\"elementor-post__text\">\n\t\t\t\t<h3 class=\"elementor-post__title\">\n\t\t\t<a href=\"https:\/\/swissdox.ch\/fr\/repertoire-des-medias\/auto-bild\/\" >\n\t\t\t\tAuto Bild\t\t\t<\/a>\n\t\t<\/h3>\n\t\t\t\t<\/div>\n\t\t\t\t<\/article>\n\t\t\t\t<article class=\"elementor-post elementor-grid-item post-69644 medienverzeichnis type-medienverzeichnis status-publish has-post-thumbnail hentry land-allemagne medientyp-magazine partner-axel-springer-ullstein-syndication-gmbh sprache-allemand\" role=\"listitem\">\n\t\t\t\t<a class=\"elementor-post__thumbnail__link\" href=\"https:\/\/swissdox.ch\/fr\/repertoire-des-medias\/auto-bild-klassik\/\" tabindex=\"-1\" >\n\t\t\t<div class=\"elementor-post__thumbnail\"><img loading=\"lazy\" decoding=\"async\" width=\"600\" height=\"800\" src=\"https:\/\/swissdox.ch\/wp-content\/uploads\/2024\/09\/auto-bild-klassik.jpg\" class=\"attachment-full size-full wp-image-53317\" alt=\"\" srcset=\"https:\/\/swissdox.ch\/wp-content\/uploads\/2024\/09\/auto-bild-klassik.jpg 600w, https:\/\/swissdox.ch\/wp-content\/uploads\/2024\/09\/auto-bild-klassik-225x300.jpg 225w\" sizes=\"(max-width: 600px) 100vw, 600px\" \/><\/div>\n\t\t<\/a>\n\t\t\t\t<div class=\"elementor-post__text\">\n\t\t\t\t<h3 class=\"elementor-post__title\">\n\t\t\t<a href=\"https:\/\/swissdox.ch\/fr\/repertoire-des-medias\/auto-bild-klassik\/\" >\n\t\t\t\tAuto Bild klassik\t\t\t<\/a>\n\t\t<\/h3>\n\t\t\t\t<\/div>\n\t\t\t\t<\/article>\n\t\t\t\t<article class=\"elementor-post elementor-grid-item post-69645 medienverzeichnis type-medienverzeichnis status-publish has-post-thumbnail hentry land-suisse medientyp-magazine partner-automobil-revue-ag sprache-allemand\" role=\"listitem\">\n\t\t\t\t<a class=\"elementor-post__thumbnail__link\" href=\"https:\/\/swissdox.ch\/fr\/repertoire-des-medias\/automobil-revue\/\" tabindex=\"-1\" >\n\t\t\t<div class=\"elementor-post__thumbnail\"><img loading=\"lazy\" decoding=\"async\" width=\"600\" height=\"800\" src=\"https:\/\/swissdox.ch\/wp-content\/uploads\/2024\/09\/automobil-revue.jpg\" class=\"attachment-full size-full wp-image-53329\" alt=\"\" srcset=\"https:\/\/swissdox.ch\/wp-content\/uploads\/2024\/09\/automobil-revue.jpg 600w, https:\/\/swissdox.ch\/wp-content\/uploads\/2024\/09\/automobil-revue-225x300.jpg 225w\" sizes=\"(max-width: 600px) 100vw, 600px\" \/><\/div>\n\t\t<\/a>\n\t\t\t\t<div class=\"elementor-post__text\">\n\t\t\t\t<h3 class=\"elementor-post__title\">\n\t\t\t<a href=\"https:\/\/swissdox.ch\/fr\/repertoire-des-medias\/automobil-revue\/\" >\n\t\t\t\tAutomobil Revue\t\t\t<\/a>\n\t\t<\/h3>\n\t\t\t\t<\/div>\n\t\t\t\t<\/article>\n\t\t\t\t<article class=\"elementor-post elementor-grid-item post-69646 medienverzeichnis type-medienverzeichnis status-publish has-post-thumbnail hentry land-allemagne medientyp-magazine partner-sueddeutscher-verlag sprache-allemand\" role=\"listitem\">\n\t\t\t\t<a class=\"elementor-post__thumbnail__link\" href=\"https:\/\/swissdox.ch\/fr\/repertoire-des-medias\/automobil-elektronik\/\" tabindex=\"-1\" >\n\t\t\t<div class=\"elementor-post__thumbnail\"><img loading=\"lazy\" decoding=\"async\" width=\"600\" height=\"800\" src=\"https:\/\/swissdox.ch\/wp-content\/uploads\/2024\/09\/automobil-elektronik.jpg\" class=\"attachment-full size-full wp-image-53325\" alt=\"\" srcset=\"https:\/\/swissdox.ch\/wp-content\/uploads\/2024\/09\/automobil-elektronik.jpg 600w, https:\/\/swissdox.ch\/wp-content\/uploads\/2024\/09\/automobil-elektronik-225x300.jpg 225w\" sizes=\"(max-width: 600px) 100vw, 600px\" \/><\/div>\n\t\t<\/a>\n\t\t\t\t<div class=\"elementor-post__text\">\n\t\t\t\t<h3 class=\"elementor-post__title\">\n\t\t\t<a href=\"https:\/\/swissdox.ch\/fr\/repertoire-des-medias\/automobil-elektronik\/\" >\n\t\t\t\tAUTOMOBIL-ELEKTRONIK\t\t\t<\/a>\n\t\t<\/h3>\n\t\t\t\t<\/div>\n\t\t\t\t<\/article>\n\t\t\t\t<article class=\"elementor-post elementor-grid-item post-69647 medienverzeichnis type-medienverzeichnis status-publish has-post-thumbnail hentry land-allemagne medientyp-quotidien partner-axel-springer-ullstein-syndication-gmbh sprache-allemand\" role=\"listitem\">\n\t\t\t\t<a class=\"elementor-post__thumbnail__link\" href=\"https:\/\/swissdox.ch\/fr\/repertoire-des-medias\/b-z\/\" tabindex=\"-1\" >\n\t\t\t<div class=\"elementor-post__thumbnail\"><img loading=\"lazy\" decoding=\"async\" width=\"600\" height=\"799\" src=\"https:\/\/swissdox.ch\/wp-content\/uploads\/2024\/09\/b-z.jpg\" class=\"attachment-full size-full wp-image-53333\" alt=\"\" srcset=\"https:\/\/swissdox.ch\/wp-content\/uploads\/2024\/09\/b-z.jpg 600w, https:\/\/swissdox.ch\/wp-content\/uploads\/2024\/09\/b-z-225x300.jpg 225w\" sizes=\"(max-width: 600px) 100vw, 600px\" \/><\/div>\n\t\t<\/a>\n\t\t\t\t<div class=\"elementor-post__text\">\n\t\t\t\t<h3 class=\"elementor-post__title\">\n\t\t\t<a href=\"https:\/\/swissdox.ch\/fr\/repertoire-des-medias\/b-z\/\" >\n\t\t\t\tB.Z.\t\t\t<\/a>\n\t\t<\/h3>\n\t\t\t\t<\/div>\n\t\t\t\t<\/article>\n\t\t\t\t<article class=\"elementor-post elementor-grid-item post-69648 medienverzeichnis type-medienverzeichnis status-publish has-post-thumbnail hentry land-suisse medientyp-presse-en-ligne partner-baba-news sprache-allemand\" role=\"listitem\">\n\t\t\t\t<a class=\"elementor-post__thumbnail__link\" href=\"https:\/\/swissdox.ch\/fr\/repertoire-des-medias\/babanews-ch\/\" tabindex=\"-1\" >\n\t\t\t<div class=\"elementor-post__thumbnail\"><img loading=\"lazy\" decoding=\"async\" width=\"600\" height=\"800\" src=\"https:\/\/swissdox.ch\/wp-content\/uploads\/2025\/12\/babanews-ch.jpg\" class=\"attachment-full size-full wp-image-65670\" alt=\"\" srcset=\"https:\/\/swissdox.ch\/wp-content\/uploads\/2025\/12\/babanews-ch.jpg 600w, https:\/\/swissdox.ch\/wp-content\/uploads\/2025\/12\/babanews-ch-225x300.jpg 225w\" sizes=\"(max-width: 600px) 100vw, 600px\" \/><\/div>\n\t\t<\/a>\n\t\t\t\t<div class=\"elementor-post__text\">\n\t\t\t\t<h3 class=\"elementor-post__title\">\n\t\t\t<a href=\"https:\/\/swissdox.ch\/fr\/repertoire-des-medias\/babanews-ch\/\" >\n\t\t\t\tbabanews.ch\t\t\t<\/a>\n\t\t<\/h3>\n\t\t\t\t<\/div>\n\t\t\t\t<\/article>\n\t\t\t\t<article class=\"elementor-post elementor-grid-item post-69649 medienverzeichnis type-medienverzeichnis status-publish has-post-thumbnail hentry land-allemagne medientyp-magazine partner-dfv-mediengruppe sprache-allemand\" role=\"listitem\">\n\t\t\t\t<a class=\"elementor-post__thumbnail__link\" href=\"https:\/\/swissdox.ch\/fr\/repertoire-des-medias\/back-intern\/\" tabindex=\"-1\" >\n\t\t\t<div class=\"elementor-post__thumbnail\"><img loading=\"lazy\" decoding=\"async\" width=\"600\" height=\"799\" src=\"https:\/\/swissdox.ch\/wp-content\/uploads\/2024\/09\/back-intern.jpg\" class=\"attachment-full size-full wp-image-53337\" alt=\"\" srcset=\"https:\/\/swissdox.ch\/wp-content\/uploads\/2024\/09\/back-intern.jpg 600w, https:\/\/swissdox.ch\/wp-content\/uploads\/2024\/09\/back-intern-225x300.jpg 225w\" sizes=\"(max-width: 600px) 100vw, 600px\" \/><\/div>\n\t\t<\/a>\n\t\t\t\t<div class=\"elementor-post__text\">\n\t\t\t\t<h3 class=\"elementor-post__title\">\n\t\t\t<a href=\"https:\/\/swissdox.ch\/fr\/repertoire-des-medias\/back-intern\/\" >\n\t\t\t\tback.intern.\t\t\t<\/a>\n\t\t<\/h3>\n\t\t\t\t<\/div>\n\t\t\t\t<\/article>\n\t\t\t\t<article class=\"elementor-post elementor-grid-item post-69650 medienverzeichnis type-medienverzeichnis status-publish has-post-thumbnail hentry land-suisse medientyp-quotidien partner-ch-media sprache-allemand\" role=\"listitem\">\n\t\t\t\t<a class=\"elementor-post__thumbnail__link\" href=\"https:\/\/swissdox.ch\/fr\/repertoire-des-medias\/badener-tagblatt\/\" tabindex=\"-1\" >\n\t\t\t<div class=\"elementor-post__thumbnail\"><img loading=\"lazy\" decoding=\"async\" width=\"600\" height=\"800\" src=\"https:\/\/swissdox.ch\/wp-content\/uploads\/2024\/09\/badener-tagblatt.jpg\" class=\"attachment-full size-full wp-image-53341\" alt=\"\" srcset=\"https:\/\/swissdox.ch\/wp-content\/uploads\/2024\/09\/badener-tagblatt.jpg 600w, https:\/\/swissdox.ch\/wp-content\/uploads\/2024\/09\/badener-tagblatt-225x300.jpg 225w\" sizes=\"(max-width: 600px) 100vw, 600px\" \/><\/div>\n\t\t<\/a>\n\t\t\t\t<div class=\"elementor-post__text\">\n\t\t\t\t<h3 class=\"elementor-post__title\">\n\t\t\t<a href=\"https:\/\/swissdox.ch\/fr\/repertoire-des-medias\/badener-tagblatt\/\" >\n\t\t\t\tBadener Tagblatt\t\t\t<\/a>\n\t\t<\/h3>\n\t\t\t\t<\/div>\n\t\t\t\t<\/article>\n\t\t\t\t<article class=\"elementor-post elementor-grid-item post-69651 medienverzeichnis type-medienverzeichnis status-publish has-post-thumbnail hentry land-suisse medientyp-presse-en-ligne partner-ch-media sprache-allemand\" role=\"listitem\">\n\t\t\t\t<a class=\"elementor-post__thumbnail__link\" href=\"https:\/\/swissdox.ch\/fr\/repertoire-des-medias\/badenertagblatt-ch\/\" tabindex=\"-1\" >\n\t\t\t<div class=\"elementor-post__thumbnail\"><img loading=\"lazy\" decoding=\"async\" width=\"600\" height=\"800\" src=\"https:\/\/swissdox.ch\/wp-content\/uploads\/2024\/09\/badenertagblatt-ch.jpg\" class=\"attachment-full size-full wp-image-53345\" alt=\"\" srcset=\"https:\/\/swissdox.ch\/wp-content\/uploads\/2024\/09\/badenertagblatt-ch.jpg 600w, https:\/\/swissdox.ch\/wp-content\/uploads\/2024\/09\/badenertagblatt-ch-225x300.jpg 225w\" sizes=\"(max-width: 600px) 100vw, 600px\" \/><\/div>\n\t\t<\/a>\n\t\t\t\t<div class=\"elementor-post__text\">\n\t\t\t\t<h3 class=\"elementor-post__title\">\n\t\t\t<a href=\"https:\/\/swissdox.ch\/fr\/repertoire-des-medias\/badenertagblatt-ch\/\" >\n\t\t\t\tbadenertagblatt.ch\t\t\t<\/a>\n\t\t<\/h3>\n\t\t\t\t<\/div>\n\t\t\t\t<\/article>\n\t\t\t\t<article class=\"elementor-post elementor-grid-item post-69652 medienverzeichnis type-medienverzeichnis status-publish has-post-thumbnail hentry land-suisse medientyp-presse-en-ligne partner-interact-media-group-ag sprache-allemand\" role=\"listitem\">\n\t\t\t\t<a class=\"elementor-post__thumbnail__link\" href=\"https:\/\/swissdox.ch\/fr\/repertoire-des-medias\/baernerbaer-ch\/\" tabindex=\"-1\" >\n\t\t\t<div class=\"elementor-post__thumbnail\"><img loading=\"lazy\" decoding=\"async\" width=\"600\" height=\"800\" src=\"https:\/\/swissdox.ch\/wp-content\/uploads\/2024\/09\/baernerbaer-ch.jpg\" class=\"attachment-full size-full wp-image-53349\" alt=\"\" srcset=\"https:\/\/swissdox.ch\/wp-content\/uploads\/2024\/09\/baernerbaer-ch.jpg 600w, https:\/\/swissdox.ch\/wp-content\/uploads\/2024\/09\/baernerbaer-ch-225x300.jpg 225w\" sizes=\"(max-width: 600px) 100vw, 600px\" \/><\/div>\n\t\t<\/a>\n\t\t\t\t<div class=\"elementor-post__text\">\n\t\t\t\t<h3 class=\"elementor-post__title\">\n\t\t\t<a href=\"https:\/\/swissdox.ch\/fr\/repertoire-des-medias\/baernerbaer-ch\/\" >\n\t\t\t\tbaernerbaer.ch\t\t\t<\/a>\n\t\t<\/h3>\n\t\t\t\t<\/div>\n\t\t\t\t<\/article>\n\t\t\t\t<article class=\"elementor-post elementor-grid-item post-69653 medienverzeichnis type-medienverzeichnis status-publish has-post-thumbnail hentry land-suisse medientyp-presse-en-ligne partner-bajour sprache-allemand\" role=\"listitem\">\n\t\t\t\t<a class=\"elementor-post__thumbnail__link\" href=\"https:\/\/swissdox.ch\/fr\/repertoire-des-medias\/bajour-ch\/\" tabindex=\"-1\" >\n\t\t\t<div class=\"elementor-post__thumbnail\"><img loading=\"lazy\" decoding=\"async\" width=\"600\" height=\"800\" src=\"https:\/\/swissdox.ch\/wp-content\/uploads\/2024\/09\/bajour-ch.jpg\" class=\"attachment-full size-full wp-image-53353\" alt=\"\" srcset=\"https:\/\/swissdox.ch\/wp-content\/uploads\/2024\/09\/bajour-ch.jpg 600w, https:\/\/swissdox.ch\/wp-content\/uploads\/2024\/09\/bajour-ch-225x300.jpg 225w\" sizes=\"(max-width: 600px) 100vw, 600px\" \/><\/div>\n\t\t<\/a>\n\t\t\t\t<div class=\"elementor-post__text\">\n\t\t\t\t<h3 class=\"elementor-post__title\">\n\t\t\t<a href=\"https:\/\/swissdox.ch\/fr\/repertoire-des-medias\/bajour-ch\/\" >\n\t\t\t\tbajour.ch\t\t\t<\/a>\n\t\t<\/h3>\n\t\t\t\t<\/div>\n\t\t\t\t<\/article>\n\t\t\t\t<article class=\"elementor-post elementor-grid-item post-69654 medienverzeichnis type-medienverzeichnis status-publish has-post-thumbnail hentry land-suisse medientyp-quotidien partner-tx-group-ag sprache-allemand\" role=\"listitem\">\n\t\t\t\t<a class=\"elementor-post__thumbnail__link\" href=\"https:\/\/swissdox.ch\/fr\/repertoire-des-medias\/basler-zeitung\/\" tabindex=\"-1\" >\n\t\t\t<div class=\"elementor-post__thumbnail\"><img loading=\"lazy\" decoding=\"async\" width=\"600\" height=\"799\" src=\"https:\/\/swissdox.ch\/wp-content\/uploads\/2024\/09\/basler-zeitung.jpg\" class=\"attachment-full size-full wp-image-53361\" alt=\"\" srcset=\"https:\/\/swissdox.ch\/wp-content\/uploads\/2024\/09\/basler-zeitung.jpg 600w, https:\/\/swissdox.ch\/wp-content\/uploads\/2024\/09\/basler-zeitung-225x300.jpg 225w\" sizes=\"(max-width: 600px) 100vw, 600px\" \/><\/div>\n\t\t<\/a>\n\t\t\t\t<div class=\"elementor-post__text\">\n\t\t\t\t<h3 class=\"elementor-post__title\">\n\t\t\t<a href=\"https:\/\/swissdox.ch\/fr\/repertoire-des-medias\/basler-zeitung\/\" >\n\t\t\t\tBasler Zeitung\t\t\t<\/a>\n\t\t<\/h3>\n\t\t\t\t<\/div>\n\t\t\t\t<\/article>\n\t\t\t\t<article class=\"elementor-post elementor-grid-item post-69655 medienverzeichnis type-medienverzeichnis status-publish has-post-thumbnail hentry land-suisse medientyp-hebdomadaire partner-schweizer-agrarmedien-ag sprache-allemand\" role=\"listitem\">\n\t\t\t\t<a class=\"elementor-post__thumbnail__link\" href=\"https:\/\/swissdox.ch\/fr\/repertoire-des-medias\/bauernzeitung\/\" tabindex=\"-1\" >\n\t\t\t<div class=\"elementor-post__thumbnail\"><img loading=\"lazy\" decoding=\"async\" width=\"600\" height=\"799\" src=\"https:\/\/swissdox.ch\/wp-content\/uploads\/2024\/09\/bauernzeitung.jpg\" class=\"attachment-full size-full wp-image-53365\" alt=\"\" srcset=\"https:\/\/swissdox.ch\/wp-content\/uploads\/2024\/09\/bauernzeitung.jpg 600w, https:\/\/swissdox.ch\/wp-content\/uploads\/2024\/09\/bauernzeitung-225x300.jpg 225w\" sizes=\"(max-width: 600px) 100vw, 600px\" \/><\/div>\n\t\t<\/a>\n\t\t\t\t<div class=\"elementor-post__text\">\n\t\t\t\t<h3 class=\"elementor-post__title\">\n\t\t\t<a href=\"https:\/\/swissdox.ch\/fr\/repertoire-des-medias\/bauernzeitung\/\" >\n\t\t\t\tBauernZeitung\t\t\t<\/a>\n\t\t<\/h3>\n\t\t\t\t<\/div>\n\t\t\t\t<\/article>\n\t\t\t\t<article class=\"elementor-post elementor-grid-item post-69656 medienverzeichnis type-medienverzeichnis status-publish has-post-thumbnail hentry land-suisse medientyp-presse-en-ligne partner-tx-group-ag sprache-allemand\" role=\"listitem\">\n\t\t\t\t<a class=\"elementor-post__thumbnail__link\" href=\"https:\/\/swissdox.ch\/fr\/repertoire-des-medias\/bazonline-ch\/\" tabindex=\"-1\" >\n\t\t\t<div class=\"elementor-post__thumbnail\"><img loading=\"lazy\" decoding=\"async\" width=\"600\" height=\"800\" src=\"https:\/\/swissdox.ch\/wp-content\/uploads\/2024\/09\/bazonline-ch.jpg\" class=\"attachment-full size-full wp-image-55774\" alt=\"\" srcset=\"https:\/\/swissdox.ch\/wp-content\/uploads\/2024\/09\/bazonline-ch.jpg 600w, https:\/\/swissdox.ch\/wp-content\/uploads\/2024\/09\/bazonline-ch-225x300.jpg 225w\" sizes=\"(max-width: 600px) 100vw, 600px\" \/><\/div>\n\t\t<\/a>\n\t\t\t\t<div class=\"elementor-post__text\">\n\t\t\t\t<h3 class=\"elementor-post__title\">\n\t\t\t<a href=\"https:\/\/swissdox.ch\/fr\/repertoire-des-medias\/bazonline-ch\/\" >\n\t\t\t\tbazonline.ch\t\t\t<\/a>\n\t\t<\/h3>\n\t\t\t\t<\/div>\n\t\t\t\t<\/article>\n\t\t\t\t<article class=\"elementor-post elementor-grid-item post-69657 medienverzeichnis type-medienverzeichnis status-publish has-post-thumbnail hentry land-suisse medientyp-presse-en-ligne partner-matthias-beilstein-kartographie sprache-allemand sprache-anglais\" role=\"listitem\">\n\t\t\t\t<a class=\"elementor-post__thumbnail__link\" href=\"https:\/\/swissdox.ch\/fr\/repertoire-des-medias\/beilstein-biz\/\" tabindex=\"-1\" >\n\t\t\t<div class=\"elementor-post__thumbnail\"><img loading=\"lazy\" decoding=\"async\" width=\"600\" height=\"800\" src=\"https:\/\/swissdox.ch\/wp-content\/uploads\/2025\/02\/beilstein-biz.jpg\" class=\"attachment-full size-full wp-image-60091\" alt=\"\" srcset=\"https:\/\/swissdox.ch\/wp-content\/uploads\/2025\/02\/beilstein-biz.jpg 600w, https:\/\/swissdox.ch\/wp-content\/uploads\/2025\/02\/beilstein-biz-225x300.jpg 225w\" sizes=\"(max-width: 600px) 100vw, 600px\" \/><\/div>\n\t\t<\/a>\n\t\t\t\t<div class=\"elementor-post__text\">\n\t\t\t\t<h3 class=\"elementor-post__title\">\n\t\t\t<a href=\"https:\/\/swissdox.ch\/fr\/repertoire-des-medias\/beilstein-biz\/\" >\n\t\t\t\tbeilstein.biz\t\t\t<\/a>\n\t\t<\/h3>\n\t\t\t\t<\/div>\n\t\t\t\t<\/article>\n\t\t\t\t<article class=\"elementor-post elementor-grid-item post-69658 medienverzeichnis type-medienverzeichnis status-publish has-post-thumbnail hentry land-suisse medientyp-presse-en-ligne partner-nzz-mediengruppe sprache-allemand\" role=\"listitem\">\n\t\t\t\t<a class=\"elementor-post__thumbnail__link\" href=\"https:\/\/swissdox.ch\/fr\/repertoire-des-medias\/bellevue-nzz-ch\/\" tabindex=\"-1\" >\n\t\t\t<div class=\"elementor-post__thumbnail\"><img loading=\"lazy\" decoding=\"async\" width=\"600\" height=\"800\" src=\"https:\/\/swissdox.ch\/wp-content\/uploads\/2024\/09\/bellevue-nzz-ch.jpg\" class=\"attachment-full size-full wp-image-53373\" alt=\"\" srcset=\"https:\/\/swissdox.ch\/wp-content\/uploads\/2024\/09\/bellevue-nzz-ch.jpg 600w, https:\/\/swissdox.ch\/wp-content\/uploads\/2024\/09\/bellevue-nzz-ch-225x300.jpg 225w\" sizes=\"(max-width: 600px) 100vw, 600px\" \/><\/div>\n\t\t<\/a>\n\t\t\t\t<div class=\"elementor-post__text\">\n\t\t\t\t<h3 class=\"elementor-post__title\">\n\t\t\t<a href=\"https:\/\/swissdox.ch\/fr\/repertoire-des-medias\/bellevue-nzz-ch\/\" >\n\t\t\t\tbellevue.nzz.ch\t\t\t<\/a>\n\t\t<\/h3>\n\t\t\t\t<\/div>\n\t\t\t\t<\/article>\n\t\t\t\t<article class=\"elementor-post elementor-grid-item post-69659 medienverzeichnis type-medienverzeichnis status-publish has-post-thumbnail hentry land-suisse medientyp-magazine partner-ringier-ag sprache-allemand\" role=\"listitem\">\n\t\t\t\t<a class=\"elementor-post__thumbnail__link\" href=\"https:\/\/swissdox.ch\/fr\/repertoire-des-medias\/beobachter\/\" tabindex=\"-1\" >\n\t\t\t<div class=\"elementor-post__thumbnail\"><img loading=\"lazy\" decoding=\"async\" width=\"600\" height=\"800\" src=\"https:\/\/swissdox.ch\/wp-content\/uploads\/2024\/09\/beobachter.jpg\" class=\"attachment-full size-full wp-image-53381\" alt=\"\" srcset=\"https:\/\/swissdox.ch\/wp-content\/uploads\/2024\/09\/beobachter.jpg 600w, https:\/\/swissdox.ch\/wp-content\/uploads\/2024\/09\/beobachter-225x300.jpg 225w\" sizes=\"(max-width: 600px) 100vw, 600px\" \/><\/div>\n\t\t<\/a>\n\t\t\t\t<div class=\"elementor-post__text\">\n\t\t\t\t<h3 class=\"elementor-post__title\">\n\t\t\t<a href=\"https:\/\/swissdox.ch\/fr\/repertoire-des-medias\/beobachter\/\" >\n\t\t\t\tBeobachter\t\t\t<\/a>\n\t\t<\/h3>\n\t\t\t\t<\/div>\n\t\t\t\t<\/article>\n\t\t\t\t<article class=\"elementor-post elementor-grid-item post-69660 medienverzeichnis type-medienverzeichnis status-publish has-post-thumbnail hentry land-suisse medientyp-presse-en-ligne partner-ringier-ag sprache-allemand\" role=\"listitem\">\n\t\t\t\t<a class=\"elementor-post__thumbnail__link\" href=\"https:\/\/swissdox.ch\/fr\/repertoire-des-medias\/beobachter-ch\/\" tabindex=\"-1\" >\n\t\t\t<div class=\"elementor-post__thumbnail\"><img loading=\"lazy\" decoding=\"async\" width=\"600\" height=\"800\" src=\"https:\/\/swissdox.ch\/wp-content\/uploads\/2024\/09\/beobachter-ch.jpg\" class=\"attachment-full size-full wp-image-55778\" alt=\"\" srcset=\"https:\/\/swissdox.ch\/wp-content\/uploads\/2024\/09\/beobachter-ch.jpg 600w, https:\/\/swissdox.ch\/wp-content\/uploads\/2024\/09\/beobachter-ch-225x300.jpg 225w\" sizes=\"(max-width: 600px) 100vw, 600px\" \/><\/div>\n\t\t<\/a>\n\t\t\t\t<div class=\"elementor-post__text\">\n\t\t\t\t<h3 class=\"elementor-post__title\">\n\t\t\t<a href=\"https:\/\/swissdox.ch\/fr\/repertoire-des-medias\/beobachter-ch\/\" >\n\t\t\t\tBeobachter.ch\t\t\t<\/a>\n\t\t<\/h3>\n\t\t\t\t<\/div>\n\t\t\t\t<\/article>\n\t\t\t\t<article class=\"elementor-post elementor-grid-item post-69661 medienverzeichnis type-medienverzeichnis status-publish has-post-thumbnail hentry land-suisse medientyp-presse-en-ligne partner-bern-ost sprache-allemand\" role=\"listitem\">\n\t\t\t\t<a class=\"elementor-post__thumbnail__link\" href=\"https:\/\/swissdox.ch\/fr\/repertoire-des-medias\/bern-ost-ch\/\" tabindex=\"-1\" >\n\t\t\t<div class=\"elementor-post__thumbnail\"><img loading=\"lazy\" decoding=\"async\" width=\"600\" height=\"800\" src=\"https:\/\/swissdox.ch\/wp-content\/uploads\/2024\/09\/bern-ost-ch.jpg\" class=\"attachment-full size-full wp-image-53385\" alt=\"\" srcset=\"https:\/\/swissdox.ch\/wp-content\/uploads\/2024\/09\/bern-ost-ch.jpg 600w, https:\/\/swissdox.ch\/wp-content\/uploads\/2024\/09\/bern-ost-ch-225x300.jpg 225w\" sizes=\"(max-width: 600px) 100vw, 600px\" \/><\/div>\n\t\t<\/a>\n\t\t\t\t<div class=\"elementor-post__text\">\n\t\t\t\t<h3 class=\"elementor-post__title\">\n\t\t\t<a href=\"https:\/\/swissdox.ch\/fr\/repertoire-des-medias\/bern-ost-ch\/\" >\n\t\t\t\tbern-ost.ch\t\t\t<\/a>\n\t\t<\/h3>\n\t\t\t\t<\/div>\n\t\t\t\t<\/article>\n\t\t\t\t<article class=\"elementor-post elementor-grid-item post-69662 medienverzeichnis type-medienverzeichnis status-publish has-post-thumbnail hentry land-suisse medientyp-quotidien partner-sr-medien-group-ag sprache-allemand\" role=\"listitem\">\n\t\t\t\t<a class=\"elementor-post__thumbnail__link\" href=\"https:\/\/swissdox.ch\/fr\/repertoire-des-medias\/berner-landbote\/\" tabindex=\"-1\" >\n\t\t\t<div class=\"elementor-post__thumbnail\"><img loading=\"lazy\" decoding=\"async\" width=\"600\" height=\"800\" src=\"https:\/\/swissdox.ch\/wp-content\/uploads\/2024\/09\/berner-landbote.jpg\" class=\"attachment-full size-full wp-image-53389\" alt=\"\" srcset=\"https:\/\/swissdox.ch\/wp-content\/uploads\/2024\/09\/berner-landbote.jpg 600w, https:\/\/swissdox.ch\/wp-content\/uploads\/2024\/09\/berner-landbote-225x300.jpg 225w\" sizes=\"(max-width: 600px) 100vw, 600px\" \/><\/div>\n\t\t<\/a>\n\t\t\t\t<div class=\"elementor-post__text\">\n\t\t\t\t<h3 class=\"elementor-post__title\">\n\t\t\t<a href=\"https:\/\/swissdox.ch\/fr\/repertoire-des-medias\/berner-landbote\/\" >\n\t\t\t\tBerner Landbote\t\t\t<\/a>\n\t\t<\/h3>\n\t\t\t\t<\/div>\n\t\t\t\t<\/article>\n\t\t\t\t<article class=\"elementor-post elementor-grid-item post-69663 medienverzeichnis type-medienverzeichnis status-publish has-post-thumbnail hentry land-suisse medientyp-quotidien partner-tx-group-ag sprache-allemand\" role=\"listitem\">\n\t\t\t\t<a class=\"elementor-post__thumbnail__link\" href=\"https:\/\/swissdox.ch\/fr\/repertoire-des-medias\/berner-oberlaender\/\" tabindex=\"-1\" >\n\t\t\t<div class=\"elementor-post__thumbnail\"><img loading=\"lazy\" decoding=\"async\" width=\"600\" height=\"799\" src=\"https:\/\/swissdox.ch\/wp-content\/uploads\/2024\/09\/berner-oberlaender.jpg\" class=\"attachment-full size-full wp-image-53393\" alt=\"\" srcset=\"https:\/\/swissdox.ch\/wp-content\/uploads\/2024\/09\/berner-oberlaender.jpg 600w, https:\/\/swissdox.ch\/wp-content\/uploads\/2024\/09\/berner-oberlaender-225x300.jpg 225w\" sizes=\"(max-width: 600px) 100vw, 600px\" \/><\/div>\n\t\t<\/a>\n\t\t\t\t<div class=\"elementor-post__text\">\n\t\t\t\t<h3 class=\"elementor-post__title\">\n\t\t\t<a href=\"https:\/\/swissdox.ch\/fr\/repertoire-des-medias\/berner-oberlaender\/\" >\n\t\t\t\tBerner Oberl\u00e4nder\t\t\t<\/a>\n\t\t<\/h3>\n\t\t\t\t<\/div>\n\t\t\t\t<\/article>\n\t\t\t\t<article class=\"elementor-post elementor-grid-item post-69664 medienverzeichnis type-medienverzeichnis status-publish has-post-thumbnail hentry land-suisse medientyp-quotidien partner-tx-group-ag sprache-allemand\" role=\"listitem\">\n\t\t\t\t<a class=\"elementor-post__thumbnail__link\" href=\"https:\/\/swissdox.ch\/fr\/repertoire-des-medias\/berner-zeitung\/\" tabindex=\"-1\" >\n\t\t\t<div class=\"elementor-post__thumbnail\"><img loading=\"lazy\" decoding=\"async\" width=\"600\" height=\"799\" src=\"https:\/\/swissdox.ch\/wp-content\/uploads\/2024\/09\/berner-zeitung.jpg\" class=\"attachment-full size-full wp-image-53397\" alt=\"\" srcset=\"https:\/\/swissdox.ch\/wp-content\/uploads\/2024\/09\/berner-zeitung.jpg 600w, https:\/\/swissdox.ch\/wp-content\/uploads\/2024\/09\/berner-zeitung-225x300.jpg 225w\" sizes=\"(max-width: 600px) 100vw, 600px\" \/><\/div>\n\t\t<\/a>\n\t\t\t\t<div class=\"elementor-post__text\">\n\t\t\t\t<h3 class=\"elementor-post__title\">\n\t\t\t<a href=\"https:\/\/swissdox.ch\/fr\/repertoire-des-medias\/berner-zeitung\/\" >\n\t\t\t\tBerner Zeitung\t\t\t<\/a>\n\t\t<\/h3>\n\t\t\t\t<\/div>\n\t\t\t\t<\/article>\n\t\t\t\t<article class=\"elementor-post elementor-grid-item post-69665 medienverzeichnis type-medienverzeichnis status-publish has-post-thumbnail hentry land-suisse medientyp-presse-en-ligne partner-tx-group-ag sprache-allemand\" role=\"listitem\">\n\t\t\t\t<a class=\"elementor-post__thumbnail__link\" href=\"https:\/\/swissdox.ch\/fr\/repertoire-des-medias\/bernerzeitung-ch\/\" tabindex=\"-1\" >\n\t\t\t<div class=\"elementor-post__thumbnail\"><img loading=\"lazy\" decoding=\"async\" width=\"600\" height=\"800\" src=\"https:\/\/swissdox.ch\/wp-content\/uploads\/2024\/09\/bernerzeitung-ch.jpg\" class=\"attachment-full size-full wp-image-53405\" alt=\"\" srcset=\"https:\/\/swissdox.ch\/wp-content\/uploads\/2024\/09\/bernerzeitung-ch.jpg 600w, https:\/\/swissdox.ch\/wp-content\/uploads\/2024\/09\/bernerzeitung-ch-225x300.jpg 225w\" sizes=\"(max-width: 600px) 100vw, 600px\" \/><\/div>\n\t\t<\/a>\n\t\t\t\t<div class=\"elementor-post__text\">\n\t\t\t\t<h3 class=\"elementor-post__title\">\n\t\t\t<a href=\"https:\/\/swissdox.ch\/fr\/repertoire-des-medias\/bernerzeitung-ch\/\" >\n\t\t\t\tbernerzeitung.ch\t\t\t<\/a>\n\t\t<\/h3>\n\t\t\t\t<\/div>\n\t\t\t\t<\/article>\n\t\t\t\t<article class=\"elementor-post elementor-grid-item post-69666 medienverzeichnis type-medienverzeichnis status-publish has-post-thumbnail hentry land-suisse medientyp-presse-en-ligne partner-bezirk-medien-ag sprache-allemand\" role=\"listitem\">\n\t\t\t\t<a class=\"elementor-post__thumbnail__link\" href=\"https:\/\/swissdox.ch\/fr\/repertoire-des-medias\/bezirk-ch\/\" tabindex=\"-1\" >\n\t\t\t<div class=\"elementor-post__thumbnail\"><img loading=\"lazy\" decoding=\"async\" width=\"600\" height=\"799\" src=\"https:\/\/swissdox.ch\/wp-content\/uploads\/2026\/03\/bezirk-ch.jpg\" class=\"attachment-full size-full wp-image-67679\" alt=\"\" srcset=\"https:\/\/swissdox.ch\/wp-content\/uploads\/2026\/03\/bezirk-ch.jpg 600w, https:\/\/swissdox.ch\/wp-content\/uploads\/2026\/03\/bezirk-ch-225x300.jpg 225w\" sizes=\"(max-width: 600px) 100vw, 600px\" \/><\/div>\n\t\t<\/a>\n\t\t\t\t<div class=\"elementor-post__text\">\n\t\t\t\t<h3 class=\"elementor-post__title\">\n\t\t\t<a href=\"https:\/\/swissdox.ch\/fr\/repertoire-des-medias\/bezirk-ch\/\" >\n\t\t\t\tbezirk.ch\t\t\t<\/a>\n\t\t<\/h3>\n\t\t\t\t<\/div>\n\t\t\t\t<\/article>\n\t\t\t\t<article class=\"elementor-post elementor-grid-item post-69667 medienverzeichnis type-medienverzeichnis status-publish has-post-thumbnail hentry land-suisse medientyp-magazine partner-bibliosuisse sprache-allemand sprache-francais\" role=\"listitem\">\n\t\t\t\t<a class=\"elementor-post__thumbnail__link\" href=\"https:\/\/swissdox.ch\/fr\/repertoire-des-medias\/bibliosuisse-info\/\" tabindex=\"-1\" >\n\t\t\t<div class=\"elementor-post__thumbnail\"><img loading=\"lazy\" decoding=\"async\" width=\"600\" height=\"800\" src=\"https:\/\/swissdox.ch\/wp-content\/uploads\/2024\/09\/bibliosuisse-info.jpg\" class=\"attachment-full size-full wp-image-53409\" alt=\"\" srcset=\"https:\/\/swissdox.ch\/wp-content\/uploads\/2024\/09\/bibliosuisse-info.jpg 600w, https:\/\/swissdox.ch\/wp-content\/uploads\/2024\/09\/bibliosuisse-info-225x300.jpg 225w\" sizes=\"(max-width: 600px) 100vw, 600px\" \/><\/div>\n\t\t<\/a>\n\t\t\t\t<div class=\"elementor-post__text\">\n\t\t\t\t<h3 class=\"elementor-post__title\">\n\t\t\t<a href=\"https:\/\/swissdox.ch\/fr\/repertoire-des-medias\/bibliosuisse-info\/\" >\n\t\t\t\tbibliosuisse INFO\t\t\t<\/a>\n\t\t<\/h3>\n\t\t\t\t<\/div>\n\t\t\t\t<\/article>\n\t\t\t\t<article class=\"elementor-post elementor-grid-item post-69668 medienverzeichnis type-medienverzeichnis status-publish has-post-thumbnail hentry land-suisse medientyp-quotidien partner-gassmann-media-ag sprache-allemand\" role=\"listitem\">\n\t\t\t\t<a class=\"elementor-post__thumbnail__link\" href=\"https:\/\/swissdox.ch\/fr\/repertoire-des-medias\/bieler-tagblatt\/\" tabindex=\"-1\" >\n\t\t\t<div class=\"elementor-post__thumbnail\"><img loading=\"lazy\" decoding=\"async\" width=\"600\" height=\"800\" src=\"https:\/\/swissdox.ch\/wp-content\/uploads\/2024\/09\/bieler-tagblatt.jpg\" class=\"attachment-full size-full wp-image-53413\" alt=\"\" srcset=\"https:\/\/swissdox.ch\/wp-content\/uploads\/2024\/09\/bieler-tagblatt.jpg 600w, https:\/\/swissdox.ch\/wp-content\/uploads\/2024\/09\/bieler-tagblatt-225x300.jpg 225w\" sizes=\"(max-width: 600px) 100vw, 600px\" \/><\/div>\n\t\t<\/a>\n\t\t\t\t<div class=\"elementor-post__text\">\n\t\t\t\t<h3 class=\"elementor-post__title\">\n\t\t\t<a href=\"https:\/\/swissdox.ch\/fr\/repertoire-des-medias\/bieler-tagblatt\/\" >\n\t\t\t\tBieler Tagblatt\t\t\t<\/a>\n\t\t<\/h3>\n\t\t\t\t<\/div>\n\t\t\t\t<\/article>\n\t\t\t\t<article class=\"elementor-post elementor-grid-item post-69669 medienverzeichnis type-medienverzeichnis status-publish has-post-thumbnail hentry land-suisse medientyp-magazine partner-tx-group-ag sprache-francais\" role=\"listitem\">\n\t\t\t\t<a class=\"elementor-post__thumbnail__link\" href=\"https:\/\/swissdox.ch\/fr\/repertoire-des-medias\/bilan\/\" tabindex=\"-1\" >\n\t\t\t<div class=\"elementor-post__thumbnail\"><img loading=\"lazy\" decoding=\"async\" width=\"600\" height=\"799\" src=\"https:\/\/swissdox.ch\/wp-content\/uploads\/2024\/09\/bilan.jpg\" class=\"attachment-full size-full wp-image-53421\" alt=\"\" srcset=\"https:\/\/swissdox.ch\/wp-content\/uploads\/2024\/09\/bilan.jpg 600w, https:\/\/swissdox.ch\/wp-content\/uploads\/2024\/09\/bilan-225x300.jpg 225w\" sizes=\"(max-width: 600px) 100vw, 600px\" \/><\/div>\n\t\t<\/a>\n\t\t\t\t<div class=\"elementor-post__text\">\n\t\t\t\t<h3 class=\"elementor-post__title\">\n\t\t\t<a href=\"https:\/\/swissdox.ch\/fr\/repertoire-des-medias\/bilan\/\" >\n\t\t\t\tBilan\t\t\t<\/a>\n\t\t<\/h3>\n\t\t\t\t<\/div>\n\t\t\t\t<\/article>\n\t\t\t\t<article class=\"elementor-post elementor-grid-item post-69670 medienverzeichnis type-medienverzeichnis status-publish has-post-thumbnail hentry land-suisse medientyp-presse-en-ligne partner-tx-group-ag sprache-francais\" role=\"listitem\">\n\t\t\t\t<a class=\"elementor-post__thumbnail__link\" href=\"https:\/\/swissdox.ch\/fr\/repertoire-des-medias\/bilan-ch\/\" tabindex=\"-1\" >\n\t\t\t<div class=\"elementor-post__thumbnail\"><img loading=\"lazy\" decoding=\"async\" width=\"600\" height=\"800\" src=\"https:\/\/swissdox.ch\/wp-content\/uploads\/2024\/09\/bilan-ch.jpg\" class=\"attachment-full size-full wp-image-53417\" alt=\"\" srcset=\"https:\/\/swissdox.ch\/wp-content\/uploads\/2024\/09\/bilan-ch.jpg 600w, https:\/\/swissdox.ch\/wp-content\/uploads\/2024\/09\/bilan-ch-225x300.jpg 225w\" sizes=\"(max-width: 600px) 100vw, 600px\" \/><\/div>\n\t\t<\/a>\n\t\t\t\t<div class=\"elementor-post__text\">\n\t\t\t\t<h3 class=\"elementor-post__title\">\n\t\t\t<a href=\"https:\/\/swissdox.ch\/fr\/repertoire-des-medias\/bilan-ch\/\" >\n\t\t\t\tbilan.ch\t\t\t<\/a>\n\t\t<\/h3>\n\t\t\t\t<\/div>\n\t\t\t\t<\/article>\n\t\t\t\t<article class=\"elementor-post elementor-grid-item post-69671 medienverzeichnis type-medienverzeichnis status-publish has-post-thumbnail hentry land-suisse medientyp-magazine partner-ringier-ag sprache-allemand\" role=\"listitem\">\n\t\t\t\t<a class=\"elementor-post__thumbnail__link\" href=\"https:\/\/swissdox.ch\/fr\/repertoire-des-medias\/bilanz\/\" tabindex=\"-1\" >\n\t\t\t<div class=\"elementor-post__thumbnail\"><img loading=\"lazy\" decoding=\"async\" width=\"600\" height=\"800\" src=\"https:\/\/swissdox.ch\/wp-content\/uploads\/2024\/09\/bilanz.jpg\" class=\"attachment-full size-full wp-image-53429\" alt=\"\" srcset=\"https:\/\/swissdox.ch\/wp-content\/uploads\/2024\/09\/bilanz.jpg 600w, https:\/\/swissdox.ch\/wp-content\/uploads\/2024\/09\/bilanz-225x300.jpg 225w\" sizes=\"(max-width: 600px) 100vw, 600px\" \/><\/div>\n\t\t<\/a>\n\t\t\t\t<div class=\"elementor-post__text\">\n\t\t\t\t<h3 class=\"elementor-post__title\">\n\t\t\t<a href=\"https:\/\/swissdox.ch\/fr\/repertoire-des-medias\/bilanz\/\" >\n\t\t\t\tBilanz\t\t\t<\/a>\n\t\t<\/h3>\n\t\t\t\t<\/div>\n\t\t\t\t<\/article>\n\t\t\t\t<article class=\"elementor-post elementor-grid-item post-69672 medienverzeichnis type-medienverzeichnis status-publish has-post-thumbnail hentry land-suisse medientyp-presse-en-ligne partner-ringier-ag sprache-allemand\" role=\"listitem\">\n\t\t\t\t<a class=\"elementor-post__thumbnail__link\" href=\"https:\/\/swissdox.ch\/fr\/repertoire-des-medias\/bilanz-ch\/\" tabindex=\"-1\" >\n\t\t\t<div class=\"elementor-post__thumbnail\"><img loading=\"lazy\" decoding=\"async\" width=\"600\" height=\"800\" src=\"https:\/\/swissdox.ch\/wp-content\/uploads\/2024\/09\/bilanz-ch.jpg\" class=\"attachment-full size-full wp-image-53425\" alt=\"\" srcset=\"https:\/\/swissdox.ch\/wp-content\/uploads\/2024\/09\/bilanz-ch.jpg 600w, https:\/\/swissdox.ch\/wp-content\/uploads\/2024\/09\/bilanz-ch-225x300.jpg 225w\" sizes=\"(max-width: 600px) 100vw, 600px\" \/><\/div>\n\t\t<\/a>\n\t\t\t\t<div class=\"elementor-post__text\">\n\t\t\t\t<h3 class=\"elementor-post__title\">\n\t\t\t<a href=\"https:\/\/swissdox.ch\/fr\/repertoire-des-medias\/bilanz-ch\/\" >\n\t\t\t\tbilanz.ch\t\t\t<\/a>\n\t\t<\/h3>\n\t\t\t\t<\/div>\n\t\t\t\t<\/article>\n\t\t\t\t<article class=\"elementor-post elementor-grid-item post-69673 medienverzeichnis type-medienverzeichnis status-publish has-post-thumbnail hentry land-allemagne medientyp-quotidien partner-axel-springer-ullstein-syndication-gmbh sprache-allemand\" role=\"listitem\">\n\t\t\t\t<a class=\"elementor-post__thumbnail__link\" href=\"https:\/\/swissdox.ch\/fr\/repertoire-des-medias\/bild\/\" tabindex=\"-1\" >\n\t\t\t<div class=\"elementor-post__thumbnail\"><img loading=\"lazy\" decoding=\"async\" width=\"600\" height=\"799\" src=\"https:\/\/swissdox.ch\/wp-content\/uploads\/2024\/09\/bild.jpg\" class=\"attachment-full size-full wp-image-53437\" alt=\"\" srcset=\"https:\/\/swissdox.ch\/wp-content\/uploads\/2024\/09\/bild.jpg 600w, https:\/\/swissdox.ch\/wp-content\/uploads\/2024\/09\/bild-225x300.jpg 225w\" sizes=\"(max-width: 600px) 100vw, 600px\" \/><\/div>\n\t\t<\/a>\n\t\t\t\t<div class=\"elementor-post__text\">\n\t\t\t\t<h3 class=\"elementor-post__title\">\n\t\t\t<a href=\"https:\/\/swissdox.ch\/fr\/repertoire-des-medias\/bild\/\" >\n\t\t\t\tBild\t\t\t<\/a>\n\t\t<\/h3>\n\t\t\t\t<\/div>\n\t\t\t\t<\/article>\n\t\t\t\t<article class=\"elementor-post elementor-grid-item post-69674 medienverzeichnis type-medienverzeichnis status-publish has-post-thumbnail hentry land-allemagne medientyp-journal-du-dimanche partner-axel-springer-ullstein-syndication-gmbh sprache-allemand\" role=\"listitem\">\n\t\t\t\t<a class=\"elementor-post__thumbnail__link\" href=\"https:\/\/swissdox.ch\/fr\/repertoire-des-medias\/bild-am-sonntag\/\" tabindex=\"-1\" >\n\t\t\t<div class=\"elementor-post__thumbnail\"><img loading=\"lazy\" decoding=\"async\" width=\"600\" height=\"799\" src=\"https:\/\/swissdox.ch\/wp-content\/uploads\/2024\/09\/bild-am-sonntag.jpg\" class=\"attachment-full size-full wp-image-53433\" alt=\"\" srcset=\"https:\/\/swissdox.ch\/wp-content\/uploads\/2024\/09\/bild-am-sonntag.jpg 600w, https:\/\/swissdox.ch\/wp-content\/uploads\/2024\/09\/bild-am-sonntag-225x300.jpg 225w\" sizes=\"(max-width: 600px) 100vw, 600px\" \/><\/div>\n\t\t<\/a>\n\t\t\t\t<div class=\"elementor-post__text\">\n\t\t\t\t<h3 class=\"elementor-post__title\">\n\t\t\t<a href=\"https:\/\/swissdox.ch\/fr\/repertoire-des-medias\/bild-am-sonntag\/\" >\n\t\t\t\tBild am Sonntag\t\t\t<\/a>\n\t\t<\/h3>\n\t\t\t\t<\/div>\n\t\t\t\t<\/article>\n\t\t\t\t<article class=\"elementor-post elementor-grid-item post-69675 medienverzeichnis type-medienverzeichnis status-publish has-post-thumbnail hentry land-suisse medientyp-magazine partner-lch sprache-allemand\" role=\"listitem\">\n\t\t\t\t<a class=\"elementor-post__thumbnail__link\" href=\"https:\/\/swissdox.ch\/fr\/repertoire-des-medias\/bildung-schweiz\/\" tabindex=\"-1\" >\n\t\t\t<div class=\"elementor-post__thumbnail\"><img loading=\"lazy\" decoding=\"async\" width=\"600\" height=\"800\" src=\"https:\/\/swissdox.ch\/wp-content\/uploads\/2024\/09\/bildung-schweiz.jpg\" class=\"attachment-full size-full wp-image-53441\" alt=\"\" srcset=\"https:\/\/swissdox.ch\/wp-content\/uploads\/2024\/09\/bildung-schweiz.jpg 600w, https:\/\/swissdox.ch\/wp-content\/uploads\/2024\/09\/bildung-schweiz-225x300.jpg 225w\" sizes=\"(max-width: 600px) 100vw, 600px\" \/><\/div>\n\t\t<\/a>\n\t\t\t\t<div class=\"elementor-post__text\">\n\t\t\t\t<h3 class=\"elementor-post__title\">\n\t\t\t<a href=\"https:\/\/swissdox.ch\/fr\/repertoire-des-medias\/bildung-schweiz\/\" >\n\t\t\t\tBILDUNG SCHWEIZ\t\t\t<\/a>\n\t\t<\/h3>\n\t\t\t\t<\/div>\n\t\t\t\t<\/article>\n\t\t\t\t<article class=\"elementor-post elementor-grid-item post-69676 medienverzeichnis type-medienverzeichnis status-publish has-post-thumbnail hentry land-suisse medientyp-presse-en-ligne partner-berner-kulturagenda sprache-allemand\" role=\"listitem\">\n\t\t\t\t<a class=\"elementor-post__thumbnail__link\" href=\"https:\/\/swissdox.ch\/fr\/repertoire-des-medias\/bka-ch\/\" tabindex=\"-1\" >\n\t\t\t<div class=\"elementor-post__thumbnail\"><img loading=\"lazy\" decoding=\"async\" width=\"600\" height=\"800\" src=\"https:\/\/swissdox.ch\/wp-content\/uploads\/2024\/09\/bka-ch.jpg\" class=\"attachment-full size-full wp-image-53445\" alt=\"\" srcset=\"https:\/\/swissdox.ch\/wp-content\/uploads\/2024\/09\/bka-ch.jpg 600w, https:\/\/swissdox.ch\/wp-content\/uploads\/2024\/09\/bka-ch-225x300.jpg 225w\" sizes=\"(max-width: 600px) 100vw, 600px\" \/><\/div>\n\t\t<\/a>\n\t\t\t\t<div class=\"elementor-post__text\">\n\t\t\t\t<h3 class=\"elementor-post__title\">\n\t\t\t<a href=\"https:\/\/swissdox.ch\/fr\/repertoire-des-medias\/bka-ch\/\" >\n\t\t\t\tbka.ch\t\t\t<\/a>\n\t\t<\/h3>\n\t\t\t\t<\/div>\n\t\t\t\t<\/article>\n\t\t\t\t<article class=\"elementor-post elementor-grid-item post-69677 medienverzeichnis type-medienverzeichnis status-publish has-post-thumbnail hentry land-suisse medientyp-quotidien partner-ringier-ag sprache-allemand\" role=\"listitem\">\n\t\t\t\t<a class=\"elementor-post__thumbnail__link\" href=\"https:\/\/swissdox.ch\/fr\/repertoire-des-medias\/blick\/\" tabindex=\"-1\" >\n\t\t\t<div class=\"elementor-post__thumbnail\"><img loading=\"lazy\" decoding=\"async\" width=\"600\" height=\"799\" src=\"https:\/\/swissdox.ch\/wp-content\/uploads\/2025\/06\/blick.jpg\" class=\"attachment-full size-full wp-image-62633\" alt=\"\" srcset=\"https:\/\/swissdox.ch\/wp-content\/uploads\/2025\/06\/blick.jpg 600w, https:\/\/swissdox.ch\/wp-content\/uploads\/2025\/06\/blick-225x300.jpg 225w\" sizes=\"(max-width: 600px) 100vw, 600px\" \/><\/div>\n\t\t<\/a>\n\t\t\t\t<div class=\"elementor-post__text\">\n\t\t\t\t<h3 class=\"elementor-post__title\">\n\t\t\t<a href=\"https:\/\/swissdox.ch\/fr\/repertoire-des-medias\/blick\/\" >\n\t\t\t\tBlick\t\t\t<\/a>\n\t\t<\/h3>\n\t\t\t\t<\/div>\n\t\t\t\t<\/article>\n\t\t\t\t<article class=\"elementor-post elementor-grid-item post-69678 medienverzeichnis type-medienverzeichnis status-publish has-post-thumbnail hentry land-suisse medientyp-presse-en-ligne partner-ringier-ag sprache-allemand sprache-anglais sprache-francais\" role=\"listitem\">\n\t\t\t\t<a class=\"elementor-post__thumbnail__link\" href=\"https:\/\/swissdox.ch\/fr\/repertoire-des-medias\/blick-ch\/\" tabindex=\"-1\" >\n\t\t\t<div class=\"elementor-post__thumbnail\"><img loading=\"lazy\" decoding=\"async\" width=\"600\" height=\"800\" src=\"https:\/\/swissdox.ch\/wp-content\/uploads\/2024\/09\/blick-ch.jpg\" class=\"attachment-full size-full wp-image-53449\" alt=\"\" srcset=\"https:\/\/swissdox.ch\/wp-content\/uploads\/2024\/09\/blick-ch.jpg 600w, https:\/\/swissdox.ch\/wp-content\/uploads\/2024\/09\/blick-ch-225x300.jpg 225w\" sizes=\"(max-width: 600px) 100vw, 600px\" \/><\/div>\n\t\t<\/a>\n\t\t\t\t<div class=\"elementor-post__text\">\n\t\t\t\t<h3 class=\"elementor-post__title\">\n\t\t\t<a href=\"https:\/\/swissdox.ch\/fr\/repertoire-des-medias\/blick-ch\/\" >\n\t\t\t\tblick.ch\t\t\t<\/a>\n\t\t<\/h3>\n\t\t\t\t<\/div>\n\t\t\t\t<\/article>\n\t\t\t\t<article class=\"elementor-post elementor-grid-item post-69679 medienverzeichnis type-medienverzeichnis status-publish has-post-thumbnail hentry land-suisse medientyp-presse-en-ligne partner-alma-media-ag sprache-allemand\" role=\"listitem\">\n\t\t\t\t<a class=\"elementor-post__thumbnail__link\" href=\"https:\/\/swissdox.ch\/fr\/repertoire-des-medias\/blog-hrtoday-ch\/\" tabindex=\"-1\" >\n\t\t\t<div class=\"elementor-post__thumbnail\"><img loading=\"lazy\" decoding=\"async\" width=\"600\" height=\"800\" src=\"https:\/\/swissdox.ch\/wp-content\/uploads\/2025\/02\/blog-hrtoday-ch.jpg\" class=\"attachment-full size-full wp-image-60095\" alt=\"\" srcset=\"https:\/\/swissdox.ch\/wp-content\/uploads\/2025\/02\/blog-hrtoday-ch.jpg 600w, https:\/\/swissdox.ch\/wp-content\/uploads\/2025\/02\/blog-hrtoday-ch-225x300.jpg 225w\" sizes=\"(max-width: 600px) 100vw, 600px\" \/><\/div>\n\t\t<\/a>\n\t\t\t\t<div class=\"elementor-post__text\">\n\t\t\t\t<h3 class=\"elementor-post__title\">\n\t\t\t<a href=\"https:\/\/swissdox.ch\/fr\/repertoire-des-medias\/blog-hrtoday-ch\/\" >\n\t\t\t\tblog.hrtoday.ch\t\t\t<\/a>\n\t\t<\/h3>\n\t\t\t\t<\/div>\n\t\t\t\t<\/article>\n\t\t\t\t<article class=\"elementor-post elementor-grid-item post-69680 medienverzeichnis type-medienverzeichnis status-publish has-post-thumbnail hentry land-suisse medientyp-presse-en-ligne partner-blue-entertainment sprache-allemand sprache-anglais sprache-francais sprache-italien\" role=\"listitem\">\n\t\t\t\t<a class=\"elementor-post__thumbnail__link\" href=\"https:\/\/swissdox.ch\/fr\/repertoire-des-medias\/bluewin-ch\/\" tabindex=\"-1\" >\n\t\t\t<div class=\"elementor-post__thumbnail\"><img loading=\"lazy\" decoding=\"async\" width=\"600\" height=\"800\" src=\"https:\/\/swissdox.ch\/wp-content\/uploads\/2024\/09\/bluewin-ch.jpg\" class=\"attachment-full size-full wp-image-53457\" alt=\"\" srcset=\"https:\/\/swissdox.ch\/wp-content\/uploads\/2024\/09\/bluewin-ch.jpg 600w, https:\/\/swissdox.ch\/wp-content\/uploads\/2024\/09\/bluewin-ch-225x300.jpg 225w\" sizes=\"(max-width: 600px) 100vw, 600px\" \/><\/div>\n\t\t<\/a>\n\t\t\t\t<div class=\"elementor-post__text\">\n\t\t\t\t<h3 class=\"elementor-post__title\">\n\t\t\t<a href=\"https:\/\/swissdox.ch\/fr\/repertoire-des-medias\/bluewin-ch\/\" >\n\t\t\t\tbluewin.ch\t\t\t<\/a>\n\t\t<\/h3>\n\t\t\t\t<\/div>\n\t\t\t\t<\/article>\n\t\t\t\t<article class=\"elementor-post elementor-grid-item post-69681 medienverzeichnis type-medienverzeichnis status-publish has-post-thumbnail hentry land-suisse medientyp-magazine partner-ringier-ag sprache-allemand\" role=\"listitem\">\n\t\t\t\t<a class=\"elementor-post__thumbnail__link\" href=\"https:\/\/swissdox.ch\/fr\/repertoire-des-medias\/bolero\/\" tabindex=\"-1\" >\n\t\t\t<div class=\"elementor-post__thumbnail\"><img loading=\"lazy\" decoding=\"async\" width=\"600\" height=\"800\" src=\"https:\/\/swissdox.ch\/wp-content\/uploads\/2024\/09\/bolero.jpg\" class=\"attachment-full size-full wp-image-53465\" alt=\"\" srcset=\"https:\/\/swissdox.ch\/wp-content\/uploads\/2024\/09\/bolero.jpg 600w, https:\/\/swissdox.ch\/wp-content\/uploads\/2024\/09\/bolero-225x300.jpg 225w\" sizes=\"(max-width: 600px) 100vw, 600px\" \/><\/div>\n\t\t<\/a>\n\t\t\t\t<div class=\"elementor-post__text\">\n\t\t\t\t<h3 class=\"elementor-post__title\">\n\t\t\t<a href=\"https:\/\/swissdox.ch\/fr\/repertoire-des-medias\/bolero\/\" >\n\t\t\t\tBolero\t\t\t<\/a>\n\t\t<\/h3>\n\t\t\t\t<\/div>\n\t\t\t\t<\/article>\n\t\t\t\t<article class=\"elementor-post elementor-grid-item post-69682 medienverzeichnis type-medienverzeichnis status-publish has-post-thumbnail hentry land-suisse medientyp-magazine partner-ringier-ag sprache-francais\" role=\"listitem\">\n\t\t\t\t<a class=\"elementor-post__thumbnail__link\" href=\"https:\/\/swissdox.ch\/fr\/repertoire-des-medias\/bolero-f\/\" tabindex=\"-1\" >\n\t\t\t<div class=\"elementor-post__thumbnail\"><img loading=\"lazy\" decoding=\"async\" width=\"600\" height=\"800\" src=\"https:\/\/swissdox.ch\/wp-content\/uploads\/2024\/09\/bolero-f.jpg\" class=\"attachment-full size-full wp-image-53461\" alt=\"\" srcset=\"https:\/\/swissdox.ch\/wp-content\/uploads\/2024\/09\/bolero-f.jpg 600w, https:\/\/swissdox.ch\/wp-content\/uploads\/2024\/09\/bolero-f-225x300.jpg 225w\" sizes=\"(max-width: 600px) 100vw, 600px\" \/><\/div>\n\t\t<\/a>\n\t\t\t\t<div class=\"elementor-post__text\">\n\t\t\t\t<h3 class=\"elementor-post__title\">\n\t\t\t<a href=\"https:\/\/swissdox.ch\/fr\/repertoire-des-medias\/bolero-f\/\" >\n\t\t\t\tBolero F\t\t\t<\/a>\n\t\t<\/h3>\n\t\t\t\t<\/div>\n\t\t\t\t<\/article>\n\t\t\t\t<article class=\"elementor-post elementor-grid-item post-69683 medienverzeichnis type-medienverzeichnis status-publish has-post-thumbnail hentry land-suisse medientyp-presse-en-ligne partner-ringier-ag sprache-allemand\" role=\"listitem\">\n\t\t\t\t<a class=\"elementor-post__thumbnail__link\" href=\"https:\/\/swissdox.ch\/fr\/repertoire-des-medias\/boleromagazin-ch\/\" tabindex=\"-1\" >\n\t\t\t<div class=\"elementor-post__thumbnail\"><img loading=\"lazy\" decoding=\"async\" width=\"600\" height=\"800\" src=\"https:\/\/swissdox.ch\/wp-content\/uploads\/2024\/09\/boleromagazin-ch.jpg\" class=\"attachment-full size-full wp-image-53469\" alt=\"\" srcset=\"https:\/\/swissdox.ch\/wp-content\/uploads\/2024\/09\/boleromagazin-ch.jpg 600w, https:\/\/swissdox.ch\/wp-content\/uploads\/2024\/09\/boleromagazin-ch-225x300.jpg 225w\" sizes=\"(max-width: 600px) 100vw, 600px\" \/><\/div>\n\t\t<\/a>\n\t\t\t\t<div class=\"elementor-post__text\">\n\t\t\t\t<h3 class=\"elementor-post__title\">\n\t\t\t<a href=\"https:\/\/swissdox.ch\/fr\/repertoire-des-medias\/boleromagazin-ch\/\" >\n\t\t\t\tboleromagazin.ch\t\t\t<\/a>\n\t\t<\/h3>\n\t\t\t\t<\/div>\n\t\t\t\t<\/article>\n\t\t\t\t<article class=\"elementor-post elementor-grid-item post-69684 medienverzeichnis type-medienverzeichnis status-publish has-post-thumbnail hentry land-suisse medientyp-presse-en-ligne partner-konsumenteninfo-ag sprache-francais\" role=\"listitem\">\n\t\t\t\t<a class=\"elementor-post__thumbnail__link\" href=\"https:\/\/swissdox.ch\/fr\/repertoire-des-medias\/bonasavoir-ch\/\" tabindex=\"-1\" >\n\t\t\t<div class=\"elementor-post__thumbnail\"><img loading=\"lazy\" decoding=\"async\" width=\"600\" height=\"800\" src=\"https:\/\/swissdox.ch\/wp-content\/uploads\/2024\/09\/bonasavoir-ch.jpg\" class=\"attachment-full size-full wp-image-53473\" alt=\"\" srcset=\"https:\/\/swissdox.ch\/wp-content\/uploads\/2024\/09\/bonasavoir-ch.jpg 600w, https:\/\/swissdox.ch\/wp-content\/uploads\/2024\/09\/bonasavoir-ch-225x300.jpg 225w\" sizes=\"(max-width: 600px) 100vw, 600px\" \/><\/div>\n\t\t<\/a>\n\t\t\t\t<div class=\"elementor-post__text\">\n\t\t\t\t<h3 class=\"elementor-post__title\">\n\t\t\t<a href=\"https:\/\/swissdox.ch\/fr\/repertoire-des-medias\/bonasavoir-ch\/\" >\n\t\t\t\tbonasavoir.ch\t\t\t<\/a>\n\t\t<\/h3>\n\t\t\t\t<\/div>\n\t\t\t\t<\/article>\n\t\t\t\t<article class=\"elementor-post elementor-grid-item post-69685 medienverzeichnis type-medienverzeichnis status-publish has-post-thumbnail hentry land-suisse medientyp-presse-en-ligne partner-bon-pour-la-tete sprache-francais\" role=\"listitem\">\n\t\t\t\t<a class=\"elementor-post__thumbnail__link\" href=\"https:\/\/swissdox.ch\/fr\/repertoire-des-medias\/bonpourlatete-com\/\" tabindex=\"-1\" >\n\t\t\t<div class=\"elementor-post__thumbnail\"><img loading=\"lazy\" decoding=\"async\" width=\"600\" height=\"800\" src=\"https:\/\/swissdox.ch\/wp-content\/uploads\/2024\/09\/bonpourlatete-com.jpg\" class=\"attachment-full size-full wp-image-53477\" alt=\"\" srcset=\"https:\/\/swissdox.ch\/wp-content\/uploads\/2024\/09\/bonpourlatete-com.jpg 600w, https:\/\/swissdox.ch\/wp-content\/uploads\/2024\/09\/bonpourlatete-com-225x300.jpg 225w\" sizes=\"(max-width: 600px) 100vw, 600px\" \/><\/div>\n\t\t<\/a>\n\t\t\t\t<div class=\"elementor-post__text\">\n\t\t\t\t<h3 class=\"elementor-post__title\">\n\t\t\t<a href=\"https:\/\/swissdox.ch\/fr\/repertoire-des-medias\/bonpourlatete-com\/\" >\n\t\t\t\tbonpourlatete.com\t\t\t<\/a>\n\t\t<\/h3>\n\t\t\t\t<\/div>\n\t\t\t\t<\/article>\n\t\t\t\t<article class=\"elementor-post elementor-grid-item post-69686 medienverzeichnis type-medienverzeichnis status-publish has-post-thumbnail hentry land-suisse medientyp-quotidien partner-bote-der-urschweiz-ag sprache-allemand\" role=\"listitem\">\n\t\t\t\t<a class=\"elementor-post__thumbnail__link\" href=\"https:\/\/swissdox.ch\/fr\/repertoire-des-medias\/bote-der-urschweiz\/\" tabindex=\"-1\" >\n\t\t\t<div class=\"elementor-post__thumbnail\"><img loading=\"lazy\" decoding=\"async\" width=\"600\" height=\"799\" src=\"https:\/\/swissdox.ch\/wp-content\/uploads\/2024\/09\/bote-der-urschweiz.jpg\" class=\"attachment-full size-full wp-image-53485\" alt=\"\" srcset=\"https:\/\/swissdox.ch\/wp-content\/uploads\/2024\/09\/bote-der-urschweiz.jpg 600w, https:\/\/swissdox.ch\/wp-content\/uploads\/2024\/09\/bote-der-urschweiz-225x300.jpg 225w\" sizes=\"(max-width: 600px) 100vw, 600px\" \/><\/div>\n\t\t<\/a>\n\t\t\t\t<div class=\"elementor-post__text\">\n\t\t\t\t<h3 class=\"elementor-post__title\">\n\t\t\t<a href=\"https:\/\/swissdox.ch\/fr\/repertoire-des-medias\/bote-der-urschweiz\/\" >\n\t\t\t\tBote der Urschweiz\t\t\t<\/a>\n\t\t<\/h3>\n\t\t\t\t<\/div>\n\t\t\t\t<\/article>\n\t\t\t\t<article class=\"elementor-post elementor-grid-item post-69687 medienverzeichnis type-medienverzeichnis status-publish has-post-thumbnail hentry land-suisse medientyp-presse-en-ligne partner-bote-der-urschweiz-ag sprache-allemand\" role=\"listitem\">\n\t\t\t\t<a class=\"elementor-post__thumbnail__link\" href=\"https:\/\/swissdox.ch\/fr\/repertoire-des-medias\/bote-ch\/\" tabindex=\"-1\" >\n\t\t\t<div class=\"elementor-post__thumbnail\"><img loading=\"lazy\" decoding=\"async\" width=\"600\" height=\"800\" src=\"https:\/\/swissdox.ch\/wp-content\/uploads\/2024\/09\/bote-ch.jpg\" class=\"attachment-full size-full wp-image-53481\" alt=\"\" srcset=\"https:\/\/swissdox.ch\/wp-content\/uploads\/2024\/09\/bote-ch.jpg 600w, https:\/\/swissdox.ch\/wp-content\/uploads\/2024\/09\/bote-ch-225x300.jpg 225w\" sizes=\"(max-width: 600px) 100vw, 600px\" \/><\/div>\n\t\t<\/a>\n\t\t\t\t<div class=\"elementor-post__text\">\n\t\t\t\t<h3 class=\"elementor-post__title\">\n\t\t\t<a href=\"https:\/\/swissdox.ch\/fr\/repertoire-des-medias\/bote-ch\/\" >\n\t\t\t\tbote.ch\t\t\t<\/a>\n\t\t<\/h3>\n\t\t\t\t<\/div>\n\t\t\t\t<\/article>\n\t\t\t\t<article class=\"elementor-post elementor-grid-item post-69688 medienverzeichnis type-medienverzeichnis status-publish has-post-thumbnail hentry land-suisse medientyp-magazine partner-reformierte-medien sprache-allemand\" role=\"listitem\">\n\t\t\t\t<a class=\"elementor-post__thumbnail__link\" href=\"https:\/\/swissdox.ch\/fr\/repertoire-des-medias\/bref\/\" tabindex=\"-1\" >\n\t\t\t<div class=\"elementor-post__thumbnail\"><img loading=\"lazy\" decoding=\"async\" width=\"600\" height=\"799\" src=\"https:\/\/swissdox.ch\/wp-content\/uploads\/2024\/09\/bref.jpg\" class=\"attachment-full size-full wp-image-53489\" alt=\"\" srcset=\"https:\/\/swissdox.ch\/wp-content\/uploads\/2024\/09\/bref.jpg 600w, https:\/\/swissdox.ch\/wp-content\/uploads\/2024\/09\/bref-225x300.jpg 225w\" sizes=\"(max-width: 600px) 100vw, 600px\" \/><\/div>\n\t\t<\/a>\n\t\t\t\t<div class=\"elementor-post__text\">\n\t\t\t\t<h3 class=\"elementor-post__title\">\n\t\t\t<a href=\"https:\/\/swissdox.ch\/fr\/repertoire-des-medias\/bref\/\" >\n\t\t\t\tbref\t\t\t<\/a>\n\t\t<\/h3>\n\t\t\t\t<\/div>\n\t\t\t\t<\/article>\n\t\t\t\t<article class=\"elementor-post elementor-grid-item post-69689 medienverzeichnis type-medienverzeichnis status-publish has-post-thumbnail hentry land-suisse medientyp-hebdomadaire partner-st-paul-medias-sa sprache-francais\" role=\"listitem\">\n\t\t\t\t<a class=\"elementor-post__thumbnail__link\" href=\"https:\/\/swissdox.ch\/fr\/repertoire-des-medias\/la-broye\/\" tabindex=\"-1\" >\n\t\t\t<div class=\"elementor-post__thumbnail\"><img loading=\"lazy\" decoding=\"async\" width=\"600\" height=\"799\" src=\"https:\/\/swissdox.ch\/wp-content\/uploads\/2024\/09\/la-broye.jpg\" class=\"attachment-full size-full wp-image-54005\" alt=\"\" srcset=\"https:\/\/swissdox.ch\/wp-content\/uploads\/2024\/09\/la-broye.jpg 600w, https:\/\/swissdox.ch\/wp-content\/uploads\/2024\/09\/la-broye-225x300.jpg 225w\" sizes=\"(max-width: 600px) 100vw, 600px\" \/><\/div>\n\t\t<\/a>\n\t\t\t\t<div class=\"elementor-post__text\">\n\t\t\t\t<h3 class=\"elementor-post__title\">\n\t\t\t<a href=\"https:\/\/swissdox.ch\/fr\/repertoire-des-medias\/la-broye\/\" >\n\t\t\t\tLa Broye\t\t\t<\/a>\n\t\t<\/h3>\n\t\t\t\t<\/div>\n\t\t\t\t<\/article>\n\t\t\t\t<article class=\"elementor-post elementor-grid-item post-69690 medienverzeichnis type-medienverzeichnis status-publish has-post-thumbnail hentry land-autriche medientyp-magazine partner-austria-presse-agentur sprache-allemand\" role=\"listitem\">\n\t\t\t\t<a class=\"elementor-post__thumbnail__link\" href=\"https:\/\/swissdox.ch\/fr\/repertoire-des-medias\/buehne\/\" tabindex=\"-1\" >\n\t\t\t<div class=\"elementor-post__thumbnail\"><img loading=\"lazy\" decoding=\"async\" width=\"600\" height=\"800\" src=\"https:\/\/swissdox.ch\/wp-content\/uploads\/2024\/09\/buehne.jpg\" class=\"attachment-full size-full wp-image-53493\" alt=\"\" srcset=\"https:\/\/swissdox.ch\/wp-content\/uploads\/2024\/09\/buehne.jpg 600w, https:\/\/swissdox.ch\/wp-content\/uploads\/2024\/09\/buehne-225x300.jpg 225w\" sizes=\"(max-width: 600px) 100vw, 600px\" \/><\/div>\n\t\t<\/a>\n\t\t\t\t<div class=\"elementor-post__text\">\n\t\t\t\t<h3 class=\"elementor-post__title\">\n\t\t\t<a href=\"https:\/\/swissdox.ch\/fr\/repertoire-des-medias\/buehne\/\" >\n\t\t\t\tB\u00dcHNE\t\t\t<\/a>\n\t\t<\/h3>\n\t\t\t\t<\/div>\n\t\t\t\t<\/article>\n\t\t\t\t<article class=\"elementor-post elementor-grid-item post-69691 medienverzeichnis type-medienverzeichnis status-publish has-post-thumbnail hentry land-allemagne medientyp-magazine partner-der-theaterverlag sprache-allemand\" role=\"listitem\">\n\t\t\t\t<a class=\"elementor-post__thumbnail__link\" href=\"https:\/\/swissdox.ch\/fr\/repertoire-des-medias\/buehnentechnische-rundschau\/\" tabindex=\"-1\" >\n\t\t\t<div class=\"elementor-post__thumbnail\"><img loading=\"lazy\" decoding=\"async\" width=\"600\" height=\"800\" src=\"https:\/\/swissdox.ch\/wp-content\/uploads\/2024\/09\/buehnentechnische-rundschau.jpg\" class=\"attachment-full size-full wp-image-53497\" alt=\"\" srcset=\"https:\/\/swissdox.ch\/wp-content\/uploads\/2024\/09\/buehnentechnische-rundschau.jpg 600w, https:\/\/swissdox.ch\/wp-content\/uploads\/2024\/09\/buehnentechnische-rundschau-225x300.jpg 225w\" sizes=\"(max-width: 600px) 100vw, 600px\" \/><\/div>\n\t\t<\/a>\n\t\t\t\t<div class=\"elementor-post__text\">\n\t\t\t\t<h3 class=\"elementor-post__title\">\n\t\t\t<a href=\"https:\/\/swissdox.ch\/fr\/repertoire-des-medias\/buehnentechnische-rundschau\/\" >\n\t\t\t\tb\u00fchnentechnische rundschau\t\t\t<\/a>\n\t\t<\/h3>\n\t\t\t\t<\/div>\n\t\t\t\t<\/article>\n\t\t\t\t<article class=\"elementor-post elementor-grid-item post-69692 medienverzeichnis type-medienverzeichnis status-publish has-post-thumbnail hentry land-suisse medientyp-magazine partner-nationale-informationsstelle-zum-kulturerbe sprache-allemand sprache-francais\" role=\"listitem\">\n\t\t\t\t<a class=\"elementor-post__thumbnail__link\" href=\"https:\/\/swissdox.ch\/fr\/repertoire-des-medias\/bulletin-kulturerbe-schweiz\/\" tabindex=\"-1\" >\n\t\t\t<div class=\"elementor-post__thumbnail\"><img loading=\"lazy\" decoding=\"async\" width=\"600\" height=\"800\" src=\"https:\/\/swissdox.ch\/wp-content\/uploads\/2025\/04\/bulletin-kulturerbe-schweiz.jpg\" class=\"attachment-full size-full wp-image-61170\" alt=\"\" srcset=\"https:\/\/swissdox.ch\/wp-content\/uploads\/2025\/04\/bulletin-kulturerbe-schweiz.jpg 600w, https:\/\/swissdox.ch\/wp-content\/uploads\/2025\/04\/bulletin-kulturerbe-schweiz-225x300.jpg 225w\" sizes=\"(max-width: 600px) 100vw, 600px\" \/><\/div>\n\t\t<\/a>\n\t\t\t\t<div class=\"elementor-post__text\">\n\t\t\t\t<h3 class=\"elementor-post__title\">\n\t\t\t<a href=\"https:\/\/swissdox.ch\/fr\/repertoire-des-medias\/bulletin-kulturerbe-schweiz\/\" >\n\t\t\t\tBulletin Kulturerbe Schweiz\t\t\t<\/a>\n\t\t<\/h3>\n\t\t\t\t<\/div>\n\t\t\t\t<\/article>\n\t\t\t\t<article class=\"elementor-post elementor-grid-item post-69693 medienverzeichnis type-medienverzeichnis status-publish has-post-thumbnail hentry land-suisse medientyp-quotidien partner-tx-group-ag sprache-allemand\" role=\"listitem\">\n\t\t\t\t<a class=\"elementor-post__thumbnail__link\" href=\"https:\/\/swissdox.ch\/fr\/repertoire-des-medias\/der-bund\/\" tabindex=\"-1\" >\n\t\t\t<div class=\"elementor-post__thumbnail\"><img loading=\"lazy\" decoding=\"async\" width=\"600\" height=\"799\" src=\"https:\/\/swissdox.ch\/wp-content\/uploads\/2024\/09\/der-bund.jpg\" class=\"attachment-full size-full wp-image-53601\" alt=\"\" srcset=\"https:\/\/swissdox.ch\/wp-content\/uploads\/2024\/09\/der-bund.jpg 600w, https:\/\/swissdox.ch\/wp-content\/uploads\/2024\/09\/der-bund-225x300.jpg 225w\" sizes=\"(max-width: 600px) 100vw, 600px\" \/><\/div>\n\t\t<\/a>\n\t\t\t\t<div class=\"elementor-post__text\">\n\t\t\t\t<h3 class=\"elementor-post__title\">\n\t\t\t<a href=\"https:\/\/swissdox.ch\/fr\/repertoire-des-medias\/der-bund\/\" >\n\t\t\t\tDer Bund\t\t\t<\/a>\n\t\t<\/h3>\n\t\t\t\t<\/div>\n\t\t\t\t<\/article>\n\t\t\t\t<article class=\"elementor-post elementor-grid-item post-69694 medienverzeichnis type-medienverzeichnis status-publish has-post-thumbnail hentry land-suisse medientyp-quotidien partner-somedia-ag sprache-allemand\" role=\"listitem\">\n\t\t\t\t<a class=\"elementor-post__thumbnail__link\" href=\"https:\/\/swissdox.ch\/fr\/repertoire-des-medias\/buendner-tagblatt\/\" tabindex=\"-1\" >\n\t\t\t<div class=\"elementor-post__thumbnail\"><img loading=\"lazy\" decoding=\"async\" width=\"600\" height=\"799\" src=\"https:\/\/swissdox.ch\/wp-content\/uploads\/2024\/09\/buendner-tagblatt.jpg\" class=\"attachment-full size-full wp-image-53501\" alt=\"\" srcset=\"https:\/\/swissdox.ch\/wp-content\/uploads\/2024\/09\/buendner-tagblatt.jpg 600w, https:\/\/swissdox.ch\/wp-content\/uploads\/2024\/09\/buendner-tagblatt-225x300.jpg 225w\" sizes=\"(max-width: 600px) 100vw, 600px\" \/><\/div>\n\t\t<\/a>\n\t\t\t\t<div class=\"elementor-post__text\">\n\t\t\t\t<h3 class=\"elementor-post__title\">\n\t\t\t<a href=\"https:\/\/swissdox.ch\/fr\/repertoire-des-medias\/buendner-tagblatt\/\" >\n\t\t\t\tB\u00fcndner Tagblatt\t\t\t<\/a>\n\t\t<\/h3>\n\t\t\t\t<\/div>\n\t\t\t\t<\/article>\n\t\t\t\t<article class=\"elementor-post elementor-grid-item post-69695 medienverzeichnis type-medienverzeichnis status-publish has-post-thumbnail hentry land-suisse medientyp-quotidien partner-ch-media sprache-allemand\" role=\"listitem\">\n\t\t\t\t<a class=\"elementor-post__thumbnail__link\" href=\"https:\/\/swissdox.ch\/fr\/repertoire-des-medias\/bz-zeitung-fuer-die-region-basel\/\" tabindex=\"-1\" >\n\t\t\t<div class=\"elementor-post__thumbnail\"><img loading=\"lazy\" decoding=\"async\" width=\"600\" height=\"800\" src=\"https:\/\/swissdox.ch\/wp-content\/uploads\/2024\/09\/bz-zeitung-fuer-die-region-basel.jpg\" class=\"attachment-full size-full wp-image-53509\" alt=\"\" srcset=\"https:\/\/swissdox.ch\/wp-content\/uploads\/2024\/09\/bz-zeitung-fuer-die-region-basel.jpg 600w, https:\/\/swissdox.ch\/wp-content\/uploads\/2024\/09\/bz-zeitung-fuer-die-region-basel-225x300.jpg 225w\" sizes=\"(max-width: 600px) 100vw, 600px\" \/><\/div>\n\t\t<\/a>\n\t\t\t\t<div class=\"elementor-post__text\">\n\t\t\t\t<h3 class=\"elementor-post__title\">\n\t\t\t<a href=\"https:\/\/swissdox.ch\/fr\/repertoire-des-medias\/bz-zeitung-fuer-die-region-basel\/\" >\n\t\t\t\tbz &#8211; Zeitung f\u00fcr die Region Basel\t\t\t<\/a>\n\t\t<\/h3>\n\t\t\t\t<\/div>\n\t\t\t\t<\/article>\n\t\t\t\t<article class=\"elementor-post elementor-grid-item post-69696 medienverzeichnis type-medienverzeichnis status-publish has-post-thumbnail hentry land-suisse medientyp-presse-en-ligne partner-ch-media sprache-allemand\" role=\"listitem\">\n\t\t\t\t<a class=\"elementor-post__thumbnail__link\" href=\"https:\/\/swissdox.ch\/fr\/repertoire-des-medias\/bzbasel-ch\/\" tabindex=\"-1\" >\n\t\t\t<div class=\"elementor-post__thumbnail\"><img loading=\"lazy\" decoding=\"async\" width=\"600\" height=\"800\" src=\"https:\/\/swissdox.ch\/wp-content\/uploads\/2024\/09\/bzbasel-ch.jpg\" class=\"attachment-full size-full wp-image-53513\" alt=\"\" srcset=\"https:\/\/swissdox.ch\/wp-content\/uploads\/2024\/09\/bzbasel-ch.jpg 600w, https:\/\/swissdox.ch\/wp-content\/uploads\/2024\/09\/bzbasel-ch-225x300.jpg 225w\" sizes=\"(max-width: 600px) 100vw, 600px\" \/><\/div>\n\t\t<\/a>\n\t\t\t\t<div class=\"elementor-post__text\">\n\t\t\t\t<h3 class=\"elementor-post__title\">\n\t\t\t<a href=\"https:\/\/swissdox.ch\/fr\/repertoire-des-medias\/bzbasel-ch\/\" >\n\t\t\t\tbzbasel.ch\t\t\t<\/a>\n\t\t<\/h3>\n\t\t\t\t<\/div>\n\t\t\t\t<\/article>\n\t\t\t\t<article class=\"elementor-post elementor-grid-item post-69697 medienverzeichnis type-medienverzeichnis status-publish has-post-thumbnail hentry land-suisse medientyp-magazine partner-ringier-ag sprache-allemand\" role=\"listitem\">\n\t\t\t\t<a class=\"elementor-post__thumbnail__link\" href=\"https:\/\/swissdox.ch\/fr\/repertoire-des-medias\/caminada-das-magazin\/\" tabindex=\"-1\" >\n\t\t\t<div class=\"elementor-post__thumbnail\"><img loading=\"lazy\" decoding=\"async\" width=\"600\" height=\"800\" src=\"https:\/\/swissdox.ch\/wp-content\/uploads\/2024\/09\/caminada-das-magazin.jpg\" class=\"attachment-full size-full wp-image-53517\" alt=\"\" srcset=\"https:\/\/swissdox.ch\/wp-content\/uploads\/2024\/09\/caminada-das-magazin.jpg 600w, https:\/\/swissdox.ch\/wp-content\/uploads\/2024\/09\/caminada-das-magazin-225x300.jpg 225w\" sizes=\"(max-width: 600px) 100vw, 600px\" \/><\/div>\n\t\t<\/a>\n\t\t\t\t<div class=\"elementor-post__text\">\n\t\t\t\t<h3 class=\"elementor-post__title\">\n\t\t\t<a href=\"https:\/\/swissdox.ch\/fr\/repertoire-des-medias\/caminada-das-magazin\/\" >\n\t\t\t\tCaminada. Das Magazin.\t\t\t<\/a>\n\t\t<\/h3>\n\t\t\t\t<\/div>\n\t\t\t\t<\/article>\n\t\t\t\t<article class=\"elementor-post elementor-grid-item post-69698 medienverzeichnis type-medienverzeichnis status-publish has-post-thumbnail hentry land-suisse medientyp-video partner-canal9-kanal9 sprache-allemand sprache-francais\" role=\"listitem\">\n\t\t\t\t<a class=\"elementor-post__thumbnail__link\" href=\"https:\/\/swissdox.ch\/fr\/repertoire-des-medias\/canal9-video\/\" tabindex=\"-1\" >\n\t\t\t<div class=\"elementor-post__thumbnail\"><img loading=\"lazy\" decoding=\"async\" width=\"600\" height=\"800\" src=\"https:\/\/swissdox.ch\/wp-content\/uploads\/2026\/06\/canal9.jpg\" class=\"attachment-full size-full wp-image-67961\" alt=\"\" srcset=\"https:\/\/swissdox.ch\/wp-content\/uploads\/2026\/06\/canal9.jpg 600w, https:\/\/swissdox.ch\/wp-content\/uploads\/2026\/06\/canal9-225x300.jpg 225w\" sizes=\"(max-width: 600px) 100vw, 600px\" \/><\/div>\n\t\t<\/a>\n\t\t\t\t<div class=\"elementor-post__text\">\n\t\t\t\t<h3 class=\"elementor-post__title\">\n\t\t\t<a href=\"https:\/\/swissdox.ch\/fr\/repertoire-des-medias\/canal9-video\/\" >\n\t\t\t\tcanal9 Video\t\t\t<\/a>\n\t\t<\/h3>\n\t\t\t\t<\/div>\n\t\t\t\t<\/article>\n\t\t\t\t<article class=\"elementor-post elementor-grid-item post-69699 medienverzeichnis type-medienverzeichnis status-publish has-post-thumbnail hentry land-suisse medientyp-presse-en-ligne partner-ringier-ag sprache-allemand\" role=\"listitem\">\n\t\t\t\t<a class=\"elementor-post__thumbnail__link\" href=\"https:\/\/swissdox.ch\/fr\/repertoire-des-medias\/cash-ch\/\" tabindex=\"-1\" >\n\t\t\t<div class=\"elementor-post__thumbnail\"><img loading=\"lazy\" decoding=\"async\" width=\"600\" height=\"800\" src=\"https:\/\/swissdox.ch\/wp-content\/uploads\/2024\/09\/cash-ch.jpg\" class=\"attachment-full size-full wp-image-53521\" alt=\"\" srcset=\"https:\/\/swissdox.ch\/wp-content\/uploads\/2024\/09\/cash-ch.jpg 600w, https:\/\/swissdox.ch\/wp-content\/uploads\/2024\/09\/cash-ch-225x300.jpg 225w\" sizes=\"(max-width: 600px) 100vw, 600px\" \/><\/div>\n\t\t<\/a>\n\t\t\t\t<div class=\"elementor-post__text\">\n\t\t\t\t<h3 class=\"elementor-post__title\">\n\t\t\t<a href=\"https:\/\/swissdox.ch\/fr\/repertoire-des-medias\/cash-ch\/\" >\n\t\t\t\tcash.ch\t\t\t<\/a>\n\t\t<\/h3>\n\t\t\t\t<\/div>\n\t\t\t\t<\/article>\n\t\t\t\t<article class=\"elementor-post elementor-grid-item post-69700 medienverzeichnis type-medienverzeichnis status-publish has-post-thumbnail hentry land-suisse medientyp-presse-en-ligne partner-cath-info sprache-francais\" role=\"listitem\">\n\t\t\t\t<a class=\"elementor-post__thumbnail__link\" href=\"https:\/\/swissdox.ch\/fr\/repertoire-des-medias\/cath-ch\/\" tabindex=\"-1\" >\n\t\t\t<div class=\"elementor-post__thumbnail\"><img loading=\"lazy\" decoding=\"async\" width=\"600\" height=\"800\" src=\"https:\/\/swissdox.ch\/wp-content\/uploads\/2024\/09\/cath-ch.jpg\" class=\"attachment-full size-full wp-image-53525\" alt=\"\" srcset=\"https:\/\/swissdox.ch\/wp-content\/uploads\/2024\/09\/cath-ch.jpg 600w, https:\/\/swissdox.ch\/wp-content\/uploads\/2024\/09\/cath-ch-225x300.jpg 225w\" sizes=\"(max-width: 600px) 100vw, 600px\" \/><\/div>\n\t\t<\/a>\n\t\t\t\t<div class=\"elementor-post__text\">\n\t\t\t\t<h3 class=\"elementor-post__title\">\n\t\t\t<a href=\"https:\/\/swissdox.ch\/fr\/repertoire-des-medias\/cath-ch\/\" >\n\t\t\t\tcath.ch\t\t\t<\/a>\n\t\t<\/h3>\n\t\t\t\t<\/div>\n\t\t\t\t<\/article>\n\t\t\t\t<article class=\"elementor-post elementor-grid-item post-69701 medienverzeichnis type-medienverzeichnis status-publish has-post-thumbnail hentry land-allemagne medientyp-magazine partner-dfv-mediengruppe sprache-allemand\" role=\"listitem\">\n\t\t\t\t<a class=\"elementor-post__thumbnail__link\" href=\"https:\/\/swissdox.ch\/fr\/repertoire-des-medias\/changement\/\" tabindex=\"-1\" >\n\t\t\t<div class=\"elementor-post__thumbnail\"><img loading=\"lazy\" decoding=\"async\" width=\"600\" height=\"800\" src=\"https:\/\/swissdox.ch\/wp-content\/uploads\/2025\/04\/changement.jpg\" class=\"attachment-full size-full wp-image-61174\" alt=\"\" srcset=\"https:\/\/swissdox.ch\/wp-content\/uploads\/2025\/04\/changement.jpg 600w, https:\/\/swissdox.ch\/wp-content\/uploads\/2025\/04\/changement-225x300.jpg 225w\" sizes=\"(max-width: 600px) 100vw, 600px\" \/><\/div>\n\t\t<\/a>\n\t\t\t\t<div class=\"elementor-post__text\">\n\t\t\t\t<h3 class=\"elementor-post__title\">\n\t\t\t<a href=\"https:\/\/swissdox.ch\/fr\/repertoire-des-medias\/changement\/\" >\n\t\t\t\tchangement!\t\t\t<\/a>\n\t\t<\/h3>\n\t\t\t\t<\/div>\n\t\t\t\t<\/article>\n\t\t\t\t<article class=\"elementor-post elementor-grid-item post-69702 medienverzeichnis type-medienverzeichnis status-publish has-post-thumbnail hentry land-allemagne medientyp-magazine partner-sueddeutscher-verlag sprache-allemand\" role=\"listitem\">\n\t\t\t\t<a class=\"elementor-post__thumbnail__link\" href=\"https:\/\/swissdox.ch\/fr\/repertoire-des-medias\/chemie-technik\/\" tabindex=\"-1\" >\n\t\t\t<div class=\"elementor-post__thumbnail\"><img loading=\"lazy\" decoding=\"async\" width=\"600\" height=\"799\" src=\"https:\/\/swissdox.ch\/wp-content\/uploads\/2024\/09\/chemie-technik.jpg\" class=\"attachment-full size-full wp-image-53529\" alt=\"\" srcset=\"https:\/\/swissdox.ch\/wp-content\/uploads\/2024\/09\/chemie-technik.jpg 600w, https:\/\/swissdox.ch\/wp-content\/uploads\/2024\/09\/chemie-technik-225x300.jpg 225w\" sizes=\"(max-width: 600px) 100vw, 600px\" \/><\/div>\n\t\t<\/a>\n\t\t\t\t<div class=\"elementor-post__text\">\n\t\t\t\t<h3 class=\"elementor-post__title\">\n\t\t\t<a href=\"https:\/\/swissdox.ch\/fr\/repertoire-des-medias\/chemie-technik\/\" >\n\t\t\t\tCHEMIE TECHNIK\t\t\t<\/a>\n\t\t<\/h3>\n\t\t\t\t<\/div>\n\t\t\t\t<\/article>\n\t\t\t\t<article class=\"elementor-post elementor-grid-item post-69703 medienverzeichnis type-medienverzeichnis status-publish has-post-thumbnail hentry land-allemagne medientyp-magazine partner-axel-springer-ullstein-syndication-gmbh sprache-allemand\" role=\"listitem\">\n\t\t\t\t<a class=\"elementor-post__thumbnail__link\" href=\"https:\/\/swissdox.ch\/fr\/repertoire-des-medias\/cicero\/\" tabindex=\"-1\" >\n\t\t\t<div class=\"elementor-post__thumbnail\"><img loading=\"lazy\" decoding=\"async\" width=\"600\" height=\"800\" src=\"https:\/\/swissdox.ch\/wp-content\/uploads\/2024\/09\/cicero.jpg\" class=\"attachment-full size-full wp-image-53537\" alt=\"\" srcset=\"https:\/\/swissdox.ch\/wp-content\/uploads\/2024\/09\/cicero.jpg 600w, https:\/\/swissdox.ch\/wp-content\/uploads\/2024\/09\/cicero-225x300.jpg 225w\" sizes=\"(max-width: 600px) 100vw, 600px\" \/><\/div>\n\t\t<\/a>\n\t\t\t\t<div class=\"elementor-post__text\">\n\t\t\t\t<h3 class=\"elementor-post__title\">\n\t\t\t<a href=\"https:\/\/swissdox.ch\/fr\/repertoire-des-medias\/cicero\/\" >\n\t\t\t\tCicero\t\t\t<\/a>\n\t\t<\/h3>\n\t\t\t\t<\/div>\n\t\t\t\t<\/article>\n\t\t\t\t<article class=\"elementor-post elementor-grid-item post-69704 medienverzeichnis type-medienverzeichnis status-publish has-post-thumbnail hentry land-allemagne medientyp-presse-en-ligne partner-axel-springer-ullstein-syndication-gmbh sprache-allemand\" role=\"listitem\">\n\t\t\t\t<a class=\"elementor-post__thumbnail__link\" href=\"https:\/\/swissdox.ch\/fr\/repertoire-des-medias\/cicero-de\/\" tabindex=\"-1\" >\n\t\t\t<div class=\"elementor-post__thumbnail\"><img loading=\"lazy\" decoding=\"async\" width=\"600\" height=\"800\" src=\"https:\/\/swissdox.ch\/wp-content\/uploads\/2024\/09\/cicero-de.jpg\" class=\"attachment-full size-full wp-image-53533\" alt=\"\" srcset=\"https:\/\/swissdox.ch\/wp-content\/uploads\/2024\/09\/cicero-de.jpg 600w, https:\/\/swissdox.ch\/wp-content\/uploads\/2024\/09\/cicero-de-225x300.jpg 225w\" sizes=\"(max-width: 600px) 100vw, 600px\" \/><\/div>\n\t\t<\/a>\n\t\t\t\t<div class=\"elementor-post__text\">\n\t\t\t\t<h3 class=\"elementor-post__title\">\n\t\t\t<a href=\"https:\/\/swissdox.ch\/fr\/repertoire-des-medias\/cicero-de\/\" >\n\t\t\t\tcicero.de\t\t\t<\/a>\n\t\t<\/h3>\n\t\t\t\t<\/div>\n\t\t\t\t<\/article>\n\t\t\t\t<article class=\"elementor-post elementor-grid-item post-69705 medienverzeichnis type-medienverzeichnis status-publish has-post-thumbnail hentry land-suisse medientyp-magazine partner-cinebulletin sprache-francais\" role=\"listitem\">\n\t\t\t\t<a class=\"elementor-post__thumbnail__link\" href=\"https:\/\/swissdox.ch\/fr\/repertoire-des-medias\/cinebulletin-fr\/\" tabindex=\"-1\" >\n\t\t\t<div class=\"elementor-post__thumbnail\"><img loading=\"lazy\" decoding=\"async\" width=\"600\" height=\"799\" src=\"https:\/\/swissdox.ch\/wp-content\/uploads\/2024\/09\/cinebulletin-fr.jpg\" class=\"attachment-full size-full wp-image-53549\" alt=\"\" srcset=\"https:\/\/swissdox.ch\/wp-content\/uploads\/2024\/09\/cinebulletin-fr.jpg 600w, https:\/\/swissdox.ch\/wp-content\/uploads\/2024\/09\/cinebulletin-fr-225x300.jpg 225w\" sizes=\"(max-width: 600px) 100vw, 600px\" \/><\/div>\n\t\t<\/a>\n\t\t\t\t<div class=\"elementor-post__text\">\n\t\t\t\t<h3 class=\"elementor-post__title\">\n\t\t\t<a href=\"https:\/\/swissdox.ch\/fr\/repertoire-des-medias\/cinebulletin-fr\/\" >\n\t\t\t\tcin\u00e9bulletin (fr)\t\t\t<\/a>\n\t\t<\/h3>\n\t\t\t\t<\/div>\n\t\t\t\t<\/article>\n\t\t\t\t<article class=\"elementor-post elementor-grid-item post-69706 medienverzeichnis type-medienverzeichnis status-publish has-post-thumbnail hentry land-suisse medientyp-magazine partner-cinebulletin sprache-allemand sprache-italien\" role=\"listitem\">\n\t\t\t\t<a class=\"elementor-post__thumbnail__link\" href=\"https:\/\/swissdox.ch\/fr\/repertoire-des-medias\/cinebulletin-de\/\" tabindex=\"-1\" >\n\t\t\t<div class=\"elementor-post__thumbnail\"><img loading=\"lazy\" decoding=\"async\" width=\"600\" height=\"799\" src=\"https:\/\/swissdox.ch\/wp-content\/uploads\/2024\/09\/cinebulletin-de.jpg\" class=\"attachment-full size-full wp-image-53545\" alt=\"\" srcset=\"https:\/\/swissdox.ch\/wp-content\/uploads\/2024\/09\/cinebulletin-de.jpg 600w, https:\/\/swissdox.ch\/wp-content\/uploads\/2024\/09\/cinebulletin-de-225x300.jpg 225w\" sizes=\"(max-width: 600px) 100vw, 600px\" \/><\/div>\n\t\t<\/a>\n\t\t\t\t<div class=\"elementor-post__text\">\n\t\t\t\t<h3 class=\"elementor-post__title\">\n\t\t\t<a href=\"https:\/\/swissdox.ch\/fr\/repertoire-des-medias\/cinebulletin-de\/\" >\n\t\t\t\tcin\u00e9bulletin (de)\t\t\t<\/a>\n\t\t<\/h3>\n\t\t\t\t<\/div>\n\t\t\t\t<\/article>\n\t\t\t\t<article class=\"elementor-post elementor-grid-item post-69707 medienverzeichnis type-medienverzeichnis status-publish has-post-thumbnail hentry land-suisse medientyp-presse-en-ligne partner-cinebulletin sprache-allemand sprache-francais\" role=\"listitem\">\n\t\t\t\t<a class=\"elementor-post__thumbnail__link\" href=\"https:\/\/swissdox.ch\/fr\/repertoire-des-medias\/cinebulletin-ch\/\" tabindex=\"-1\" >\n\t\t\t<div class=\"elementor-post__thumbnail\"><img loading=\"lazy\" decoding=\"async\" width=\"600\" height=\"800\" src=\"https:\/\/swissdox.ch\/wp-content\/uploads\/2024\/09\/cinebulletin-ch.jpg\" class=\"attachment-full size-full wp-image-53541\" alt=\"\" srcset=\"https:\/\/swissdox.ch\/wp-content\/uploads\/2024\/09\/cinebulletin-ch.jpg 600w, https:\/\/swissdox.ch\/wp-content\/uploads\/2024\/09\/cinebulletin-ch-225x300.jpg 225w\" sizes=\"(max-width: 600px) 100vw, 600px\" \/><\/div>\n\t\t<\/a>\n\t\t\t\t<div class=\"elementor-post__text\">\n\t\t\t\t<h3 class=\"elementor-post__title\">\n\t\t\t<a href=\"https:\/\/swissdox.ch\/fr\/repertoire-des-medias\/cinebulletin-ch\/\" >\n\t\t\t\tcinebulletin.ch\t\t\t<\/a>\n\t\t<\/h3>\n\t\t\t\t<\/div>\n\t\t\t\t<\/article>\n\t\t\t\t<article class=\"elementor-post elementor-grid-item post-69708 medienverzeichnis type-medienverzeichnis status-publish has-post-thumbnail hentry land-allemagne medientyp-magazine partner-dfv-mediengruppe sprache-allemand\" role=\"listitem\">\n\t\t\t\t<a class=\"elementor-post__thumbnail__link\" href=\"https:\/\/swissdox.ch\/fr\/repertoire-des-medias\/circular-economy\/\" tabindex=\"-1\" >\n\t\t\t<div class=\"elementor-post__thumbnail\"><img loading=\"lazy\" decoding=\"async\" width=\"600\" height=\"799\" src=\"https:\/\/swissdox.ch\/wp-content\/uploads\/2024\/09\/circular-economy.jpg\" class=\"attachment-full size-full wp-image-53553\" alt=\"\" srcset=\"https:\/\/swissdox.ch\/wp-content\/uploads\/2024\/09\/circular-economy.jpg 600w, https:\/\/swissdox.ch\/wp-content\/uploads\/2024\/09\/circular-economy-225x300.jpg 225w\" sizes=\"(max-width: 600px) 100vw, 600px\" \/><\/div>\n\t\t<\/a>\n\t\t\t\t<div class=\"elementor-post__text\">\n\t\t\t\t<h3 class=\"elementor-post__title\">\n\t\t\t<a href=\"https:\/\/swissdox.ch\/fr\/repertoire-des-medias\/circular-economy\/\" >\n\t\t\t\tCIRCULAR ECONOMY\t\t\t<\/a>\n\t\t<\/h3>\n\t\t\t\t<\/div>\n\t\t\t\t<\/article>\n\t\t\t\t<article class=\"elementor-post elementor-grid-item post-69709 medienverzeichnis type-medienverzeichnis status-publish has-post-thumbnail hentry land-suisse medientyp-hebdomadaire partner-coop sprache-francais\" role=\"listitem\">\n\t\t\t\t<a class=\"elementor-post__thumbnail__link\" href=\"https:\/\/swissdox.ch\/fr\/repertoire-des-medias\/cooperation\/\" tabindex=\"-1\" >\n\t\t\t<div class=\"elementor-post__thumbnail\"><img loading=\"lazy\" decoding=\"async\" width=\"600\" height=\"800\" src=\"https:\/\/swissdox.ch\/wp-content\/uploads\/2024\/09\/cooperation.jpg\" class=\"attachment-full size-full wp-image-53557\" alt=\"\" srcset=\"https:\/\/swissdox.ch\/wp-content\/uploads\/2024\/09\/cooperation.jpg 600w, https:\/\/swissdox.ch\/wp-content\/uploads\/2024\/09\/cooperation-225x300.jpg 225w\" sizes=\"(max-width: 600px) 100vw, 600px\" \/><\/div>\n\t\t<\/a>\n\t\t\t\t<div class=\"elementor-post__text\">\n\t\t\t\t<h3 class=\"elementor-post__title\">\n\t\t\t<a href=\"https:\/\/swissdox.ch\/fr\/repertoire-des-medias\/cooperation\/\" >\n\t\t\t\tCoop\u00e9ration\t\t\t<\/a>\n\t\t<\/h3>\n\t\t\t\t<\/div>\n\t\t\t\t<\/article>\n\t\t\t\t<article class=\"elementor-post elementor-grid-item post-69710 medienverzeichnis type-medienverzeichnis status-publish has-post-thumbnail hentry land-suisse medientyp-hebdomadaire partner-coop sprache-italien\" role=\"listitem\">\n\t\t\t\t<a class=\"elementor-post__thumbnail__link\" href=\"https:\/\/swissdox.ch\/fr\/repertoire-des-medias\/cooperazione\/\" tabindex=\"-1\" >\n\t\t\t<div class=\"elementor-post__thumbnail\"><img loading=\"lazy\" decoding=\"async\" width=\"600\" height=\"800\" src=\"https:\/\/swissdox.ch\/wp-content\/uploads\/2024\/09\/cooperazione.jpg\" class=\"attachment-full size-full wp-image-53561\" alt=\"\" srcset=\"https:\/\/swissdox.ch\/wp-content\/uploads\/2024\/09\/cooperazione.jpg 600w, https:\/\/swissdox.ch\/wp-content\/uploads\/2024\/09\/cooperazione-225x300.jpg 225w\" sizes=\"(max-width: 600px) 100vw, 600px\" \/><\/div>\n\t\t<\/a>\n\t\t\t\t<div class=\"elementor-post__text\">\n\t\t\t\t<h3 class=\"elementor-post__title\">\n\t\t\t<a href=\"https:\/\/swissdox.ch\/fr\/repertoire-des-medias\/cooperazione\/\" >\n\t\t\t\tCooperazione\t\t\t<\/a>\n\t\t<\/h3>\n\t\t\t\t<\/div>\n\t\t\t\t<\/article>\n\t\t\t\t<article class=\"elementor-post elementor-grid-item post-69711 medienverzeichnis type-medienverzeichnis status-publish has-post-thumbnail hentry land-suisse medientyp-hebdomadaire partner-coop sprache-allemand\" role=\"listitem\">\n\t\t\t\t<a class=\"elementor-post__thumbnail__link\" href=\"https:\/\/swissdox.ch\/fr\/repertoire-des-medias\/coopzeitung\/\" tabindex=\"-1\" >\n\t\t\t<div class=\"elementor-post__thumbnail\"><img loading=\"lazy\" decoding=\"async\" width=\"600\" height=\"800\" src=\"https:\/\/swissdox.ch\/wp-content\/uploads\/2024\/09\/coopzeitung.jpg\" class=\"attachment-full size-full wp-image-53565\" alt=\"\" srcset=\"https:\/\/swissdox.ch\/wp-content\/uploads\/2024\/09\/coopzeitung.jpg 600w, https:\/\/swissdox.ch\/wp-content\/uploads\/2024\/09\/coopzeitung-225x300.jpg 225w\" sizes=\"(max-width: 600px) 100vw, 600px\" \/><\/div>\n\t\t<\/a>\n\t\t\t\t<div class=\"elementor-post__text\">\n\t\t\t\t<h3 class=\"elementor-post__title\">\n\t\t\t<a href=\"https:\/\/swissdox.ch\/fr\/repertoire-des-medias\/coopzeitung\/\" >\n\t\t\t\tCoopzeitung\t\t\t<\/a>\n\t\t<\/h3>\n\t\t\t\t<\/div>\n\t\t\t\t<\/article>\n\t\t\t\t<article class=\"elementor-post elementor-grid-item post-69712 medienverzeichnis type-medienverzeichnis status-publish has-post-thumbnail hentry land-suisse medientyp-quotidien partner-esh-medias-sa sprache-francais\" role=\"listitem\">\n\t\t\t\t<a class=\"elementor-post__thumbnail__link\" href=\"https:\/\/swissdox.ch\/fr\/repertoire-des-medias\/la-cote\/\" tabindex=\"-1\" >\n\t\t\t<div class=\"elementor-post__thumbnail\"><img loading=\"lazy\" decoding=\"async\" width=\"600\" height=\"800\" src=\"https:\/\/swissdox.ch\/wp-content\/uploads\/2024\/09\/la-cote.jpg\" class=\"attachment-full size-full wp-image-54009\" alt=\"\" srcset=\"https:\/\/swissdox.ch\/wp-content\/uploads\/2024\/09\/la-cote.jpg 600w, https:\/\/swissdox.ch\/wp-content\/uploads\/2024\/09\/la-cote-225x300.jpg 225w\" sizes=\"(max-width: 600px) 100vw, 600px\" \/><\/div>\n\t\t<\/a>\n\t\t\t\t<div class=\"elementor-post__text\">\n\t\t\t\t<h3 class=\"elementor-post__title\">\n\t\t\t<a href=\"https:\/\/swissdox.ch\/fr\/repertoire-des-medias\/la-cote\/\" >\n\t\t\t\tLa C\u00f4te\t\t\t<\/a>\n\t\t<\/h3>\n\t\t\t\t<\/div>\n\t\t\t\t<\/article>\n\t\t\t\t<article class=\"elementor-post elementor-grid-item post-69713 medienverzeichnis type-medienverzeichnis status-publish has-post-thumbnail hentry land-suisse medientyp-magazine partner-ringier-ag sprache-francais\" role=\"listitem\">\n\t\t\t\t<a class=\"elementor-post__thumbnail__link\" href=\"https:\/\/swissdox.ch\/fr\/repertoire-des-medias\/cotenature\/\" tabindex=\"-1\" >\n\t\t\t<div class=\"elementor-post__thumbnail\"><img loading=\"lazy\" decoding=\"async\" width=\"600\" height=\"800\" src=\"https:\/\/swissdox.ch\/wp-content\/uploads\/2024\/09\/cotenature.jpg\" class=\"attachment-full size-full wp-image-53569\" alt=\"\" srcset=\"https:\/\/swissdox.ch\/wp-content\/uploads\/2024\/09\/cotenature.jpg 600w, https:\/\/swissdox.ch\/wp-content\/uploads\/2024\/09\/cotenature-225x300.jpg 225w\" sizes=\"(max-width: 600px) 100vw, 600px\" \/><\/div>\n\t\t<\/a>\n\t\t\t\t<div class=\"elementor-post__text\">\n\t\t\t\t<h3 class=\"elementor-post__title\">\n\t\t\t<a href=\"https:\/\/swissdox.ch\/fr\/repertoire-des-medias\/cotenature\/\" >\n\t\t\t\tC\u00f4t\u00e9Nature\t\t\t<\/a>\n\t\t<\/h3>\n\t\t\t\t<\/div>\n\t\t\t\t<\/article>\n\t\t\t\t<article class=\"elementor-post elementor-grid-item post-69714 medienverzeichnis type-medienverzeichnis status-publish has-post-thumbnail hentry land-suisse medientyp-magazine partner-cruiser sprache-allemand\" role=\"listitem\">\n\t\t\t\t<a class=\"elementor-post__thumbnail__link\" href=\"https:\/\/swissdox.ch\/fr\/repertoire-des-medias\/cruiser\/\" tabindex=\"-1\" >\n\t\t\t<div class=\"elementor-post__thumbnail\"><img loading=\"lazy\" decoding=\"async\" width=\"600\" height=\"800\" src=\"https:\/\/swissdox.ch\/wp-content\/uploads\/2024\/09\/cruiser.jpg\" class=\"attachment-full size-full wp-image-53573\" alt=\"\" srcset=\"https:\/\/swissdox.ch\/wp-content\/uploads\/2024\/09\/cruiser.jpg 600w, https:\/\/swissdox.ch\/wp-content\/uploads\/2024\/09\/cruiser-225x300.jpg 225w\" sizes=\"(max-width: 600px) 100vw, 600px\" \/><\/div>\n\t\t<\/a>\n\t\t\t\t<div class=\"elementor-post__text\">\n\t\t\t\t<h3 class=\"elementor-post__title\">\n\t\t\t<a href=\"https:\/\/swissdox.ch\/fr\/repertoire-des-medias\/cruiser\/\" >\n\t\t\t\tcruiser\t\t\t<\/a>\n\t\t<\/h3>\n\t\t\t\t<\/div>\n\t\t\t\t<\/article>\n\t\t\t\t<article class=\"elementor-post elementor-grid-item post-69715 medienverzeichnis type-medienverzeichnis status-publish has-post-thumbnail hentry land-suisse medientyp-magazine partner-velomedien-ag sprache-allemand\" role=\"listitem\">\n\t\t\t\t<a class=\"elementor-post__thumbnail__link\" href=\"https:\/\/swissdox.ch\/fr\/repertoire-des-medias\/cyclinfo\/\" tabindex=\"-1\" >\n\t\t\t<div class=\"elementor-post__thumbnail\"><img loading=\"lazy\" decoding=\"async\" width=\"600\" height=\"800\" src=\"https:\/\/swissdox.ch\/wp-content\/uploads\/2025\/03\/cyclinfo.jpg\" class=\"attachment-full size-full wp-image-60575\" alt=\"\" srcset=\"https:\/\/swissdox.ch\/wp-content\/uploads\/2025\/03\/cyclinfo.jpg 600w, https:\/\/swissdox.ch\/wp-content\/uploads\/2025\/03\/cyclinfo-225x300.jpg 225w\" sizes=\"(max-width: 600px) 100vw, 600px\" \/><\/div>\n\t\t<\/a>\n\t\t\t\t<div class=\"elementor-post__text\">\n\t\t\t\t<h3 class=\"elementor-post__title\">\n\t\t\t<a href=\"https:\/\/swissdox.ch\/fr\/repertoire-des-medias\/cyclinfo\/\" >\n\t\t\t\tCYCLINFO\t\t\t<\/a>\n\t\t<\/h3>\n\t\t\t\t<\/div>\n\t\t\t\t<\/article>\n\t\t\t\t<article class=\"elementor-post elementor-grid-item post-69716 medienverzeichnis type-medienverzeichnis status-publish has-post-thumbnail hentry land-suisse medientyp-presse-en-ligne partner-velomedien-ag sprache-allemand\" role=\"listitem\">\n\t\t\t\t<a class=\"elementor-post__thumbnail__link\" href=\"https:\/\/swissdox.ch\/fr\/repertoire-des-medias\/cyclinfo-ch\/\" tabindex=\"-1\" >\n\t\t\t<div class=\"elementor-post__thumbnail\"><img loading=\"lazy\" decoding=\"async\" width=\"600\" height=\"799\" src=\"https:\/\/swissdox.ch\/wp-content\/uploads\/2024\/11\/cyclinfo-ch.jpg\" class=\"attachment-full size-full wp-image-58048\" alt=\"\" srcset=\"https:\/\/swissdox.ch\/wp-content\/uploads\/2024\/11\/cyclinfo-ch.jpg 600w, https:\/\/swissdox.ch\/wp-content\/uploads\/2024\/11\/cyclinfo-ch-225x300.jpg 225w\" sizes=\"(max-width: 600px) 100vw, 600px\" \/><\/div>\n\t\t<\/a>\n\t\t\t\t<div class=\"elementor-post__text\">\n\t\t\t\t<h3 class=\"elementor-post__title\">\n\t\t\t<a href=\"https:\/\/swissdox.ch\/fr\/repertoire-des-medias\/cyclinfo-ch\/\" >\n\t\t\t\tcyclinfo.ch\t\t\t<\/a>\n\t\t<\/h3>\n\t\t\t\t<\/div>\n\t\t\t\t<\/article>\n\t\t\t\t<article class=\"elementor-post elementor-grid-item post-69717 medienverzeichnis type-medienverzeichnis status-publish has-post-thumbnail hentry land-suisse medientyp-magazine partner-schweizer-wanderwege sprache-allemand\" role=\"listitem\">\n\t\t\t\t<a class=\"elementor-post__thumbnail__link\" href=\"https:\/\/swissdox.ch\/fr\/repertoire-des-medias\/das-wandern\/\" tabindex=\"-1\" >\n\t\t\t<div class=\"elementor-post__thumbnail\"><img loading=\"lazy\" decoding=\"async\" width=\"600\" height=\"800\" src=\"https:\/\/swissdox.ch\/wp-content\/uploads\/2026\/06\/das-wandern.jpg\" class=\"attachment-full size-full wp-image-67965\" alt=\"\" srcset=\"https:\/\/swissdox.ch\/wp-content\/uploads\/2026\/06\/das-wandern.jpg 600w, https:\/\/swissdox.ch\/wp-content\/uploads\/2026\/06\/das-wandern-225x300.jpg 225w\" sizes=\"(max-width: 600px) 100vw, 600px\" \/><\/div>\n\t\t<\/a>\n\t\t\t\t<div class=\"elementor-post__text\">\n\t\t\t\t<h3 class=\"elementor-post__title\">\n\t\t\t<a href=\"https:\/\/swissdox.ch\/fr\/repertoire-des-medias\/das-wandern\/\" >\n\t\t\t\tDAS WANDERN\t\t\t<\/a>\n\t\t<\/h3>\n\t\t\t\t<\/div>\n\t\t\t\t<\/article>\n\t\t\t\t<article class=\"elementor-post elementor-grid-item post-69718 medienverzeichnis type-medienverzeichnis status-publish has-post-thumbnail hentry land-suisse medientyp-presse-en-ligne partner-das-lamm sprache-allemand sprache-anglais\" role=\"listitem\">\n\t\t\t\t<a class=\"elementor-post__thumbnail__link\" href=\"https:\/\/swissdox.ch\/fr\/repertoire-des-medias\/daslamm-ch\/\" tabindex=\"-1\" >\n\t\t\t<div class=\"elementor-post__thumbnail\"><img loading=\"lazy\" decoding=\"async\" width=\"600\" height=\"800\" src=\"https:\/\/swissdox.ch\/wp-content\/uploads\/2024\/09\/daslamm-ch.jpg\" class=\"attachment-full size-full wp-image-53581\" alt=\"\" srcset=\"https:\/\/swissdox.ch\/wp-content\/uploads\/2024\/09\/daslamm-ch.jpg 600w, https:\/\/swissdox.ch\/wp-content\/uploads\/2024\/09\/daslamm-ch-225x300.jpg 225w\" sizes=\"(max-width: 600px) 100vw, 600px\" \/><\/div>\n\t\t<\/a>\n\t\t\t\t<div class=\"elementor-post__text\">\n\t\t\t\t<h3 class=\"elementor-post__title\">\n\t\t\t<a href=\"https:\/\/swissdox.ch\/fr\/repertoire-des-medias\/daslamm-ch\/\" >\n\t\t\t\tdaslamm.ch\t\t\t<\/a>\n\t\t<\/h3>\n\t\t\t\t<\/div>\n\t\t\t\t<\/article>\n\t\t\t\t<article class=\"elementor-post elementor-grid-item post-69719 medienverzeichnis type-medienverzeichnis status-publish has-post-thumbnail hentry land-autriche medientyp-magazine partner-austria-presse-agentur sprache-allemand\" role=\"listitem\">\n\t\t\t\t<a class=\"elementor-post__thumbnail__link\" href=\"https:\/\/swissdox.ch\/fr\/repertoire-des-medias\/datum\/\" tabindex=\"-1\" >\n\t\t\t<div class=\"elementor-post__thumbnail\"><img loading=\"lazy\" decoding=\"async\" width=\"600\" height=\"799\" src=\"https:\/\/swissdox.ch\/wp-content\/uploads\/2024\/09\/datum.jpg\" class=\"attachment-full size-full wp-image-53585\" alt=\"\" srcset=\"https:\/\/swissdox.ch\/wp-content\/uploads\/2024\/09\/datum.jpg 600w, https:\/\/swissdox.ch\/wp-content\/uploads\/2024\/09\/datum-225x300.jpg 225w\" sizes=\"(max-width: 600px) 100vw, 600px\" \/><\/div>\n\t\t<\/a>\n\t\t\t\t<div class=\"elementor-post__text\">\n\t\t\t\t<h3 class=\"elementor-post__title\">\n\t\t\t<a href=\"https:\/\/swissdox.ch\/fr\/repertoire-des-medias\/datum\/\" >\n\t\t\t\tDATUM\t\t\t<\/a>\n\t\t<\/h3>\n\t\t\t\t<\/div>\n\t\t\t\t<\/article>\n\t\t\t\t<article class=\"elementor-post elementor-grid-item post-69720 medienverzeichnis type-medienverzeichnis status-publish has-post-thumbnail hentry land-allemagne medientyp-magazine partner-sueddeutscher-verlag sprache-allemand\" role=\"listitem\">\n\t\t\t\t<a class=\"elementor-post__thumbnail__link\" href=\"https:\/\/swissdox.ch\/fr\/repertoire-des-medias\/de-das-elektrohandwerk\/\" tabindex=\"-1\" >\n\t\t\t<div class=\"elementor-post__thumbnail\"><img loading=\"lazy\" decoding=\"async\" width=\"600\" height=\"799\" src=\"https:\/\/swissdox.ch\/wp-content\/uploads\/2024\/09\/de-das-elektrohandwerk.jpg\" class=\"attachment-full size-full wp-image-53589\" alt=\"\" srcset=\"https:\/\/swissdox.ch\/wp-content\/uploads\/2024\/09\/de-das-elektrohandwerk.jpg 600w, https:\/\/swissdox.ch\/wp-content\/uploads\/2024\/09\/de-das-elektrohandwerk-225x300.jpg 225w\" sizes=\"(max-width: 600px) 100vw, 600px\" \/><\/div>\n\t\t<\/a>\n\t\t\t\t<div class=\"elementor-post__text\">\n\t\t\t\t<h3 class=\"elementor-post__title\">\n\t\t\t<a href=\"https:\/\/swissdox.ch\/fr\/repertoire-des-medias\/de-das-elektrohandwerk\/\" >\n\t\t\t\tde &#8211; das elektrohandwerk\t\t\t<\/a>\n\t\t<\/h3>\n\t\t\t\t<\/div>\n\t\t\t\t<\/article>\n\t\t\t\t<article class=\"elementor-post elementor-grid-item post-69721 medienverzeichnis type-medienverzeichnis status-publish has-post-thumbnail hentry land-suisse medientyp-presse-en-ligne partner-defacto sprache-allemand\" role=\"listitem\">\n\t\t\t\t<a class=\"elementor-post__thumbnail__link\" href=\"https:\/\/swissdox.ch\/fr\/repertoire-des-medias\/defacto-expert\/\" tabindex=\"-1\" >\n\t\t\t<div class=\"elementor-post__thumbnail\"><img loading=\"lazy\" decoding=\"async\" width=\"600\" height=\"800\" src=\"https:\/\/swissdox.ch\/wp-content\/uploads\/2024\/09\/defacto-expert.jpg\" class=\"attachment-full size-full wp-image-53593\" alt=\"\" srcset=\"https:\/\/swissdox.ch\/wp-content\/uploads\/2024\/09\/defacto-expert.jpg 600w, https:\/\/swissdox.ch\/wp-content\/uploads\/2024\/09\/defacto-expert-225x300.jpg 225w\" sizes=\"(max-width: 600px) 100vw, 600px\" \/><\/div>\n\t\t<\/a>\n\t\t\t\t<div class=\"elementor-post__text\">\n\t\t\t\t<h3 class=\"elementor-post__title\">\n\t\t\t<a href=\"https:\/\/swissdox.ch\/fr\/repertoire-des-medias\/defacto-expert\/\" >\n\t\t\t\tdefacto.expert\t\t\t<\/a>\n\t\t<\/h3>\n\t\t\t\t<\/div>\n\t\t\t\t<\/article>\n\t\t\t\t<article class=\"elementor-post elementor-grid-item post-69722 medienverzeichnis type-medienverzeichnis status-publish has-post-thumbnail hentry land-suisse medientyp-magazine partner-denknetz sprache-allemand\" role=\"listitem\">\n\t\t\t\t<a class=\"elementor-post__thumbnail__link\" href=\"https:\/\/swissdox.ch\/fr\/repertoire-des-medias\/denknetz\/\" tabindex=\"-1\" >\n\t\t\t<div class=\"elementor-post__thumbnail\"><img loading=\"lazy\" decoding=\"async\" width=\"600\" height=\"800\" src=\"https:\/\/swissdox.ch\/wp-content\/uploads\/2024\/09\/denknetz.jpg\" class=\"attachment-full size-full wp-image-53597\" alt=\"\" srcset=\"https:\/\/swissdox.ch\/wp-content\/uploads\/2024\/09\/denknetz.jpg 600w, https:\/\/swissdox.ch\/wp-content\/uploads\/2024\/09\/denknetz-225x300.jpg 225w\" sizes=\"(max-width: 600px) 100vw, 600px\" \/><\/div>\n\t\t<\/a>\n\t\t\t\t<div class=\"elementor-post__text\">\n\t\t\t\t<h3 class=\"elementor-post__title\">\n\t\t\t<a href=\"https:\/\/swissdox.ch\/fr\/repertoire-des-medias\/denknetz\/\" >\n\t\t\t\tDenknetz\t\t\t<\/a>\n\t\t<\/h3>\n\t\t\t\t<\/div>\n\t\t\t\t<\/article>\n\t\t\t\t<article class=\"elementor-post elementor-grid-item post-69723 medienverzeichnis type-medienverzeichnis status-publish has-post-thumbnail hentry land-suisse medientyp-presse-en-ligne partner-tx-group-ag sprache-allemand\" role=\"listitem\">\n\t\t\t\t<a class=\"elementor-post__thumbnail__link\" href=\"https:\/\/swissdox.ch\/fr\/repertoire-des-medias\/derbund-ch\/\" tabindex=\"-1\" >\n\t\t\t<div class=\"elementor-post__thumbnail\"><img loading=\"lazy\" decoding=\"async\" width=\"600\" height=\"800\" src=\"https:\/\/swissdox.ch\/wp-content\/uploads\/2024\/09\/derbund-ch.jpg\" class=\"attachment-full size-full wp-image-53621\" alt=\"\" srcset=\"https:\/\/swissdox.ch\/wp-content\/uploads\/2024\/09\/derbund-ch.jpg 600w, https:\/\/swissdox.ch\/wp-content\/uploads\/2024\/09\/derbund-ch-225x300.jpg 225w\" sizes=\"(max-width: 600px) 100vw, 600px\" \/><\/div>\n\t\t<\/a>\n\t\t\t\t<div class=\"elementor-post__text\">\n\t\t\t\t<h3 class=\"elementor-post__title\">\n\t\t\t<a href=\"https:\/\/swissdox.ch\/fr\/repertoire-des-medias\/derbund-ch\/\" >\n\t\t\t\tderbund.ch\t\t\t<\/a>\n\t\t<\/h3>\n\t\t\t\t<\/div>\n\t\t\t\t<\/article>\n\t\t\t\t<article class=\"elementor-post elementor-grid-item post-69724 medienverzeichnis type-medienverzeichnis status-publish has-post-thumbnail hentry land-suisse medientyp-presse-en-ligne partner-seco sprache-allemand\" role=\"listitem\">\n\t\t\t\t<a class=\"elementor-post__thumbnail__link\" href=\"https:\/\/swissdox.ch\/fr\/repertoire-des-medias\/dievolkswirtschaft-ch\/\" tabindex=\"-1\" >\n\t\t\t<div class=\"elementor-post__thumbnail\"><img loading=\"lazy\" decoding=\"async\" width=\"600\" height=\"800\" src=\"https:\/\/swissdox.ch\/wp-content\/uploads\/2024\/09\/dievolkswirtschaft-ch.jpg\" class=\"attachment-full size-full wp-image-53649\" alt=\"\" srcset=\"https:\/\/swissdox.ch\/wp-content\/uploads\/2024\/09\/dievolkswirtschaft-ch.jpg 600w, https:\/\/swissdox.ch\/wp-content\/uploads\/2024\/09\/dievolkswirtschaft-ch-225x300.jpg 225w\" sizes=\"(max-width: 600px) 100vw, 600px\" \/><\/div>\n\t\t<\/a>\n\t\t\t\t<div class=\"elementor-post__text\">\n\t\t\t\t<h3 class=\"elementor-post__title\">\n\t\t\t<a href=\"https:\/\/swissdox.ch\/fr\/repertoire-des-medias\/dievolkswirtschaft-ch\/\" >\n\t\t\t\tdievolkswirtschaft.ch\t\t\t<\/a>\n\t\t<\/h3>\n\t\t\t\t<\/div>\n\t\t\t\t<\/article>\n\t\t\t\t<article class=\"elementor-post elementor-grid-item post-69725 medienverzeichnis type-medienverzeichnis status-publish has-post-thumbnail hentry land-suisse medientyp-magazine partner-die-medien-ag sprache-allemand\" role=\"listitem\">\n\t\t\t\t<a class=\"elementor-post__thumbnail__link\" href=\"https:\/\/swissdox.ch\/fr\/repertoire-des-medias\/doppelpunkt\/\" tabindex=\"-1\" >\n\t\t\t<div class=\"elementor-post__thumbnail\"><img loading=\"lazy\" decoding=\"async\" width=\"600\" height=\"800\" src=\"https:\/\/swissdox.ch\/wp-content\/uploads\/2024\/09\/doppelpunkt.jpg\" class=\"attachment-full size-full wp-image-53653\" alt=\"\" srcset=\"https:\/\/swissdox.ch\/wp-content\/uploads\/2024\/09\/doppelpunkt.jpg 600w, https:\/\/swissdox.ch\/wp-content\/uploads\/2024\/09\/doppelpunkt-225x300.jpg 225w\" sizes=\"(max-width: 600px) 100vw, 600px\" \/><\/div>\n\t\t<\/a>\n\t\t\t\t<div class=\"elementor-post__text\">\n\t\t\t\t<h3 class=\"elementor-post__title\">\n\t\t\t<a href=\"https:\/\/swissdox.ch\/fr\/repertoire-des-medias\/doppelpunkt\/\" >\n\t\t\t\tDoppelpunkt\t\t\t<\/a>\n\t\t<\/h3>\n\t\t\t\t<\/div>\n\t\t\t\t<\/article>\n\t\t\t\t<article class=\"elementor-post elementor-grid-item post-69726 medienverzeichnis type-medienverzeichnis status-publish has-post-thumbnail hentry land-suisse medientyp-magazine partner-matthiaszehnder-ch-ag sprache-allemand\" role=\"listitem\">\n\t\t\t\t<a class=\"elementor-post__thumbnail__link\" href=\"https:\/\/swissdox.ch\/fr\/repertoire-des-medias\/edito\/\" tabindex=\"-1\" >\n\t\t\t<div class=\"elementor-post__thumbnail\"><img loading=\"lazy\" decoding=\"async\" width=\"600\" height=\"799\" src=\"https:\/\/swissdox.ch\/wp-content\/uploads\/2024\/09\/edito-de.jpg\" class=\"attachment-full size-full wp-image-53657\" alt=\"\" srcset=\"https:\/\/swissdox.ch\/wp-content\/uploads\/2024\/09\/edito-de.jpg 600w, https:\/\/swissdox.ch\/wp-content\/uploads\/2024\/09\/edito-de-225x300.jpg 225w\" sizes=\"(max-width: 600px) 100vw, 600px\" \/><\/div>\n\t\t<\/a>\n\t\t\t\t<div class=\"elementor-post__text\">\n\t\t\t\t<h3 class=\"elementor-post__title\">\n\t\t\t<a href=\"https:\/\/swissdox.ch\/fr\/repertoire-des-medias\/edito\/\" >\n\t\t\t\tEDITO\t\t\t<\/a>\n\t\t<\/h3>\n\t\t\t\t<\/div>\n\t\t\t\t<\/article>\n\t\t\t\t<article class=\"elementor-post elementor-grid-item post-69727 medienverzeichnis type-medienverzeichnis status-publish has-post-thumbnail hentry land-suisse medientyp-magazine partner-matthiaszehnder-ch-ag sprache-francais\" role=\"listitem\">\n\t\t\t\t<a class=\"elementor-post__thumbnail__link\" href=\"https:\/\/swissdox.ch\/fr\/repertoire-des-medias\/edito-francais\/\" tabindex=\"-1\" >\n\t\t\t<div class=\"elementor-post__thumbnail\"><img loading=\"lazy\" decoding=\"async\" width=\"600\" height=\"799\" src=\"https:\/\/swissdox.ch\/wp-content\/uploads\/2024\/09\/edito-fr.jpg\" class=\"attachment-full size-full wp-image-53661\" alt=\"\" srcset=\"https:\/\/swissdox.ch\/wp-content\/uploads\/2024\/09\/edito-fr.jpg 600w, https:\/\/swissdox.ch\/wp-content\/uploads\/2024\/09\/edito-fr-225x300.jpg 225w\" sizes=\"(max-width: 600px) 100vw, 600px\" \/><\/div>\n\t\t<\/a>\n\t\t\t\t<div class=\"elementor-post__text\">\n\t\t\t\t<h3 class=\"elementor-post__title\">\n\t\t\t<a href=\"https:\/\/swissdox.ch\/fr\/repertoire-des-medias\/edito-francais\/\" >\n\t\t\t\tEDITO (fran\u00e7ais)\t\t\t<\/a>\n\t\t<\/h3>\n\t\t\t\t<\/div>\n\t\t\t\t<\/article>\n\t\t\t\t<article class=\"elementor-post elementor-grid-item post-69728 medienverzeichnis type-medienverzeichnis status-publish has-post-thumbnail hentry land-allemagne medientyp-magazine partner-sueddeutscher-verlag sprache-allemand\" role=\"listitem\">\n\t\t\t\t<a class=\"elementor-post__thumbnail__link\" href=\"https:\/\/swissdox.ch\/fr\/repertoire-des-medias\/elektronik-industrie\/\" tabindex=\"-1\" >\n\t\t\t<div class=\"elementor-post__thumbnail\"><img loading=\"lazy\" decoding=\"async\" width=\"600\" height=\"800\" src=\"https:\/\/swissdox.ch\/wp-content\/uploads\/2024\/09\/elektronik-industrie.jpg\" class=\"attachment-full size-full wp-image-53665\" alt=\"\" srcset=\"https:\/\/swissdox.ch\/wp-content\/uploads\/2024\/09\/elektronik-industrie.jpg 600w, https:\/\/swissdox.ch\/wp-content\/uploads\/2024\/09\/elektronik-industrie-225x300.jpg 225w\" sizes=\"(max-width: 600px) 100vw, 600px\" \/><\/div>\n\t\t<\/a>\n\t\t\t\t<div class=\"elementor-post__text\">\n\t\t\t\t<h3 class=\"elementor-post__title\">\n\t\t\t<a href=\"https:\/\/swissdox.ch\/fr\/repertoire-des-medias\/elektronik-industrie\/\" >\n\t\t\t\telektronik industrie\t\t\t<\/a>\n\t\t<\/h3>\n\t\t\t\t<\/div>\n\t\t\t\t<\/article>\n\t\t\t\t<article class=\"elementor-post elementor-grid-item post-69729 medienverzeichnis type-medienverzeichnis status-publish has-post-thumbnail hentry land-allemagne medientyp-magazine partner-sueddeutscher-verlag sprache-allemand\" role=\"listitem\">\n\t\t\t\t<a class=\"elementor-post__thumbnail__link\" href=\"https:\/\/swissdox.ch\/fr\/repertoire-des-medias\/ema\/\" tabindex=\"-1\" >\n\t\t\t<div class=\"elementor-post__thumbnail\"><img loading=\"lazy\" decoding=\"async\" width=\"600\" height=\"800\" src=\"https:\/\/swissdox.ch\/wp-content\/uploads\/2024\/09\/ema.jpg\" class=\"attachment-full size-full wp-image-53669\" alt=\"\" srcset=\"https:\/\/swissdox.ch\/wp-content\/uploads\/2024\/09\/ema.jpg 600w, https:\/\/swissdox.ch\/wp-content\/uploads\/2024\/09\/ema-225x300.jpg 225w\" sizes=\"(max-width: 600px) 100vw, 600px\" \/><\/div>\n\t\t<\/a>\n\t\t\t\t<div class=\"elementor-post__text\">\n\t\t\t\t<h3 class=\"elementor-post__title\">\n\t\t\t<a href=\"https:\/\/swissdox.ch\/fr\/repertoire-des-medias\/ema\/\" >\n\t\t\t\tema\t\t\t<\/a>\n\t\t<\/h3>\n\t\t\t\t<\/div>\n\t\t\t\t<\/article>\n\t\t\t\t<article class=\"elementor-post elementor-grid-item post-69730 medienverzeichnis type-medienverzeichnis status-publish has-post-thumbnail hentry land-suisse medientyp-presse-en-ligne partner-gemeinde-emmen sprache-allemand\" role=\"listitem\">\n\t\t\t\t<a class=\"elementor-post__thumbnail__link\" href=\"https:\/\/swissdox.ch\/fr\/repertoire-des-medias\/emmenmail-emmen-ch\/\" tabindex=\"-1\" >\n\t\t\t<div class=\"elementor-post__thumbnail\"><img loading=\"lazy\" decoding=\"async\" width=\"600\" height=\"800\" src=\"https:\/\/swissdox.ch\/wp-content\/uploads\/2024\/09\/emmenmail-emmen-ch.jpg\" class=\"attachment-full size-full wp-image-53673\" alt=\"\" srcset=\"https:\/\/swissdox.ch\/wp-content\/uploads\/2024\/09\/emmenmail-emmen-ch.jpg 600w, https:\/\/swissdox.ch\/wp-content\/uploads\/2024\/09\/emmenmail-emmen-ch-225x300.jpg 225w\" sizes=\"(max-width: 600px) 100vw, 600px\" \/><\/div>\n\t\t<\/a>\n\t\t\t\t<div class=\"elementor-post__text\">\n\t\t\t\t<h3 class=\"elementor-post__title\">\n\t\t\t<a href=\"https:\/\/swissdox.ch\/fr\/repertoire-des-medias\/emmenmail-emmen-ch\/\" >\n\t\t\t\temmenmail.emmen.ch\t\t\t<\/a>\n\t\t<\/h3>\n\t\t\t\t<\/div>\n\t\t\t\t<\/article>\n\t\t\t\t<article class=\"elementor-post elementor-grid-item post-69731 medienverzeichnis type-medienverzeichnis status-publish has-post-thumbnail hentry land-suisse medientyp-magazine partner-tx-group-ag sprache-francais\" role=\"listitem\">\n\t\t\t\t<a class=\"elementor-post__thumbnail__link\" href=\"https:\/\/swissdox.ch\/fr\/repertoire-des-medias\/encore\/\" tabindex=\"-1\" >\n\t\t\t<div class=\"elementor-post__thumbnail\"><img loading=\"lazy\" decoding=\"async\" width=\"600\" height=\"799\" src=\"https:\/\/swissdox.ch\/wp-content\/uploads\/2024\/09\/encore-fr.jpg\" class=\"attachment-full size-full wp-image-53685\" alt=\"\" srcset=\"https:\/\/swissdox.ch\/wp-content\/uploads\/2024\/09\/encore-fr.jpg 600w, https:\/\/swissdox.ch\/wp-content\/uploads\/2024\/09\/encore-fr-225x300.jpg 225w\" sizes=\"(max-width: 600px) 100vw, 600px\" \/><\/div>\n\t\t<\/a>\n\t\t\t\t<div class=\"elementor-post__text\">\n\t\t\t\t<h3 class=\"elementor-post__title\">\n\t\t\t<a href=\"https:\/\/swissdox.ch\/fr\/repertoire-des-medias\/encore\/\" >\n\t\t\t\tencore!\t\t\t<\/a>\n\t\t<\/h3>\n\t\t\t\t<\/div>\n\t\t\t\t<\/article>\n\t\t\t\t<article class=\"elementor-post elementor-grid-item post-69732 medienverzeichnis type-medienverzeichnis status-publish has-post-thumbnail hentry land-suisse medientyp-magazine partner-tx-group-ag sprache-allemand\" role=\"listitem\">\n\t\t\t\t<a class=\"elementor-post__thumbnail__link\" href=\"https:\/\/swissdox.ch\/fr\/repertoire-des-medias\/encore-dt\/\" tabindex=\"-1\" >\n\t\t\t<div class=\"elementor-post__thumbnail\"><img loading=\"lazy\" decoding=\"async\" width=\"600\" height=\"799\" src=\"https:\/\/swissdox.ch\/wp-content\/uploads\/2024\/09\/encore-de.jpg\" class=\"attachment-full size-full wp-image-53681\" alt=\"\" srcset=\"https:\/\/swissdox.ch\/wp-content\/uploads\/2024\/09\/encore-de.jpg 600w, https:\/\/swissdox.ch\/wp-content\/uploads\/2024\/09\/encore-de-225x300.jpg 225w\" sizes=\"(max-width: 600px) 100vw, 600px\" \/><\/div>\n\t\t<\/a>\n\t\t\t\t<div class=\"elementor-post__text\">\n\t\t\t\t<h3 class=\"elementor-post__title\">\n\t\t\t<a href=\"https:\/\/swissdox.ch\/fr\/repertoire-des-medias\/encore-dt\/\" >\n\t\t\t\tencore! (dt)\t\t\t<\/a>\n\t\t<\/h3>\n\t\t\t\t<\/div>\n\t\t\t\t<\/article>\n\t\t\t\t<article class=\"elementor-post elementor-grid-item post-69733 medienverzeichnis type-medienverzeichnis status-publish has-post-thumbnail hentry land-suisse medientyp-quotidien partner-gammeter-media-ag sprache-allemand sprache-rheto-roman\" role=\"listitem\">\n\t\t\t\t<a class=\"elementor-post__thumbnail__link\" href=\"https:\/\/swissdox.ch\/fr\/repertoire-des-medias\/engadiner-post-posta-ladina\/\" tabindex=\"-1\" >\n\t\t\t<div class=\"elementor-post__thumbnail\"><img loading=\"lazy\" decoding=\"async\" width=\"600\" height=\"800\" src=\"https:\/\/swissdox.ch\/wp-content\/uploads\/2024\/09\/engadiner-post.jpg\" class=\"attachment-full size-full wp-image-53689\" alt=\"\" srcset=\"https:\/\/swissdox.ch\/wp-content\/uploads\/2024\/09\/engadiner-post.jpg 600w, https:\/\/swissdox.ch\/wp-content\/uploads\/2024\/09\/engadiner-post-225x300.jpg 225w\" sizes=\"(max-width: 600px) 100vw, 600px\" \/><\/div>\n\t\t<\/a>\n\t\t\t\t<div class=\"elementor-post__text\">\n\t\t\t\t<h3 class=\"elementor-post__title\">\n\t\t\t<a href=\"https:\/\/swissdox.ch\/fr\/repertoire-des-medias\/engadiner-post-posta-ladina\/\" >\n\t\t\t\tEngadiner Post\/Posta Ladina\t\t\t<\/a>\n\t\t<\/h3>\n\t\t\t\t<\/div>\n\t\t\t\t<\/article>\n\t\t\t\t<article class=\"elementor-post elementor-grid-item post-69734 medienverzeichnis type-medienverzeichnis status-publish has-post-thumbnail hentry land-suisse medientyp-presse-en-ligne partner-gammeter-media-ag sprache-allemand sprache-rheto-roman\" role=\"listitem\">\n\t\t\t\t<a class=\"elementor-post__thumbnail__link\" href=\"https:\/\/swissdox.ch\/fr\/repertoire-des-medias\/engadinerpost-ch\/\" tabindex=\"-1\" >\n\t\t\t<div class=\"elementor-post__thumbnail\"><img loading=\"lazy\" decoding=\"async\" width=\"600\" height=\"800\" src=\"https:\/\/swissdox.ch\/wp-content\/uploads\/2024\/09\/engadinerpost-ch.jpg\" class=\"attachment-full size-full wp-image-53693\" alt=\"\" srcset=\"https:\/\/swissdox.ch\/wp-content\/uploads\/2024\/09\/engadinerpost-ch.jpg 600w, https:\/\/swissdox.ch\/wp-content\/uploads\/2024\/09\/engadinerpost-ch-225x300.jpg 225w\" sizes=\"(max-width: 600px) 100vw, 600px\" \/><\/div>\n\t\t<\/a>\n\t\t\t\t<div class=\"elementor-post__text\">\n\t\t\t\t<h3 class=\"elementor-post__title\">\n\t\t\t<a href=\"https:\/\/swissdox.ch\/fr\/repertoire-des-medias\/engadinerpost-ch\/\" >\n\t\t\t\tengadinerpost.ch\t\t\t<\/a>\n\t\t<\/h3>\n\t\t\t\t<\/div>\n\t\t\t\t<\/article>\n\t\t\t\t<article class=\"elementor-post elementor-grid-item post-69735 medienverzeichnis type-medienverzeichnis status-publish has-post-thumbnail hentry land-suisse medientyp-magazine partner-unia sprache-francais\" role=\"listitem\">\n\t\t\t\t<a class=\"elementor-post__thumbnail__link\" href=\"https:\/\/swissdox.ch\/fr\/repertoire-des-medias\/levenement-syndical\/\" tabindex=\"-1\" >\n\t\t\t<div class=\"elementor-post__thumbnail\"><img loading=\"lazy\" decoding=\"async\" width=\"600\" height=\"799\" src=\"https:\/\/swissdox.ch\/wp-content\/uploads\/2025\/03\/l-evenement-syndical.jpg\" class=\"attachment-full size-full wp-image-60583\" alt=\"\" srcset=\"https:\/\/swissdox.ch\/wp-content\/uploads\/2025\/03\/l-evenement-syndical.jpg 600w, https:\/\/swissdox.ch\/wp-content\/uploads\/2025\/03\/l-evenement-syndical-225x300.jpg 225w\" sizes=\"(max-width: 600px) 100vw, 600px\" \/><\/div>\n\t\t<\/a>\n\t\t\t\t<div class=\"elementor-post__text\">\n\t\t\t\t<h3 class=\"elementor-post__title\">\n\t\t\t<a href=\"https:\/\/swissdox.ch\/fr\/repertoire-des-medias\/levenement-syndical\/\" >\n\t\t\t\tL\u2019Ev\u00e9nement syndical\t\t\t<\/a>\n\t\t<\/h3>\n\t\t\t\t<\/div>\n\t\t\t\t<\/article>\n\t\t\t\t<article class=\"elementor-post elementor-grid-item post-69736 medienverzeichnis type-medienverzeichnis status-publish has-post-thumbnail hentry land-suisse medientyp-presse-en-ligne partner-unia sprache-francais\" role=\"listitem\">\n\t\t\t\t<a class=\"elementor-post__thumbnail__link\" href=\"https:\/\/swissdox.ch\/fr\/repertoire-des-medias\/evenement-ch\/\" tabindex=\"-1\" >\n\t\t\t<div class=\"elementor-post__thumbnail\"><img loading=\"lazy\" decoding=\"async\" width=\"600\" height=\"800\" src=\"https:\/\/swissdox.ch\/wp-content\/uploads\/2024\/11\/evenement-ch.jpg\" class=\"attachment-full size-full wp-image-58052\" alt=\"\" srcset=\"https:\/\/swissdox.ch\/wp-content\/uploads\/2024\/11\/evenement-ch.jpg 600w, https:\/\/swissdox.ch\/wp-content\/uploads\/2024\/11\/evenement-ch-225x300.jpg 225w\" sizes=\"(max-width: 600px) 100vw, 600px\" \/><\/div>\n\t\t<\/a>\n\t\t\t\t<div class=\"elementor-post__text\">\n\t\t\t\t<h3 class=\"elementor-post__title\">\n\t\t\t<a href=\"https:\/\/swissdox.ch\/fr\/repertoire-des-medias\/evenement-ch\/\" >\n\t\t\t\tevenement.ch\t\t\t<\/a>\n\t\t<\/h3>\n\t\t\t\t<\/div>\n\t\t\t\t<\/article>\n\t\t\t\t<article class=\"elementor-post elementor-grid-item post-69737 medienverzeichnis type-medienverzeichnis status-publish has-post-thumbnail hentry land-autriche medientyp-magazine partner-austria-presse-agentur sprache-allemand\" role=\"listitem\">\n\t\t\t\t<a class=\"elementor-post__thumbnail__link\" href=\"https:\/\/swissdox.ch\/fr\/repertoire-des-medias\/falter\/\" tabindex=\"-1\" >\n\t\t\t<div class=\"elementor-post__thumbnail\"><img loading=\"lazy\" decoding=\"async\" width=\"600\" height=\"799\" src=\"https:\/\/swissdox.ch\/wp-content\/uploads\/2024\/09\/falter.jpg\" class=\"attachment-full size-full wp-image-53697\" alt=\"\" srcset=\"https:\/\/swissdox.ch\/wp-content\/uploads\/2024\/09\/falter.jpg 600w, https:\/\/swissdox.ch\/wp-content\/uploads\/2024\/09\/falter-225x300.jpg 225w\" sizes=\"(max-width: 600px) 100vw, 600px\" \/><\/div>\n\t\t<\/a>\n\t\t\t\t<div class=\"elementor-post__text\">\n\t\t\t\t<h3 class=\"elementor-post__title\">\n\t\t\t<a href=\"https:\/\/swissdox.ch\/fr\/repertoire-des-medias\/falter\/\" >\n\t\t\t\tFALTER\t\t\t<\/a>\n\t\t<\/h3>\n\t\t\t\t<\/div>\n\t\t\t\t<\/article>\n\t\t\t\t<article class=\"elementor-post elementor-grid-item post-69738 medienverzeichnis type-medienverzeichnis status-publish has-post-thumbnail hentry land-allemagne medientyp-magazine partner-dfv-mediengruppe sprache-allemand sprache-anglais\" role=\"listitem\">\n\t\t\t\t<a class=\"elementor-post__thumbnail__link\" href=\"https:\/\/swissdox.ch\/fr\/repertoire-des-medias\/feedmagazine-kraftfutter\/\" tabindex=\"-1\" >\n\t\t\t<div class=\"elementor-post__thumbnail\"><img loading=\"lazy\" decoding=\"async\" width=\"600\" height=\"800\" src=\"https:\/\/swissdox.ch\/wp-content\/uploads\/2024\/09\/feedmagazine-kraftfutter.jpg\" class=\"attachment-full size-full wp-image-53701\" alt=\"\" srcset=\"https:\/\/swissdox.ch\/wp-content\/uploads\/2024\/09\/feedmagazine-kraftfutter.jpg 600w, https:\/\/swissdox.ch\/wp-content\/uploads\/2024\/09\/feedmagazine-kraftfutter-225x300.jpg 225w\" sizes=\"(max-width: 600px) 100vw, 600px\" \/><\/div>\n\t\t<\/a>\n\t\t\t\t<div class=\"elementor-post__text\">\n\t\t\t\t<h3 class=\"elementor-post__title\">\n\t\t\t<a href=\"https:\/\/swissdox.ch\/fr\/repertoire-des-medias\/feedmagazine-kraftfutter\/\" >\n\t\t\t\tFeedMagazine\/Kraftfutter\t\t\t<\/a>\n\t\t<\/h3>\n\t\t\t\t<\/div>\n\t\t\t\t<\/article>\n\t\t\t\t<article class=\"elementor-post elementor-grid-item post-69739 medienverzeichnis type-medienverzeichnis status-publish has-post-thumbnail hentry land-suisse medientyp-magazine partner-tx-group-ag sprache-francais\" role=\"listitem\">\n\t\t\t\t<a class=\"elementor-post__thumbnail__link\" href=\"https:\/\/swissdox.ch\/fr\/repertoire-des-medias\/femina\/\" tabindex=\"-1\" >\n\t\t\t<div class=\"elementor-post__thumbnail\"><img loading=\"lazy\" decoding=\"async\" width=\"600\" height=\"800\" src=\"https:\/\/swissdox.ch\/wp-content\/uploads\/2024\/09\/femina.jpg\" class=\"attachment-full size-full wp-image-53705\" alt=\"\" srcset=\"https:\/\/swissdox.ch\/wp-content\/uploads\/2024\/09\/femina.jpg 600w, https:\/\/swissdox.ch\/wp-content\/uploads\/2024\/09\/femina-225x300.jpg 225w\" sizes=\"(max-width: 600px) 100vw, 600px\" \/><\/div>\n\t\t<\/a>\n\t\t\t\t<div class=\"elementor-post__text\">\n\t\t\t\t<h3 class=\"elementor-post__title\">\n\t\t\t<a href=\"https:\/\/swissdox.ch\/fr\/repertoire-des-medias\/femina\/\" >\n\t\t\t\tFemina\t\t\t<\/a>\n\t\t<\/h3>\n\t\t\t\t<\/div>\n\t\t\t\t<\/article>\n\t\t\t\t<article class=\"elementor-post elementor-grid-item post-69740 medienverzeichnis type-medienverzeichnis status-publish has-post-thumbnail hentry land-suisse medientyp-presse-en-ligne partner-filmbulletin sprache-allemand\" role=\"listitem\">\n\t\t\t\t<a class=\"elementor-post__thumbnail__link\" href=\"https:\/\/swissdox.ch\/fr\/repertoire-des-medias\/filmbulletin-ch\/\" tabindex=\"-1\" >\n\t\t\t<div class=\"elementor-post__thumbnail\"><img loading=\"lazy\" decoding=\"async\" width=\"600\" height=\"800\" src=\"https:\/\/swissdox.ch\/wp-content\/uploads\/2024\/09\/filmbulletin-ch.jpg\" class=\"attachment-full size-full wp-image-53709\" alt=\"\" srcset=\"https:\/\/swissdox.ch\/wp-content\/uploads\/2024\/09\/filmbulletin-ch.jpg 600w, https:\/\/swissdox.ch\/wp-content\/uploads\/2024\/09\/filmbulletin-ch-225x300.jpg 225w\" sizes=\"(max-width: 600px) 100vw, 600px\" \/><\/div>\n\t\t<\/a>\n\t\t\t\t<div class=\"elementor-post__text\">\n\t\t\t\t<h3 class=\"elementor-post__title\">\n\t\t\t<a href=\"https:\/\/swissdox.ch\/fr\/repertoire-des-medias\/filmbulletin-ch\/\" >\n\t\t\t\tfilmbulletin.ch\t\t\t<\/a>\n\t\t<\/h3>\n\t\t\t\t<\/div>\n\t\t\t\t<\/article>\n\t\t\t\t<article class=\"elementor-post elementor-grid-item post-69741 medienverzeichnis type-medienverzeichnis status-publish has-post-thumbnail hentry land-suisse medientyp-magazine partner-tx-group-ag sprache-allemand\" role=\"listitem\">\n\t\t\t\t<a class=\"elementor-post__thumbnail__link\" href=\"https:\/\/swissdox.ch\/fr\/repertoire-des-medias\/finanz-und-wirtschaft\/\" tabindex=\"-1\" >\n\t\t\t<div class=\"elementor-post__thumbnail\"><img loading=\"lazy\" decoding=\"async\" width=\"600\" height=\"799\" src=\"https:\/\/swissdox.ch\/wp-content\/uploads\/2024\/09\/finanz-und-wirtschaft.jpg\" class=\"attachment-full size-full wp-image-53713\" alt=\"\" srcset=\"https:\/\/swissdox.ch\/wp-content\/uploads\/2024\/09\/finanz-und-wirtschaft.jpg 600w, https:\/\/swissdox.ch\/wp-content\/uploads\/2024\/09\/finanz-und-wirtschaft-225x300.jpg 225w\" sizes=\"(max-width: 600px) 100vw, 600px\" \/><\/div>\n\t\t<\/a>\n\t\t\t\t<div class=\"elementor-post__text\">\n\t\t\t\t<h3 class=\"elementor-post__title\">\n\t\t\t<a href=\"https:\/\/swissdox.ch\/fr\/repertoire-des-medias\/finanz-und-wirtschaft\/\" >\n\t\t\t\tFinanz und Wirtschaft\t\t\t<\/a>\n\t\t<\/h3>\n\t\t\t\t<\/div>\n\t\t\t\t<\/article>\n\t\t\t\t<article class=\"elementor-post elementor-grid-item post-69742 medienverzeichnis type-medienverzeichnis status-publish has-post-thumbnail hentry land-suisse medientyp-presse-en-ligne partner-finews-ag sprache-anglais\" role=\"listitem\">\n\t\t\t\t<a class=\"elementor-post__thumbnail__link\" href=\"https:\/\/swissdox.ch\/fr\/repertoire-des-medias\/finews-asia\/\" tabindex=\"-1\" >\n\t\t\t<div class=\"elementor-post__thumbnail\"><img loading=\"lazy\" decoding=\"async\" width=\"600\" height=\"800\" src=\"https:\/\/swissdox.ch\/wp-content\/uploads\/2024\/09\/finews-asia.jpg\" class=\"attachment-full size-full wp-image-53717\" alt=\"\" srcset=\"https:\/\/swissdox.ch\/wp-content\/uploads\/2024\/09\/finews-asia.jpg 600w, https:\/\/swissdox.ch\/wp-content\/uploads\/2024\/09\/finews-asia-225x300.jpg 225w\" sizes=\"(max-width: 600px) 100vw, 600px\" \/><\/div>\n\t\t<\/a>\n\t\t\t\t<div class=\"elementor-post__text\">\n\t\t\t\t<h3 class=\"elementor-post__title\">\n\t\t\t<a href=\"https:\/\/swissdox.ch\/fr\/repertoire-des-medias\/finews-asia\/\" >\n\t\t\t\tfinews.asia\t\t\t<\/a>\n\t\t<\/h3>\n\t\t\t\t<\/div>\n\t\t\t\t<\/article>\n\t\t\t\t<article class=\"elementor-post elementor-grid-item post-69743 medienverzeichnis type-medienverzeichnis status-publish has-post-thumbnail hentry land-suisse medientyp-presse-en-ligne partner-finews-ag sprache-allemand sprache-italien\" role=\"listitem\">\n\t\t\t\t<a class=\"elementor-post__thumbnail__link\" href=\"https:\/\/swissdox.ch\/fr\/repertoire-des-medias\/finews-ch\/\" tabindex=\"-1\" >\n\t\t\t<div class=\"elementor-post__thumbnail\"><img loading=\"lazy\" decoding=\"async\" width=\"600\" height=\"800\" src=\"https:\/\/swissdox.ch\/wp-content\/uploads\/2024\/09\/finews-ch.jpg\" class=\"attachment-full size-full wp-image-53721\" alt=\"\" srcset=\"https:\/\/swissdox.ch\/wp-content\/uploads\/2024\/09\/finews-ch.jpg 600w, https:\/\/swissdox.ch\/wp-content\/uploads\/2024\/09\/finews-ch-225x300.jpg 225w\" sizes=\"(max-width: 600px) 100vw, 600px\" \/><\/div>\n\t\t<\/a>\n\t\t\t\t<div class=\"elementor-post__text\">\n\t\t\t\t<h3 class=\"elementor-post__title\">\n\t\t\t<a href=\"https:\/\/swissdox.ch\/fr\/repertoire-des-medias\/finews-ch\/\" >\n\t\t\t\tfinews.ch\t\t\t<\/a>\n\t\t<\/h3>\n\t\t\t\t<\/div>\n\t\t\t\t<\/article>\n\t\t\t\t<article class=\"elementor-post elementor-grid-item post-69744 medienverzeichnis type-medienverzeichnis status-publish has-post-thumbnail hentry land-suisse medientyp-presse-en-ligne partner-finews-ag sprache-anglais\" role=\"listitem\">\n\t\t\t\t<a class=\"elementor-post__thumbnail__link\" href=\"https:\/\/swissdox.ch\/fr\/repertoire-des-medias\/finews-com\/\" tabindex=\"-1\" >\n\t\t\t<div class=\"elementor-post__thumbnail\"><img loading=\"lazy\" decoding=\"async\" width=\"600\" height=\"800\" src=\"https:\/\/swissdox.ch\/wp-content\/uploads\/2024\/09\/finews-com.jpg\" class=\"attachment-full size-full wp-image-53725\" alt=\"\" srcset=\"https:\/\/swissdox.ch\/wp-content\/uploads\/2024\/09\/finews-com.jpg 600w, https:\/\/swissdox.ch\/wp-content\/uploads\/2024\/09\/finews-com-225x300.jpg 225w\" sizes=\"(max-width: 600px) 100vw, 600px\" \/><\/div>\n\t\t<\/a>\n\t\t\t\t<div class=\"elementor-post__text\">\n\t\t\t\t<h3 class=\"elementor-post__title\">\n\t\t\t<a href=\"https:\/\/swissdox.ch\/fr\/repertoire-des-medias\/finews-com\/\" >\n\t\t\t\tfinews.com\t\t\t<\/a>\n\t\t<\/h3>\n\t\t\t\t<\/div>\n\t\t\t\t<\/article>\n\t\t\t\t<article class=\"elementor-post elementor-grid-item post-69745 medienverzeichnis type-medienverzeichnis status-publish has-post-thumbnail hentry land-allemagne medientyp-magazine partner-dfv-mediengruppe sprache-allemand sprache-anglais\" role=\"listitem\">\n\t\t\t\t<a class=\"elementor-post__thumbnail__link\" href=\"https:\/\/swissdox.ch\/fr\/repertoire-des-medias\/fleischwirtschaft\/\" tabindex=\"-1\" >\n\t\t\t<div class=\"elementor-post__thumbnail\"><img loading=\"lazy\" decoding=\"async\" width=\"600\" height=\"800\" src=\"https:\/\/swissdox.ch\/wp-content\/uploads\/2024\/09\/fleischwirtschaft.jpg\" class=\"attachment-full size-full wp-image-53733\" alt=\"\" srcset=\"https:\/\/swissdox.ch\/wp-content\/uploads\/2024\/09\/fleischwirtschaft.jpg 600w, https:\/\/swissdox.ch\/wp-content\/uploads\/2024\/09\/fleischwirtschaft-225x300.jpg 225w\" sizes=\"(max-width: 600px) 100vw, 600px\" \/><\/div>\n\t\t<\/a>\n\t\t\t\t<div class=\"elementor-post__text\">\n\t\t\t\t<h3 class=\"elementor-post__title\">\n\t\t\t<a href=\"https:\/\/swissdox.ch\/fr\/repertoire-des-medias\/fleischwirtschaft\/\" >\n\t\t\t\tFLEISCHWIRTSCHAFT\t\t\t<\/a>\n\t\t<\/h3>\n\t\t\t\t<\/div>\n\t\t\t\t<\/article>\n\t\t\t\t<article class=\"elementor-post elementor-grid-item post-69746 medienverzeichnis type-medienverzeichnis status-publish has-post-thumbnail hentry land-allemagne medientyp-magazine partner-dfv-mediengruppe sprache-anglais\" role=\"listitem\">\n\t\t\t\t<a class=\"elementor-post__thumbnail__link\" href=\"https:\/\/swissdox.ch\/fr\/repertoire-des-medias\/fleischwirtschaft-international\/\" tabindex=\"-1\" >\n\t\t\t<div class=\"elementor-post__thumbnail\"><img loading=\"lazy\" decoding=\"async\" width=\"600\" height=\"799\" src=\"https:\/\/swissdox.ch\/wp-content\/uploads\/2024\/09\/fleischwirtschaft-international.jpg\" class=\"attachment-full size-full wp-image-53729\" alt=\"\" srcset=\"https:\/\/swissdox.ch\/wp-content\/uploads\/2024\/09\/fleischwirtschaft-international.jpg 600w, https:\/\/swissdox.ch\/wp-content\/uploads\/2024\/09\/fleischwirtschaft-international-225x300.jpg 225w\" sizes=\"(max-width: 600px) 100vw, 600px\" \/><\/div>\n\t\t<\/a>\n\t\t\t\t<div class=\"elementor-post__text\">\n\t\t\t\t<h3 class=\"elementor-post__title\">\n\t\t\t<a href=\"https:\/\/swissdox.ch\/fr\/repertoire-des-medias\/fleischwirtschaft-international\/\" >\n\t\t\t\tFLEISCHWIRTSCHAFT international\t\t\t<\/a>\n\t\t<\/h3>\n\t\t\t\t<\/div>\n\t\t\t\t<\/article>\n\t\t\t\t<article class=\"elementor-post elementor-grid-item post-69747 medienverzeichnis type-medienverzeichnis status-publish has-post-thumbnail hentry land-suisse medientyp-presse-en-ligne partner-food-revolution sprache-allemand\" role=\"listitem\">\n\t\t\t\t<a class=\"elementor-post__thumbnail__link\" href=\"https:\/\/swissdox.ch\/fr\/repertoire-des-medias\/food-revolution-info\/\" tabindex=\"-1\" >\n\t\t\t<div class=\"elementor-post__thumbnail\"><img loading=\"lazy\" decoding=\"async\" width=\"600\" height=\"799\" src=\"https:\/\/swissdox.ch\/wp-content\/uploads\/2025\/12\/food-revolution-info.jpg\" class=\"attachment-full size-full wp-image-65687\" alt=\"\" srcset=\"https:\/\/swissdox.ch\/wp-content\/uploads\/2025\/12\/food-revolution-info.jpg 600w, https:\/\/swissdox.ch\/wp-content\/uploads\/2025\/12\/food-revolution-info-225x300.jpg 225w\" sizes=\"(max-width: 600px) 100vw, 600px\" \/><\/div>\n\t\t<\/a>\n\t\t\t\t<div class=\"elementor-post__text\">\n\t\t\t\t<h3 class=\"elementor-post__title\">\n\t\t\t<a href=\"https:\/\/swissdox.ch\/fr\/repertoire-des-medias\/food-revolution-info\/\" >\n\t\t\t\tfood-revolution.info\t\t\t<\/a>\n\t\t<\/h3>\n\t\t\t\t<\/div>\n\t\t\t\t<\/article>\n\t\t\t\t<article class=\"elementor-post elementor-grid-item post-69748 medienverzeichnis type-medienverzeichnis status-publish has-post-thumbnail hentry land-autriche medientyp-magazine partner-austria-presse-agentur sprache-allemand\" role=\"listitem\">\n\t\t\t\t<a class=\"elementor-post__thumbnail__link\" href=\"https:\/\/swissdox.ch\/fr\/repertoire-des-medias\/forbes-austria\/\" tabindex=\"-1\" >\n\t\t\t<div class=\"elementor-post__thumbnail\"><img loading=\"lazy\" decoding=\"async\" width=\"600\" height=\"800\" src=\"https:\/\/swissdox.ch\/wp-content\/uploads\/2024\/09\/forbes-austria.jpg\" class=\"attachment-full size-full wp-image-53741\" alt=\"\" srcset=\"https:\/\/swissdox.ch\/wp-content\/uploads\/2024\/09\/forbes-austria.jpg 600w, https:\/\/swissdox.ch\/wp-content\/uploads\/2024\/09\/forbes-austria-225x300.jpg 225w\" sizes=\"(max-width: 600px) 100vw, 600px\" \/><\/div>\n\t\t<\/a>\n\t\t\t\t<div class=\"elementor-post__text\">\n\t\t\t\t<h3 class=\"elementor-post__title\">\n\t\t\t<a href=\"https:\/\/swissdox.ch\/fr\/repertoire-des-medias\/forbes-austria\/\" >\n\t\t\t\tForbes Austria\t\t\t<\/a>\n\t\t<\/h3>\n\t\t\t\t<\/div>\n\t\t\t\t<\/article>\n\t\t\t\t<article class=\"elementor-post elementor-grid-item post-69749 medienverzeichnis type-medienverzeichnis status-publish has-post-thumbnail hentry land-allemagne medientyp-quotidien partner-sueddeutscher-verlag sprache-allemand\" role=\"listitem\">\n\t\t\t\t<a class=\"elementor-post__thumbnail__link\" href=\"https:\/\/swissdox.ch\/fr\/repertoire-des-medias\/frankenpost\/\" tabindex=\"-1\" >\n\t\t\t<div class=\"elementor-post__thumbnail\"><img loading=\"lazy\" decoding=\"async\" width=\"600\" height=\"800\" src=\"https:\/\/swissdox.ch\/wp-content\/uploads\/2024\/09\/frankenpost.jpg\" class=\"attachment-full size-full wp-image-53745\" alt=\"\" srcset=\"https:\/\/swissdox.ch\/wp-content\/uploads\/2024\/09\/frankenpost.jpg 600w, https:\/\/swissdox.ch\/wp-content\/uploads\/2024\/09\/frankenpost-225x300.jpg 225w\" sizes=\"(max-width: 600px) 100vw, 600px\" \/><\/div>\n\t\t<\/a>\n\t\t\t\t<div class=\"elementor-post__text\">\n\t\t\t\t<h3 class=\"elementor-post__title\">\n\t\t\t<a href=\"https:\/\/swissdox.ch\/fr\/repertoire-des-medias\/frankenpost\/\" >\n\t\t\t\tFrankenpost\t\t\t<\/a>\n\t\t<\/h3>\n\t\t\t\t<\/div>\n\t\t\t\t<\/article>\n\t\t\t\t<article class=\"elementor-post elementor-grid-item post-69750 medienverzeichnis type-medienverzeichnis status-publish has-post-thumbnail hentry land-suisse medientyp-presse-en-ligne partner-radiofr sprache-allemand sprache-francais\" role=\"listitem\">\n\t\t\t\t<a class=\"elementor-post__thumbnail__link\" href=\"https:\/\/swissdox.ch\/fr\/repertoire-des-medias\/frapp-ch\/\" tabindex=\"-1\" >\n\t\t\t<div class=\"elementor-post__thumbnail\"><img loading=\"lazy\" decoding=\"async\" width=\"600\" height=\"800\" src=\"https:\/\/swissdox.ch\/wp-content\/uploads\/2024\/09\/frapp-ch.jpg\" class=\"attachment-full size-full wp-image-53749\" alt=\"\" srcset=\"https:\/\/swissdox.ch\/wp-content\/uploads\/2024\/09\/frapp-ch.jpg 600w, https:\/\/swissdox.ch\/wp-content\/uploads\/2024\/09\/frapp-ch-225x300.jpg 225w\" sizes=\"(max-width: 600px) 100vw, 600px\" \/><\/div>\n\t\t<\/a>\n\t\t\t\t<div class=\"elementor-post__text\">\n\t\t\t\t<h3 class=\"elementor-post__title\">\n\t\t\t<a href=\"https:\/\/swissdox.ch\/fr\/repertoire-des-medias\/frapp-ch\/\" >\n\t\t\t\tfrapp.ch\t\t\t<\/a>\n\t\t<\/h3>\n\t\t\t\t<\/div>\n\t\t\t\t<\/article>\n\t\t\t\t<article class=\"elementor-post elementor-grid-item post-69751 medienverzeichnis type-medienverzeichnis status-publish has-post-thumbnail hentry land-suisse medientyp-quotidien partner-freiburger-nachrichten-ag sprache-allemand\" role=\"listitem\">\n\t\t\t\t<a class=\"elementor-post__thumbnail__link\" href=\"https:\/\/swissdox.ch\/fr\/repertoire-des-medias\/freiburger-nachrichten\/\" tabindex=\"-1\" >\n\t\t\t<div class=\"elementor-post__thumbnail\"><img loading=\"lazy\" decoding=\"async\" width=\"600\" height=\"800\" src=\"https:\/\/swissdox.ch\/wp-content\/uploads\/2024\/09\/freiburger-nachrichten.jpg\" class=\"attachment-full size-full wp-image-53753\" alt=\"\" srcset=\"https:\/\/swissdox.ch\/wp-content\/uploads\/2024\/09\/freiburger-nachrichten.jpg 600w, https:\/\/swissdox.ch\/wp-content\/uploads\/2024\/09\/freiburger-nachrichten-225x300.jpg 225w\" sizes=\"(max-width: 600px) 100vw, 600px\" \/><\/div>\n\t\t<\/a>\n\t\t\t\t<div class=\"elementor-post__text\">\n\t\t\t\t<h3 class=\"elementor-post__title\">\n\t\t\t<a href=\"https:\/\/swissdox.ch\/fr\/repertoire-des-medias\/freiburger-nachrichten\/\" >\n\t\t\t\tFreiburger Nachrichten\t\t\t<\/a>\n\t\t<\/h3>\n\t\t\t\t<\/div>\n\t\t\t\t<\/article>\n\t\t\t\t<article class=\"elementor-post elementor-grid-item post-69752 medienverzeichnis type-medienverzeichnis status-publish has-post-thumbnail hentry land-suisse medientyp-presse-en-ligne partner-freiburger-nachrichten-ag sprache-allemand\" role=\"listitem\">\n\t\t\t\t<a class=\"elementor-post__thumbnail__link\" href=\"https:\/\/swissdox.ch\/fr\/repertoire-des-medias\/freiburger-nachrichten-ch\/\" tabindex=\"-1\" >\n\t\t\t<div class=\"elementor-post__thumbnail\"><img loading=\"lazy\" decoding=\"async\" width=\"600\" height=\"800\" src=\"https:\/\/swissdox.ch\/wp-content\/uploads\/2025\/04\/freiburger-nachrichten-ch.jpg\" class=\"attachment-full size-full wp-image-61178\" alt=\"\" srcset=\"https:\/\/swissdox.ch\/wp-content\/uploads\/2025\/04\/freiburger-nachrichten-ch.jpg 600w, https:\/\/swissdox.ch\/wp-content\/uploads\/2025\/04\/freiburger-nachrichten-ch-225x300.jpg 225w\" sizes=\"(max-width: 600px) 100vw, 600px\" \/><\/div>\n\t\t<\/a>\n\t\t\t\t<div class=\"elementor-post__text\">\n\t\t\t\t<h3 class=\"elementor-post__title\">\n\t\t\t<a href=\"https:\/\/swissdox.ch\/fr\/repertoire-des-medias\/freiburger-nachrichten-ch\/\" >\n\t\t\t\tfreiburger-nachrichten.ch\t\t\t<\/a>\n\t\t<\/h3>\n\t\t\t\t<\/div>\n\t\t\t\t<\/article>\n\t\t\t\t<article class=\"elementor-post elementor-grid-item post-69753 medienverzeichnis type-medienverzeichnis status-publish has-post-thumbnail hentry land-allemagne medientyp-quotidien partner-sueddeutscher-verlag sprache-allemand\" role=\"listitem\">\n\t\t\t\t<a class=\"elementor-post__thumbnail__link\" href=\"https:\/\/swissdox.ch\/fr\/repertoire-des-medias\/freies-wort\/\" tabindex=\"-1\" >\n\t\t\t<div class=\"elementor-post__thumbnail\"><img loading=\"lazy\" decoding=\"async\" width=\"600\" height=\"800\" src=\"https:\/\/swissdox.ch\/wp-content\/uploads\/2024\/09\/freies-wort.jpg\" class=\"attachment-full size-full wp-image-53757\" alt=\"\" srcset=\"https:\/\/swissdox.ch\/wp-content\/uploads\/2024\/09\/freies-wort.jpg 600w, https:\/\/swissdox.ch\/wp-content\/uploads\/2024\/09\/freies-wort-225x300.jpg 225w\" sizes=\"(max-width: 600px) 100vw, 600px\" \/><\/div>\n\t\t<\/a>\n\t\t\t\t<div class=\"elementor-post__text\">\n\t\t\t\t<h3 class=\"elementor-post__title\">\n\t\t\t<a href=\"https:\/\/swissdox.ch\/fr\/repertoire-des-medias\/freies-wort\/\" >\n\t\t\t\tFreies Wort\t\t\t<\/a>\n\t\t<\/h3>\n\t\t\t\t<\/div>\n\t\t\t\t<\/article>\n\t\t\t\t<article class=\"elementor-post elementor-grid-item post-69754 medienverzeichnis type-medienverzeichnis status-publish has-post-thumbnail hentry land-suisse medientyp-presse-en-ligne partner-edition-frida sprache-allemand\" role=\"listitem\">\n\t\t\t\t<a class=\"elementor-post__thumbnail__link\" href=\"https:\/\/swissdox.ch\/fr\/repertoire-des-medias\/fridamagazin-ch\/\" tabindex=\"-1\" >\n\t\t\t<div class=\"elementor-post__thumbnail\"><img loading=\"lazy\" decoding=\"async\" width=\"600\" height=\"800\" src=\"https:\/\/swissdox.ch\/wp-content\/uploads\/2024\/09\/fridamagazin-ch.jpg\" class=\"attachment-full size-full wp-image-53761\" alt=\"\" srcset=\"https:\/\/swissdox.ch\/wp-content\/uploads\/2024\/09\/fridamagazin-ch.jpg 600w, https:\/\/swissdox.ch\/wp-content\/uploads\/2024\/09\/fridamagazin-ch-225x300.jpg 225w\" sizes=\"(max-width: 600px) 100vw, 600px\" \/><\/div>\n\t\t<\/a>\n\t\t\t\t<div class=\"elementor-post__text\">\n\t\t\t\t<h3 class=\"elementor-post__title\">\n\t\t\t<a href=\"https:\/\/swissdox.ch\/fr\/repertoire-des-medias\/fridamagazin-ch\/\" >\n\t\t\t\tfridamagazin.ch\t\t\t<\/a>\n\t\t<\/h3>\n\t\t\t\t<\/div>\n\t\t\t\t<\/article>\n\t\t\t\t<article class=\"elementor-post elementor-grid-item post-69755 medienverzeichnis type-medienverzeichnis status-publish has-post-thumbnail hentry land-suisse medientyp-magazine partner-stiftung-elternsein sprache-allemand\" role=\"listitem\">\n\t\t\t\t<a class=\"elementor-post__thumbnail__link\" href=\"https:\/\/swissdox.ch\/fr\/repertoire-des-medias\/fritzfraenzi\/\" tabindex=\"-1\" >\n\t\t\t<div class=\"elementor-post__thumbnail\"><img loading=\"lazy\" decoding=\"async\" width=\"600\" height=\"800\" src=\"https:\/\/swissdox.ch\/wp-content\/uploads\/2024\/09\/fritz-fraenzi.jpg\" class=\"attachment-full size-full wp-image-53769\" alt=\"\" srcset=\"https:\/\/swissdox.ch\/wp-content\/uploads\/2024\/09\/fritz-fraenzi.jpg 600w, https:\/\/swissdox.ch\/wp-content\/uploads\/2024\/09\/fritz-fraenzi-225x300.jpg 225w\" sizes=\"(max-width: 600px) 100vw, 600px\" \/><\/div>\n\t\t<\/a>\n\t\t\t\t<div class=\"elementor-post__text\">\n\t\t\t\t<h3 class=\"elementor-post__title\">\n\t\t\t<a href=\"https:\/\/swissdox.ch\/fr\/repertoire-des-medias\/fritzfraenzi\/\" >\n\t\t\t\tFritz+Fr\u00e4nzi\t\t\t<\/a>\n\t\t<\/h3>\n\t\t\t\t<\/div>\n\t\t\t\t<\/article>\n\t\t\t\t<article class=\"elementor-post elementor-grid-item post-69756 medienverzeichnis type-medienverzeichnis status-publish has-post-thumbnail hentry land-suisse medientyp-presse-en-ligne partner-frutiglander-medien-ag sprache-allemand\" role=\"listitem\">\n\t\t\t\t<a class=\"elementor-post__thumbnail__link\" href=\"https:\/\/swissdox.ch\/fr\/repertoire-des-medias\/frutiglaender-ch\/\" tabindex=\"-1\" >\n\t\t\t<div class=\"elementor-post__thumbnail\"><img loading=\"lazy\" decoding=\"async\" width=\"600\" height=\"800\" src=\"https:\/\/swissdox.ch\/wp-content\/uploads\/2024\/09\/frutiglaender-ch-jpg.jpg\" class=\"attachment-full size-full wp-image-53773\" alt=\"\" srcset=\"https:\/\/swissdox.ch\/wp-content\/uploads\/2024\/09\/frutiglaender-ch-jpg.jpg 600w, https:\/\/swissdox.ch\/wp-content\/uploads\/2024\/09\/frutiglaender-ch-jpg-225x300.jpg 225w\" sizes=\"(max-width: 600px) 100vw, 600px\" \/><\/div>\n\t\t<\/a>\n\t\t\t\t<div class=\"elementor-post__text\">\n\t\t\t\t<h3 class=\"elementor-post__title\">\n\t\t\t<a href=\"https:\/\/swissdox.ch\/fr\/repertoire-des-medias\/frutiglaender-ch\/\" >\n\t\t\t\tfrutiglaender.ch\t\t\t<\/a>\n\t\t<\/h3>\n\t\t\t\t<\/div>\n\t\t\t\t<\/article>\n\t\t\t\t<article class=\"elementor-post elementor-grid-item post-69757 medienverzeichnis type-medienverzeichnis status-publish has-post-thumbnail hentry land-suisse medientyp-hebdomadaire partner-fz-furttaler-zeitung sprache-allemand\" role=\"listitem\">\n\t\t\t\t<a class=\"elementor-post__thumbnail__link\" href=\"https:\/\/swissdox.ch\/fr\/repertoire-des-medias\/furttaler\/\" tabindex=\"-1\" >\n\t\t\t<div class=\"elementor-post__thumbnail\"><img loading=\"lazy\" decoding=\"async\" width=\"600\" height=\"799\" src=\"https:\/\/swissdox.ch\/wp-content\/uploads\/2024\/09\/furttaler.jpg\" class=\"attachment-full size-full wp-image-53777\" alt=\"\" srcset=\"https:\/\/swissdox.ch\/wp-content\/uploads\/2024\/09\/furttaler.jpg 600w, https:\/\/swissdox.ch\/wp-content\/uploads\/2024\/09\/furttaler-225x300.jpg 225w\" sizes=\"(max-width: 600px) 100vw, 600px\" \/><\/div>\n\t\t<\/a>\n\t\t\t\t<div class=\"elementor-post__text\">\n\t\t\t\t<h3 class=\"elementor-post__title\">\n\t\t\t<a href=\"https:\/\/swissdox.ch\/fr\/repertoire-des-medias\/furttaler\/\" >\n\t\t\t\tFurttaler\t\t\t<\/a>\n\t\t<\/h3>\n\t\t\t\t<\/div>\n\t\t\t\t<\/article>\n\t\t\t\t<article class=\"elementor-post elementor-grid-item post-69758 medienverzeichnis type-medienverzeichnis status-publish has-post-thumbnail hentry land-suisse medientyp-presse-en-ligne partner-tx-group-ag sprache-allemand sprache-anglais\" role=\"listitem\">\n\t\t\t\t<a class=\"elementor-post__thumbnail__link\" href=\"https:\/\/swissdox.ch\/fr\/repertoire-des-medias\/fuw-ch\/\" tabindex=\"-1\" >\n\t\t\t<div class=\"elementor-post__thumbnail\"><img loading=\"lazy\" decoding=\"async\" width=\"600\" height=\"800\" src=\"https:\/\/swissdox.ch\/wp-content\/uploads\/2024\/09\/fuw-ch.jpg\" class=\"attachment-full size-full wp-image-53781\" alt=\"\" srcset=\"https:\/\/swissdox.ch\/wp-content\/uploads\/2024\/09\/fuw-ch.jpg 600w, https:\/\/swissdox.ch\/wp-content\/uploads\/2024\/09\/fuw-ch-225x300.jpg 225w\" sizes=\"(max-width: 600px) 100vw, 600px\" \/><\/div>\n\t\t<\/a>\n\t\t\t\t<div class=\"elementor-post__text\">\n\t\t\t\t<h3 class=\"elementor-post__title\">\n\t\t\t<a href=\"https:\/\/swissdox.ch\/fr\/repertoire-des-medias\/fuw-ch\/\" >\n\t\t\t\tfuw.ch\t\t\t<\/a>\n\t\t<\/h3>\n\t\t\t\t<\/div>\n\t\t\t\t<\/article>\n\t\t\t\t<article class=\"elementor-post elementor-grid-item post-69759 medienverzeichnis type-medienverzeichnis status-publish has-post-thumbnail hentry land-allemagne medientyp-magazine partner-dfv-mediengruppe sprache-allemand\" role=\"listitem\">\n\t\t\t\t<a class=\"elementor-post__thumbnail__link\" href=\"https:\/\/swissdox.ch\/fr\/repertoire-des-medias\/fvw-traveltalk\/\" tabindex=\"-1\" >\n\t\t\t<div class=\"elementor-post__thumbnail\"><img loading=\"lazy\" decoding=\"async\" width=\"600\" height=\"802\" src=\"https:\/\/swissdox.ch\/wp-content\/uploads\/2024\/09\/fvw-traveltalk.jpg\" class=\"attachment-full size-full wp-image-55782\" alt=\"\" srcset=\"https:\/\/swissdox.ch\/wp-content\/uploads\/2024\/09\/fvw-traveltalk.jpg 600w, https:\/\/swissdox.ch\/wp-content\/uploads\/2024\/09\/fvw-traveltalk-224x300.jpg 224w\" sizes=\"(max-width: 600px) 100vw, 600px\" \/><\/div>\n\t\t<\/a>\n\t\t\t\t<div class=\"elementor-post__text\">\n\t\t\t\t<h3 class=\"elementor-post__title\">\n\t\t\t<a href=\"https:\/\/swissdox.ch\/fr\/repertoire-des-medias\/fvw-traveltalk\/\" >\n\t\t\t\tfvw | TravelTalk\t\t\t<\/a>\n\t\t<\/h3>\n\t\t\t\t<\/div>\n\t\t\t\t<\/article>\n\t\t\t\t<article class=\"elementor-post elementor-grid-item post-69760 medienverzeichnis type-medienverzeichnis status-publish has-post-thumbnail hentry land-suisse medientyp-presse-en-ligne partner-gambarognonews sprache-italien\" role=\"listitem\">\n\t\t\t\t<a class=\"elementor-post__thumbnail__link\" href=\"https:\/\/swissdox.ch\/fr\/repertoire-des-medias\/gambarognonews-ch\/\" tabindex=\"-1\" >\n\t\t\t<div class=\"elementor-post__thumbnail\"><img loading=\"lazy\" decoding=\"async\" width=\"600\" height=\"799\" src=\"https:\/\/swissdox.ch\/wp-content\/uploads\/2026\/07\/gambarognonews-ch.jpg\" class=\"attachment-full size-full wp-image-70098\" alt=\"\" srcset=\"https:\/\/swissdox.ch\/wp-content\/uploads\/2026\/07\/gambarognonews-ch.jpg 600w, https:\/\/swissdox.ch\/wp-content\/uploads\/2026\/07\/gambarognonews-ch-225x300.jpg 225w\" sizes=\"(max-width: 600px) 100vw, 600px\" \/><\/div>\n\t\t<\/a>\n\t\t\t\t<div class=\"elementor-post__text\">\n\t\t\t\t<h3 class=\"elementor-post__title\">\n\t\t\t<a href=\"https:\/\/swissdox.ch\/fr\/repertoire-des-medias\/gambarognonews-ch\/\" >\n\t\t\t\tgambarognonews.ch\t\t\t<\/a>\n\t\t<\/h3>\n\t\t\t\t<\/div>\n\t\t\t\t<\/article>\n\t\t\t\t<article class=\"elementor-post elementor-grid-item post-69761 medienverzeichnis type-medienverzeichnis status-publish has-post-thumbnail hentry land-suisse medientyp-hebdomadaire partner-effingermedien-ag sprache-allemand\" role=\"listitem\">\n\t\t\t\t<a class=\"elementor-post__thumbnail__link\" href=\"https:\/\/swissdox.ch\/fr\/repertoire-des-medias\/general-anzeiger\/\" tabindex=\"-1\" >\n\t\t\t<div class=\"elementor-post__thumbnail\"><img loading=\"lazy\" decoding=\"async\" width=\"600\" height=\"799\" src=\"https:\/\/swissdox.ch\/wp-content\/uploads\/2024\/09\/general-anzeiger.jpg\" class=\"attachment-full size-full wp-image-53793\" alt=\"\" srcset=\"https:\/\/swissdox.ch\/wp-content\/uploads\/2024\/09\/general-anzeiger.jpg 600w, https:\/\/swissdox.ch\/wp-content\/uploads\/2024\/09\/general-anzeiger-225x300.jpg 225w\" sizes=\"(max-width: 600px) 100vw, 600px\" \/><\/div>\n\t\t<\/a>\n\t\t\t\t<div class=\"elementor-post__text\">\n\t\t\t\t<h3 class=\"elementor-post__title\">\n\t\t\t<a href=\"https:\/\/swissdox.ch\/fr\/repertoire-des-medias\/general-anzeiger\/\" >\n\t\t\t\tGeneral-Anzeiger\t\t\t<\/a>\n\t\t<\/h3>\n\t\t\t\t<\/div>\n\t\t\t\t<\/article>\n\t\t\t\t<article class=\"elementor-post elementor-grid-item post-69762 medienverzeichnis type-medienverzeichnis status-publish has-post-thumbnail hentry land-suisse medientyp-presse-en-ligne partner-konsumenteninfo-ag sprache-allemand\" role=\"listitem\">\n\t\t\t\t<a class=\"elementor-post__thumbnail__link\" href=\"https:\/\/swissdox.ch\/fr\/repertoire-des-medias\/gesundheitstipp-ch\/\" tabindex=\"-1\" >\n\t\t\t<div class=\"elementor-post__thumbnail\"><img loading=\"lazy\" decoding=\"async\" width=\"600\" height=\"800\" src=\"https:\/\/swissdox.ch\/wp-content\/uploads\/2024\/09\/gesundheitstipp-ch.jpg\" class=\"attachment-full size-full wp-image-53797\" alt=\"\" srcset=\"https:\/\/swissdox.ch\/wp-content\/uploads\/2024\/09\/gesundheitstipp-ch.jpg 600w, https:\/\/swissdox.ch\/wp-content\/uploads\/2024\/09\/gesundheitstipp-ch-225x300.jpg 225w\" sizes=\"(max-width: 600px) 100vw, 600px\" \/><\/div>\n\t\t<\/a>\n\t\t\t\t<div class=\"elementor-post__text\">\n\t\t\t\t<h3 class=\"elementor-post__title\">\n\t\t\t<a href=\"https:\/\/swissdox.ch\/fr\/repertoire-des-medias\/gesundheitstipp-ch\/\" >\n\t\t\t\tgesundheitstipp.ch\t\t\t<\/a>\n\t\t<\/h3>\n\t\t\t\t<\/div>\n\t\t\t\t<\/article>\n\t\t\t\t<article class=\"elementor-post elementor-grid-item post-69763 medienverzeichnis type-medienverzeichnis status-publish has-post-thumbnail hentry land-suisse medientyp-hebdomadaire partner-ghi sprache-francais\" role=\"listitem\">\n\t\t\t\t<a class=\"elementor-post__thumbnail__link\" href=\"https:\/\/swissdox.ch\/fr\/repertoire-des-medias\/ghi\/\" tabindex=\"-1\" >\n\t\t\t<div class=\"elementor-post__thumbnail\"><img loading=\"lazy\" decoding=\"async\" width=\"600\" height=\"799\" src=\"https:\/\/swissdox.ch\/wp-content\/uploads\/2024\/09\/ghi.jpg\" class=\"attachment-full size-full wp-image-53801\" alt=\"\" srcset=\"https:\/\/swissdox.ch\/wp-content\/uploads\/2024\/09\/ghi.jpg 600w, https:\/\/swissdox.ch\/wp-content\/uploads\/2024\/09\/ghi-225x300.jpg 225w\" sizes=\"(max-width: 600px) 100vw, 600px\" \/><\/div>\n\t\t<\/a>\n\t\t\t\t<div class=\"elementor-post__text\">\n\t\t\t\t<h3 class=\"elementor-post__title\">\n\t\t\t<a href=\"https:\/\/swissdox.ch\/fr\/repertoire-des-medias\/ghi\/\" >\n\t\t\t\tGHI\t\t\t<\/a>\n\t\t<\/h3>\n\t\t\t\t<\/div>\n\t\t\t\t<\/article>\n\t\t\t\t<article class=\"elementor-post elementor-grid-item post-69764 medienverzeichnis type-medienverzeichnis status-publish has-post-thumbnail hentry land-suisse medientyp-hebdomadaire partner-zo-medien-ag sprache-allemand\" role=\"listitem\">\n\t\t\t\t<a class=\"elementor-post__thumbnail__link\" href=\"https:\/\/swissdox.ch\/fr\/repertoire-des-medias\/glattaler\/\" tabindex=\"-1\" >\n\t\t\t<div class=\"elementor-post__thumbnail\"><img loading=\"lazy\" decoding=\"async\" width=\"600\" height=\"800\" src=\"https:\/\/swissdox.ch\/wp-content\/uploads\/2024\/09\/glattaler.jpg\" class=\"attachment-full size-full wp-image-53805\" alt=\"\" srcset=\"https:\/\/swissdox.ch\/wp-content\/uploads\/2024\/09\/glattaler.jpg 600w, https:\/\/swissdox.ch\/wp-content\/uploads\/2024\/09\/glattaler-225x300.jpg 225w\" sizes=\"(max-width: 600px) 100vw, 600px\" \/><\/div>\n\t\t<\/a>\n\t\t\t\t<div class=\"elementor-post__text\">\n\t\t\t\t<h3 class=\"elementor-post__title\">\n\t\t\t<a href=\"https:\/\/swissdox.ch\/fr\/repertoire-des-medias\/glattaler\/\" >\n\t\t\t\tGlattaler\t\t\t<\/a>\n\t\t<\/h3>\n\t\t\t\t<\/div>\n\t\t\t\t<\/article>\n\t\t\t\t<article class=\"elementor-post elementor-grid-item post-69765 medienverzeichnis type-medienverzeichnis status-publish has-post-thumbnail hentry land-suisse medientyp-magazine partner-alliance-sud sprache-allemand\" role=\"listitem\">\n\t\t\t\t<a class=\"elementor-post__thumbnail__link\" href=\"https:\/\/swissdox.ch\/fr\/repertoire-des-medias\/global\/\" tabindex=\"-1\" >\n\t\t\t<div class=\"elementor-post__thumbnail\"><img loading=\"lazy\" decoding=\"async\" width=\"600\" height=\"800\" src=\"https:\/\/swissdox.ch\/wp-content\/uploads\/2024\/09\/global.jpg\" class=\"attachment-full size-full wp-image-53813\" alt=\"\" srcset=\"https:\/\/swissdox.ch\/wp-content\/uploads\/2024\/09\/global.jpg 600w, https:\/\/swissdox.ch\/wp-content\/uploads\/2024\/09\/global-225x300.jpg 225w\" sizes=\"(max-width: 600px) 100vw, 600px\" \/><\/div>\n\t\t<\/a>\n\t\t\t\t<div class=\"elementor-post__text\">\n\t\t\t\t<h3 class=\"elementor-post__title\">\n\t\t\t<a href=\"https:\/\/swissdox.ch\/fr\/repertoire-des-medias\/global\/\" >\n\t\t\t\tGlobal\t\t\t<\/a>\n\t\t<\/h3>\n\t\t\t\t<\/div>\n\t\t\t\t<\/article>\n\t\t\t\t<article class=\"elementor-post elementor-grid-item post-69766 medienverzeichnis type-medienverzeichnis status-publish has-post-thumbnail hentry land-suisse medientyp-magazine partner-alliance-sud sprache-francais\" role=\"listitem\">\n\t\t\t\t<a class=\"elementor-post__thumbnail__link\" href=\"https:\/\/swissdox.ch\/fr\/repertoire-des-medias\/global-fr\/\" tabindex=\"-1\" >\n\t\t\t<div class=\"elementor-post__thumbnail\"><img loading=\"lazy\" decoding=\"async\" width=\"600\" height=\"800\" src=\"https:\/\/swissdox.ch\/wp-content\/uploads\/2024\/09\/global-fr.jpg\" class=\"attachment-full size-full wp-image-53809\" alt=\"\" srcset=\"https:\/\/swissdox.ch\/wp-content\/uploads\/2024\/09\/global-fr.jpg 600w, https:\/\/swissdox.ch\/wp-content\/uploads\/2024\/09\/global-fr-225x300.jpg 225w\" sizes=\"(max-width: 600px) 100vw, 600px\" \/><\/div>\n\t\t<\/a>\n\t\t\t\t<div class=\"elementor-post__text\">\n\t\t\t\t<h3 class=\"elementor-post__title\">\n\t\t\t<a href=\"https:\/\/swissdox.ch\/fr\/repertoire-des-medias\/global-fr\/\" >\n\t\t\t\tGlobal (fr)\t\t\t<\/a>\n\t\t<\/h3>\n\t\t\t\t<\/div>\n\t\t\t\t<\/article>\n\t\t\t\t<article class=\"elementor-post elementor-grid-item post-69767 medienverzeichnis type-medienverzeichnis status-publish has-post-thumbnail hentry land-suisse medientyp-magazine partner-ringier-ag sprache-allemand\" role=\"listitem\">\n\t\t\t\t<a class=\"elementor-post__thumbnail__link\" href=\"https:\/\/swissdox.ch\/fr\/repertoire-des-medias\/glueckspost\/\" tabindex=\"-1\" >\n\t\t\t<div class=\"elementor-post__thumbnail\"><img loading=\"lazy\" decoding=\"async\" width=\"600\" height=\"800\" src=\"https:\/\/swissdox.ch\/wp-content\/uploads\/2024\/09\/glueckspost.jpg\" class=\"attachment-full size-full wp-image-53821\" alt=\"\" srcset=\"https:\/\/swissdox.ch\/wp-content\/uploads\/2024\/09\/glueckspost.jpg 600w, https:\/\/swissdox.ch\/wp-content\/uploads\/2024\/09\/glueckspost-225x300.jpg 225w\" sizes=\"(max-width: 600px) 100vw, 600px\" \/><\/div>\n\t\t<\/a>\n\t\t\t\t<div class=\"elementor-post__text\">\n\t\t\t\t<h3 class=\"elementor-post__title\">\n\t\t\t<a href=\"https:\/\/swissdox.ch\/fr\/repertoire-des-medias\/glueckspost\/\" >\n\t\t\t\tGl\u00fcckspost\t\t\t<\/a>\n\t\t<\/h3>\n\t\t\t\t<\/div>\n\t\t\t\t<\/article>\n\t\t\t\t<article class=\"elementor-post elementor-grid-item post-69768 medienverzeichnis type-medienverzeichnis status-publish has-post-thumbnail hentry land-suisse medientyp-presse-en-ligne partner-ringier-ag sprache-allemand\" role=\"listitem\">\n\t\t\t\t<a class=\"elementor-post__thumbnail__link\" href=\"https:\/\/swissdox.ch\/fr\/repertoire-des-medias\/glueckspost-ch\/\" tabindex=\"-1\" >\n\t\t\t<div class=\"elementor-post__thumbnail\"><img loading=\"lazy\" decoding=\"async\" width=\"600\" height=\"800\" src=\"https:\/\/swissdox.ch\/wp-content\/uploads\/2024\/09\/glueckspost-ch.jpg\" class=\"attachment-full size-full wp-image-53817\" alt=\"\" srcset=\"https:\/\/swissdox.ch\/wp-content\/uploads\/2024\/09\/glueckspost-ch.jpg 600w, https:\/\/swissdox.ch\/wp-content\/uploads\/2024\/09\/glueckspost-ch-225x300.jpg 225w\" sizes=\"(max-width: 600px) 100vw, 600px\" \/><\/div>\n\t\t<\/a>\n\t\t\t\t<div class=\"elementor-post__text\">\n\t\t\t\t<h3 class=\"elementor-post__title\">\n\t\t\t<a href=\"https:\/\/swissdox.ch\/fr\/repertoire-des-medias\/glueckspost-ch\/\" >\n\t\t\t\tglueckspost.ch\t\t\t<\/a>\n\t\t<\/h3>\n\t\t\t\t<\/div>\n\t\t\t\t<\/article>\n\t\t\t\t<article class=\"elementor-post elementor-grid-item post-69769 medienverzeichnis type-medienverzeichnis status-publish has-post-thumbnail hentry land-suisse medientyp-quotidien partner-ch-media sprache-allemand\" role=\"listitem\">\n\t\t\t\t<a class=\"elementor-post__thumbnail__link\" href=\"https:\/\/swissdox.ch\/fr\/repertoire-des-medias\/grenchner-tagblatt\/\" tabindex=\"-1\" >\n\t\t\t<div class=\"elementor-post__thumbnail\"><img loading=\"lazy\" decoding=\"async\" width=\"600\" height=\"800\" src=\"https:\/\/swissdox.ch\/wp-content\/uploads\/2024\/09\/grenchner-tagblatt.jpg\" class=\"attachment-full size-full wp-image-53825\" alt=\"\" srcset=\"https:\/\/swissdox.ch\/wp-content\/uploads\/2024\/09\/grenchner-tagblatt.jpg 600w, https:\/\/swissdox.ch\/wp-content\/uploads\/2024\/09\/grenchner-tagblatt-225x300.jpg 225w\" sizes=\"(max-width: 600px) 100vw, 600px\" \/><\/div>\n\t\t<\/a>\n\t\t\t\t<div class=\"elementor-post__text\">\n\t\t\t\t<h3 class=\"elementor-post__title\">\n\t\t\t<a href=\"https:\/\/swissdox.ch\/fr\/repertoire-des-medias\/grenchner-tagblatt\/\" >\n\t\t\t\tGrenchner Tagblatt\t\t\t<\/a>\n\t\t<\/h3>\n\t\t\t\t<\/div>\n\t\t\t\t<\/article>\n\t\t\t\t<article class=\"elementor-post elementor-grid-item post-69770 medienverzeichnis type-medienverzeichnis status-publish has-post-thumbnail hentry land-suisse medientyp-presse-en-ligne partner-ch-media sprache-allemand\" role=\"listitem\">\n\t\t\t\t<a class=\"elementor-post__thumbnail__link\" href=\"https:\/\/swissdox.ch\/fr\/repertoire-des-medias\/grenchnertagblatt-ch\/\" tabindex=\"-1\" >\n\t\t\t<div class=\"elementor-post__thumbnail\"><img loading=\"lazy\" decoding=\"async\" width=\"600\" height=\"800\" src=\"https:\/\/swissdox.ch\/wp-content\/uploads\/2024\/09\/grenchnertagblatt-ch.jpg\" class=\"attachment-full size-full wp-image-53829\" alt=\"\" srcset=\"https:\/\/swissdox.ch\/wp-content\/uploads\/2024\/09\/grenchnertagblatt-ch.jpg 600w, https:\/\/swissdox.ch\/wp-content\/uploads\/2024\/09\/grenchnertagblatt-ch-225x300.jpg 225w\" sizes=\"(max-width: 600px) 100vw, 600px\" \/><\/div>\n\t\t<\/a>\n\t\t\t\t<div class=\"elementor-post__text\">\n\t\t\t\t<h3 class=\"elementor-post__title\">\n\t\t\t<a href=\"https:\/\/swissdox.ch\/fr\/repertoire-des-medias\/grenchnertagblatt-ch\/\" >\n\t\t\t\tgrenchnertagblatt.ch\t\t\t<\/a>\n\t\t<\/h3>\n\t\t\t\t<\/div>\n\t\t\t\t<\/article>\n\t\t\t\t<article class=\"elementor-post elementor-grid-item post-69771 medienverzeichnis type-medienverzeichnis status-publish has-post-thumbnail hentry land-suisse medientyp-magazine partner-3g-media-gmbh sprache-allemand\" role=\"listitem\">\n\t\t\t\t<a class=\"elementor-post__thumbnail__link\" href=\"https:\/\/swissdox.ch\/fr\/repertoire-des-medias\/grosseltern\/\" tabindex=\"-1\" >\n\t\t\t<div class=\"elementor-post__thumbnail\"><img loading=\"lazy\" decoding=\"async\" width=\"600\" height=\"800\" src=\"https:\/\/swissdox.ch\/wp-content\/uploads\/2024\/09\/grosseltern.jpg\" class=\"attachment-full size-full wp-image-53833\" alt=\"\" srcset=\"https:\/\/swissdox.ch\/wp-content\/uploads\/2024\/09\/grosseltern.jpg 600w, https:\/\/swissdox.ch\/wp-content\/uploads\/2024\/09\/grosseltern-225x300.jpg 225w\" sizes=\"(max-width: 600px) 100vw, 600px\" \/><\/div>\n\t\t<\/a>\n\t\t\t\t<div class=\"elementor-post__text\">\n\t\t\t\t<h3 class=\"elementor-post__title\">\n\t\t\t<a href=\"https:\/\/swissdox.ch\/fr\/repertoire-des-medias\/grosseltern\/\" >\n\t\t\t\tGrosseltern\t\t\t<\/a>\n\t\t<\/h3>\n\t\t\t\t<\/div>\n\t\t\t\t<\/article>\n\t\t\t\t<article class=\"elementor-post elementor-grid-item post-69772 medienverzeichnis type-medienverzeichnis status-publish has-post-thumbnail hentry land-allemagne medientyp-presse-en-ligne partner-axel-springer-ullstein-syndication-gmbh sprache-allemand\" role=\"listitem\">\n\t\t\t\t<a class=\"elementor-post__thumbnail__link\" href=\"https:\/\/swissdox.ch\/fr\/repertoire-des-medias\/gruenderszene-de\/\" tabindex=\"-1\" >\n\t\t\t<div class=\"elementor-post__thumbnail\"><img loading=\"lazy\" decoding=\"async\" width=\"600\" height=\"800\" src=\"https:\/\/swissdox.ch\/wp-content\/uploads\/2024\/09\/gruenderszene-de.jpg\" class=\"attachment-full size-full wp-image-53837\" alt=\"\" srcset=\"https:\/\/swissdox.ch\/wp-content\/uploads\/2024\/09\/gruenderszene-de.jpg 600w, https:\/\/swissdox.ch\/wp-content\/uploads\/2024\/09\/gruenderszene-de-225x300.jpg 225w\" sizes=\"(max-width: 600px) 100vw, 600px\" \/><\/div>\n\t\t<\/a>\n\t\t\t\t<div class=\"elementor-post__text\">\n\t\t\t\t<h3 class=\"elementor-post__title\">\n\t\t\t<a href=\"https:\/\/swissdox.ch\/fr\/repertoire-des-medias\/gruenderszene-de\/\" >\n\t\t\t\tgruenderszene.de\t\t\t<\/a>\n\t\t<\/h3>\n\t\t\t\t<\/div>\n\t\t\t\t<\/article>\n\t\t\t\t<article class=\"elementor-post elementor-grid-item post-69773 medienverzeichnis type-medienverzeichnis status-publish has-post-thumbnail hentry land-suisse medientyp-magazine partner-schweizer-agrarmedien-ag sprache-allemand\" role=\"listitem\">\n\t\t\t\t<a class=\"elementor-post__thumbnail__link\" href=\"https:\/\/swissdox.ch\/fr\/repertoire-des-medias\/die-gruene\/\" tabindex=\"-1\" >\n\t\t\t<div class=\"elementor-post__thumbnail\"><img loading=\"lazy\" decoding=\"async\" width=\"600\" height=\"799\" src=\"https:\/\/swissdox.ch\/wp-content\/uploads\/2024\/09\/die-gruene.jpg\" class=\"attachment-full size-full wp-image-53629\" alt=\"\" srcset=\"https:\/\/swissdox.ch\/wp-content\/uploads\/2024\/09\/die-gruene.jpg 600w, https:\/\/swissdox.ch\/wp-content\/uploads\/2024\/09\/die-gruene-225x300.jpg 225w\" sizes=\"(max-width: 600px) 100vw, 600px\" \/><\/div>\n\t\t<\/a>\n\t\t\t\t<div class=\"elementor-post__text\">\n\t\t\t\t<h3 class=\"elementor-post__title\">\n\t\t\t<a href=\"https:\/\/swissdox.ch\/fr\/repertoire-des-medias\/die-gruene\/\" >\n\t\t\t\tdie gr\u00fcne\t\t\t<\/a>\n\t\t<\/h3>\n\t\t\t\t<\/div>\n\t\t\t\t<\/article>\n\t\t\t\t<article class=\"elementor-post elementor-grid-item post-69774 medienverzeichnis type-medienverzeichnis status-publish has-post-thumbnail hentry land-suisse medientyp-magazine partner-amici-della-bici-gmbh sprache-allemand\" role=\"listitem\">\n\t\t\t\t<a class=\"elementor-post__thumbnail__link\" href=\"https:\/\/swissdox.ch\/fr\/repertoire-des-medias\/gruppetto\/\" tabindex=\"-1\" >\n\t\t\t<div class=\"elementor-post__thumbnail\"><img loading=\"lazy\" decoding=\"async\" width=\"600\" height=\"800\" src=\"https:\/\/swissdox.ch\/wp-content\/uploads\/2024\/10\/gruppetto.jpg\" class=\"attachment-full size-full wp-image-57020\" alt=\"\" srcset=\"https:\/\/swissdox.ch\/wp-content\/uploads\/2024\/10\/gruppetto.jpg 600w, https:\/\/swissdox.ch\/wp-content\/uploads\/2024\/10\/gruppetto-225x300.jpg 225w\" sizes=\"(max-width: 600px) 100vw, 600px\" \/><\/div>\n\t\t<\/a>\n\t\t\t\t<div class=\"elementor-post__text\">\n\t\t\t\t<h3 class=\"elementor-post__title\">\n\t\t\t<a href=\"https:\/\/swissdox.ch\/fr\/repertoire-des-medias\/gruppetto\/\" >\n\t\t\t\tgruppetto\t\t\t<\/a>\n\t\t<\/h3>\n\t\t\t\t<\/div>\n\t\t\t\t<\/article>\n\t\t\t\t<article class=\"elementor-post elementor-grid-item post-69775 medienverzeichnis type-medienverzeichnis status-publish has-post-thumbnail hentry land-suisse medientyp-presse-en-ligne partner-amici-della-bici-gmbh sprache-allemand\" role=\"listitem\">\n\t\t\t\t<a class=\"elementor-post__thumbnail__link\" href=\"https:\/\/swissdox.ch\/fr\/repertoire-des-medias\/gruppetto-magazin-ch\/\" tabindex=\"-1\" >\n\t\t\t<div class=\"elementor-post__thumbnail\"><img loading=\"lazy\" decoding=\"async\" width=\"599\" height=\"800\" src=\"https:\/\/swissdox.ch\/wp-content\/uploads\/2024\/11\/gruppetto-magazin-ch.jpg\" class=\"attachment-full size-full wp-image-58056\" alt=\"\" srcset=\"https:\/\/swissdox.ch\/wp-content\/uploads\/2024\/11\/gruppetto-magazin-ch.jpg 599w, https:\/\/swissdox.ch\/wp-content\/uploads\/2024\/11\/gruppetto-magazin-ch-225x300.jpg 225w\" sizes=\"(max-width: 599px) 100vw, 599px\" \/><\/div>\n\t\t<\/a>\n\t\t\t\t<div class=\"elementor-post__text\">\n\t\t\t\t<h3 class=\"elementor-post__title\">\n\t\t\t<a href=\"https:\/\/swissdox.ch\/fr\/repertoire-des-medias\/gruppetto-magazin-ch\/\" >\n\t\t\t\tgruppetto-magazin.ch\t\t\t<\/a>\n\t\t<\/h3>\n\t\t\t\t<\/div>\n\t\t\t\t<\/article>\n\t\t\t\t<article class=\"elementor-post elementor-grid-item post-69776 medienverzeichnis type-medienverzeichnis status-publish has-post-thumbnail hentry land-suisse medientyp-magazine partner-tx-group-ag sprache-francais\" role=\"listitem\">\n\t\t\t\t<a class=\"elementor-post__thumbnail__link\" href=\"https:\/\/swissdox.ch\/fr\/repertoire-des-medias\/guide-tv-cinema\/\" tabindex=\"-1\" >\n\t\t\t<div class=\"elementor-post__thumbnail\"><img loading=\"lazy\" decoding=\"async\" width=\"600\" height=\"799\" src=\"https:\/\/swissdox.ch\/wp-content\/uploads\/2024\/09\/guide-tv-cinema.jpg\" class=\"attachment-full size-full wp-image-53841\" alt=\"\" srcset=\"https:\/\/swissdox.ch\/wp-content\/uploads\/2024\/09\/guide-tv-cinema.jpg 600w, https:\/\/swissdox.ch\/wp-content\/uploads\/2024\/09\/guide-tv-cinema-225x300.jpg 225w\" sizes=\"(max-width: 600px) 100vw, 600px\" \/><\/div>\n\t\t<\/a>\n\t\t\t\t<div class=\"elementor-post__text\">\n\t\t\t\t<h3 class=\"elementor-post__title\">\n\t\t\t<a href=\"https:\/\/swissdox.ch\/fr\/repertoire-des-medias\/guide-tv-cinema\/\" >\n\t\t\t\tGuide TV Cin\u00e9ma\t\t\t<\/a>\n\t\t<\/h3>\n\t\t\t\t<\/div>\n\t\t\t\t<\/article>\n\t\t\t\t<article class=\"elementor-post elementor-grid-item post-69777 medienverzeichnis type-medienverzeichnis status-publish has-post-thumbnail hentry land-suisse medientyp-magazine partner-ringier-ag sprache-allemand\" role=\"listitem\">\n\t\t\t\t<a class=\"elementor-post__thumbnail__link\" href=\"https:\/\/swissdox.ch\/fr\/repertoire-des-medias\/handelszeitung\/\" tabindex=\"-1\" >\n\t\t\t<div class=\"elementor-post__thumbnail\"><img loading=\"lazy\" decoding=\"async\" width=\"600\" height=\"799\" src=\"https:\/\/swissdox.ch\/wp-content\/uploads\/2024\/09\/handelszeitung.jpg\" class=\"attachment-full size-full wp-image-53849\" alt=\"\" srcset=\"https:\/\/swissdox.ch\/wp-content\/uploads\/2024\/09\/handelszeitung.jpg 600w, https:\/\/swissdox.ch\/wp-content\/uploads\/2024\/09\/handelszeitung-225x300.jpg 225w\" sizes=\"(max-width: 600px) 100vw, 600px\" \/><\/div>\n\t\t<\/a>\n\t\t\t\t<div class=\"elementor-post__text\">\n\t\t\t\t<h3 class=\"elementor-post__title\">\n\t\t\t<a href=\"https:\/\/swissdox.ch\/fr\/repertoire-des-medias\/handelszeitung\/\" >\n\t\t\t\tHandelszeitung\t\t\t<\/a>\n\t\t<\/h3>\n\t\t\t\t<\/div>\n\t\t\t\t<\/article>\n\t\t\t\t<article class=\"elementor-post elementor-grid-item post-69778 medienverzeichnis type-medienverzeichnis status-publish has-post-thumbnail hentry land-suisse medientyp-presse-en-ligne partner-hauptstadt sprache-allemand\" role=\"listitem\">\n\t\t\t\t<a class=\"elementor-post__thumbnail__link\" href=\"https:\/\/swissdox.ch\/fr\/repertoire-des-medias\/hauptstadt-be\/\" tabindex=\"-1\" >\n\t\t\t<div class=\"elementor-post__thumbnail\"><img loading=\"lazy\" decoding=\"async\" width=\"600\" height=\"800\" src=\"https:\/\/swissdox.ch\/wp-content\/uploads\/2024\/09\/hauptstadt-be.jpg\" class=\"attachment-full size-full wp-image-53853\" alt=\"\" srcset=\"https:\/\/swissdox.ch\/wp-content\/uploads\/2024\/09\/hauptstadt-be.jpg 600w, https:\/\/swissdox.ch\/wp-content\/uploads\/2024\/09\/hauptstadt-be-225x300.jpg 225w\" sizes=\"(max-width: 600px) 100vw, 600px\" \/><\/div>\n\t\t<\/a>\n\t\t\t\t<div class=\"elementor-post__text\">\n\t\t\t\t<h3 class=\"elementor-post__title\">\n\t\t\t<a href=\"https:\/\/swissdox.ch\/fr\/repertoire-des-medias\/hauptstadt-be\/\" >\n\t\t\t\thauptstadt.be\t\t\t<\/a>\n\t\t<\/h3>\n\t\t\t\t<\/div>\n\t\t\t\t<\/article>\n\t\t\t\t<article class=\"elementor-post elementor-grid-item post-69779 medienverzeichnis type-medienverzeichnis status-publish has-post-thumbnail hentry land-allemagne medientyp-presse-en-ligne partner-rnd-redaktionsnetzwerk-deutschland-gmbh sprache-allemand\" role=\"listitem\">\n\t\t\t\t<a class=\"elementor-post__thumbnail__link\" href=\"https:\/\/swissdox.ch\/fr\/repertoire-des-medias\/haz-de\/\" tabindex=\"-1\" >\n\t\t\t<div class=\"elementor-post__thumbnail\"><img loading=\"lazy\" decoding=\"async\" width=\"600\" height=\"800\" src=\"https:\/\/swissdox.ch\/wp-content\/uploads\/2026\/07\/haz-de.jpg\" class=\"attachment-full size-full wp-image-70102\" alt=\"\" srcset=\"https:\/\/swissdox.ch\/wp-content\/uploads\/2026\/07\/haz-de.jpg 600w, https:\/\/swissdox.ch\/wp-content\/uploads\/2026\/07\/haz-de-225x300.jpg 225w\" sizes=\"(max-width: 600px) 100vw, 600px\" \/><\/div>\n\t\t<\/a>\n\t\t\t\t<div class=\"elementor-post__text\">\n\t\t\t\t<h3 class=\"elementor-post__title\">\n\t\t\t<a href=\"https:\/\/swissdox.ch\/fr\/repertoire-des-medias\/haz-de\/\" >\n\t\t\t\thaz.de\t\t\t<\/a>\n\t\t<\/h3>\n\t\t\t\t<\/div>\n\t\t\t\t<\/article>\n\t\t\t\t<article class=\"elementor-post elementor-grid-item post-69780 medienverzeichnis type-medienverzeichnis status-publish has-post-thumbnail hentry land-suisse medientyp-presse-en-ligne partner-le-temps-sa sprache-francais\" role=\"listitem\">\n\t\t\t\t<a class=\"elementor-post__thumbnail__link\" href=\"https:\/\/swissdox.ch\/fr\/repertoire-des-medias\/heidi-news\/\" tabindex=\"-1\" >\n\t\t\t<div class=\"elementor-post__thumbnail\"><img loading=\"lazy\" decoding=\"async\" width=\"600\" height=\"800\" src=\"https:\/\/swissdox.ch\/wp-content\/uploads\/2024\/09\/heidi-news.jpg\" class=\"attachment-full size-full wp-image-53857\" alt=\"\" srcset=\"https:\/\/swissdox.ch\/wp-content\/uploads\/2024\/09\/heidi-news.jpg 600w, https:\/\/swissdox.ch\/wp-content\/uploads\/2024\/09\/heidi-news-225x300.jpg 225w\" sizes=\"(max-width: 600px) 100vw, 600px\" \/><\/div>\n\t\t<\/a>\n\t\t\t\t<div class=\"elementor-post__text\">\n\t\t\t\t<h3 class=\"elementor-post__title\">\n\t\t\t<a href=\"https:\/\/swissdox.ch\/fr\/repertoire-des-medias\/heidi-news\/\" >\n\t\t\t\theidi.news\t\t\t<\/a>\n\t\t<\/h3>\n\t\t\t\t<\/div>\n\t\t\t\t<\/article>\n\t\t\t\t<article class=\"elementor-post elementor-grid-item post-69781 medienverzeichnis type-medienverzeichnis status-publish has-post-thumbnail hentry land-autriche medientyp-magazine partner-austria-presse-agentur sprache-allemand\" role=\"listitem\">\n\t\t\t\t<a class=\"elementor-post__thumbnail__link\" href=\"https:\/\/swissdox.ch\/fr\/repertoire-des-medias\/heureka\/\" tabindex=\"-1\" >\n\t\t\t<div class=\"elementor-post__thumbnail\"><img loading=\"lazy\" decoding=\"async\" width=\"600\" height=\"799\" src=\"https:\/\/swissdox.ch\/wp-content\/uploads\/2024\/09\/heureka.jpg\" class=\"attachment-full size-full wp-image-53861\" alt=\"\" srcset=\"https:\/\/swissdox.ch\/wp-content\/uploads\/2024\/09\/heureka.jpg 600w, https:\/\/swissdox.ch\/wp-content\/uploads\/2024\/09\/heureka-225x300.jpg 225w\" sizes=\"(max-width: 600px) 100vw, 600px\" \/><\/div>\n\t\t<\/a>\n\t\t\t\t<div class=\"elementor-post__text\">\n\t\t\t\t<h3 class=\"elementor-post__title\">\n\t\t\t<a href=\"https:\/\/swissdox.ch\/fr\/repertoire-des-medias\/heureka\/\" >\n\t\t\t\tHEUREKA\t\t\t<\/a>\n\t\t<\/h3>\n\t\t\t\t<\/div>\n\t\t\t\t<\/article>\n\t\t\t\t<article class=\"elementor-post elementor-grid-item post-69782 medienverzeichnis type-medienverzeichnis status-publish has-post-thumbnail hentry land-suisse medientyp-magazine partner-hochparterre sprache-allemand\" role=\"listitem\">\n\t\t\t\t<a class=\"elementor-post__thumbnail__link\" href=\"https:\/\/swissdox.ch\/fr\/repertoire-des-medias\/hochparterre\/\" tabindex=\"-1\" >\n\t\t\t<div class=\"elementor-post__thumbnail\"><img loading=\"lazy\" decoding=\"async\" width=\"600\" height=\"800\" src=\"https:\/\/swissdox.ch\/wp-content\/uploads\/2024\/09\/hochparterre.jpg\" class=\"attachment-full size-full wp-image-53865\" alt=\"\" srcset=\"https:\/\/swissdox.ch\/wp-content\/uploads\/2024\/09\/hochparterre.jpg 600w, https:\/\/swissdox.ch\/wp-content\/uploads\/2024\/09\/hochparterre-225x300.jpg 225w\" sizes=\"(max-width: 600px) 100vw, 600px\" \/><\/div>\n\t\t<\/a>\n\t\t\t\t<div class=\"elementor-post__text\">\n\t\t\t\t<h3 class=\"elementor-post__title\">\n\t\t\t<a href=\"https:\/\/swissdox.ch\/fr\/repertoire-des-medias\/hochparterre\/\" >\n\t\t\t\tHochparterre\t\t\t<\/a>\n\t\t<\/h3>\n\t\t\t\t<\/div>\n\t\t\t\t<\/article>\n\t\t\t\t<article class=\"elementor-post elementor-grid-item post-69783 medienverzeichnis type-medienverzeichnis status-publish has-post-thumbnail hentry land-allemagne medientyp-magazine partner-dfv-mediengruppe sprache-allemand\" role=\"listitem\">\n\t\t\t\t<a class=\"elementor-post__thumbnail__link\" href=\"https:\/\/swissdox.ch\/fr\/repertoire-des-medias\/horizont\/\" tabindex=\"-1\" >\n\t\t\t<div class=\"elementor-post__thumbnail\"><img loading=\"lazy\" decoding=\"async\" width=\"600\" height=\"800\" src=\"https:\/\/swissdox.ch\/wp-content\/uploads\/2024\/09\/horizont.jpg\" class=\"attachment-full size-full wp-image-53877\" alt=\"\" srcset=\"https:\/\/swissdox.ch\/wp-content\/uploads\/2024\/09\/horizont.jpg 600w, https:\/\/swissdox.ch\/wp-content\/uploads\/2024\/09\/horizont-225x300.jpg 225w\" sizes=\"(max-width: 600px) 100vw, 600px\" \/><\/div>\n\t\t<\/a>\n\t\t\t\t<div class=\"elementor-post__text\">\n\t\t\t\t<h3 class=\"elementor-post__title\">\n\t\t\t<a href=\"https:\/\/swissdox.ch\/fr\/repertoire-des-medias\/horizont\/\" >\n\t\t\t\tHORIZONT\t\t\t<\/a>\n\t\t<\/h3>\n\t\t\t\t<\/div>\n\t\t\t\t<\/article>\n\t\t\t\t<article class=\"elementor-post elementor-grid-item post-69784 medienverzeichnis type-medienverzeichnis status-publish has-post-thumbnail hentry land-allemagne medientyp-presse-en-ligne partner-dfv-mediengruppe sprache-allemand\" role=\"listitem\">\n\t\t\t\t<a class=\"elementor-post__thumbnail__link\" href=\"https:\/\/swissdox.ch\/fr\/repertoire-des-medias\/horizont-net\/\" tabindex=\"-1\" >\n\t\t\t<div class=\"elementor-post__thumbnail\"><img loading=\"lazy\" decoding=\"async\" width=\"600\" height=\"800\" src=\"https:\/\/swissdox.ch\/wp-content\/uploads\/2024\/09\/horizont-net.jpg\" class=\"attachment-full size-full wp-image-53873\" alt=\"\" srcset=\"https:\/\/swissdox.ch\/wp-content\/uploads\/2024\/09\/horizont-net.jpg 600w, https:\/\/swissdox.ch\/wp-content\/uploads\/2024\/09\/horizont-net-225x300.jpg 225w\" sizes=\"(max-width: 600px) 100vw, 600px\" \/><\/div>\n\t\t<\/a>\n\t\t\t\t<div class=\"elementor-post__text\">\n\t\t\t\t<h3 class=\"elementor-post__title\">\n\t\t\t<a href=\"https:\/\/swissdox.ch\/fr\/repertoire-des-medias\/horizont-net\/\" >\n\t\t\t\thorizont.net\t\t\t<\/a>\n\t\t<\/h3>\n\t\t\t\t<\/div>\n\t\t\t\t<\/article>\n\t\t\t\t<article class=\"elementor-post elementor-grid-item post-69785 medienverzeichnis type-medienverzeichnis status-publish has-post-thumbnail hentry land-suisse medientyp-magazine partner-hotelrevue sprache-allemand sprache-francais\" role=\"listitem\">\n\t\t\t\t<a class=\"elementor-post__thumbnail__link\" href=\"https:\/\/swissdox.ch\/fr\/repertoire-des-medias\/hotelrevue\/\" tabindex=\"-1\" >\n\t\t\t<div class=\"elementor-post__thumbnail\"><img loading=\"lazy\" decoding=\"async\" width=\"600\" height=\"799\" src=\"https:\/\/swissdox.ch\/wp-content\/uploads\/2024\/09\/hotelrevue.jpg\" class=\"attachment-full size-full wp-image-53881\" alt=\"\" srcset=\"https:\/\/swissdox.ch\/wp-content\/uploads\/2024\/09\/hotelrevue.jpg 600w, https:\/\/swissdox.ch\/wp-content\/uploads\/2024\/09\/hotelrevue-225x300.jpg 225w\" sizes=\"(max-width: 600px) 100vw, 600px\" \/><\/div>\n\t\t<\/a>\n\t\t\t\t<div class=\"elementor-post__text\">\n\t\t\t\t<h3 class=\"elementor-post__title\">\n\t\t\t<a href=\"https:\/\/swissdox.ch\/fr\/repertoire-des-medias\/hotelrevue\/\" >\n\t\t\t\thotelrevue\t\t\t<\/a>\n\t\t<\/h3>\n\t\t\t\t<\/div>\n\t\t\t\t<\/article>\n\t\t\t\t<article class=\"elementor-post elementor-grid-item post-69786 medienverzeichnis type-medienverzeichnis status-publish has-post-thumbnail hentry land-suisse medientyp-magazine partner-alma-media-ag sprache-allemand\" role=\"listitem\">\n\t\t\t\t<a class=\"elementor-post__thumbnail__link\" href=\"https:\/\/swissdox.ch\/fr\/repertoire-des-medias\/hr-today-de\/\" tabindex=\"-1\" >\n\t\t\t<div class=\"elementor-post__thumbnail\"><img loading=\"lazy\" decoding=\"async\" width=\"600\" height=\"799\" src=\"https:\/\/swissdox.ch\/wp-content\/uploads\/2024\/09\/hr-today-de.jpg\" class=\"attachment-full size-full wp-image-53885\" alt=\"\" srcset=\"https:\/\/swissdox.ch\/wp-content\/uploads\/2024\/09\/hr-today-de.jpg 600w, https:\/\/swissdox.ch\/wp-content\/uploads\/2024\/09\/hr-today-de-225x300.jpg 225w\" sizes=\"(max-width: 600px) 100vw, 600px\" \/><\/div>\n\t\t<\/a>\n\t\t\t\t<div class=\"elementor-post__text\">\n\t\t\t\t<h3 class=\"elementor-post__title\">\n\t\t\t<a href=\"https:\/\/swissdox.ch\/fr\/repertoire-des-medias\/hr-today-de\/\" >\n\t\t\t\tHR Today (de)\t\t\t<\/a>\n\t\t<\/h3>\n\t\t\t\t<\/div>\n\t\t\t\t<\/article>\n\t\t\t\t<article class=\"elementor-post elementor-grid-item post-69787 medienverzeichnis type-medienverzeichnis status-publish has-post-thumbnail hentry land-suisse medientyp-magazine partner-alma-media-ag sprache-francais\" role=\"listitem\">\n\t\t\t\t<a class=\"elementor-post__thumbnail__link\" href=\"https:\/\/swissdox.ch\/fr\/repertoire-des-medias\/hr-today-fr\/\" tabindex=\"-1\" >\n\t\t\t<div class=\"elementor-post__thumbnail\"><img loading=\"lazy\" decoding=\"async\" width=\"600\" height=\"799\" src=\"https:\/\/swissdox.ch\/wp-content\/uploads\/2024\/09\/hr-today-fr.jpg\" class=\"attachment-full size-full wp-image-53889\" alt=\"\" srcset=\"https:\/\/swissdox.ch\/wp-content\/uploads\/2024\/09\/hr-today-fr.jpg 600w, https:\/\/swissdox.ch\/wp-content\/uploads\/2024\/09\/hr-today-fr-225x300.jpg 225w\" sizes=\"(max-width: 600px) 100vw, 600px\" \/><\/div>\n\t\t<\/a>\n\t\t\t\t<div class=\"elementor-post__text\">\n\t\t\t\t<h3 class=\"elementor-post__title\">\n\t\t\t<a href=\"https:\/\/swissdox.ch\/fr\/repertoire-des-medias\/hr-today-fr\/\" >\n\t\t\t\tHR Today (fr)\t\t\t<\/a>\n\t\t<\/h3>\n\t\t\t\t<\/div>\n\t\t\t\t<\/article>\n\t\t\t\t<article class=\"elementor-post elementor-grid-item post-69788 medienverzeichnis type-medienverzeichnis status-publish has-post-thumbnail hentry land-suisse medientyp-presse-en-ligne partner-alma-media-ag sprache-allemand sprache-francais\" role=\"listitem\">\n\t\t\t\t<a class=\"elementor-post__thumbnail__link\" href=\"https:\/\/swissdox.ch\/fr\/repertoire-des-medias\/hrtoday-ch\/\" tabindex=\"-1\" >\n\t\t\t<div class=\"elementor-post__thumbnail\"><img loading=\"lazy\" decoding=\"async\" width=\"600\" height=\"799\" src=\"https:\/\/swissdox.ch\/wp-content\/uploads\/2024\/10\/hrtoday-ch.jpg\" class=\"attachment-full size-full wp-image-57024\" alt=\"\" srcset=\"https:\/\/swissdox.ch\/wp-content\/uploads\/2024\/10\/hrtoday-ch.jpg 600w, https:\/\/swissdox.ch\/wp-content\/uploads\/2024\/10\/hrtoday-ch-225x300.jpg 225w\" sizes=\"(max-width: 600px) 100vw, 600px\" \/><\/div>\n\t\t<\/a>\n\t\t\t\t<div class=\"elementor-post__text\">\n\t\t\t\t<h3 class=\"elementor-post__title\">\n\t\t\t<a href=\"https:\/\/swissdox.ch\/fr\/repertoire-des-medias\/hrtoday-ch\/\" >\n\t\t\t\thrtoday.ch\t\t\t<\/a>\n\t\t<\/h3>\n\t\t\t\t<\/div>\n\t\t\t\t<\/article>\n\t\t\t\t<article class=\"elementor-post elementor-grid-item post-69789 medienverzeichnis type-medienverzeichnis status-publish has-post-thumbnail hentry land-suisse medientyp-presse-en-ligne partner-hotelrevue sprache-allemand sprache-francais\" role=\"listitem\">\n\t\t\t\t<a class=\"elementor-post__thumbnail__link\" href=\"https:\/\/swissdox.ch\/fr\/repertoire-des-medias\/htr-ch\/\" tabindex=\"-1\" >\n\t\t\t<div class=\"elementor-post__thumbnail\"><img loading=\"lazy\" decoding=\"async\" width=\"600\" height=\"800\" src=\"https:\/\/swissdox.ch\/wp-content\/uploads\/2024\/09\/htr-ch.jpg\" class=\"attachment-full size-full wp-image-53893\" alt=\"\" srcset=\"https:\/\/swissdox.ch\/wp-content\/uploads\/2024\/09\/htr-ch.jpg 600w, https:\/\/swissdox.ch\/wp-content\/uploads\/2024\/09\/htr-ch-225x300.jpg 225w\" sizes=\"(max-width: 600px) 100vw, 600px\" \/><\/div>\n\t\t<\/a>\n\t\t\t\t<div class=\"elementor-post__text\">\n\t\t\t\t<h3 class=\"elementor-post__title\">\n\t\t\t<a href=\"https:\/\/swissdox.ch\/fr\/repertoire-des-medias\/htr-ch\/\" >\n\t\t\t\thtr.ch\t\t\t<\/a>\n\t\t<\/h3>\n\t\t\t\t<\/div>\n\t\t\t\t<\/article>\n\t\t\t\t<article class=\"elementor-post elementor-grid-item post-69790 medienverzeichnis type-medienverzeichnis status-publish has-post-thumbnail hentry land-suisse medientyp-presse-en-ligne partner-ringier-ag sprache-allemand\" role=\"listitem\">\n\t\t\t\t<a class=\"elementor-post__thumbnail__link\" href=\"https:\/\/swissdox.ch\/fr\/repertoire-des-medias\/hz-banking\/\" tabindex=\"-1\" >\n\t\t\t<div class=\"elementor-post__thumbnail\"><img loading=\"lazy\" decoding=\"async\" width=\"600\" height=\"800\" src=\"https:\/\/swissdox.ch\/wp-content\/uploads\/2025\/03\/hz-banking.jpg\" class=\"attachment-full size-full wp-image-60579\" alt=\"\" srcset=\"https:\/\/swissdox.ch\/wp-content\/uploads\/2025\/03\/hz-banking.jpg 600w, https:\/\/swissdox.ch\/wp-content\/uploads\/2025\/03\/hz-banking-225x300.jpg 225w\" sizes=\"(max-width: 600px) 100vw, 600px\" \/><\/div>\n\t\t<\/a>\n\t\t\t\t<div class=\"elementor-post__text\">\n\t\t\t\t<h3 class=\"elementor-post__title\">\n\t\t\t<a href=\"https:\/\/swissdox.ch\/fr\/repertoire-des-medias\/hz-banking\/\" >\n\t\t\t\tHZ Banking\t\t\t<\/a>\n\t\t<\/h3>\n\t\t\t\t<\/div>\n\t\t\t\t<\/article>\n\t\t\t\t<article class=\"elementor-post elementor-grid-item post-69791 medienverzeichnis type-medienverzeichnis status-publish has-post-thumbnail hentry land-suisse medientyp-presse-en-ligne partner-ringier-ag sprache-allemand\" role=\"listitem\">\n\t\t\t\t<a class=\"elementor-post__thumbnail__link\" href=\"https:\/\/swissdox.ch\/fr\/repertoire-des-medias\/hz-insurance\/\" tabindex=\"-1\" >\n\t\t\t<div class=\"elementor-post__thumbnail\"><img loading=\"lazy\" decoding=\"async\" width=\"600\" height=\"800\" src=\"https:\/\/swissdox.ch\/wp-content\/uploads\/2024\/09\/hz-insurance.jpg\" class=\"attachment-full size-full wp-image-53897\" alt=\"\" srcset=\"https:\/\/swissdox.ch\/wp-content\/uploads\/2024\/09\/hz-insurance.jpg 600w, https:\/\/swissdox.ch\/wp-content\/uploads\/2024\/09\/hz-insurance-225x300.jpg 225w\" sizes=\"(max-width: 600px) 100vw, 600px\" \/><\/div>\n\t\t<\/a>\n\t\t\t\t<div class=\"elementor-post__text\">\n\t\t\t\t<h3 class=\"elementor-post__title\">\n\t\t\t<a href=\"https:\/\/swissdox.ch\/fr\/repertoire-des-medias\/hz-insurance\/\" >\n\t\t\t\tHZ Insurance\t\t\t<\/a>\n\t\t<\/h3>\n\t\t\t\t<\/div>\n\t\t\t\t<\/article>\n\t\t\t\t<article class=\"elementor-post elementor-grid-item post-69792 medienverzeichnis type-medienverzeichnis status-publish has-post-thumbnail hentry land-allemagne medientyp-magazine partner-axel-springer-ullstein-syndication-gmbh sprache-allemand\" role=\"listitem\">\n\t\t\t\t<a class=\"elementor-post__thumbnail__link\" href=\"https:\/\/swissdox.ch\/fr\/repertoire-des-medias\/icon\/\" tabindex=\"-1\" >\n\t\t\t<div class=\"elementor-post__thumbnail\"><img loading=\"lazy\" decoding=\"async\" width=\"600\" height=\"800\" src=\"https:\/\/swissdox.ch\/wp-content\/uploads\/2024\/09\/icon.jpg\" class=\"attachment-full size-full wp-image-53901\" alt=\"\" srcset=\"https:\/\/swissdox.ch\/wp-content\/uploads\/2024\/09\/icon.jpg 600w, https:\/\/swissdox.ch\/wp-content\/uploads\/2024\/09\/icon-225x300.jpg 225w\" sizes=\"(max-width: 600px) 100vw, 600px\" \/><\/div>\n\t\t<\/a>\n\t\t\t\t<div class=\"elementor-post__text\">\n\t\t\t\t<h3 class=\"elementor-post__title\">\n\t\t\t<a href=\"https:\/\/swissdox.ch\/fr\/repertoire-des-medias\/icon\/\" >\n\t\t\t\tICON\t\t\t<\/a>\n\t\t<\/h3>\n\t\t\t\t<\/div>\n\t\t\t\t<\/article>\n\t\t\t\t<article class=\"elementor-post elementor-grid-item post-69793 medienverzeichnis type-medienverzeichnis status-publish has-post-thumbnail hentry land-suisse medientyp-presse-en-ligne partner-effingermedien-ag sprache-allemand\" role=\"listitem\">\n\t\t\t\t<a class=\"elementor-post__thumbnail__link\" href=\"https:\/\/swissdox.ch\/fr\/repertoire-des-medias\/ihre-region-online-ch\/\" tabindex=\"-1\" >\n\t\t\t<div class=\"elementor-post__thumbnail\"><img loading=\"lazy\" decoding=\"async\" width=\"600\" height=\"800\" src=\"https:\/\/swissdox.ch\/wp-content\/uploads\/2024\/09\/ihre-region-online-ch.jpg\" class=\"attachment-full size-full wp-image-53909\" alt=\"\" srcset=\"https:\/\/swissdox.ch\/wp-content\/uploads\/2024\/09\/ihre-region-online-ch.jpg 600w, https:\/\/swissdox.ch\/wp-content\/uploads\/2024\/09\/ihre-region-online-ch-225x300.jpg 225w\" sizes=\"(max-width: 600px) 100vw, 600px\" \/><\/div>\n\t\t<\/a>\n\t\t\t\t<div class=\"elementor-post__text\">\n\t\t\t\t<h3 class=\"elementor-post__title\">\n\t\t\t<a href=\"https:\/\/swissdox.ch\/fr\/repertoire-des-medias\/ihre-region-online-ch\/\" >\n\t\t\t\tihre-region-online.ch\t\t\t<\/a>\n\t\t<\/h3>\n\t\t\t\t<\/div>\n\t\t\t\t<\/article>\n\t\t\t\t<article class=\"elementor-post elementor-grid-item post-69794 medienverzeichnis type-medienverzeichnis status-publish has-post-thumbnail hentry land-suisse medientyp-magazine partner-ringier-ag sprache-francais\" role=\"listitem\">\n\t\t\t\t<a class=\"elementor-post__thumbnail__link\" href=\"https:\/\/swissdox.ch\/fr\/repertoire-des-medias\/lillustre\/\" tabindex=\"-1\" >\n\t\t\t<div class=\"elementor-post__thumbnail\"><img loading=\"lazy\" decoding=\"async\" width=\"600\" height=\"800\" src=\"https:\/\/swissdox.ch\/wp-content\/uploads\/2024\/09\/l-illustre.jpg\" class=\"attachment-full size-full wp-image-54001\" alt=\"\" srcset=\"https:\/\/swissdox.ch\/wp-content\/uploads\/2024\/09\/l-illustre.jpg 600w, https:\/\/swissdox.ch\/wp-content\/uploads\/2024\/09\/l-illustre-225x300.jpg 225w\" sizes=\"(max-width: 600px) 100vw, 600px\" \/><\/div>\n\t\t<\/a>\n\t\t\t\t<div class=\"elementor-post__text\">\n\t\t\t\t<h3 class=\"elementor-post__title\">\n\t\t\t<a href=\"https:\/\/swissdox.ch\/fr\/repertoire-des-medias\/lillustre\/\" >\n\t\t\t\tL&rsquo;Illustr\u00e9\t\t\t<\/a>\n\t\t<\/h3>\n\t\t\t\t<\/div>\n\t\t\t\t<\/article>\n\t\t\t\t<article class=\"elementor-post elementor-grid-item post-69795 medienverzeichnis type-medienverzeichnis status-publish has-post-thumbnail hentry land-suisse medientyp-presse-en-ligne partner-ssui sprache-allemand sprache-anglais sprache-francais\" role=\"listitem\">\n\t\t\t\t<a class=\"elementor-post__thumbnail__link\" href=\"https:\/\/swissdox.ch\/fr\/repertoire-des-medias\/infosperber-ch\/\" tabindex=\"-1\" >\n\t\t\t<div class=\"elementor-post__thumbnail\"><img loading=\"lazy\" decoding=\"async\" width=\"600\" height=\"800\" src=\"https:\/\/swissdox.ch\/wp-content\/uploads\/2024\/09\/infosperber-ch.jpg\" class=\"attachment-full size-full wp-image-53917\" alt=\"\" srcset=\"https:\/\/swissdox.ch\/wp-content\/uploads\/2024\/09\/infosperber-ch.jpg 600w, https:\/\/swissdox.ch\/wp-content\/uploads\/2024\/09\/infosperber-ch-225x300.jpg 225w\" sizes=\"(max-width: 600px) 100vw, 600px\" \/><\/div>\n\t\t<\/a>\n\t\t\t\t<div class=\"elementor-post__text\">\n\t\t\t\t<h3 class=\"elementor-post__title\">\n\t\t\t<a href=\"https:\/\/swissdox.ch\/fr\/repertoire-des-medias\/infosperber-ch\/\" >\n\t\t\t\tinfosperber.ch\t\t\t<\/a>\n\t\t<\/h3>\n\t\t\t\t<\/div>\n\t\t\t\t<\/article>\n\t\t\t\t<article class=\"elementor-post elementor-grid-item post-69796 medienverzeichnis type-medienverzeichnis status-publish has-post-thumbnail hentry land-suisse medientyp-presse-en-ligne partner-winsider-ag sprache-allemand\" role=\"listitem\">\n\t\t\t\t<a class=\"elementor-post__thumbnail__link\" href=\"https:\/\/swissdox.ch\/fr\/repertoire-des-medias\/inside-it-ch\/\" tabindex=\"-1\" >\n\t\t\t<div class=\"elementor-post__thumbnail\"><img loading=\"lazy\" decoding=\"async\" width=\"600\" height=\"800\" src=\"https:\/\/swissdox.ch\/wp-content\/uploads\/2024\/09\/inside-it-ch.jpg\" class=\"attachment-full size-full wp-image-53921\" alt=\"\" srcset=\"https:\/\/swissdox.ch\/wp-content\/uploads\/2024\/09\/inside-it-ch.jpg 600w, https:\/\/swissdox.ch\/wp-content\/uploads\/2024\/09\/inside-it-ch-225x300.jpg 225w\" sizes=\"(max-width: 600px) 100vw, 600px\" \/><\/div>\n\t\t<\/a>\n\t\t\t\t<div class=\"elementor-post__text\">\n\t\t\t\t<h3 class=\"elementor-post__title\">\n\t\t\t<a href=\"https:\/\/swissdox.ch\/fr\/repertoire-des-medias\/inside-it-ch\/\" >\n\t\t\t\tinside-it.ch\t\t\t<\/a>\n\t\t<\/h3>\n\t\t\t\t<\/div>\n\t\t\t\t<\/article>\n\t\t\t\t<article class=\"elementor-post elementor-grid-item post-69797 medienverzeichnis type-medienverzeichnis status-publish has-post-thumbnail hentry land-suisse medientyp-presse-en-ligne partner-inside-justiz sprache-allemand\" role=\"listitem\">\n\t\t\t\t<a class=\"elementor-post__thumbnail__link\" href=\"https:\/\/swissdox.ch\/fr\/repertoire-des-medias\/inside-justiz-ch\/\" tabindex=\"-1\" >\n\t\t\t<div class=\"elementor-post__thumbnail\"><img loading=\"lazy\" decoding=\"async\" width=\"600\" height=\"800\" src=\"https:\/\/swissdox.ch\/wp-content\/uploads\/2024\/09\/inside-justiz-ch.jpg\" class=\"attachment-full size-full wp-image-53925\" alt=\"\" srcset=\"https:\/\/swissdox.ch\/wp-content\/uploads\/2024\/09\/inside-justiz-ch.jpg 600w, https:\/\/swissdox.ch\/wp-content\/uploads\/2024\/09\/inside-justiz-ch-225x300.jpg 225w\" sizes=\"(max-width: 600px) 100vw, 600px\" \/><\/div>\n\t\t<\/a>\n\t\t\t\t<div class=\"elementor-post__text\">\n\t\t\t\t<h3 class=\"elementor-post__title\">\n\t\t\t<a href=\"https:\/\/swissdox.ch\/fr\/repertoire-des-medias\/inside-justiz-ch\/\" >\n\t\t\t\tinside-justiz.ch\t\t\t<\/a>\n\t\t<\/h3>\n\t\t\t\t<\/div>\n\t\t\t\t<\/article>\n\t\t\t\t<article class=\"elementor-post elementor-grid-item post-69798 medienverzeichnis type-medienverzeichnis status-publish has-post-thumbnail hentry land-suisse medientyp-presse-en-ligne partner-inside-paradeplatz-gmbh sprache-allemand sprache-anglais\" role=\"listitem\">\n\t\t\t\t<a class=\"elementor-post__thumbnail__link\" href=\"https:\/\/swissdox.ch\/fr\/repertoire-des-medias\/insideparadeplatz-ch\/\" tabindex=\"-1\" >\n\t\t\t<div class=\"elementor-post__thumbnail\"><img loading=\"lazy\" decoding=\"async\" width=\"600\" height=\"800\" src=\"https:\/\/swissdox.ch\/wp-content\/uploads\/2024\/09\/insideparadeplatz-ch.jpg\" class=\"attachment-full size-full wp-image-53929\" alt=\"\" srcset=\"https:\/\/swissdox.ch\/wp-content\/uploads\/2024\/09\/insideparadeplatz-ch.jpg 600w, https:\/\/swissdox.ch\/wp-content\/uploads\/2024\/09\/insideparadeplatz-ch-225x300.jpg 225w\" sizes=\"(max-width: 600px) 100vw, 600px\" \/><\/div>\n\t\t<\/a>\n\t\t\t\t<div class=\"elementor-post__text\">\n\t\t\t\t<h3 class=\"elementor-post__title\">\n\t\t\t<a href=\"https:\/\/swissdox.ch\/fr\/repertoire-des-medias\/insideparadeplatz-ch\/\" >\n\t\t\t\tinsideparadeplatz.ch\t\t\t<\/a>\n\t\t<\/h3>\n\t\t\t\t<\/div>\n\t\t\t\t<\/article>\n\t\t\t\t<article class=\"elementor-post elementor-grid-item post-69799 medienverzeichnis type-medienverzeichnis status-publish has-post-thumbnail hentry land-suisse medientyp-magazine partner-ringier-ag sprache-allemand\" role=\"listitem\">\n\t\t\t\t<a class=\"elementor-post__thumbnail__link\" href=\"https:\/\/swissdox.ch\/fr\/repertoire-des-medias\/interview-by-ringier\/\" tabindex=\"-1\" >\n\t\t\t<div class=\"elementor-post__thumbnail\"><img loading=\"lazy\" decoding=\"async\" width=\"600\" height=\"799\" src=\"https:\/\/swissdox.ch\/wp-content\/uploads\/2024\/09\/interview-by-ringier.jpg\" class=\"attachment-full size-full wp-image-53933\" alt=\"\" srcset=\"https:\/\/swissdox.ch\/wp-content\/uploads\/2024\/09\/interview-by-ringier.jpg 600w, https:\/\/swissdox.ch\/wp-content\/uploads\/2024\/09\/interview-by-ringier-225x300.jpg 225w\" sizes=\"(max-width: 600px) 100vw, 600px\" \/><\/div>\n\t\t<\/a>\n\t\t\t\t<div class=\"elementor-post__text\">\n\t\t\t\t<h3 class=\"elementor-post__title\">\n\t\t\t<a href=\"https:\/\/swissdox.ch\/fr\/repertoire-des-medias\/interview-by-ringier\/\" >\n\t\t\t\tInterview by Ringier\t\t\t<\/a>\n\t\t<\/h3>\n\t\t\t\t<\/div>\n\t\t\t\t<\/article>\n\t\t\t\t<article class=\"elementor-post elementor-grid-item post-69800 medienverzeichnis type-medienverzeichnis status-publish has-post-thumbnail hentry land-suisse medientyp-quotidien partner-esh-medias-sa sprache-francais\" role=\"listitem\">\n\t\t\t\t<a class=\"elementor-post__thumbnail__link\" href=\"https:\/\/swissdox.ch\/fr\/repertoire-des-medias\/journal-de-la-region-de-cossonay\/\" tabindex=\"-1\" >\n\t\t\t<div class=\"elementor-post__thumbnail\"><img loading=\"lazy\" decoding=\"async\" width=\"600\" height=\"800\" src=\"https:\/\/swissdox.ch\/wp-content\/uploads\/2024\/09\/journal-de-la-region-de-cossonay.jpg\" class=\"attachment-full size-full wp-image-53937\" alt=\"\" srcset=\"https:\/\/swissdox.ch\/wp-content\/uploads\/2024\/09\/journal-de-la-region-de-cossonay.jpg 600w, https:\/\/swissdox.ch\/wp-content\/uploads\/2024\/09\/journal-de-la-region-de-cossonay-225x300.jpg 225w\" sizes=\"(max-width: 600px) 100vw, 600px\" \/><\/div>\n\t\t<\/a>\n\t\t\t\t<div class=\"elementor-post__text\">\n\t\t\t\t<h3 class=\"elementor-post__title\">\n\t\t\t<a href=\"https:\/\/swissdox.ch\/fr\/repertoire-des-medias\/journal-de-la-region-de-cossonay\/\" >\n\t\t\t\tJournal de la r\u00e9gion de Cossonay\t\t\t<\/a>\n\t\t<\/h3>\n\t\t\t\t<\/div>\n\t\t\t\t<\/article>\n\t\t\t\t<article class=\"elementor-post elementor-grid-item post-69801 medienverzeichnis type-medienverzeichnis status-publish has-post-thumbnail hentry land-suisse medientyp-quotidien partner-journal-de-morges-sa sprache-francais\" role=\"listitem\">\n\t\t\t\t<a class=\"elementor-post__thumbnail__link\" href=\"https:\/\/swissdox.ch\/fr\/repertoire-des-medias\/journal-de-morges\/\" tabindex=\"-1\" >\n\t\t\t<div class=\"elementor-post__thumbnail\"><img loading=\"lazy\" decoding=\"async\" width=\"600\" height=\"799\" src=\"https:\/\/swissdox.ch\/wp-content\/uploads\/2024\/09\/journal-de-morges.jpg\" class=\"attachment-full size-full wp-image-53941\" alt=\"\" srcset=\"https:\/\/swissdox.ch\/wp-content\/uploads\/2024\/09\/journal-de-morges.jpg 600w, https:\/\/swissdox.ch\/wp-content\/uploads\/2024\/09\/journal-de-morges-225x300.jpg 225w\" sizes=\"(max-width: 600px) 100vw, 600px\" \/><\/div>\n\t\t<\/a>\n\t\t\t\t<div class=\"elementor-post__text\">\n\t\t\t\t<h3 class=\"elementor-post__title\">\n\t\t\t<a href=\"https:\/\/swissdox.ch\/fr\/repertoire-des-medias\/journal-de-morges\/\" >\n\t\t\t\tJournal de Morges\t\t\t<\/a>\n\t\t<\/h3>\n\t\t\t\t<\/div>\n\t\t\t\t<\/article>\n\t\t\t\t<article class=\"elementor-post elementor-grid-item post-69802 medienverzeichnis type-medienverzeichnis status-publish has-post-thumbnail hentry land-suisse medientyp-magazine partner-sgv-usam sprache-francais\" role=\"listitem\">\n\t\t\t\t<a class=\"elementor-post__thumbnail__link\" href=\"https:\/\/swissdox.ch\/fr\/repertoire-des-medias\/journal-des-arts-et-metiers\/\" tabindex=\"-1\" >\n\t\t\t<div class=\"elementor-post__thumbnail\"><img loading=\"lazy\" decoding=\"async\" width=\"600\" height=\"800\" src=\"https:\/\/swissdox.ch\/wp-content\/uploads\/2024\/09\/journal-des-arts-et-metiers.jpg\" class=\"attachment-full size-full wp-image-53945\" alt=\"\" srcset=\"https:\/\/swissdox.ch\/wp-content\/uploads\/2024\/09\/journal-des-arts-et-metiers.jpg 600w, https:\/\/swissdox.ch\/wp-content\/uploads\/2024\/09\/journal-des-arts-et-metiers-225x300.jpg 225w\" sizes=\"(max-width: 600px) 100vw, 600px\" \/><\/div>\n\t\t<\/a>\n\t\t\t\t<div class=\"elementor-post__text\">\n\t\t\t\t<h3 class=\"elementor-post__title\">\n\t\t\t<a href=\"https:\/\/swissdox.ch\/fr\/repertoire-des-medias\/journal-des-arts-et-metiers\/\" >\n\t\t\t\tJournal des arts et m\u00e9tiers\t\t\t<\/a>\n\t\t<\/h3>\n\t\t\t\t<\/div>\n\t\t\t\t<\/article>\n\t\t\t\t<article class=\"elementor-post elementor-grid-item post-69803 medienverzeichnis type-medienverzeichnis status-publish has-post-thumbnail hentry land-suisse medientyp-quotidien partner-gassmann-media-ag sprache-francais\" role=\"listitem\">\n\t\t\t\t<a class=\"elementor-post__thumbnail__link\" href=\"https:\/\/swissdox.ch\/fr\/repertoire-des-medias\/le-journal-du-jura\/\" tabindex=\"-1\" >\n\t\t\t<div class=\"elementor-post__thumbnail\"><img loading=\"lazy\" decoding=\"async\" width=\"600\" height=\"800\" src=\"https:\/\/swissdox.ch\/wp-content\/uploads\/2024\/09\/le-journal-du-jura.jpg\" class=\"attachment-full size-full wp-image-54057\" alt=\"\" srcset=\"https:\/\/swissdox.ch\/wp-content\/uploads\/2024\/09\/le-journal-du-jura.jpg 600w, https:\/\/swissdox.ch\/wp-content\/uploads\/2024\/09\/le-journal-du-jura-225x300.jpg 225w\" sizes=\"(max-width: 600px) 100vw, 600px\" \/><\/div>\n\t\t<\/a>\n\t\t\t\t<div class=\"elementor-post__text\">\n\t\t\t\t<h3 class=\"elementor-post__title\">\n\t\t\t<a href=\"https:\/\/swissdox.ch\/fr\/repertoire-des-medias\/le-journal-du-jura\/\" >\n\t\t\t\tLe Journal du Jura\t\t\t<\/a>\n\t\t<\/h3>\n\t\t\t\t<\/div>\n\t\t\t\t<\/article>\n\t\t\t\t<article class=\"elementor-post elementor-grid-item post-69804 medienverzeichnis type-medienverzeichnis status-publish has-post-thumbnail hentry land-suisse medientyp-magazine partner-schweizerischer-baumeisterverband sprache-francais\" role=\"listitem\">\n\t\t\t\t<a class=\"elementor-post__thumbnail__link\" href=\"https:\/\/swissdox.ch\/fr\/repertoire-des-medias\/journal-suisse-des-entrepreneurs\/\" tabindex=\"-1\" >\n\t\t\t<div class=\"elementor-post__thumbnail\"><img loading=\"lazy\" decoding=\"async\" width=\"600\" height=\"799\" src=\"https:\/\/swissdox.ch\/wp-content\/uploads\/2025\/02\/journal-suisse-des-entrepreneurs.jpg\" class=\"attachment-full size-full wp-image-60099\" alt=\"\" srcset=\"https:\/\/swissdox.ch\/wp-content\/uploads\/2025\/02\/journal-suisse-des-entrepreneurs.jpg 600w, https:\/\/swissdox.ch\/wp-content\/uploads\/2025\/02\/journal-suisse-des-entrepreneurs-225x300.jpg 225w\" sizes=\"(max-width: 600px) 100vw, 600px\" \/><\/div>\n\t\t<\/a>\n\t\t\t\t<div class=\"elementor-post__text\">\n\t\t\t\t<h3 class=\"elementor-post__title\">\n\t\t\t<a href=\"https:\/\/swissdox.ch\/fr\/repertoire-des-medias\/journal-suisse-des-entrepreneurs\/\" >\n\t\t\t\tJournal Suisse des Entrepreneurs\t\t\t<\/a>\n\t\t<\/h3>\n\t\t\t\t<\/div>\n\t\t\t\t<\/article>\n\t\t\t\t<article class=\"elementor-post elementor-grid-item post-69805 medienverzeichnis type-medienverzeichnis status-publish has-post-thumbnail hentry land-suisse medientyp-presse-en-ligne partner-journal21-ch sprache-allemand\" role=\"listitem\">\n\t\t\t\t<a class=\"elementor-post__thumbnail__link\" href=\"https:\/\/swissdox.ch\/fr\/repertoire-des-medias\/journal21-ch\/\" tabindex=\"-1\" >\n\t\t\t<div class=\"elementor-post__thumbnail\"><img loading=\"lazy\" decoding=\"async\" width=\"600\" height=\"800\" src=\"https:\/\/swissdox.ch\/wp-content\/uploads\/2024\/09\/journal21-ch.jpg\" class=\"attachment-full size-full wp-image-53949\" alt=\"\" srcset=\"https:\/\/swissdox.ch\/wp-content\/uploads\/2024\/09\/journal21-ch.jpg 600w, https:\/\/swissdox.ch\/wp-content\/uploads\/2024\/09\/journal21-ch-225x300.jpg 225w\" sizes=\"(max-width: 600px) 100vw, 600px\" \/><\/div>\n\t\t<\/a>\n\t\t\t\t<div class=\"elementor-post__text\">\n\t\t\t\t<h3 class=\"elementor-post__title\">\n\t\t\t<a href=\"https:\/\/swissdox.ch\/fr\/repertoire-des-medias\/journal21-ch\/\" >\n\t\t\t\tjournal21.ch\t\t\t<\/a>\n\t\t<\/h3>\n\t\t\t\t<\/div>\n\t\t\t\t<\/article>\n\t\t\t\t<article class=\"elementor-post elementor-grid-item post-69806 medienverzeichnis type-medienverzeichnis status-publish has-post-thumbnail hentry land-suisse medientyp-presse-en-ligne partner-journal-de-morges-sa sprache-francais\" role=\"listitem\">\n\t\t\t\t<a class=\"elementor-post__thumbnail__link\" href=\"https:\/\/swissdox.ch\/fr\/repertoire-des-medias\/journaldemorges-ch\/\" tabindex=\"-1\" >\n\t\t\t<div class=\"elementor-post__thumbnail\"><img loading=\"lazy\" decoding=\"async\" width=\"600\" height=\"800\" src=\"https:\/\/swissdox.ch\/wp-content\/uploads\/2024\/09\/journaldemorges-ch.jpg\" class=\"attachment-full size-full wp-image-53953\" alt=\"\" srcset=\"https:\/\/swissdox.ch\/wp-content\/uploads\/2024\/09\/journaldemorges-ch.jpg 600w, https:\/\/swissdox.ch\/wp-content\/uploads\/2024\/09\/journaldemorges-ch-225x300.jpg 225w\" sizes=\"(max-width: 600px) 100vw, 600px\" \/><\/div>\n\t\t<\/a>\n\t\t\t\t<div class=\"elementor-post__text\">\n\t\t\t\t<h3 class=\"elementor-post__title\">\n\t\t\t<a href=\"https:\/\/swissdox.ch\/fr\/repertoire-des-medias\/journaldemorges-ch\/\" >\n\t\t\t\tjournaldemorges.ch\t\t\t<\/a>\n\t\t<\/h3>\n\t\t\t\t<\/div>\n\t\t\t\t<\/article>\n\t\t\t\t<article class=\"elementor-post elementor-grid-item post-69807 medienverzeichnis type-medienverzeichnis status-publish has-post-thumbnail hentry land-suisse medientyp-audio partner-regionalradio-aargaudio-ag sprache-allemand\" role=\"listitem\">\n\t\t\t\t<a class=\"elementor-post__thumbnail__link\" href=\"https:\/\/swissdox.ch\/fr\/repertoire-des-medias\/kanal-k\/\" tabindex=\"-1\" >\n\t\t\t<div class=\"elementor-post__thumbnail\"><img loading=\"lazy\" decoding=\"async\" width=\"600\" height=\"799\" src=\"https:\/\/swissdox.ch\/wp-content\/uploads\/2024\/11\/kanal-k.jpg\" class=\"attachment-full size-full wp-image-58060\" alt=\"\" srcset=\"https:\/\/swissdox.ch\/wp-content\/uploads\/2024\/11\/kanal-k.jpg 600w, https:\/\/swissdox.ch\/wp-content\/uploads\/2024\/11\/kanal-k-225x300.jpg 225w\" sizes=\"(max-width: 600px) 100vw, 600px\" \/><\/div>\n\t\t<\/a>\n\t\t\t\t<div class=\"elementor-post__text\">\n\t\t\t\t<h3 class=\"elementor-post__title\">\n\t\t\t<a href=\"https:\/\/swissdox.ch\/fr\/repertoire-des-medias\/kanal-k\/\" >\n\t\t\t\tKanal K\t\t\t<\/a>\n\t\t<\/h3>\n\t\t\t\t<\/div>\n\t\t\t\t<\/article>\n\t\t\t\t<article class=\"elementor-post elementor-grid-item post-69808 medienverzeichnis type-medienverzeichnis status-publish has-post-thumbnail hentry land-suisse medientyp-presse-en-ligne partner-kath-medienzentrum sprache-allemand\" role=\"listitem\">\n\t\t\t\t<a class=\"elementor-post__thumbnail__link\" href=\"https:\/\/swissdox.ch\/fr\/repertoire-des-medias\/kath-ch\/\" tabindex=\"-1\" >\n\t\t\t<div class=\"elementor-post__thumbnail\"><img loading=\"lazy\" decoding=\"async\" width=\"600\" height=\"800\" src=\"https:\/\/swissdox.ch\/wp-content\/uploads\/2024\/09\/kath-ch.jpg\" class=\"attachment-full size-full wp-image-53957\" alt=\"\" srcset=\"https:\/\/swissdox.ch\/wp-content\/uploads\/2024\/09\/kath-ch.jpg 600w, https:\/\/swissdox.ch\/wp-content\/uploads\/2024\/09\/kath-ch-225x300.jpg 225w\" sizes=\"(max-width: 600px) 100vw, 600px\" \/><\/div>\n\t\t<\/a>\n\t\t\t\t<div class=\"elementor-post__text\">\n\t\t\t\t<h3 class=\"elementor-post__title\">\n\t\t\t<a href=\"https:\/\/swissdox.ch\/fr\/repertoire-des-medias\/kath-ch\/\" >\n\t\t\t\tkath.ch\t\t\t<\/a>\n\t\t<\/h3>\n\t\t\t\t<\/div>\n\t\t\t\t<\/article>\n\t\t\t\t<article class=\"elementor-post elementor-grid-item post-69809 medienverzeichnis type-medienverzeichnis status-publish has-post-thumbnail hentry land-suisse medientyp-presse-en-ligne partner-konsumenteninfo-ag sprache-allemand\" role=\"listitem\">\n\t\t\t\t<a class=\"elementor-post__thumbnail__link\" href=\"https:\/\/swissdox.ch\/fr\/repertoire-des-medias\/kgeld-ch\/\" tabindex=\"-1\" >\n\t\t\t<div class=\"elementor-post__thumbnail\"><img loading=\"lazy\" decoding=\"async\" width=\"600\" height=\"800\" src=\"https:\/\/swissdox.ch\/wp-content\/uploads\/2024\/09\/kgeld-ch.jpg\" class=\"attachment-full size-full wp-image-53961\" alt=\"\" srcset=\"https:\/\/swissdox.ch\/wp-content\/uploads\/2024\/09\/kgeld-ch.jpg 600w, https:\/\/swissdox.ch\/wp-content\/uploads\/2024\/09\/kgeld-ch-225x300.jpg 225w\" sizes=\"(max-width: 600px) 100vw, 600px\" \/><\/div>\n\t\t<\/a>\n\t\t\t\t<div class=\"elementor-post__text\">\n\t\t\t\t<h3 class=\"elementor-post__title\">\n\t\t\t<a href=\"https:\/\/swissdox.ch\/fr\/repertoire-des-medias\/kgeld-ch\/\" >\n\t\t\t\tkgeld.ch\t\t\t<\/a>\n\t\t<\/h3>\n\t\t\t\t<\/div>\n\t\t\t\t<\/article>\n\t\t\t\t<article class=\"elementor-post elementor-grid-item post-69810 medienverzeichnis type-medienverzeichnis status-publish has-post-thumbnail hentry land-allemagne medientyp-magazine partner-sueddeutscher-verlag sprache-allemand\" role=\"listitem\">\n\t\t\t\t<a class=\"elementor-post__thumbnail__link\" href=\"https:\/\/swissdox.ch\/fr\/repertoire-des-medias\/ki-kaelte-luft-klimatechnik\/\" tabindex=\"-1\" >\n\t\t\t<div class=\"elementor-post__thumbnail\"><img loading=\"lazy\" decoding=\"async\" width=\"600\" height=\"799\" src=\"https:\/\/swissdox.ch\/wp-content\/uploads\/2024\/09\/ki-kaelte-luft-klimatechnik.jpg\" class=\"attachment-full size-full wp-image-55786\" alt=\"\" srcset=\"https:\/\/swissdox.ch\/wp-content\/uploads\/2024\/09\/ki-kaelte-luft-klimatechnik.jpg 600w, https:\/\/swissdox.ch\/wp-content\/uploads\/2024\/09\/ki-kaelte-luft-klimatechnik-225x300.jpg 225w\" sizes=\"(max-width: 600px) 100vw, 600px\" \/><\/div>\n\t\t<\/a>\n\t\t\t\t<div class=\"elementor-post__text\">\n\t\t\t\t<h3 class=\"elementor-post__title\">\n\t\t\t<a href=\"https:\/\/swissdox.ch\/fr\/repertoire-des-medias\/ki-kaelte-luft-klimatechnik\/\" >\n\t\t\t\tKI K\u00e4lte Luft Klimatechnik\t\t\t<\/a>\n\t\t<\/h3>\n\t\t\t\t<\/div>\n\t\t\t\t<\/article>\n\t\t\t\t<article class=\"elementor-post elementor-grid-item post-69811 medienverzeichnis type-medienverzeichnis status-publish has-post-thumbnail hentry land-autriche medientyp-quotidien partner-austria-presse-agentur sprache-allemand\" role=\"listitem\">\n\t\t\t\t<a class=\"elementor-post__thumbnail__link\" href=\"https:\/\/swissdox.ch\/fr\/repertoire-des-medias\/kleine-zeitung\/\" tabindex=\"-1\" >\n\t\t\t<div class=\"elementor-post__thumbnail\"><img loading=\"lazy\" decoding=\"async\" width=\"600\" height=\"800\" src=\"https:\/\/swissdox.ch\/wp-content\/uploads\/2024\/09\/kleine-zeitung.jpg\" class=\"attachment-full size-full wp-image-53969\" alt=\"\" srcset=\"https:\/\/swissdox.ch\/wp-content\/uploads\/2024\/09\/kleine-zeitung.jpg 600w, https:\/\/swissdox.ch\/wp-content\/uploads\/2024\/09\/kleine-zeitung-225x300.jpg 225w\" sizes=\"(max-width: 600px) 100vw, 600px\" \/><\/div>\n\t\t<\/a>\n\t\t\t\t<div class=\"elementor-post__text\">\n\t\t\t\t<h3 class=\"elementor-post__title\">\n\t\t\t<a href=\"https:\/\/swissdox.ch\/fr\/repertoire-des-medias\/kleine-zeitung\/\" >\n\t\t\t\tKleine Zeitung\t\t\t<\/a>\n\t\t<\/h3>\n\t\t\t\t<\/div>\n\t\t\t\t<\/article>\n\t\t\t\t<article class=\"elementor-post elementor-grid-item post-69812 medienverzeichnis type-medienverzeichnis status-publish has-post-thumbnail hentry land-suisse medientyp-presse-en-ligne partner-press-media-ag sprache-allemand\" role=\"listitem\">\n\t\t\t\t<a class=\"elementor-post__thumbnail__link\" href=\"https:\/\/swissdox.ch\/fr\/repertoire-des-medias\/kleinreport-ch\/\" tabindex=\"-1\" >\n\t\t\t<div class=\"elementor-post__thumbnail\"><img loading=\"lazy\" decoding=\"async\" width=\"600\" height=\"799\" src=\"https:\/\/swissdox.ch\/wp-content\/uploads\/2025\/07\/kleinreport-ch.jpg\" class=\"attachment-full size-full wp-image-63753\" alt=\"\" srcset=\"https:\/\/swissdox.ch\/wp-content\/uploads\/2025\/07\/kleinreport-ch.jpg 600w, https:\/\/swissdox.ch\/wp-content\/uploads\/2025\/07\/kleinreport-ch-225x300.jpg 225w\" sizes=\"(max-width: 600px) 100vw, 600px\" \/><\/div>\n\t\t<\/a>\n\t\t\t\t<div class=\"elementor-post__text\">\n\t\t\t\t<h3 class=\"elementor-post__title\">\n\t\t\t<a href=\"https:\/\/swissdox.ch\/fr\/repertoire-des-medias\/kleinreport-ch\/\" >\n\t\t\t\tkleinreport.ch\t\t\t<\/a>\n\t\t<\/h3>\n\t\t\t\t<\/div>\n\t\t\t\t<\/article>\n\t\t\t\t<article class=\"elementor-post elementor-grid-item post-69813 medienverzeichnis type-medienverzeichnis status-publish has-post-thumbnail hentry land-suisse medientyp-quotidien partner-meier-cie-ag-schaffhausen sprache-allemand\" role=\"listitem\">\n\t\t\t\t<a class=\"elementor-post__thumbnail__link\" href=\"https:\/\/swissdox.ch\/fr\/repertoire-des-medias\/klettgauer-bote\/\" tabindex=\"-1\" >\n\t\t\t<div class=\"elementor-post__thumbnail\"><img loading=\"lazy\" decoding=\"async\" width=\"600\" height=\"800\" src=\"https:\/\/swissdox.ch\/wp-content\/uploads\/2024\/09\/klettgauer-bote.jpg\" class=\"attachment-full size-full wp-image-53973\" alt=\"\" srcset=\"https:\/\/swissdox.ch\/wp-content\/uploads\/2024\/09\/klettgauer-bote.jpg 600w, https:\/\/swissdox.ch\/wp-content\/uploads\/2024\/09\/klettgauer-bote-225x300.jpg 225w\" sizes=\"(max-width: 600px) 100vw, 600px\" \/><\/div>\n\t\t<\/a>\n\t\t\t\t<div class=\"elementor-post__text\">\n\t\t\t\t<h3 class=\"elementor-post__title\">\n\t\t\t<a href=\"https:\/\/swissdox.ch\/fr\/repertoire-des-medias\/klettgauer-bote\/\" >\n\t\t\t\tKlettgauer Bote\t\t\t<\/a>\n\t\t<\/h3>\n\t\t\t\t<\/div>\n\t\t\t\t<\/article>\n\t\t\t\t<article class=\"elementor-post elementor-grid-item post-69814 medienverzeichnis type-medienverzeichnis status-publish has-post-thumbnail hentry land-allemagne medientyp-presse-en-ligne partner-rnd-redaktionsnetzwerk-deutschland-gmbh sprache-allemand\" role=\"listitem\">\n\t\t\t\t<a class=\"elementor-post__thumbnail__link\" href=\"https:\/\/swissdox.ch\/fr\/repertoire-des-medias\/kn-online-de\/\" tabindex=\"-1\" >\n\t\t\t<div class=\"elementor-post__thumbnail\"><img loading=\"lazy\" decoding=\"async\" width=\"600\" height=\"799\" src=\"https:\/\/swissdox.ch\/wp-content\/uploads\/2026\/07\/kn-online-de.jpg\" class=\"attachment-full size-full wp-image-70106\" alt=\"\" srcset=\"https:\/\/swissdox.ch\/wp-content\/uploads\/2026\/07\/kn-online-de.jpg 600w, https:\/\/swissdox.ch\/wp-content\/uploads\/2026\/07\/kn-online-de-225x300.jpg 225w\" sizes=\"(max-width: 600px) 100vw, 600px\" \/><\/div>\n\t\t<\/a>\n\t\t\t\t<div class=\"elementor-post__text\">\n\t\t\t\t<h3 class=\"elementor-post__title\">\n\t\t\t<a href=\"https:\/\/swissdox.ch\/fr\/repertoire-des-medias\/kn-online-de\/\" >\n\t\t\t\tkn-online.de\t\t\t<\/a>\n\t\t<\/h3>\n\t\t\t\t<\/div>\n\t\t\t\t<\/article>\n\t\t\t\t<article class=\"elementor-post elementor-grid-item post-69815 medienverzeichnis type-medienverzeichnis status-publish has-post-thumbnail hentry land-autriche medientyp-quotidien partner-austria-presse-agentur sprache-allemand\" role=\"listitem\">\n\t\t\t\t<a class=\"elementor-post__thumbnail__link\" href=\"https:\/\/swissdox.ch\/fr\/repertoire-des-medias\/kronen-zeitung\/\" tabindex=\"-1\" >\n\t\t\t<div class=\"elementor-post__thumbnail\"><img loading=\"lazy\" decoding=\"async\" width=\"600\" height=\"800\" src=\"https:\/\/swissdox.ch\/wp-content\/uploads\/2024\/09\/kronen-zeitung.jpg\" class=\"attachment-full size-full wp-image-53981\" alt=\"\" srcset=\"https:\/\/swissdox.ch\/wp-content\/uploads\/2024\/09\/kronen-zeitung.jpg 600w, https:\/\/swissdox.ch\/wp-content\/uploads\/2024\/09\/kronen-zeitung-225x300.jpg 225w\" sizes=\"(max-width: 600px) 100vw, 600px\" \/><\/div>\n\t\t<\/a>\n\t\t\t\t<div class=\"elementor-post__text\">\n\t\t\t\t<h3 class=\"elementor-post__title\">\n\t\t\t<a href=\"https:\/\/swissdox.ch\/fr\/repertoire-des-medias\/kronen-zeitung\/\" >\n\t\t\t\tKronen Zeitung\t\t\t<\/a>\n\t\t<\/h3>\n\t\t\t\t<\/div>\n\t\t\t\t<\/article>\n\t\t\t\t<article class=\"elementor-post elementor-grid-item post-69816 medienverzeichnis type-medienverzeichnis status-publish has-post-thumbnail hentry land-suisse medientyp-presse-en-ligne partner-konsumenteninfo-ag sprache-allemand\" role=\"listitem\">\n\t\t\t\t<a class=\"elementor-post__thumbnail__link\" href=\"https:\/\/swissdox.ch\/fr\/repertoire-des-medias\/ktipp-ch\/\" tabindex=\"-1\" >\n\t\t\t<div class=\"elementor-post__thumbnail\"><img loading=\"lazy\" decoding=\"async\" width=\"600\" height=\"800\" src=\"https:\/\/swissdox.ch\/wp-content\/uploads\/2024\/09\/ktipp-ch.jpg\" class=\"attachment-full size-full wp-image-53985\" alt=\"\" srcset=\"https:\/\/swissdox.ch\/wp-content\/uploads\/2024\/09\/ktipp-ch.jpg 600w, https:\/\/swissdox.ch\/wp-content\/uploads\/2024\/09\/ktipp-ch-225x300.jpg 225w\" sizes=\"(max-width: 600px) 100vw, 600px\" \/><\/div>\n\t\t<\/a>\n\t\t\t\t<div class=\"elementor-post__text\">\n\t\t\t\t<h3 class=\"elementor-post__title\">\n\t\t\t<a href=\"https:\/\/swissdox.ch\/fr\/repertoire-des-medias\/ktipp-ch\/\" >\n\t\t\t\tktipp.ch\t\t\t<\/a>\n\t\t<\/h3>\n\t\t\t\t<\/div>\n\t\t\t\t<\/article>\n\t\t\t\t<article class=\"elementor-post elementor-grid-item post-69817 medienverzeichnis type-medienverzeichnis status-publish has-post-thumbnail hentry land-suisse medientyp-presse-en-ligne partner-konsumenteninfo-ag sprache-allemand\" role=\"listitem\">\n\t\t\t\t<a class=\"elementor-post__thumbnail__link\" href=\"https:\/\/swissdox.ch\/fr\/repertoire-des-medias\/kultur-tipp-ch\/\" tabindex=\"-1\" >\n\t\t\t<div class=\"elementor-post__thumbnail\"><img loading=\"lazy\" decoding=\"async\" width=\"600\" height=\"800\" src=\"https:\/\/swissdox.ch\/wp-content\/uploads\/2024\/09\/kultur-tipp-ch.jpg\" class=\"attachment-full size-full wp-image-55790\" alt=\"\" srcset=\"https:\/\/swissdox.ch\/wp-content\/uploads\/2024\/09\/kultur-tipp-ch.jpg 600w, https:\/\/swissdox.ch\/wp-content\/uploads\/2024\/09\/kultur-tipp-ch-225x300.jpg 225w\" sizes=\"(max-width: 600px) 100vw, 600px\" \/><\/div>\n\t\t<\/a>\n\t\t\t\t<div class=\"elementor-post__text\">\n\t\t\t\t<h3 class=\"elementor-post__title\">\n\t\t\t<a href=\"https:\/\/swissdox.ch\/fr\/repertoire-des-medias\/kultur-tipp-ch\/\" >\n\t\t\t\tkultur-tipp.ch\t\t\t<\/a>\n\t\t<\/h3>\n\t\t\t\t<\/div>\n\t\t\t\t<\/article>\n\t\t\t\t<article class=\"elementor-post elementor-grid-item post-69818 medienverzeichnis type-medienverzeichnis status-publish has-post-thumbnail hentry land-suisse medientyp-magazine partner-kunstbulletin sprache-allemand\" role=\"listitem\">\n\t\t\t\t<a class=\"elementor-post__thumbnail__link\" href=\"https:\/\/swissdox.ch\/fr\/repertoire-des-medias\/kunstbulletin\/\" tabindex=\"-1\" >\n\t\t\t<div class=\"elementor-post__thumbnail\"><img loading=\"lazy\" decoding=\"async\" width=\"600\" height=\"799\" src=\"https:\/\/swissdox.ch\/wp-content\/uploads\/2025\/07\/kunstbulletin.jpg\" class=\"attachment-full size-full wp-image-65212\" alt=\"\" srcset=\"https:\/\/swissdox.ch\/wp-content\/uploads\/2025\/07\/kunstbulletin.jpg 600w, https:\/\/swissdox.ch\/wp-content\/uploads\/2025\/07\/kunstbulletin-225x300.jpg 225w\" sizes=\"(max-width: 600px) 100vw, 600px\" \/><\/div>\n\t\t<\/a>\n\t\t\t\t<div class=\"elementor-post__text\">\n\t\t\t\t<h3 class=\"elementor-post__title\">\n\t\t\t<a href=\"https:\/\/swissdox.ch\/fr\/repertoire-des-medias\/kunstbulletin\/\" >\n\t\t\t\tKunstbulletin\t\t\t<\/a>\n\t\t<\/h3>\n\t\t\t\t<\/div>\n\t\t\t\t<\/article>\n\t\t\t\t<article class=\"elementor-post elementor-grid-item post-69819 medienverzeichnis type-medienverzeichnis status-publish has-post-thumbnail hentry land-suisse medientyp-presse-en-ligne partner-kunstbulletin sprache-allemand sprache-francais sprache-italien\" role=\"listitem\">\n\t\t\t\t<a class=\"elementor-post__thumbnail__link\" href=\"https:\/\/swissdox.ch\/fr\/repertoire-des-medias\/kunstbulletin-ch\/\" tabindex=\"-1\" >\n\t\t\t<div class=\"elementor-post__thumbnail\"><img loading=\"lazy\" decoding=\"async\" width=\"600\" height=\"799\" src=\"https:\/\/swissdox.ch\/wp-content\/uploads\/2025\/04\/kunstbulletin-ch.jpg\" class=\"attachment-full size-full wp-image-61182\" alt=\"\" srcset=\"https:\/\/swissdox.ch\/wp-content\/uploads\/2025\/04\/kunstbulletin-ch.jpg 600w, https:\/\/swissdox.ch\/wp-content\/uploads\/2025\/04\/kunstbulletin-ch-225x300.jpg 225w\" sizes=\"(max-width: 600px) 100vw, 600px\" \/><\/div>\n\t\t<\/a>\n\t\t\t\t<div class=\"elementor-post__text\">\n\t\t\t\t<h3 class=\"elementor-post__title\">\n\t\t\t<a href=\"https:\/\/swissdox.ch\/fr\/repertoire-des-medias\/kunstbulletin-ch\/\" >\n\t\t\t\tkunstbulletin.ch\t\t\t<\/a>\n\t\t<\/h3>\n\t\t\t\t<\/div>\n\t\t\t\t<\/article>\n\t\t\t\t<article class=\"elementor-post elementor-grid-item post-69820 medienverzeichnis type-medienverzeichnis status-publish has-post-thumbnail hentry land-autriche medientyp-quotidien partner-austria-presse-agentur sprache-allemand\" role=\"listitem\">\n\t\t\t\t<a class=\"elementor-post__thumbnail__link\" href=\"https:\/\/swissdox.ch\/fr\/repertoire-des-medias\/kurier\/\" tabindex=\"-1\" >\n\t\t\t<div class=\"elementor-post__thumbnail\"><img loading=\"lazy\" decoding=\"async\" width=\"600\" height=\"799\" src=\"https:\/\/swissdox.ch\/wp-content\/uploads\/2024\/09\/kurier.jpg\" class=\"attachment-full size-full wp-image-53997\" alt=\"\" srcset=\"https:\/\/swissdox.ch\/wp-content\/uploads\/2024\/09\/kurier.jpg 600w, https:\/\/swissdox.ch\/wp-content\/uploads\/2024\/09\/kurier-225x300.jpg 225w\" sizes=\"(max-width: 600px) 100vw, 600px\" \/><\/div>\n\t\t<\/a>\n\t\t\t\t<div class=\"elementor-post__text\">\n\t\t\t\t<h3 class=\"elementor-post__title\">\n\t\t\t<a href=\"https:\/\/swissdox.ch\/fr\/repertoire-des-medias\/kurier\/\" >\n\t\t\t\tKURIER\t\t\t<\/a>\n\t\t<\/h3>\n\t\t\t\t<\/div>\n\t\t\t\t<\/article>\n\t\t\t\t<article class=\"elementor-post elementor-grid-item post-69821 medienverzeichnis type-medienverzeichnis status-publish has-post-thumbnail hentry land-autriche medientyp-journal-du-dimanche partner-austria-presse-agentur sprache-allemand\" role=\"listitem\">\n\t\t\t\t<a class=\"elementor-post__thumbnail__link\" href=\"https:\/\/swissdox.ch\/fr\/repertoire-des-medias\/kurier-am-sonntag\/\" tabindex=\"-1\" >\n\t\t\t<div class=\"elementor-post__thumbnail\"><img loading=\"lazy\" decoding=\"async\" width=\"600\" height=\"799\" src=\"https:\/\/swissdox.ch\/wp-content\/uploads\/2024\/09\/kurier-am-sonntag.jpg\" class=\"attachment-full size-full wp-image-53993\" alt=\"\" srcset=\"https:\/\/swissdox.ch\/wp-content\/uploads\/2024\/09\/kurier-am-sonntag.jpg 600w, https:\/\/swissdox.ch\/wp-content\/uploads\/2024\/09\/kurier-am-sonntag-225x300.jpg 225w\" sizes=\"(max-width: 600px) 100vw, 600px\" \/><\/div>\n\t\t<\/a>\n\t\t\t\t<div class=\"elementor-post__text\">\n\t\t\t\t<h3 class=\"elementor-post__title\">\n\t\t\t<a href=\"https:\/\/swissdox.ch\/fr\/repertoire-des-medias\/kurier-am-sonntag\/\" >\n\t\t\t\tKURIER AM SONNTAG\t\t\t<\/a>\n\t\t<\/h3>\n\t\t\t\t<\/div>\n\t\t\t\t<\/article>\n\t\t\t\t<article class=\"elementor-post elementor-grid-item post-69822 medienverzeichnis type-medienverzeichnis status-publish has-post-thumbnail hentry land-ukraine medientyp-presse-en-ligne partner-kyiv-independent-media-ltd sprache-anglais\" role=\"listitem\">\n\t\t\t\t<a class=\"elementor-post__thumbnail__link\" href=\"https:\/\/swissdox.ch\/fr\/repertoire-des-medias\/kyivindependent-com\/\" tabindex=\"-1\" >\n\t\t\t<div class=\"elementor-post__thumbnail\"><img loading=\"lazy\" decoding=\"async\" width=\"600\" height=\"800\" src=\"https:\/\/swissdox.ch\/wp-content\/uploads\/2025\/04\/kyiv-independent-com.jpg\" class=\"attachment-full size-full wp-image-61186\" alt=\"\" srcset=\"https:\/\/swissdox.ch\/wp-content\/uploads\/2025\/04\/kyiv-independent-com.jpg 600w, https:\/\/swissdox.ch\/wp-content\/uploads\/2025\/04\/kyiv-independent-com-225x300.jpg 225w\" sizes=\"(max-width: 600px) 100vw, 600px\" \/><\/div>\n\t\t<\/a>\n\t\t\t\t<div class=\"elementor-post__text\">\n\t\t\t\t<h3 class=\"elementor-post__title\">\n\t\t\t<a href=\"https:\/\/swissdox.ch\/fr\/repertoire-des-medias\/kyivindependent-com\/\" >\n\t\t\t\tkyivindependent.com\t\t\t<\/a>\n\t\t<\/h3>\n\t\t\t\t<\/div>\n\t\t\t\t<\/article>\n\t\t\t\t<article class=\"elementor-post elementor-grid-item post-69823 medienverzeichnis type-medienverzeichnis status-publish has-post-thumbnail hentry land-suisse medientyp-quotidien partner-esh-medias-sa sprache-francais\" role=\"listitem\">\n\t\t\t\t<a class=\"elementor-post__thumbnail__link\" href=\"https:\/\/swissdox.ch\/fr\/repertoire-des-medias\/la-gazette-de-martigny\/\" tabindex=\"-1\" >\n\t\t\t<div class=\"elementor-post__thumbnail\"><img loading=\"lazy\" decoding=\"async\" width=\"600\" height=\"799\" src=\"https:\/\/swissdox.ch\/wp-content\/uploads\/2024\/09\/la-gazette-de-martigny.jpg\" class=\"attachment-full size-full wp-image-54013\" alt=\"\" srcset=\"https:\/\/swissdox.ch\/wp-content\/uploads\/2024\/09\/la-gazette-de-martigny.jpg 600w, https:\/\/swissdox.ch\/wp-content\/uploads\/2024\/09\/la-gazette-de-martigny-225x300.jpg 225w\" sizes=\"(max-width: 600px) 100vw, 600px\" \/><\/div>\n\t\t<\/a>\n\t\t\t\t<div class=\"elementor-post__text\">\n\t\t\t\t<h3 class=\"elementor-post__title\">\n\t\t\t<a href=\"https:\/\/swissdox.ch\/fr\/repertoire-des-medias\/la-gazette-de-martigny\/\" >\n\t\t\t\tLa Gazette de Martigny\t\t\t<\/a>\n\t\t<\/h3>\n\t\t\t\t<\/div>\n\t\t\t\t<\/article>\n\t\t\t\t<article class=\"elementor-post elementor-grid-item post-69824 medienverzeichnis type-medienverzeichnis status-publish has-post-thumbnail hentry land-suisse medientyp-magazine partner-schweizer-wanderwege sprache-francais\" role=\"listitem\">\n\t\t\t\t<a class=\"elementor-post__thumbnail__link\" href=\"https:\/\/swissdox.ch\/fr\/repertoire-des-medias\/la-randonnee\/\" tabindex=\"-1\" >\n\t\t\t<div class=\"elementor-post__thumbnail\"><img loading=\"lazy\" decoding=\"async\" width=\"600\" height=\"800\" src=\"https:\/\/swissdox.ch\/wp-content\/uploads\/2026\/06\/la-randonnee.jpg\" class=\"attachment-full size-full wp-image-67969\" alt=\"\" srcset=\"https:\/\/swissdox.ch\/wp-content\/uploads\/2026\/06\/la-randonnee.jpg 600w, https:\/\/swissdox.ch\/wp-content\/uploads\/2026\/06\/la-randonnee-225x300.jpg 225w\" sizes=\"(max-width: 600px) 100vw, 600px\" \/><\/div>\n\t\t<\/a>\n\t\t\t\t<div class=\"elementor-post__text\">\n\t\t\t\t<h3 class=\"elementor-post__title\">\n\t\t\t<a href=\"https:\/\/swissdox.ch\/fr\/repertoire-des-medias\/la-randonnee\/\" >\n\t\t\t\tLA RANDONN\u00c9E\t\t\t<\/a>\n\t\t<\/h3>\n\t\t\t\t<\/div>\n\t\t\t\t<\/article>\n\t\t\t\t<article class=\"elementor-post elementor-grid-item post-69825 medienverzeichnis type-medienverzeichnis status-publish has-post-thumbnail hentry land-suisse medientyp-presse-en-ligne partner-st-paul-medias-sa sprache-francais\" role=\"listitem\">\n\t\t\t\t<a class=\"elementor-post__thumbnail__link\" href=\"https:\/\/swissdox.ch\/fr\/repertoire-des-medias\/labroye-ch\/\" tabindex=\"-1\" >\n\t\t\t<div class=\"elementor-post__thumbnail\"><img loading=\"lazy\" decoding=\"async\" width=\"600\" height=\"799\" src=\"https:\/\/swissdox.ch\/wp-content\/uploads\/2025\/06\/labroye-ch.jpg\" class=\"attachment-full size-full wp-image-62642\" alt=\"\" srcset=\"https:\/\/swissdox.ch\/wp-content\/uploads\/2025\/06\/labroye-ch.jpg 600w, https:\/\/swissdox.ch\/wp-content\/uploads\/2025\/06\/labroye-ch-225x300.jpg 225w\" sizes=\"(max-width: 600px) 100vw, 600px\" \/><\/div>\n\t\t<\/a>\n\t\t\t\t<div class=\"elementor-post__text\">\n\t\t\t\t<h3 class=\"elementor-post__title\">\n\t\t\t<a href=\"https:\/\/swissdox.ch\/fr\/repertoire-des-medias\/labroye-ch\/\" >\n\t\t\t\tlabroye.ch\t\t\t<\/a>\n\t\t<\/h3>\n\t\t\t\t<\/div>\n\t\t\t\t<\/article>\n\t\t\t\t<article class=\"elementor-post elementor-grid-item post-69826 medienverzeichnis type-medienverzeichnis status-publish has-post-thumbnail hentry land-suisse medientyp-presse-en-ligne partner-esh-medias-sa sprache-francais\" role=\"listitem\">\n\t\t\t\t<a class=\"elementor-post__thumbnail__link\" href=\"https:\/\/swissdox.ch\/fr\/repertoire-des-medias\/lacote-ch\/\" tabindex=\"-1\" >\n\t\t\t<div class=\"elementor-post__thumbnail\"><img loading=\"lazy\" decoding=\"async\" width=\"600\" height=\"800\" src=\"https:\/\/swissdox.ch\/wp-content\/uploads\/2024\/09\/lacote-ch.jpg\" class=\"attachment-full size-full wp-image-54021\" alt=\"\" srcset=\"https:\/\/swissdox.ch\/wp-content\/uploads\/2024\/09\/lacote-ch.jpg 600w, https:\/\/swissdox.ch\/wp-content\/uploads\/2024\/09\/lacote-ch-225x300.jpg 225w\" sizes=\"(max-width: 600px) 100vw, 600px\" \/><\/div>\n\t\t<\/a>\n\t\t\t\t<div class=\"elementor-post__text\">\n\t\t\t\t<h3 class=\"elementor-post__title\">\n\t\t\t<a href=\"https:\/\/swissdox.ch\/fr\/repertoire-des-medias\/lacote-ch\/\" >\n\t\t\t\tlacote.ch\t\t\t<\/a>\n\t\t<\/h3>\n\t\t\t\t<\/div>\n\t\t\t\t<\/article>\n\t\t\t\t<article class=\"elementor-post elementor-grid-item post-69827 medienverzeichnis type-medienverzeichnis status-publish has-post-thumbnail hentry land-suisse medientyp-presse-en-ligne partner-st-paul-medias-sa sprache-francais\" role=\"listitem\">\n\t\t\t\t<a class=\"elementor-post__thumbnail__link\" href=\"https:\/\/swissdox.ch\/fr\/repertoire-des-medias\/lagruyere-ch\/\" tabindex=\"-1\" >\n\t\t\t<div class=\"elementor-post__thumbnail\"><img loading=\"lazy\" decoding=\"async\" width=\"600\" height=\"800\" src=\"https:\/\/swissdox.ch\/wp-content\/uploads\/2024\/09\/lagruyere-ch.jpg\" class=\"attachment-full size-full wp-image-54025\" alt=\"\" srcset=\"https:\/\/swissdox.ch\/wp-content\/uploads\/2024\/09\/lagruyere-ch.jpg 600w, https:\/\/swissdox.ch\/wp-content\/uploads\/2024\/09\/lagruyere-ch-225x300.jpg 225w\" sizes=\"(max-width: 600px) 100vw, 600px\" \/><\/div>\n\t\t<\/a>\n\t\t\t\t<div class=\"elementor-post__text\">\n\t\t\t\t<h3 class=\"elementor-post__title\">\n\t\t\t<a href=\"https:\/\/swissdox.ch\/fr\/repertoire-des-medias\/lagruyere-ch\/\" >\n\t\t\t\tlagruyere.ch\t\t\t<\/a>\n\t\t<\/h3>\n\t\t\t\t<\/div>\n\t\t\t\t<\/article>\n\t\t\t\t<article class=\"elementor-post elementor-grid-item post-69828 medienverzeichnis type-medienverzeichnis status-publish has-post-thumbnail hentry land-suisse medientyp-presse-en-ligne partner-st-paul-medias-sa sprache-francais\" role=\"listitem\">\n\t\t\t\t<a class=\"elementor-post__thumbnail__link\" href=\"https:\/\/swissdox.ch\/fr\/repertoire-des-medias\/laliberte-ch\/\" tabindex=\"-1\" >\n\t\t\t<div class=\"elementor-post__thumbnail\"><img loading=\"lazy\" decoding=\"async\" width=\"600\" height=\"800\" src=\"https:\/\/swissdox.ch\/wp-content\/uploads\/2024\/09\/laliberte-ch.jpg\" class=\"attachment-full size-full wp-image-54029\" alt=\"\" srcset=\"https:\/\/swissdox.ch\/wp-content\/uploads\/2024\/09\/laliberte-ch.jpg 600w, https:\/\/swissdox.ch\/wp-content\/uploads\/2024\/09\/laliberte-ch-225x300.jpg 225w\" sizes=\"(max-width: 600px) 100vw, 600px\" \/><\/div>\n\t\t<\/a>\n\t\t\t\t<div class=\"elementor-post__text\">\n\t\t\t\t<h3 class=\"elementor-post__title\">\n\t\t\t<a href=\"https:\/\/swissdox.ch\/fr\/repertoire-des-medias\/laliberte-ch\/\" >\n\t\t\t\tlaliberte.ch\t\t\t<\/a>\n\t\t<\/h3>\n\t\t\t\t<\/div>\n\t\t\t\t<\/article>\n\t\t\t\t<article class=\"elementor-post elementor-grid-item post-69829 medienverzeichnis type-medienverzeichnis status-publish has-post-thumbnail hentry land-suisse medientyp-quotidien partner-tx-group-ag sprache-allemand\" role=\"listitem\">\n\t\t\t\t<a class=\"elementor-post__thumbnail__link\" href=\"https:\/\/swissdox.ch\/fr\/repertoire-des-medias\/der-landbote\/\" tabindex=\"-1\" >\n\t\t\t<div class=\"elementor-post__thumbnail\"><img loading=\"lazy\" decoding=\"async\" width=\"600\" height=\"799\" src=\"https:\/\/swissdox.ch\/wp-content\/uploads\/2024\/09\/der-landbote.jpg\" class=\"attachment-full size-full wp-image-53609\" alt=\"\" srcset=\"https:\/\/swissdox.ch\/wp-content\/uploads\/2024\/09\/der-landbote.jpg 600w, https:\/\/swissdox.ch\/wp-content\/uploads\/2024\/09\/der-landbote-225x300.jpg 225w\" sizes=\"(max-width: 600px) 100vw, 600px\" \/><\/div>\n\t\t<\/a>\n\t\t\t\t<div class=\"elementor-post__text\">\n\t\t\t\t<h3 class=\"elementor-post__title\">\n\t\t\t<a href=\"https:\/\/swissdox.ch\/fr\/repertoire-des-medias\/der-landbote\/\" >\n\t\t\t\tDer Landbote\t\t\t<\/a>\n\t\t<\/h3>\n\t\t\t\t<\/div>\n\t\t\t\t<\/article>\n\t\t\t\t<article class=\"elementor-post elementor-grid-item post-69830 medienverzeichnis type-medienverzeichnis status-publish has-post-thumbnail hentry land-suisse medientyp-hebdomadaire partner-lci sprache-francais\" role=\"listitem\">\n\t\t\t\t<a class=\"elementor-post__thumbnail__link\" href=\"https:\/\/swissdox.ch\/fr\/repertoire-des-medias\/lausanne-cites\/\" tabindex=\"-1\" >\n\t\t\t<div class=\"elementor-post__thumbnail\"><img loading=\"lazy\" decoding=\"async\" width=\"600\" height=\"799\" src=\"https:\/\/swissdox.ch\/wp-content\/uploads\/2024\/09\/lausanne-cites.jpg\" class=\"attachment-full size-full wp-image-54041\" alt=\"\" srcset=\"https:\/\/swissdox.ch\/wp-content\/uploads\/2024\/09\/lausanne-cites.jpg 600w, https:\/\/swissdox.ch\/wp-content\/uploads\/2024\/09\/lausanne-cites-225x300.jpg 225w\" sizes=\"(max-width: 600px) 100vw, 600px\" \/><\/div>\n\t\t<\/a>\n\t\t\t\t<div class=\"elementor-post__text\">\n\t\t\t\t<h3 class=\"elementor-post__title\">\n\t\t\t<a href=\"https:\/\/swissdox.ch\/fr\/repertoire-des-medias\/lausanne-cites\/\" >\n\t\t\t\tLausanne Cit\u00e9s\t\t\t<\/a>\n\t\t<\/h3>\n\t\t\t\t<\/div>\n\t\t\t\t<\/article>\n\t\t\t\t<article class=\"elementor-post elementor-grid-item post-69831 medienverzeichnis type-medienverzeichnis status-publish has-post-thumbnail hentry land-suisse medientyp-presse-en-ligne partner-seco sprache-francais\" role=\"listitem\">\n\t\t\t\t<a class=\"elementor-post__thumbnail__link\" href=\"https:\/\/swissdox.ch\/fr\/repertoire-des-medias\/lavieeconomique-ch\/\" tabindex=\"-1\" >\n\t\t\t<div class=\"elementor-post__thumbnail\"><img loading=\"lazy\" decoding=\"async\" width=\"600\" height=\"800\" src=\"https:\/\/swissdox.ch\/wp-content\/uploads\/2024\/09\/lavieeconomique-ch.jpg\" class=\"attachment-full size-full wp-image-54045\" alt=\"\" srcset=\"https:\/\/swissdox.ch\/wp-content\/uploads\/2024\/09\/lavieeconomique-ch.jpg 600w, https:\/\/swissdox.ch\/wp-content\/uploads\/2024\/09\/lavieeconomique-ch-225x300.jpg 225w\" sizes=\"(max-width: 600px) 100vw, 600px\" \/><\/div>\n\t\t<\/a>\n\t\t\t\t<div class=\"elementor-post__text\">\n\t\t\t\t<h3 class=\"elementor-post__title\">\n\t\t\t<a href=\"https:\/\/swissdox.ch\/fr\/repertoire-des-medias\/lavieeconomique-ch\/\" >\n\t\t\t\tlavieeconomique.ch\t\t\t<\/a>\n\t\t<\/h3>\n\t\t\t\t<\/div>\n\t\t\t\t<\/article>\n\t\t\t\t<article class=\"elementor-post elementor-grid-item post-69832 medienverzeichnis type-medienverzeichnis status-publish has-post-thumbnail hentry land-suisse medientyp-quotidien partner-esh-medias-sa sprache-francais\" role=\"listitem\">\n\t\t\t\t<a class=\"elementor-post__thumbnail__link\" href=\"https:\/\/swissdox.ch\/fr\/repertoire-des-medias\/le-journal-de-sierre\/\" tabindex=\"-1\" >\n\t\t\t<div class=\"elementor-post__thumbnail\"><img loading=\"lazy\" decoding=\"async\" width=\"600\" height=\"799\" src=\"https:\/\/swissdox.ch\/wp-content\/uploads\/2024\/09\/le-journal-de-sierre.jpg\" class=\"attachment-full size-full wp-image-54053\" alt=\"\" srcset=\"https:\/\/swissdox.ch\/wp-content\/uploads\/2024\/09\/le-journal-de-sierre.jpg 600w, https:\/\/swissdox.ch\/wp-content\/uploads\/2024\/09\/le-journal-de-sierre-225x300.jpg 225w\" sizes=\"(max-width: 600px) 100vw, 600px\" \/><\/div>\n\t\t<\/a>\n\t\t\t\t<div class=\"elementor-post__text\">\n\t\t\t\t<h3 class=\"elementor-post__title\">\n\t\t\t<a href=\"https:\/\/swissdox.ch\/fr\/repertoire-des-medias\/le-journal-de-sierre\/\" >\n\t\t\t\tLe Journal de Sierre\t\t\t<\/a>\n\t\t<\/h3>\n\t\t\t\t<\/div>\n\t\t\t\t<\/article>\n\t\t\t\t<article class=\"elementor-post elementor-grid-item post-69833 medienverzeichnis type-medienverzeichnis status-publish has-post-thumbnail hentry land-allemagne medientyp-magazine partner-dfv-mediengruppe sprache-allemand\" role=\"listitem\">\n\t\t\t\t<a class=\"elementor-post__thumbnail__link\" href=\"https:\/\/swissdox.ch\/fr\/repertoire-des-medias\/lebensmittel-zeitung\/\" tabindex=\"-1\" >\n\t\t\t<div class=\"elementor-post__thumbnail\"><img loading=\"lazy\" decoding=\"async\" width=\"600\" height=\"800\" src=\"https:\/\/swissdox.ch\/wp-content\/uploads\/2024\/09\/lebensmittel-zeitung.jpg\" class=\"attachment-full size-full wp-image-54073\" alt=\"\" srcset=\"https:\/\/swissdox.ch\/wp-content\/uploads\/2024\/09\/lebensmittel-zeitung.jpg 600w, https:\/\/swissdox.ch\/wp-content\/uploads\/2024\/09\/lebensmittel-zeitung-225x300.jpg 225w\" sizes=\"(max-width: 600px) 100vw, 600px\" \/><\/div>\n\t\t<\/a>\n\t\t\t\t<div class=\"elementor-post__text\">\n\t\t\t\t<h3 class=\"elementor-post__title\">\n\t\t\t<a href=\"https:\/\/swissdox.ch\/fr\/repertoire-des-medias\/lebensmittel-zeitung\/\" >\n\t\t\t\tLebensmittel Zeitung\t\t\t<\/a>\n\t\t<\/h3>\n\t\t\t\t<\/div>\n\t\t\t\t<\/article>\n\t\t\t\t<article class=\"elementor-post elementor-grid-item post-69834 medienverzeichnis type-medienverzeichnis status-publish has-post-thumbnail hentry land-suisse medientyp-presse-en-ligne partner-le-courrier sprache-francais\" role=\"listitem\">\n\t\t\t\t<a class=\"elementor-post__thumbnail__link\" href=\"https:\/\/swissdox.ch\/fr\/repertoire-des-medias\/lecourrier-ch\/\" tabindex=\"-1\" >\n\t\t\t<div class=\"elementor-post__thumbnail\"><img loading=\"lazy\" decoding=\"async\" width=\"600\" height=\"800\" src=\"https:\/\/swissdox.ch\/wp-content\/uploads\/2024\/09\/lecourrier-ch.jpg\" class=\"attachment-full size-full wp-image-54077\" alt=\"\" srcset=\"https:\/\/swissdox.ch\/wp-content\/uploads\/2024\/09\/lecourrier-ch.jpg 600w, https:\/\/swissdox.ch\/wp-content\/uploads\/2024\/09\/lecourrier-ch-225x300.jpg 225w\" sizes=\"(max-width: 600px) 100vw, 600px\" \/><\/div>\n\t\t<\/a>\n\t\t\t\t<div class=\"elementor-post__text\">\n\t\t\t\t<h3 class=\"elementor-post__title\">\n\t\t\t<a href=\"https:\/\/swissdox.ch\/fr\/repertoire-des-medias\/lecourrier-ch\/\" >\n\t\t\t\tlecourrier.ch\t\t\t<\/a>\n\t\t<\/h3>\n\t\t\t\t<\/div>\n\t\t\t\t<\/article>\n\t\t\t\t<article class=\"elementor-post elementor-grid-item post-69835 medienverzeichnis type-medienverzeichnis status-publish has-post-thumbnail hentry land-suisse medientyp-presse-en-ligne partner-tx-group-ag sprache-francais\" role=\"listitem\">\n\t\t\t\t<a class=\"elementor-post__thumbnail__link\" href=\"https:\/\/swissdox.ch\/fr\/repertoire-des-medias\/lematin-ch\/\" tabindex=\"-1\" >\n\t\t\t<div class=\"elementor-post__thumbnail\"><img loading=\"lazy\" decoding=\"async\" width=\"600\" height=\"800\" src=\"https:\/\/swissdox.ch\/wp-content\/uploads\/2024\/09\/lematin-ch.jpg\" class=\"attachment-full size-full wp-image-54081\" alt=\"\" srcset=\"https:\/\/swissdox.ch\/wp-content\/uploads\/2024\/09\/lematin-ch.jpg 600w, https:\/\/swissdox.ch\/wp-content\/uploads\/2024\/09\/lematin-ch-225x300.jpg 225w\" sizes=\"(max-width: 600px) 100vw, 600px\" \/><\/div>\n\t\t<\/a>\n\t\t\t\t<div class=\"elementor-post__text\">\n\t\t\t\t<h3 class=\"elementor-post__title\">\n\t\t\t<a href=\"https:\/\/swissdox.ch\/fr\/repertoire-des-medias\/lematin-ch\/\" >\n\t\t\t\tlematin.ch\t\t\t<\/a>\n\t\t<\/h3>\n\t\t\t\t<\/div>\n\t\t\t\t<\/article>\n\t\t\t\t<article class=\"elementor-post elementor-grid-item post-69836 medienverzeichnis type-medienverzeichnis status-publish has-post-thumbnail hentry land-suisse medientyp-presse-en-ligne partner-esh-medias-sa sprache-francais\" role=\"listitem\">\n\t\t\t\t<a class=\"elementor-post__thumbnail__link\" href=\"https:\/\/swissdox.ch\/fr\/repertoire-des-medias\/lenouvelliste-ch\/\" tabindex=\"-1\" >\n\t\t\t<div class=\"elementor-post__thumbnail\"><img loading=\"lazy\" decoding=\"async\" width=\"600\" height=\"800\" src=\"https:\/\/swissdox.ch\/wp-content\/uploads\/2024\/09\/lenouvelliste-ch.jpg\" class=\"attachment-full size-full wp-image-54089\" alt=\"\" srcset=\"https:\/\/swissdox.ch\/wp-content\/uploads\/2024\/09\/lenouvelliste-ch.jpg 600w, https:\/\/swissdox.ch\/wp-content\/uploads\/2024\/09\/lenouvelliste-ch-225x300.jpg 225w\" sizes=\"(max-width: 600px) 100vw, 600px\" \/><\/div>\n\t\t<\/a>\n\t\t\t\t<div class=\"elementor-post__text\">\n\t\t\t\t<h3 class=\"elementor-post__title\">\n\t\t\t<a href=\"https:\/\/swissdox.ch\/fr\/repertoire-des-medias\/lenouvelliste-ch\/\" >\n\t\t\t\tlenouvelliste.ch\t\t\t<\/a>\n\t\t<\/h3>\n\t\t\t\t<\/div>\n\t\t\t\t<\/article>\n\t\t\t\t<article class=\"elementor-post elementor-grid-item post-69837 medienverzeichnis type-medienverzeichnis status-publish has-post-thumbnail hentry land-suisse medientyp-quotidien partner-ch-media sprache-allemand\" role=\"listitem\">\n\t\t\t\t<a class=\"elementor-post__thumbnail__link\" href=\"https:\/\/swissdox.ch\/fr\/repertoire-des-medias\/lenzburger-bezirks-anzeiger\/\" tabindex=\"-1\" >\n\t\t\t<div class=\"elementor-post__thumbnail\"><img loading=\"lazy\" decoding=\"async\" width=\"600\" height=\"799\" src=\"https:\/\/swissdox.ch\/wp-content\/uploads\/2024\/09\/lenzburger-bezirks-anzeiger.jpg\" class=\"attachment-full size-full wp-image-54093\" alt=\"\" srcset=\"https:\/\/swissdox.ch\/wp-content\/uploads\/2024\/09\/lenzburger-bezirks-anzeiger.jpg 600w, https:\/\/swissdox.ch\/wp-content\/uploads\/2024\/09\/lenzburger-bezirks-anzeiger-225x300.jpg 225w\" sizes=\"(max-width: 600px) 100vw, 600px\" \/><\/div>\n\t\t<\/a>\n\t\t\t\t<div class=\"elementor-post__text\">\n\t\t\t\t<h3 class=\"elementor-post__title\">\n\t\t\t<a href=\"https:\/\/swissdox.ch\/fr\/repertoire-des-medias\/lenzburger-bezirks-anzeiger\/\" >\n\t\t\t\tLenzburger Bezirks-Anzeiger\t\t\t<\/a>\n\t\t<\/h3>\n\t\t\t\t<\/div>\n\t\t\t\t<\/article>\n\t\t\t\t<article class=\"elementor-post elementor-grid-item post-69838 medienverzeichnis type-medienverzeichnis status-publish has-post-thumbnail hentry land-suisse medientyp-presse-en-ligne partner-le-temps-sa sprache-francais\" role=\"listitem\">\n\t\t\t\t<a class=\"elementor-post__thumbnail__link\" href=\"https:\/\/swissdox.ch\/fr\/repertoire-des-medias\/letemps-ch\/\" tabindex=\"-1\" >\n\t\t\t<div class=\"elementor-post__thumbnail\"><img loading=\"lazy\" decoding=\"async\" width=\"600\" height=\"800\" src=\"https:\/\/swissdox.ch\/wp-content\/uploads\/2024\/09\/letemps-ch.jpg\" class=\"attachment-full size-full wp-image-54101\" alt=\"\" srcset=\"https:\/\/swissdox.ch\/wp-content\/uploads\/2024\/09\/letemps-ch.jpg 600w, https:\/\/swissdox.ch\/wp-content\/uploads\/2024\/09\/letemps-ch-225x300.jpg 225w\" sizes=\"(max-width: 600px) 100vw, 600px\" \/><\/div>\n\t\t<\/a>\n\t\t\t\t<div class=\"elementor-post__text\">\n\t\t\t\t<h3 class=\"elementor-post__title\">\n\t\t\t<a href=\"https:\/\/swissdox.ch\/fr\/repertoire-des-medias\/letemps-ch\/\" >\n\t\t\t\tletemps.ch\t\t\t<\/a>\n\t\t<\/h3>\n\t\t\t\t<\/div>\n\t\t\t\t<\/article>\n\t\t\t\t<article class=\"elementor-post elementor-grid-item post-69839 medienverzeichnis type-medienverzeichnis status-publish has-post-thumbnail hentry land-suisse medientyp-quotidien partner-st-paul-medias-sa sprache-francais\" role=\"listitem\">\n\t\t\t\t<a class=\"elementor-post__thumbnail__link\" href=\"https:\/\/swissdox.ch\/fr\/repertoire-des-medias\/la-liberte\/\" tabindex=\"-1\" >\n\t\t\t<div class=\"elementor-post__thumbnail\"><img loading=\"lazy\" decoding=\"async\" width=\"600\" height=\"799\" src=\"https:\/\/swissdox.ch\/wp-content\/uploads\/2024\/09\/la-liberte.jpg\" class=\"attachment-full size-full wp-image-54017\" alt=\"\" srcset=\"https:\/\/swissdox.ch\/wp-content\/uploads\/2024\/09\/la-liberte.jpg 600w, https:\/\/swissdox.ch\/wp-content\/uploads\/2024\/09\/la-liberte-225x300.jpg 225w\" sizes=\"(max-width: 600px) 100vw, 600px\" \/><\/div>\n\t\t<\/a>\n\t\t\t\t<div class=\"elementor-post__text\">\n\t\t\t\t<h3 class=\"elementor-post__title\">\n\t\t\t<a href=\"https:\/\/swissdox.ch\/fr\/repertoire-des-medias\/la-liberte\/\" >\n\t\t\t\tLa Libert\u00e9\t\t\t<\/a>\n\t\t<\/h3>\n\t\t\t\t<\/div>\n\t\t\t\t<\/article>\n\t\t\t\t<article class=\"elementor-post elementor-grid-item post-69840 medienverzeichnis type-medienverzeichnis status-publish has-post-thumbnail hentry land-suisse medientyp-quotidien partner-ch-media sprache-allemand\" role=\"listitem\">\n\t\t\t\t<a class=\"elementor-post__thumbnail__link\" href=\"https:\/\/swissdox.ch\/fr\/repertoire-des-medias\/limmattaler-zeitung\/\" tabindex=\"-1\" >\n\t\t\t<div class=\"elementor-post__thumbnail\"><img loading=\"lazy\" decoding=\"async\" width=\"600\" height=\"800\" src=\"https:\/\/swissdox.ch\/wp-content\/uploads\/2024\/09\/limmattaler-zeitung.jpg\" class=\"attachment-full size-full wp-image-54105\" alt=\"\" srcset=\"https:\/\/swissdox.ch\/wp-content\/uploads\/2024\/09\/limmattaler-zeitung.jpg 600w, https:\/\/swissdox.ch\/wp-content\/uploads\/2024\/09\/limmattaler-zeitung-225x300.jpg 225w\" sizes=\"(max-width: 600px) 100vw, 600px\" \/><\/div>\n\t\t<\/a>\n\t\t\t\t<div class=\"elementor-post__text\">\n\t\t\t\t<h3 class=\"elementor-post__title\">\n\t\t\t<a href=\"https:\/\/swissdox.ch\/fr\/repertoire-des-medias\/limmattaler-zeitung\/\" >\n\t\t\t\tLimmattaler Zeitung\t\t\t<\/a>\n\t\t<\/h3>\n\t\t\t\t<\/div>\n\t\t\t\t<\/article>\n\t\t\t\t<article class=\"elementor-post elementor-grid-item post-69841 medienverzeichnis type-medienverzeichnis status-publish has-post-thumbnail hentry land-suisse medientyp-presse-en-ligne partner-ch-media sprache-allemand\" role=\"listitem\">\n\t\t\t\t<a class=\"elementor-post__thumbnail__link\" href=\"https:\/\/swissdox.ch\/fr\/repertoire-des-medias\/limmattalerzeitung-ch\/\" tabindex=\"-1\" >\n\t\t\t<div class=\"elementor-post__thumbnail\"><img loading=\"lazy\" decoding=\"async\" width=\"600\" height=\"800\" src=\"https:\/\/swissdox.ch\/wp-content\/uploads\/2024\/09\/limmattalerzeitung-ch.jpg\" class=\"attachment-full size-full wp-image-54109\" alt=\"\" srcset=\"https:\/\/swissdox.ch\/wp-content\/uploads\/2024\/09\/limmattalerzeitung-ch.jpg 600w, https:\/\/swissdox.ch\/wp-content\/uploads\/2024\/09\/limmattalerzeitung-ch-225x300.jpg 225w\" sizes=\"(max-width: 600px) 100vw, 600px\" \/><\/div>\n\t\t<\/a>\n\t\t\t\t<div class=\"elementor-post__text\">\n\t\t\t\t<h3 class=\"elementor-post__title\">\n\t\t\t<a href=\"https:\/\/swissdox.ch\/fr\/repertoire-des-medias\/limmattalerzeitung-ch\/\" >\n\t\t\t\tlimmattalerzeitung.ch\t\t\t<\/a>\n\t\t<\/h3>\n\t\t\t\t<\/div>\n\t\t\t\t<\/article>\n\t\t\t\t<article class=\"elementor-post elementor-grid-item post-69842 medienverzeichnis type-medienverzeichnis status-publish has-post-thumbnail hentry land-suisse medientyp-presse-en-ligne partner-limpertinent-media sprache-francais\" role=\"listitem\">\n\t\t\t\t<a class=\"elementor-post__thumbnail__link\" href=\"https:\/\/swissdox.ch\/fr\/repertoire-des-medias\/limpertinentmedia-com\/\" tabindex=\"-1\" >\n\t\t\t<div class=\"elementor-post__thumbnail\"><img loading=\"lazy\" decoding=\"async\" width=\"600\" height=\"800\" src=\"https:\/\/swissdox.ch\/wp-content\/uploads\/2024\/09\/limpertinentmedia-com.jpg\" class=\"attachment-full size-full wp-image-54113\" alt=\"\" srcset=\"https:\/\/swissdox.ch\/wp-content\/uploads\/2024\/09\/limpertinentmedia-com.jpg 600w, https:\/\/swissdox.ch\/wp-content\/uploads\/2024\/09\/limpertinentmedia-com-225x300.jpg 225w\" sizes=\"(max-width: 600px) 100vw, 600px\" \/><\/div>\n\t\t<\/a>\n\t\t\t\t<div class=\"elementor-post__text\">\n\t\t\t\t<h3 class=\"elementor-post__title\">\n\t\t\t<a href=\"https:\/\/swissdox.ch\/fr\/repertoire-des-medias\/limpertinentmedia-com\/\" >\n\t\t\t\tlimpertinentmedia.com\t\t\t<\/a>\n\t\t<\/h3>\n\t\t\t\t<\/div>\n\t\t\t\t<\/article>\n\t\t\t\t<article class=\"elementor-post elementor-grid-item post-69843 medienverzeichnis type-medienverzeichnis status-publish has-post-thumbnail hentry land-suisse medientyp-quotidien partner-somedia-ag sprache-allemand\" role=\"listitem\">\n\t\t\t\t<a class=\"elementor-post__thumbnail__link\" href=\"https:\/\/swissdox.ch\/fr\/repertoire-des-medias\/linth-zeitung\/\" tabindex=\"-1\" >\n\t\t\t<div class=\"elementor-post__thumbnail\"><img loading=\"lazy\" decoding=\"async\" width=\"600\" height=\"799\" src=\"https:\/\/swissdox.ch\/wp-content\/uploads\/2024\/09\/linth-zeitung.jpg\" class=\"attachment-full size-full wp-image-54117\" alt=\"\" srcset=\"https:\/\/swissdox.ch\/wp-content\/uploads\/2024\/09\/linth-zeitung.jpg 600w, https:\/\/swissdox.ch\/wp-content\/uploads\/2024\/09\/linth-zeitung-225x300.jpg 225w\" sizes=\"(max-width: 600px) 100vw, 600px\" \/><\/div>\n\t\t<\/a>\n\t\t\t\t<div class=\"elementor-post__text\">\n\t\t\t\t<h3 class=\"elementor-post__title\">\n\t\t\t<a href=\"https:\/\/swissdox.ch\/fr\/repertoire-des-medias\/linth-zeitung\/\" >\n\t\t\t\tLinth-Zeitung\t\t\t<\/a>\n\t\t<\/h3>\n\t\t\t\t<\/div>\n\t\t\t\t<\/article>\n\t\t\t\t<article class=\"elementor-post elementor-grid-item post-69844 medienverzeichnis type-medienverzeichnis status-publish has-post-thumbnail hentry land-suisse medientyp-presse-en-ligne partner-pomona-media-ag sprache-allemand\" role=\"listitem\">\n\t\t\t\t<a class=\"elementor-post__thumbnail__link\" href=\"https:\/\/swissdox.ch\/fr\/repertoire-des-medias\/literatur-rro-ch\/\" tabindex=\"-1\" >\n\t\t\t<div class=\"elementor-post__thumbnail\"><img loading=\"lazy\" decoding=\"async\" width=\"600\" height=\"799\" src=\"https:\/\/swissdox.ch\/wp-content\/uploads\/2025\/04\/literatur-rro-ch.jpg\" class=\"attachment-full size-full wp-image-61190\" alt=\"\" srcset=\"https:\/\/swissdox.ch\/wp-content\/uploads\/2025\/04\/literatur-rro-ch.jpg 600w, https:\/\/swissdox.ch\/wp-content\/uploads\/2025\/04\/literatur-rro-ch-225x300.jpg 225w\" sizes=\"(max-width: 600px) 100vw, 600px\" \/><\/div>\n\t\t<\/a>\n\t\t\t\t<div class=\"elementor-post__text\">\n\t\t\t\t<h3 class=\"elementor-post__title\">\n\t\t\t<a href=\"https:\/\/swissdox.ch\/fr\/repertoire-des-medias\/literatur-rro-ch\/\" >\n\t\t\t\tliteratur.rro.ch\t\t\t<\/a>\n\t\t<\/h3>\n\t\t\t\t<\/div>\n\t\t\t\t<\/article>\n\t\t\t\t<article class=\"elementor-post elementor-grid-item post-69845 medienverzeichnis type-medienverzeichnis status-publish has-post-thumbnail hentry land-allemagne medientyp-presse-en-ligne partner-rnd-redaktionsnetzwerk-deutschland-gmbh sprache-allemand\" role=\"listitem\">\n\t\t\t\t<a class=\"elementor-post__thumbnail__link\" href=\"https:\/\/swissdox.ch\/fr\/repertoire-des-medias\/ln-online-de\/\" tabindex=\"-1\" >\n\t\t\t<div class=\"elementor-post__thumbnail\"><img loading=\"lazy\" decoding=\"async\" width=\"600\" height=\"800\" src=\"https:\/\/swissdox.ch\/wp-content\/uploads\/2026\/07\/ln-online-de.jpg\" class=\"attachment-full size-full wp-image-70114\" alt=\"\" srcset=\"https:\/\/swissdox.ch\/wp-content\/uploads\/2026\/07\/ln-online-de.jpg 600w, https:\/\/swissdox.ch\/wp-content\/uploads\/2026\/07\/ln-online-de-225x300.jpg 225w\" sizes=\"(max-width: 600px) 100vw, 600px\" \/><\/div>\n\t\t<\/a>\n\t\t\t\t<div class=\"elementor-post__text\">\n\t\t\t\t<h3 class=\"elementor-post__title\">\n\t\t\t<a href=\"https:\/\/swissdox.ch\/fr\/repertoire-des-medias\/ln-online-de\/\" >\n\t\t\t\tln-online.de\t\t\t<\/a>\n\t\t<\/h3>\n\t\t\t\t<\/div>\n\t\t\t\t<\/article>\n\t\t\t\t<article class=\"elementor-post elementor-grid-item post-69846 medienverzeichnis type-medienverzeichnis status-publish has-post-thumbnail hentry land-suisse medientyp-hebdomadaire partner-lo-na-lokal-nachrichten-muri-ag sprache-allemand\" role=\"listitem\">\n\t\t\t\t<a class=\"elementor-post__thumbnail__link\" href=\"https:\/\/swissdox.ch\/fr\/repertoire-des-medias\/lokal-nachrichten\/\" tabindex=\"-1\" >\n\t\t\t<div class=\"elementor-post__thumbnail\"><img loading=\"lazy\" decoding=\"async\" width=\"600\" height=\"800\" src=\"https:\/\/swissdox.ch\/wp-content\/uploads\/2026\/02\/lokal-nachrichten.jpg\" class=\"attachment-full size-full wp-image-66701\" alt=\"\" srcset=\"https:\/\/swissdox.ch\/wp-content\/uploads\/2026\/02\/lokal-nachrichten.jpg 600w, https:\/\/swissdox.ch\/wp-content\/uploads\/2026\/02\/lokal-nachrichten-225x300.jpg 225w\" sizes=\"(max-width: 600px) 100vw, 600px\" \/><\/div>\n\t\t<\/a>\n\t\t\t\t<div class=\"elementor-post__text\">\n\t\t\t\t<h3 class=\"elementor-post__title\">\n\t\t\t<a href=\"https:\/\/swissdox.ch\/fr\/repertoire-des-medias\/lokal-nachrichten\/\" >\n\t\t\t\tLokal-Nachrichten\t\t\t<\/a>\n\t\t<\/h3>\n\t\t\t\t<\/div>\n\t\t\t\t<\/article>\n\t\t\t\t<article class=\"elementor-post elementor-grid-item post-69847 medienverzeichnis type-medienverzeichnis status-publish has-post-thumbnail hentry land-suisse medientyp-quotidien partner-ch-media sprache-allemand\" role=\"listitem\">\n\t\t\t\t<a class=\"elementor-post__thumbnail__link\" href=\"https:\/\/swissdox.ch\/fr\/repertoire-des-medias\/luzerner-zeitung\/\" tabindex=\"-1\" >\n\t\t\t<div class=\"elementor-post__thumbnail\"><img loading=\"lazy\" decoding=\"async\" width=\"600\" height=\"800\" src=\"https:\/\/swissdox.ch\/wp-content\/uploads\/2024\/09\/luzerner-zeitung.jpg\" class=\"attachment-full size-full wp-image-54121\" alt=\"\" srcset=\"https:\/\/swissdox.ch\/wp-content\/uploads\/2024\/09\/luzerner-zeitung.jpg 600w, https:\/\/swissdox.ch\/wp-content\/uploads\/2024\/09\/luzerner-zeitung-225x300.jpg 225w\" sizes=\"(max-width: 600px) 100vw, 600px\" \/><\/div>\n\t\t<\/a>\n\t\t\t\t<div class=\"elementor-post__text\">\n\t\t\t\t<h3 class=\"elementor-post__title\">\n\t\t\t<a href=\"https:\/\/swissdox.ch\/fr\/repertoire-des-medias\/luzerner-zeitung\/\" >\n\t\t\t\tLuzerner Zeitung\t\t\t<\/a>\n\t\t<\/h3>\n\t\t\t\t<\/div>\n\t\t\t\t<\/article>\n\t\t\t\t<article class=\"elementor-post elementor-grid-item post-69848 medienverzeichnis type-medienverzeichnis status-publish has-post-thumbnail hentry land-suisse medientyp-presse-en-ligne partner-ch-media sprache-allemand\" role=\"listitem\">\n\t\t\t\t<a class=\"elementor-post__thumbnail__link\" href=\"https:\/\/swissdox.ch\/fr\/repertoire-des-medias\/luzernerzeitung-ch\/\" tabindex=\"-1\" >\n\t\t\t<div class=\"elementor-post__thumbnail\"><img loading=\"lazy\" decoding=\"async\" width=\"600\" height=\"800\" src=\"https:\/\/swissdox.ch\/wp-content\/uploads\/2024\/09\/luzernerzeitung-ch.jpg\" class=\"attachment-full size-full wp-image-54125\" alt=\"\" srcset=\"https:\/\/swissdox.ch\/wp-content\/uploads\/2024\/09\/luzernerzeitung-ch.jpg 600w, https:\/\/swissdox.ch\/wp-content\/uploads\/2024\/09\/luzernerzeitung-ch-225x300.jpg 225w\" sizes=\"(max-width: 600px) 100vw, 600px\" \/><\/div>\n\t\t<\/a>\n\t\t\t\t<div class=\"elementor-post__text\">\n\t\t\t\t<h3 class=\"elementor-post__title\">\n\t\t\t<a href=\"https:\/\/swissdox.ch\/fr\/repertoire-des-medias\/luzernerzeitung-ch\/\" >\n\t\t\t\tluzernerzeitung.ch\t\t\t<\/a>\n\t\t<\/h3>\n\t\t\t\t<\/div>\n\t\t\t\t<\/article>\n\t\t\t\t<article class=\"elementor-post elementor-grid-item post-69849 medienverzeichnis type-medienverzeichnis status-publish has-post-thumbnail hentry land-allemagne medientyp-presse-en-ligne partner-rnd-redaktionsnetzwerk-deutschland-gmbh sprache-allemand\" role=\"listitem\">\n\t\t\t\t<a class=\"elementor-post__thumbnail__link\" href=\"https:\/\/swissdox.ch\/fr\/repertoire-des-medias\/lvz-de\/\" tabindex=\"-1\" >\n\t\t\t<div class=\"elementor-post__thumbnail\"><img loading=\"lazy\" decoding=\"async\" width=\"600\" height=\"799\" src=\"https:\/\/swissdox.ch\/wp-content\/uploads\/2026\/07\/lvz-de.jpg\" class=\"attachment-full size-full wp-image-70118\" alt=\"\" srcset=\"https:\/\/swissdox.ch\/wp-content\/uploads\/2026\/07\/lvz-de.jpg 600w, https:\/\/swissdox.ch\/wp-content\/uploads\/2026\/07\/lvz-de-225x300.jpg 225w\" sizes=\"(max-width: 600px) 100vw, 600px\" \/><\/div>\n\t\t<\/a>\n\t\t\t\t<div class=\"elementor-post__text\">\n\t\t\t\t<h3 class=\"elementor-post__title\">\n\t\t\t<a href=\"https:\/\/swissdox.ch\/fr\/repertoire-des-medias\/lvz-de\/\" >\n\t\t\t\tlvz.de\t\t\t<\/a>\n\t\t<\/h3>\n\t\t\t\t<\/div>\n\t\t\t\t<\/article>\n\t\t\t\t<article class=\"elementor-post elementor-grid-item post-69850 medienverzeichnis type-medienverzeichnis status-publish has-post-thumbnail hentry land-suisse medientyp-magazine partner-tx-group-ag sprache-allemand\" role=\"listitem\">\n\t\t\t\t<a class=\"elementor-post__thumbnail__link\" href=\"https:\/\/swissdox.ch\/fr\/repertoire-des-medias\/das-magazin\/\" tabindex=\"-1\" >\n\t\t\t<div class=\"elementor-post__thumbnail\"><img loading=\"lazy\" decoding=\"async\" width=\"600\" height=\"799\" src=\"https:\/\/swissdox.ch\/wp-content\/uploads\/2024\/09\/das-magazin.jpg\" class=\"attachment-full size-full wp-image-53577\" alt=\"\" srcset=\"https:\/\/swissdox.ch\/wp-content\/uploads\/2024\/09\/das-magazin.jpg 600w, https:\/\/swissdox.ch\/wp-content\/uploads\/2024\/09\/das-magazin-225x300.jpg 225w\" sizes=\"(max-width: 600px) 100vw, 600px\" \/><\/div>\n\t\t<\/a>\n\t\t\t\t<div class=\"elementor-post__text\">\n\t\t\t\t<h3 class=\"elementor-post__title\">\n\t\t\t<a href=\"https:\/\/swissdox.ch\/fr\/repertoire-des-medias\/das-magazin\/\" >\n\t\t\t\tDas Magazin\t\t\t<\/a>\n\t\t<\/h3>\n\t\t\t\t<\/div>\n\t\t\t\t<\/article>\n\t\t\t\t<article class=\"elementor-post elementor-grid-item post-69851 medienverzeichnis type-medienverzeichnis status-publish has-post-thumbnail hentry land-suisse medientyp-presse-en-ligne partner-nzz-mediengruppe sprache-allemand\" role=\"listitem\">\n\t\t\t\t<a class=\"elementor-post__thumbnail__link\" href=\"https:\/\/swissdox.ch\/fr\/repertoire-des-medias\/magazin-nzz-ch\/\" tabindex=\"-1\" >\n\t\t\t<div class=\"elementor-post__thumbnail\"><img loading=\"lazy\" decoding=\"async\" width=\"600\" height=\"800\" src=\"https:\/\/swissdox.ch\/wp-content\/uploads\/2024\/09\/magazin-nzz-ch.jpg\" class=\"attachment-full size-full wp-image-54129\" alt=\"\" srcset=\"https:\/\/swissdox.ch\/wp-content\/uploads\/2024\/09\/magazin-nzz-ch.jpg 600w, https:\/\/swissdox.ch\/wp-content\/uploads\/2024\/09\/magazin-nzz-ch-225x300.jpg 225w\" sizes=\"(max-width: 600px) 100vw, 600px\" \/><\/div>\n\t\t<\/a>\n\t\t\t\t<div class=\"elementor-post__text\">\n\t\t\t\t<h3 class=\"elementor-post__title\">\n\t\t\t<a href=\"https:\/\/swissdox.ch\/fr\/repertoire-des-medias\/magazin-nzz-ch\/\" >\n\t\t\t\tmagazin.nzz.ch\t\t\t<\/a>\n\t\t<\/h3>\n\t\t\t\t<\/div>\n\t\t\t\t<\/article>\n\t\t\t\t<article class=\"elementor-post elementor-grid-item post-69852 medienverzeichnis type-medienverzeichnis status-publish has-post-thumbnail hentry land-suisse medientyp-presse-en-ligne partner-konsumenteninfo-ag sprache-francais\" role=\"listitem\">\n\t\t\t\t<a class=\"elementor-post__thumbnail__link\" href=\"https:\/\/swissdox.ch\/fr\/repertoire-des-medias\/masantemag-ch\/\" tabindex=\"-1\" >\n\t\t\t<div class=\"elementor-post__thumbnail\"><img loading=\"lazy\" decoding=\"async\" width=\"600\" height=\"800\" src=\"https:\/\/swissdox.ch\/wp-content\/uploads\/2024\/09\/masantemag-ch.jpg\" class=\"attachment-full size-full wp-image-54133\" alt=\"\" srcset=\"https:\/\/swissdox.ch\/wp-content\/uploads\/2024\/09\/masantemag-ch.jpg 600w, https:\/\/swissdox.ch\/wp-content\/uploads\/2024\/09\/masantemag-ch-225x300.jpg 225w\" sizes=\"(max-width: 600px) 100vw, 600px\" \/><\/div>\n\t\t<\/a>\n\t\t\t\t<div class=\"elementor-post__text\">\n\t\t\t\t<h3 class=\"elementor-post__title\">\n\t\t\t<a href=\"https:\/\/swissdox.ch\/fr\/repertoire-des-medias\/masantemag-ch\/\" >\n\t\t\t\tmasantemag.ch\t\t\t<\/a>\n\t\t<\/h3>\n\t\t\t\t<\/div>\n\t\t\t\t<\/article>\n\t\t\t\t<article class=\"elementor-post elementor-grid-item post-69853 medienverzeichnis type-medienverzeichnis status-publish has-post-thumbnail hentry land-suisse medientyp-journal-du-dimanche partner-tx-group-ag sprache-francais\" role=\"listitem\">\n\t\t\t\t<a class=\"elementor-post__thumbnail__link\" href=\"https:\/\/swissdox.ch\/fr\/repertoire-des-medias\/le-matin-dimanche\/\" tabindex=\"-1\" >\n\t\t\t<div class=\"elementor-post__thumbnail\"><img loading=\"lazy\" decoding=\"async\" width=\"600\" height=\"799\" src=\"https:\/\/swissdox.ch\/wp-content\/uploads\/2024\/09\/le-matin-dimanche.jpg\" class=\"attachment-full size-full wp-image-54061\" alt=\"\" srcset=\"https:\/\/swissdox.ch\/wp-content\/uploads\/2024\/09\/le-matin-dimanche.jpg 600w, https:\/\/swissdox.ch\/wp-content\/uploads\/2024\/09\/le-matin-dimanche-225x300.jpg 225w\" sizes=\"(max-width: 600px) 100vw, 600px\" \/><\/div>\n\t\t<\/a>\n\t\t\t\t<div class=\"elementor-post__text\">\n\t\t\t\t<h3 class=\"elementor-post__title\">\n\t\t\t<a href=\"https:\/\/swissdox.ch\/fr\/repertoire-des-medias\/le-matin-dimanche\/\" >\n\t\t\t\tLe Matin Dimanche\t\t\t<\/a>\n\t\t<\/h3>\n\t\t\t\t<\/div>\n\t\t\t\t<\/article>\n\t\t\t\t<article class=\"elementor-post elementor-grid-item post-69854 medienverzeichnis type-medienverzeichnis status-publish has-post-thumbnail hentry land-suisse medientyp-hebdomadaire partner-gemeinde-maur sprache-allemand\" role=\"listitem\">\n\t\t\t\t<a class=\"elementor-post__thumbnail__link\" href=\"https:\/\/swissdox.ch\/fr\/repertoire-des-medias\/maurmer-post\/\" tabindex=\"-1\" >\n\t\t\t<div class=\"elementor-post__thumbnail\"><img loading=\"lazy\" decoding=\"async\" width=\"600\" height=\"800\" src=\"https:\/\/swissdox.ch\/wp-content\/uploads\/2024\/09\/maurmer-post.jpg\" class=\"attachment-full size-full wp-image-54137\" alt=\"\" srcset=\"https:\/\/swissdox.ch\/wp-content\/uploads\/2024\/09\/maurmer-post.jpg 600w, https:\/\/swissdox.ch\/wp-content\/uploads\/2024\/09\/maurmer-post-225x300.jpg 225w\" sizes=\"(max-width: 600px) 100vw, 600px\" \/><\/div>\n\t\t<\/a>\n\t\t\t\t<div class=\"elementor-post__text\">\n\t\t\t\t<h3 class=\"elementor-post__title\">\n\t\t\t<a href=\"https:\/\/swissdox.ch\/fr\/repertoire-des-medias\/maurmer-post\/\" >\n\t\t\t\tMaurmer Post\t\t\t<\/a>\n\t\t<\/h3>\n\t\t\t\t<\/div>\n\t\t\t\t<\/article>\n\t\t\t\t<article class=\"elementor-post elementor-grid-item post-69855 medienverzeichnis type-medienverzeichnis status-publish has-post-thumbnail hentry land-allemagne medientyp-presse-en-ligne partner-rnd-redaktionsnetzwerk-deutschland-gmbh sprache-allemand\" role=\"listitem\">\n\t\t\t\t<a class=\"elementor-post__thumbnail__link\" href=\"https:\/\/swissdox.ch\/fr\/repertoire-des-medias\/maz-online-de\/\" tabindex=\"-1\" >\n\t\t\t<div class=\"elementor-post__thumbnail\"><img loading=\"lazy\" decoding=\"async\" width=\"600\" height=\"800\" src=\"https:\/\/swissdox.ch\/wp-content\/uploads\/2026\/07\/maz-online-de.jpg\" class=\"attachment-full size-full wp-image-70122\" alt=\"\" srcset=\"https:\/\/swissdox.ch\/wp-content\/uploads\/2026\/07\/maz-online-de.jpg 600w, https:\/\/swissdox.ch\/wp-content\/uploads\/2026\/07\/maz-online-de-225x300.jpg 225w\" sizes=\"(max-width: 600px) 100vw, 600px\" \/><\/div>\n\t\t<\/a>\n\t\t\t\t<div class=\"elementor-post__text\">\n\t\t\t\t<h3 class=\"elementor-post__title\">\n\t\t\t<a href=\"https:\/\/swissdox.ch\/fr\/repertoire-des-medias\/maz-online-de\/\" >\n\t\t\t\tmaz-online.de\t\t\t<\/a>\n\t\t<\/h3>\n\t\t\t\t<\/div>\n\t\t\t\t<\/article>\n\t\t\t\t<article class=\"elementor-post elementor-grid-item post-69856 medienverzeichnis type-medienverzeichnis status-publish has-post-thumbnail hentry land-suisse medientyp-presse-en-ligne partner-dr-ouwerkerk-ag sprache-allemand sprache-francais\" role=\"listitem\">\n\t\t\t\t<a class=\"elementor-post__thumbnail__link\" href=\"https:\/\/swissdox.ch\/fr\/repertoire-des-medias\/medinside-ch\/\" tabindex=\"-1\" >\n\t\t\t<div class=\"elementor-post__thumbnail\"><img loading=\"lazy\" decoding=\"async\" width=\"600\" height=\"800\" src=\"https:\/\/swissdox.ch\/wp-content\/uploads\/2024\/09\/medinside-ch.jpg\" class=\"attachment-full size-full wp-image-54141\" alt=\"\" srcset=\"https:\/\/swissdox.ch\/wp-content\/uploads\/2024\/09\/medinside-ch.jpg 600w, https:\/\/swissdox.ch\/wp-content\/uploads\/2024\/09\/medinside-ch-225x300.jpg 225w\" sizes=\"(max-width: 600px) 100vw, 600px\" \/><\/div>\n\t\t<\/a>\n\t\t\t\t<div class=\"elementor-post__text\">\n\t\t\t\t<h3 class=\"elementor-post__title\">\n\t\t\t<a href=\"https:\/\/swissdox.ch\/fr\/repertoire-des-medias\/medinside-ch\/\" >\n\t\t\t\tmedinside.ch\t\t\t<\/a>\n\t\t<\/h3>\n\t\t\t\t<\/div>\n\t\t\t\t<\/article>\n\t\t\t\t<article class=\"elementor-post elementor-grid-item post-69857 medienverzeichnis type-medienverzeichnis status-publish has-post-thumbnail hentry land-russie medientyp-presse-en-ligne partner-meduza-project-ltd sprache-anglais\" role=\"listitem\">\n\t\t\t\t<a class=\"elementor-post__thumbnail__link\" href=\"https:\/\/swissdox.ch\/fr\/repertoire-des-medias\/meduza-io\/\" tabindex=\"-1\" >\n\t\t\t<div class=\"elementor-post__thumbnail\"><img loading=\"lazy\" decoding=\"async\" width=\"600\" height=\"800\" src=\"https:\/\/swissdox.ch\/wp-content\/uploads\/2025\/06\/meduza-io.jpg\" class=\"attachment-full size-full wp-image-62646\" alt=\"\" srcset=\"https:\/\/swissdox.ch\/wp-content\/uploads\/2025\/06\/meduza-io.jpg 600w, https:\/\/swissdox.ch\/wp-content\/uploads\/2025\/06\/meduza-io-225x300.jpg 225w\" sizes=\"(max-width: 600px) 100vw, 600px\" \/><\/div>\n\t\t<\/a>\n\t\t\t\t<div class=\"elementor-post__text\">\n\t\t\t\t<h3 class=\"elementor-post__title\">\n\t\t\t<a href=\"https:\/\/swissdox.ch\/fr\/repertoire-des-medias\/meduza-io\/\" >\n\t\t\t\tmeduza.io\t\t\t<\/a>\n\t\t<\/h3>\n\t\t\t\t<\/div>\n\t\t\t\t<\/article>\n\t\t\t\t<article class=\"elementor-post elementor-grid-item post-69858 medienverzeichnis type-medienverzeichnis status-publish has-post-thumbnail hentry land-allemagne medientyp-quotidien partner-sueddeutscher-verlag sprache-allemand\" role=\"listitem\">\n\t\t\t\t<a class=\"elementor-post__thumbnail__link\" href=\"https:\/\/swissdox.ch\/fr\/repertoire-des-medias\/meininger-tageblatt\/\" tabindex=\"-1\" >\n\t\t\t<div class=\"elementor-post__thumbnail\"><img loading=\"lazy\" decoding=\"async\" width=\"600\" height=\"800\" src=\"https:\/\/swissdox.ch\/wp-content\/uploads\/2024\/09\/meininger-tageblatt.jpg\" class=\"attachment-full size-full wp-image-54145\" alt=\"\" srcset=\"https:\/\/swissdox.ch\/wp-content\/uploads\/2024\/09\/meininger-tageblatt.jpg 600w, https:\/\/swissdox.ch\/wp-content\/uploads\/2024\/09\/meininger-tageblatt-225x300.jpg 225w\" sizes=\"(max-width: 600px) 100vw, 600px\" \/><\/div>\n\t\t<\/a>\n\t\t\t\t<div class=\"elementor-post__text\">\n\t\t\t\t<h3 class=\"elementor-post__title\">\n\t\t\t<a href=\"https:\/\/swissdox.ch\/fr\/repertoire-des-medias\/meininger-tageblatt\/\" >\n\t\t\t\tMeininger Tageblatt\t\t\t<\/a>\n\t\t<\/h3>\n\t\t\t\t<\/div>\n\t\t\t\t<\/article>\n\t\t\t\t<article class=\"elementor-post elementor-grid-item post-69859 medienverzeichnis type-medienverzeichnis status-publish has-post-thumbnail hentry land-allemagne medientyp-presse-en-ligne partner-axel-springer-ullstein-syndication-gmbh sprache-allemand\" role=\"listitem\">\n\t\t\t\t<a class=\"elementor-post__thumbnail__link\" href=\"https:\/\/swissdox.ch\/fr\/repertoire-des-medias\/metal-hammer-de\/\" tabindex=\"-1\" >\n\t\t\t<div class=\"elementor-post__thumbnail\"><img loading=\"lazy\" decoding=\"async\" width=\"600\" height=\"800\" src=\"https:\/\/swissdox.ch\/wp-content\/uploads\/2024\/09\/metal-hammer-de.jpg\" class=\"attachment-full size-full wp-image-54153\" alt=\"\" srcset=\"https:\/\/swissdox.ch\/wp-content\/uploads\/2024\/09\/metal-hammer-de.jpg 600w, https:\/\/swissdox.ch\/wp-content\/uploads\/2024\/09\/metal-hammer-de-225x300.jpg 225w\" sizes=\"(max-width: 600px) 100vw, 600px\" \/><\/div>\n\t\t<\/a>\n\t\t\t\t<div class=\"elementor-post__text\">\n\t\t\t\t<h3 class=\"elementor-post__title\">\n\t\t\t<a href=\"https:\/\/swissdox.ch\/fr\/repertoire-des-medias\/metal-hammer-de\/\" >\n\t\t\t\tmetal-hammer.de\t\t\t<\/a>\n\t\t<\/h3>\n\t\t\t\t<\/div>\n\t\t\t\t<\/article>\n\t\t\t\t<article class=\"elementor-post elementor-grid-item post-69860 medienverzeichnis type-medienverzeichnis status-publish has-post-thumbnail hentry land-suisse medientyp-hebdomadaire partner-migros sprache-francais\" role=\"listitem\">\n\t\t\t\t<a class=\"elementor-post__thumbnail__link\" href=\"https:\/\/swissdox.ch\/fr\/repertoire-des-medias\/migros-magazine\/\" tabindex=\"-1\" >\n\t\t\t<div class=\"elementor-post__thumbnail\"><img loading=\"lazy\" decoding=\"async\" width=\"600\" height=\"799\" src=\"https:\/\/swissdox.ch\/wp-content\/uploads\/2024\/09\/migros-magazine.jpg\" class=\"attachment-full size-full wp-image-54161\" alt=\"\" srcset=\"https:\/\/swissdox.ch\/wp-content\/uploads\/2024\/09\/migros-magazine.jpg 600w, https:\/\/swissdox.ch\/wp-content\/uploads\/2024\/09\/migros-magazine-225x300.jpg 225w\" sizes=\"(max-width: 600px) 100vw, 600px\" \/><\/div>\n\t\t<\/a>\n\t\t\t\t<div class=\"elementor-post__text\">\n\t\t\t\t<h3 class=\"elementor-post__title\">\n\t\t\t<a href=\"https:\/\/swissdox.ch\/fr\/repertoire-des-medias\/migros-magazine\/\" >\n\t\t\t\tMigros Magazine\t\t\t<\/a>\n\t\t<\/h3>\n\t\t\t\t<\/div>\n\t\t\t\t<\/article>\n\t\t\t\t<article class=\"elementor-post elementor-grid-item post-69861 medienverzeichnis type-medienverzeichnis status-publish has-post-thumbnail hentry land-suisse medientyp-hebdomadaire partner-migros sprache-allemand\" role=\"listitem\">\n\t\t\t\t<a class=\"elementor-post__thumbnail__link\" href=\"https:\/\/swissdox.ch\/fr\/repertoire-des-medias\/migros-magazin\/\" tabindex=\"-1\" >\n\t\t\t<div class=\"elementor-post__thumbnail\"><img loading=\"lazy\" decoding=\"async\" width=\"600\" height=\"799\" src=\"https:\/\/swissdox.ch\/wp-content\/uploads\/2024\/09\/migros-magazin.jpg\" class=\"attachment-full size-full wp-image-54157\" alt=\"\" srcset=\"https:\/\/swissdox.ch\/wp-content\/uploads\/2024\/09\/migros-magazin.jpg 600w, https:\/\/swissdox.ch\/wp-content\/uploads\/2024\/09\/migros-magazin-225x300.jpg 225w\" sizes=\"(max-width: 600px) 100vw, 600px\" \/><\/div>\n\t\t<\/a>\n\t\t\t\t<div class=\"elementor-post__text\">\n\t\t\t\t<h3 class=\"elementor-post__title\">\n\t\t\t<a href=\"https:\/\/swissdox.ch\/fr\/repertoire-des-medias\/migros-magazin\/\" >\n\t\t\t\tMigros-Magazin\t\t\t<\/a>\n\t\t<\/h3>\n\t\t\t\t<\/div>\n\t\t\t\t<\/article>\n\t\t\t\t<article class=\"elementor-post elementor-grid-item post-69862 medienverzeichnis type-medienverzeichnis status-publish has-post-thumbnail hentry land-suisse medientyp-magazine partner-alma-media-ag sprache-allemand\" role=\"listitem\">\n\t\t\t\t<a class=\"elementor-post__thumbnail__link\" href=\"https:\/\/swissdox.ch\/fr\/repertoire-des-medias\/miss-moneypenny\/\" tabindex=\"-1\" >\n\t\t\t<div class=\"elementor-post__thumbnail\"><img loading=\"lazy\" decoding=\"async\" width=\"600\" height=\"800\" src=\"https:\/\/swissdox.ch\/wp-content\/uploads\/2024\/09\/miss-moneypenny.jpg\" class=\"attachment-full size-full wp-image-54165\" alt=\"\" srcset=\"https:\/\/swissdox.ch\/wp-content\/uploads\/2024\/09\/miss-moneypenny.jpg 600w, https:\/\/swissdox.ch\/wp-content\/uploads\/2024\/09\/miss-moneypenny-225x300.jpg 225w\" sizes=\"(max-width: 600px) 100vw, 600px\" \/><\/div>\n\t\t<\/a>\n\t\t\t\t<div class=\"elementor-post__text\">\n\t\t\t\t<h3 class=\"elementor-post__title\">\n\t\t\t<a href=\"https:\/\/swissdox.ch\/fr\/repertoire-des-medias\/miss-moneypenny\/\" >\n\t\t\t\tMiss Moneypenny\t\t\t<\/a>\n\t\t<\/h3>\n\t\t\t\t<\/div>\n\t\t\t\t<\/article>\n\t\t\t\t<article class=\"elementor-post elementor-grid-item post-69863 medienverzeichnis type-medienverzeichnis status-publish has-post-thumbnail hentry land-autriche medientyp-magazine partner-austria-presse-agentur sprache-allemand\" role=\"listitem\">\n\t\t\t\t<a class=\"elementor-post__thumbnail__link\" href=\"https:\/\/swissdox.ch\/fr\/repertoire-des-medias\/mm-medien-manager\/\" tabindex=\"-1\" >\n\t\t\t<div class=\"elementor-post__thumbnail\"><img loading=\"lazy\" decoding=\"async\" width=\"600\" height=\"800\" src=\"https:\/\/swissdox.ch\/wp-content\/uploads\/2024\/09\/mm-medien-manager.jpg\" class=\"attachment-full size-full wp-image-54169\" alt=\"\" srcset=\"https:\/\/swissdox.ch\/wp-content\/uploads\/2024\/09\/mm-medien-manager.jpg 600w, https:\/\/swissdox.ch\/wp-content\/uploads\/2024\/09\/mm-medien-manager-225x300.jpg 225w\" sizes=\"(max-width: 600px) 100vw, 600px\" \/><\/div>\n\t\t<\/a>\n\t\t\t\t<div class=\"elementor-post__text\">\n\t\t\t\t<h3 class=\"elementor-post__title\">\n\t\t\t<a href=\"https:\/\/swissdox.ch\/fr\/repertoire-des-medias\/mm-medien-manager\/\" >\n\t\t\t\tMM Medien Manager\t\t\t<\/a>\n\t\t<\/h3>\n\t\t\t\t<\/div>\n\t\t\t\t<\/article>\n\t\t\t\t<article class=\"elementor-post elementor-grid-item post-69864 medienverzeichnis type-medienverzeichnis status-publish has-post-thumbnail hentry land-suisse medientyp-presse-en-ligne partner-stefan-ehrbar sprache-allemand\" role=\"listitem\">\n\t\t\t\t<a class=\"elementor-post__thumbnail__link\" href=\"https:\/\/swissdox.ch\/fr\/repertoire-des-medias\/mobimag-ch\/\" tabindex=\"-1\" >\n\t\t\t<div class=\"elementor-post__thumbnail\"><img loading=\"lazy\" decoding=\"async\" width=\"600\" height=\"800\" src=\"https:\/\/swissdox.ch\/wp-content\/uploads\/2024\/09\/mobimag-ch.jpg\" class=\"attachment-full size-full wp-image-54173\" alt=\"\" srcset=\"https:\/\/swissdox.ch\/wp-content\/uploads\/2024\/09\/mobimag-ch.jpg 600w, https:\/\/swissdox.ch\/wp-content\/uploads\/2024\/09\/mobimag-ch-225x300.jpg 225w\" sizes=\"(max-width: 600px) 100vw, 600px\" \/><\/div>\n\t\t<\/a>\n\t\t\t\t<div class=\"elementor-post__text\">\n\t\t\t\t<h3 class=\"elementor-post__title\">\n\t\t\t<a href=\"https:\/\/swissdox.ch\/fr\/repertoire-des-medias\/mobimag-ch\/\" >\n\t\t\t\tmobimag.ch\t\t\t<\/a>\n\t\t<\/h3>\n\t\t\t\t<\/div>\n\t\t\t\t<\/article>\n\t\t\t\t<article class=\"elementor-post elementor-grid-item post-69865 medienverzeichnis type-medienverzeichnis status-publish has-post-thumbnail hentry land-suisse medientyp-presse-en-ligne partner-konsumenteninfo-ag sprache-francais\" role=\"listitem\">\n\t\t\t\t<a class=\"elementor-post__thumbnail__link\" href=\"https:\/\/swissdox.ch\/fr\/repertoire-des-medias\/monargentmag-ch\/\" tabindex=\"-1\" >\n\t\t\t<div class=\"elementor-post__thumbnail\"><img loading=\"lazy\" decoding=\"async\" width=\"600\" height=\"800\" src=\"https:\/\/swissdox.ch\/wp-content\/uploads\/2024\/09\/monargentmag-ch.jpg\" class=\"attachment-full size-full wp-image-54177\" alt=\"\" srcset=\"https:\/\/swissdox.ch\/wp-content\/uploads\/2024\/09\/monargentmag-ch.jpg 600w, https:\/\/swissdox.ch\/wp-content\/uploads\/2024\/09\/monargentmag-ch-225x300.jpg 225w\" sizes=\"(max-width: 600px) 100vw, 600px\" \/><\/div>\n\t\t<\/a>\n\t\t\t\t<div class=\"elementor-post__text\">\n\t\t\t\t<h3 class=\"elementor-post__title\">\n\t\t\t<a href=\"https:\/\/swissdox.ch\/fr\/repertoire-des-medias\/monargentmag-ch\/\" >\n\t\t\t\tmonargentmag.ch\t\t\t<\/a>\n\t\t<\/h3>\n\t\t\t\t<\/div>\n\t\t\t\t<\/article>\n\t\t\t\t<article class=\"elementor-post elementor-grid-item post-69866 medienverzeichnis type-medienverzeichnis status-publish has-post-thumbnail hentry land-allemagne medientyp-magazine partner-wochenzeitung sprache-allemand\" role=\"listitem\">\n\t\t\t\t<a class=\"elementor-post__thumbnail__link\" href=\"https:\/\/swissdox.ch\/fr\/repertoire-des-medias\/le-monde-diplomatique\/\" tabindex=\"-1\" >\n\t\t\t<div class=\"elementor-post__thumbnail\"><img loading=\"lazy\" decoding=\"async\" width=\"600\" height=\"800\" src=\"https:\/\/swissdox.ch\/wp-content\/uploads\/2026\/07\/le-monde-diplomatique.jpg\" class=\"attachment-full size-full wp-image-70110\" alt=\"\" srcset=\"https:\/\/swissdox.ch\/wp-content\/uploads\/2026\/07\/le-monde-diplomatique.jpg 600w, https:\/\/swissdox.ch\/wp-content\/uploads\/2026\/07\/le-monde-diplomatique-225x300.jpg 225w\" sizes=\"(max-width: 600px) 100vw, 600px\" \/><\/div>\n\t\t<\/a>\n\t\t\t\t<div class=\"elementor-post__text\">\n\t\t\t\t<h3 class=\"elementor-post__title\">\n\t\t\t<a href=\"https:\/\/swissdox.ch\/fr\/repertoire-des-medias\/le-monde-diplomatique\/\" >\n\t\t\t\tLe Monde diplomatique\t\t\t<\/a>\n\t\t<\/h3>\n\t\t\t\t<\/div>\n\t\t\t\t<\/article>\n\t\t\t\t<article class=\"elementor-post elementor-grid-item post-69867 medienverzeichnis type-medienverzeichnis status-publish has-post-thumbnail hentry land-allemagne medientyp-magazine partner-axel-springer-ullstein-syndication-gmbh sprache-allemand\" role=\"listitem\">\n\t\t\t\t<a class=\"elementor-post__thumbnail__link\" href=\"https:\/\/swissdox.ch\/fr\/repertoire-des-medias\/mr-icon\/\" tabindex=\"-1\" >\n\t\t\t<div class=\"elementor-post__thumbnail\"><img loading=\"lazy\" decoding=\"async\" width=\"600\" height=\"799\" src=\"https:\/\/swissdox.ch\/wp-content\/uploads\/2024\/09\/mr-icon.jpg\" class=\"attachment-full size-full wp-image-54181\" alt=\"\" srcset=\"https:\/\/swissdox.ch\/wp-content\/uploads\/2024\/09\/mr-icon.jpg 600w, https:\/\/swissdox.ch\/wp-content\/uploads\/2024\/09\/mr-icon-225x300.jpg 225w\" sizes=\"(max-width: 600px) 100vw, 600px\" \/><\/div>\n\t\t<\/a>\n\t\t\t\t<div class=\"elementor-post__text\">\n\t\t\t\t<h3 class=\"elementor-post__title\">\n\t\t\t<a href=\"https:\/\/swissdox.ch\/fr\/repertoire-des-medias\/mr-icon\/\" >\n\t\t\t\tMr ICON\t\t\t<\/a>\n\t\t<\/h3>\n\t\t\t\t<\/div>\n\t\t\t\t<\/article>\n\t\t\t\t<article class=\"elementor-post elementor-grid-item post-69868 medienverzeichnis type-medienverzeichnis status-publish has-post-thumbnail hentry land-allemagne medientyp-magazine partner-der-theaterverlag sprache-allemand\" role=\"listitem\">\n\t\t\t\t<a class=\"elementor-post__thumbnail__link\" href=\"https:\/\/swissdox.ch\/fr\/repertoire-des-medias\/musical-today\/\" tabindex=\"-1\" >\n\t\t\t<div class=\"elementor-post__thumbnail\"><img loading=\"lazy\" decoding=\"async\" width=\"600\" height=\"800\" src=\"https:\/\/swissdox.ch\/wp-content\/uploads\/2025\/04\/musical-today.jpg\" class=\"attachment-full size-full wp-image-61194\" alt=\"\" srcset=\"https:\/\/swissdox.ch\/wp-content\/uploads\/2025\/04\/musical-today.jpg 600w, https:\/\/swissdox.ch\/wp-content\/uploads\/2025\/04\/musical-today-225x300.jpg 225w\" sizes=\"(max-width: 600px) 100vw, 600px\" \/><\/div>\n\t\t<\/a>\n\t\t\t\t<div class=\"elementor-post__text\">\n\t\t\t\t<h3 class=\"elementor-post__title\">\n\t\t\t<a href=\"https:\/\/swissdox.ch\/fr\/repertoire-des-medias\/musical-today\/\" >\n\t\t\t\tMUSICAL TODAY\t\t\t<\/a>\n\t\t<\/h3>\n\t\t\t\t<\/div>\n\t\t\t\t<\/article>\n\t\t\t\t<article class=\"elementor-post elementor-grid-item post-69869 medienverzeichnis type-medienverzeichnis status-publish has-post-thumbnail hentry land-allemagne medientyp-presse-en-ligne partner-axel-springer-ullstein-syndication-gmbh sprache-allemand\" role=\"listitem\">\n\t\t\t\t<a class=\"elementor-post__thumbnail__link\" href=\"https:\/\/swissdox.ch\/fr\/repertoire-des-medias\/musikexpress-de\/\" tabindex=\"-1\" >\n\t\t\t<div class=\"elementor-post__thumbnail\"><img loading=\"lazy\" decoding=\"async\" width=\"600\" height=\"800\" src=\"https:\/\/swissdox.ch\/wp-content\/uploads\/2024\/09\/musikexpress-de.jpg\" class=\"attachment-full size-full wp-image-54185\" alt=\"\" srcset=\"https:\/\/swissdox.ch\/wp-content\/uploads\/2024\/09\/musikexpress-de.jpg 600w, https:\/\/swissdox.ch\/wp-content\/uploads\/2024\/09\/musikexpress-de-225x300.jpg 225w\" sizes=\"(max-width: 600px) 100vw, 600px\" \/><\/div>\n\t\t<\/a>\n\t\t\t\t<div class=\"elementor-post__text\">\n\t\t\t\t<h3 class=\"elementor-post__title\">\n\t\t\t<a href=\"https:\/\/swissdox.ch\/fr\/repertoire-des-medias\/musikexpress-de\/\" >\n\t\t\t\tmusikexpress.de\t\t\t<\/a>\n\t\t<\/h3>\n\t\t\t\t<\/div>\n\t\t\t\t<\/article>\n\t\t\t\t<article class=\"elementor-post elementor-grid-item post-69870 medienverzeichnis type-medienverzeichnis status-publish has-post-thumbnail hentry land-suisse medientyp-agence-de-presse partner-news-aktuell-schweiz sprache-allemand\" role=\"listitem\">\n\t\t\t\t<a class=\"elementor-post__thumbnail__link\" href=\"https:\/\/swissdox.ch\/fr\/repertoire-des-medias\/napresseportal\/\" tabindex=\"-1\" >\n\t\t\t<div class=\"elementor-post__thumbnail\"><img loading=\"lazy\" decoding=\"async\" width=\"600\" height=\"800\" src=\"https:\/\/swissdox.ch\/wp-content\/uploads\/2024\/09\/na-presseportal-ch.jpg\" class=\"attachment-full size-full wp-image-54189\" alt=\"\" srcset=\"https:\/\/swissdox.ch\/wp-content\/uploads\/2024\/09\/na-presseportal-ch.jpg 600w, https:\/\/swissdox.ch\/wp-content\/uploads\/2024\/09\/na-presseportal-ch-225x300.jpg 225w\" sizes=\"(max-width: 600px) 100vw, 600px\" \/><\/div>\n\t\t<\/a>\n\t\t\t\t<div class=\"elementor-post__text\">\n\t\t\t\t<h3 class=\"elementor-post__title\">\n\t\t\t<a href=\"https:\/\/swissdox.ch\/fr\/repertoire-des-medias\/napresseportal\/\" >\n\t\t\t\tna\u2022presseportal\t\t\t<\/a>\n\t\t<\/h3>\n\t\t\t\t<\/div>\n\t\t\t\t<\/article>\n\t\t\t\t<article class=\"elementor-post elementor-grid-item post-69871 medienverzeichnis type-medienverzeichnis status-publish has-post-thumbnail hentry land-suisse medientyp-magazine partner-naturfreunde-schweiz sprache-allemand\" role=\"listitem\">\n\t\t\t\t<a class=\"elementor-post__thumbnail__link\" href=\"https:\/\/swissdox.ch\/fr\/repertoire-des-medias\/naturfreund\/\" tabindex=\"-1\" >\n\t\t\t<div class=\"elementor-post__thumbnail\"><img loading=\"lazy\" decoding=\"async\" width=\"600\" height=\"800\" src=\"https:\/\/swissdox.ch\/wp-content\/uploads\/2024\/09\/naturfreund.jpg\" class=\"attachment-full size-full wp-image-54193\" alt=\"\" srcset=\"https:\/\/swissdox.ch\/wp-content\/uploads\/2024\/09\/naturfreund.jpg 600w, https:\/\/swissdox.ch\/wp-content\/uploads\/2024\/09\/naturfreund-225x300.jpg 225w\" sizes=\"(max-width: 600px) 100vw, 600px\" \/><\/div>\n\t\t<\/a>\n\t\t\t\t<div class=\"elementor-post__text\">\n\t\t\t\t<h3 class=\"elementor-post__title\">\n\t\t\t<a href=\"https:\/\/swissdox.ch\/fr\/repertoire-des-medias\/naturfreund\/\" >\n\t\t\t\tNaturfreund\t\t\t<\/a>\n\t\t<\/h3>\n\t\t\t\t<\/div>\n\t\t\t\t<\/article>\n\t\t\t\t<article class=\"elementor-post elementor-grid-item post-69872 medienverzeichnis type-medienverzeichnis status-publish has-post-thumbnail hentry land-suisse medientyp-presse-en-ligne partner-interact-media-group-ag sprache-allemand\" role=\"listitem\">\n\t\t\t\t<a class=\"elementor-post__thumbnail__link\" href=\"https:\/\/swissdox.ch\/fr\/repertoire-des-medias\/nau-ch\/\" tabindex=\"-1\" >\n\t\t\t<div class=\"elementor-post__thumbnail\"><img loading=\"lazy\" decoding=\"async\" width=\"600\" height=\"800\" src=\"https:\/\/swissdox.ch\/wp-content\/uploads\/2024\/09\/nau-ch.jpg\" class=\"attachment-full size-full wp-image-54197\" alt=\"\" srcset=\"https:\/\/swissdox.ch\/wp-content\/uploads\/2024\/09\/nau-ch.jpg 600w, https:\/\/swissdox.ch\/wp-content\/uploads\/2024\/09\/nau-ch-225x300.jpg 225w\" sizes=\"(max-width: 600px) 100vw, 600px\" \/><\/div>\n\t\t<\/a>\n\t\t\t\t<div class=\"elementor-post__text\">\n\t\t\t\t<h3 class=\"elementor-post__title\">\n\t\t\t<a href=\"https:\/\/swissdox.ch\/fr\/repertoire-des-medias\/nau-ch\/\" >\n\t\t\t\tnau.ch\t\t\t<\/a>\n\t\t<\/h3>\n\t\t\t\t<\/div>\n\t\t\t\t<\/article>\n\t\t\t\t<article class=\"elementor-post elementor-grid-item post-69873 medienverzeichnis type-medienverzeichnis status-publish has-post-thumbnail hentry land-suisse medientyp-presse-en-ligne partner-nebelspalter-ag sprache-allemand\" role=\"listitem\">\n\t\t\t\t<a class=\"elementor-post__thumbnail__link\" href=\"https:\/\/swissdox.ch\/fr\/repertoire-des-medias\/nebelspalter-ch\/\" tabindex=\"-1\" >\n\t\t\t<div class=\"elementor-post__thumbnail\"><img loading=\"lazy\" decoding=\"async\" width=\"600\" height=\"800\" src=\"https:\/\/swissdox.ch\/wp-content\/uploads\/2024\/09\/nebelspalter-ch.jpg\" class=\"attachment-full size-full wp-image-54201\" alt=\"\" srcset=\"https:\/\/swissdox.ch\/wp-content\/uploads\/2024\/09\/nebelspalter-ch.jpg 600w, https:\/\/swissdox.ch\/wp-content\/uploads\/2024\/09\/nebelspalter-ch-225x300.jpg 225w\" sizes=\"(max-width: 600px) 100vw, 600px\" \/><\/div>\n\t\t<\/a>\n\t\t\t\t<div class=\"elementor-post__text\">\n\t\t\t\t<h3 class=\"elementor-post__title\">\n\t\t\t<a href=\"https:\/\/swissdox.ch\/fr\/repertoire-des-medias\/nebelspalter-ch\/\" >\n\t\t\t\tnebelspalter.ch\t\t\t<\/a>\n\t\t<\/h3>\n\t\t\t\t<\/div>\n\t\t\t\t<\/article>\n\t\t\t\t<article class=\"elementor-post elementor-grid-item post-69874 medienverzeichnis type-medienverzeichnis status-publish has-post-thumbnail hentry land-autriche medientyp-journal-du-dimanche partner-austria-presse-agentur sprache-allemand\" role=\"listitem\">\n\t\t\t\t<a class=\"elementor-post__thumbnail__link\" href=\"https:\/\/swissdox.ch\/fr\/repertoire-des-medias\/neue-am-sonntag\/\" tabindex=\"-1\" >\n\t\t\t<div class=\"elementor-post__thumbnail\"><img loading=\"lazy\" decoding=\"async\" width=\"600\" height=\"799\" src=\"https:\/\/swissdox.ch\/wp-content\/uploads\/2024\/09\/neue-am-sonntag.jpg\" class=\"attachment-full size-full wp-image-54205\" alt=\"\" srcset=\"https:\/\/swissdox.ch\/wp-content\/uploads\/2024\/09\/neue-am-sonntag.jpg 600w, https:\/\/swissdox.ch\/wp-content\/uploads\/2024\/09\/neue-am-sonntag-225x300.jpg 225w\" sizes=\"(max-width: 600px) 100vw, 600px\" \/><\/div>\n\t\t<\/a>\n\t\t\t\t<div class=\"elementor-post__text\">\n\t\t\t\t<h3 class=\"elementor-post__title\">\n\t\t\t<a href=\"https:\/\/swissdox.ch\/fr\/repertoire-des-medias\/neue-am-sonntag\/\" >\n\t\t\t\tNEUE am Sonntag\t\t\t<\/a>\n\t\t<\/h3>\n\t\t\t\t<\/div>\n\t\t\t\t<\/article>\n\t\t\t\t<article class=\"elementor-post elementor-grid-item post-69875 medienverzeichnis type-medienverzeichnis status-publish has-post-thumbnail hentry land-suisse medientyp-quotidien partner-neue-fricktaler-zeitung-ag sprache-allemand\" role=\"listitem\">\n\t\t\t\t<a class=\"elementor-post__thumbnail__link\" href=\"https:\/\/swissdox.ch\/fr\/repertoire-des-medias\/neue-fricktaler-zeitung\/\" tabindex=\"-1\" >\n\t\t\t<div class=\"elementor-post__thumbnail\"><img loading=\"lazy\" decoding=\"async\" width=\"600\" height=\"800\" src=\"https:\/\/swissdox.ch\/wp-content\/uploads\/2024\/09\/neue-fricktaler-zeitung.jpg\" class=\"attachment-full size-full wp-image-54209\" alt=\"\" srcset=\"https:\/\/swissdox.ch\/wp-content\/uploads\/2024\/09\/neue-fricktaler-zeitung.jpg 600w, https:\/\/swissdox.ch\/wp-content\/uploads\/2024\/09\/neue-fricktaler-zeitung-225x300.jpg 225w\" sizes=\"(max-width: 600px) 100vw, 600px\" \/><\/div>\n\t\t<\/a>\n\t\t\t\t<div class=\"elementor-post__text\">\n\t\t\t\t<h3 class=\"elementor-post__title\">\n\t\t\t<a href=\"https:\/\/swissdox.ch\/fr\/repertoire-des-medias\/neue-fricktaler-zeitung\/\" >\n\t\t\t\tNeue Fricktaler Zeitung\t\t\t<\/a>\n\t\t<\/h3>\n\t\t\t\t<\/div>\n\t\t\t\t<\/article>\n\t\t\t\t<article class=\"elementor-post elementor-grid-item post-69876 medienverzeichnis type-medienverzeichnis status-publish has-post-thumbnail hentry land-allemagne medientyp-quotidien partner-sueddeutscher-verlag sprache-allemand\" role=\"listitem\">\n\t\t\t\t<a class=\"elementor-post__thumbnail__link\" href=\"https:\/\/swissdox.ch\/fr\/repertoire-des-medias\/neue-presse-coburg\/\" tabindex=\"-1\" >\n\t\t\t<div class=\"elementor-post__thumbnail\"><img loading=\"lazy\" decoding=\"async\" width=\"600\" height=\"800\" src=\"https:\/\/swissdox.ch\/wp-content\/uploads\/2024\/09\/neue-presse-coburg.jpg\" class=\"attachment-full size-full wp-image-54213\" alt=\"\" srcset=\"https:\/\/swissdox.ch\/wp-content\/uploads\/2024\/09\/neue-presse-coburg.jpg 600w, https:\/\/swissdox.ch\/wp-content\/uploads\/2024\/09\/neue-presse-coburg-225x300.jpg 225w\" sizes=\"(max-width: 600px) 100vw, 600px\" \/><\/div>\n\t\t<\/a>\n\t\t\t\t<div class=\"elementor-post__text\">\n\t\t\t\t<h3 class=\"elementor-post__title\">\n\t\t\t<a href=\"https:\/\/swissdox.ch\/fr\/repertoire-des-medias\/neue-presse-coburg\/\" >\n\t\t\t\tNeue Presse Coburg\t\t\t<\/a>\n\t\t<\/h3>\n\t\t\t\t<\/div>\n\t\t\t\t<\/article>\n\t\t\t\t<article class=\"elementor-post elementor-grid-item post-69877 medienverzeichnis type-medienverzeichnis status-publish has-post-thumbnail hentry land-allemagne medientyp-magazine partner-sueddeutscher-verlag sprache-allemand\" role=\"listitem\">\n\t\t\t\t<a class=\"elementor-post__thumbnail__link\" href=\"https:\/\/swissdox.ch\/fr\/repertoire-des-medias\/neue-verpackung\/\" tabindex=\"-1\" >\n\t\t\t<div class=\"elementor-post__thumbnail\"><img loading=\"lazy\" decoding=\"async\" width=\"600\" height=\"800\" src=\"https:\/\/swissdox.ch\/wp-content\/uploads\/2024\/09\/neue-verpackung.jpg\" class=\"attachment-full size-full wp-image-54221\" alt=\"\" srcset=\"https:\/\/swissdox.ch\/wp-content\/uploads\/2024\/09\/neue-verpackung.jpg 600w, https:\/\/swissdox.ch\/wp-content\/uploads\/2024\/09\/neue-verpackung-225x300.jpg 225w\" sizes=\"(max-width: 600px) 100vw, 600px\" \/><\/div>\n\t\t<\/a>\n\t\t\t\t<div class=\"elementor-post__text\">\n\t\t\t\t<h3 class=\"elementor-post__title\">\n\t\t\t<a href=\"https:\/\/swissdox.ch\/fr\/repertoire-des-medias\/neue-verpackung\/\" >\n\t\t\t\tneue verpackung\t\t\t<\/a>\n\t\t<\/h3>\n\t\t\t\t<\/div>\n\t\t\t\t<\/article>\n\t\t\t\t<article class=\"elementor-post elementor-grid-item post-69878 medienverzeichnis type-medienverzeichnis status-publish has-post-thumbnail hentry land-autriche medientyp-quotidien partner-austria-presse-agentur sprache-allemand\" role=\"listitem\">\n\t\t\t\t<a class=\"elementor-post__thumbnail__link\" href=\"https:\/\/swissdox.ch\/fr\/repertoire-des-medias\/neue-vorarlberger-tageszeitung\/\" tabindex=\"-1\" >\n\t\t\t<div class=\"elementor-post__thumbnail\"><img loading=\"lazy\" decoding=\"async\" width=\"600\" height=\"799\" src=\"https:\/\/swissdox.ch\/wp-content\/uploads\/2024\/09\/neue-vorarlberger-tageszeitung.jpg\" class=\"attachment-full size-full wp-image-54225\" alt=\"\" srcset=\"https:\/\/swissdox.ch\/wp-content\/uploads\/2024\/09\/neue-vorarlberger-tageszeitung.jpg 600w, https:\/\/swissdox.ch\/wp-content\/uploads\/2024\/09\/neue-vorarlberger-tageszeitung-225x300.jpg 225w\" sizes=\"(max-width: 600px) 100vw, 600px\" \/><\/div>\n\t\t<\/a>\n\t\t\t\t<div class=\"elementor-post__text\">\n\t\t\t\t<h3 class=\"elementor-post__title\">\n\t\t\t<a href=\"https:\/\/swissdox.ch\/fr\/repertoire-des-medias\/neue-vorarlberger-tageszeitung\/\" >\n\t\t\t\tNEUE Vorarlberger Tageszeitung\t\t\t<\/a>\n\t\t<\/h3>\n\t\t\t\t<\/div>\n\t\t\t\t<\/article>\n\t\t\t\t<article class=\"elementor-post elementor-grid-item post-69879 medienverzeichnis type-medienverzeichnis status-publish has-post-thumbnail hentry land-suisse medientyp-quotidien partner-nzz-mediengruppe sprache-allemand\" role=\"listitem\">\n\t\t\t\t<a class=\"elementor-post__thumbnail__link\" href=\"https:\/\/swissdox.ch\/fr\/repertoire-des-medias\/neue-zuercher-zeitung\/\" tabindex=\"-1\" >\n\t\t\t<div class=\"elementor-post__thumbnail\"><img loading=\"lazy\" decoding=\"async\" width=\"600\" height=\"800\" src=\"https:\/\/swissdox.ch\/wp-content\/uploads\/2024\/09\/neue-zuercher-zeitung.jpg\" class=\"attachment-full size-full wp-image-54229\" alt=\"\" srcset=\"https:\/\/swissdox.ch\/wp-content\/uploads\/2024\/09\/neue-zuercher-zeitung.jpg 600w, https:\/\/swissdox.ch\/wp-content\/uploads\/2024\/09\/neue-zuercher-zeitung-225x300.jpg 225w\" sizes=\"(max-width: 600px) 100vw, 600px\" \/><\/div>\n\t\t<\/a>\n\t\t\t\t<div class=\"elementor-post__text\">\n\t\t\t\t<h3 class=\"elementor-post__title\">\n\t\t\t<a href=\"https:\/\/swissdox.ch\/fr\/repertoire-des-medias\/neue-zuercher-zeitung\/\" >\n\t\t\t\tNeue Z\u00fcrcher Zeitung\t\t\t<\/a>\n\t\t<\/h3>\n\t\t\t\t<\/div>\n\t\t\t\t<\/article>\n\t\t\t\t<article class=\"elementor-post elementor-grid-item post-69880 medienverzeichnis type-medienverzeichnis status-publish has-post-thumbnail hentry land-allemagne medientyp-presse-en-ligne partner-sueddeutscher-verlag sprache-allemand\" role=\"listitem\">\n\t\t\t\t<a class=\"elementor-post__thumbnail__link\" href=\"https:\/\/swissdox.ch\/fr\/repertoire-des-medias\/neue-verpackung-de\/\" tabindex=\"-1\" >\n\t\t\t<div class=\"elementor-post__thumbnail\"><img loading=\"lazy\" decoding=\"async\" width=\"600\" height=\"800\" src=\"https:\/\/swissdox.ch\/wp-content\/uploads\/2024\/09\/neue-verpackung-de.jpg\" class=\"attachment-full size-full wp-image-54217\" alt=\"\" srcset=\"https:\/\/swissdox.ch\/wp-content\/uploads\/2024\/09\/neue-verpackung-de.jpg 600w, https:\/\/swissdox.ch\/wp-content\/uploads\/2024\/09\/neue-verpackung-de-225x300.jpg 225w\" sizes=\"(max-width: 600px) 100vw, 600px\" \/><\/div>\n\t\t<\/a>\n\t\t\t\t<div class=\"elementor-post__text\">\n\t\t\t\t<h3 class=\"elementor-post__title\">\n\t\t\t<a href=\"https:\/\/swissdox.ch\/fr\/repertoire-des-medias\/neue-verpackung-de\/\" >\n\t\t\t\tneue-verpackung.de\t\t\t<\/a>\n\t\t<\/h3>\n\t\t\t\t<\/div>\n\t\t\t\t<\/article>\n\t\t\t\t<article class=\"elementor-post elementor-grid-item post-69881 medienverzeichnis type-medienverzeichnis status-publish has-post-thumbnail hentry land-suisse medientyp-presse-en-ligne partner-neue-fricktaler-zeitung-ag sprache-allemand\" role=\"listitem\">\n\t\t\t\t<a class=\"elementor-post__thumbnail__link\" href=\"https:\/\/swissdox.ch\/fr\/repertoire-des-medias\/nfz-ch\/\" tabindex=\"-1\" >\n\t\t\t<div class=\"elementor-post__thumbnail\"><img loading=\"lazy\" decoding=\"async\" width=\"600\" height=\"800\" src=\"https:\/\/swissdox.ch\/wp-content\/uploads\/2024\/09\/nfz-ch.jpg\" class=\"attachment-full size-full wp-image-54233\" alt=\"\" srcset=\"https:\/\/swissdox.ch\/wp-content\/uploads\/2024\/09\/nfz-ch.jpg 600w, https:\/\/swissdox.ch\/wp-content\/uploads\/2024\/09\/nfz-ch-225x300.jpg 225w\" sizes=\"(max-width: 600px) 100vw, 600px\" \/><\/div>\n\t\t<\/a>\n\t\t\t\t<div class=\"elementor-post__text\">\n\t\t\t\t<h3 class=\"elementor-post__title\">\n\t\t\t<a href=\"https:\/\/swissdox.ch\/fr\/repertoire-des-medias\/nfz-ch\/\" >\n\t\t\t\tnfz.ch\t\t\t<\/a>\n\t\t<\/h3>\n\t\t\t\t<\/div>\n\t\t\t\t<\/article>\n\t\t\t\t<article class=\"elementor-post elementor-grid-item post-69882 medienverzeichnis type-medienverzeichnis status-publish has-post-thumbnail hentry land-suisse medientyp-quotidien partner-ch-media sprache-allemand\" role=\"listitem\">\n\t\t\t\t<a class=\"elementor-post__thumbnail__link\" href=\"https:\/\/swissdox.ch\/fr\/repertoire-des-medias\/nidwaldner-zeitung\/\" tabindex=\"-1\" >\n\t\t\t<div class=\"elementor-post__thumbnail\"><img loading=\"lazy\" decoding=\"async\" width=\"600\" height=\"800\" src=\"https:\/\/swissdox.ch\/wp-content\/uploads\/2024\/09\/nidwaldner-zeitung.jpg\" class=\"attachment-full size-full wp-image-54237\" alt=\"\" srcset=\"https:\/\/swissdox.ch\/wp-content\/uploads\/2024\/09\/nidwaldner-zeitung.jpg 600w, https:\/\/swissdox.ch\/wp-content\/uploads\/2024\/09\/nidwaldner-zeitung-225x300.jpg 225w\" sizes=\"(max-width: 600px) 100vw, 600px\" \/><\/div>\n\t\t<\/a>\n\t\t\t\t<div class=\"elementor-post__text\">\n\t\t\t\t<h3 class=\"elementor-post__title\">\n\t\t\t<a href=\"https:\/\/swissdox.ch\/fr\/repertoire-des-medias\/nidwaldner-zeitung\/\" >\n\t\t\t\tNidwaldner Zeitung\t\t\t<\/a>\n\t\t<\/h3>\n\t\t\t\t<\/div>\n\t\t\t\t<\/article>\n\t\t\t\t<article class=\"elementor-post elementor-grid-item post-69883 medienverzeichnis type-medienverzeichnis status-publish has-post-thumbnail hentry land-suisse medientyp-presse-en-ligne partner-ch-media sprache-allemand\" role=\"listitem\">\n\t\t\t\t<a class=\"elementor-post__thumbnail__link\" href=\"https:\/\/swissdox.ch\/fr\/repertoire-des-medias\/nidwaldnerzeitung-ch\/\" tabindex=\"-1\" >\n\t\t\t<div class=\"elementor-post__thumbnail\"><img loading=\"lazy\" decoding=\"async\" width=\"600\" height=\"799\" src=\"https:\/\/swissdox.ch\/wp-content\/uploads\/2026\/07\/nidwaldnerzeitung-ch.jpg\" class=\"attachment-full size-full wp-image-69098\" alt=\"\" srcset=\"https:\/\/swissdox.ch\/wp-content\/uploads\/2026\/07\/nidwaldnerzeitung-ch.jpg 600w, https:\/\/swissdox.ch\/wp-content\/uploads\/2026\/07\/nidwaldnerzeitung-ch-225x300.jpg 225w\" sizes=\"(max-width: 600px) 100vw, 600px\" \/><\/div>\n\t\t<\/a>\n\t\t\t\t<div class=\"elementor-post__text\">\n\t\t\t\t<h3 class=\"elementor-post__title\">\n\t\t\t<a href=\"https:\/\/swissdox.ch\/fr\/repertoire-des-medias\/nidwaldnerzeitung-ch\/\" >\n\t\t\t\tnidwaldnerzeitung.ch\t\t\t<\/a>\n\t\t<\/h3>\n\t\t\t\t<\/div>\n\t\t\t\t<\/article>\n\t\t\t\t<article class=\"elementor-post elementor-grid-item post-69884 medienverzeichnis type-medienverzeichnis status-publish has-post-thumbnail hentry land-suisse medientyp-magazine partner-nouveau-geneve-sarl sprache-francais\" role=\"listitem\">\n\t\t\t\t<a class=\"elementor-post__thumbnail__link\" href=\"https:\/\/swissdox.ch\/fr\/repertoire-des-medias\/nouveau-geneve\/\" tabindex=\"-1\" >\n\t\t\t<div class=\"elementor-post__thumbnail\"><img loading=\"lazy\" decoding=\"async\" width=\"600\" height=\"798\" src=\"https:\/\/swissdox.ch\/wp-content\/uploads\/2026\/03\/nouveau-geneve.jpg\" class=\"attachment-full size-full wp-image-67699\" alt=\"\" srcset=\"https:\/\/swissdox.ch\/wp-content\/uploads\/2026\/03\/nouveau-geneve.jpg 600w, https:\/\/swissdox.ch\/wp-content\/uploads\/2026\/03\/nouveau-geneve-226x300.jpg 226w\" sizes=\"(max-width: 600px) 100vw, 600px\" \/><\/div>\n\t\t<\/a>\n\t\t\t\t<div class=\"elementor-post__text\">\n\t\t\t\t<h3 class=\"elementor-post__title\">\n\t\t\t<a href=\"https:\/\/swissdox.ch\/fr\/repertoire-des-medias\/nouveau-geneve\/\" >\n\t\t\t\tNouveau Gen\u00e8ve\t\t\t<\/a>\n\t\t<\/h3>\n\t\t\t\t<\/div>\n\t\t\t\t<\/article>\n\t\t\t\t<article class=\"elementor-post elementor-grid-item post-69885 medienverzeichnis type-medienverzeichnis status-publish has-post-thumbnail hentry land-suisse medientyp-quotidien partner-esh-medias-sa sprache-francais\" role=\"listitem\">\n\t\t\t\t<a class=\"elementor-post__thumbnail__link\" href=\"https:\/\/swissdox.ch\/fr\/repertoire-des-medias\/le-nouvelliste\/\" tabindex=\"-1\" >\n\t\t\t<div class=\"elementor-post__thumbnail\"><img loading=\"lazy\" decoding=\"async\" width=\"600\" height=\"800\" src=\"https:\/\/swissdox.ch\/wp-content\/uploads\/2024\/09\/le-nouvelliste.jpg\" class=\"attachment-full size-full wp-image-54065\" alt=\"\" srcset=\"https:\/\/swissdox.ch\/wp-content\/uploads\/2024\/09\/le-nouvelliste.jpg 600w, https:\/\/swissdox.ch\/wp-content\/uploads\/2024\/09\/le-nouvelliste-225x300.jpg 225w\" sizes=\"(max-width: 600px) 100vw, 600px\" \/><\/div>\n\t\t<\/a>\n\t\t\t\t<div class=\"elementor-post__text\">\n\t\t\t\t<h3 class=\"elementor-post__title\">\n\t\t\t<a href=\"https:\/\/swissdox.ch\/fr\/repertoire-des-medias\/le-nouvelliste\/\" >\n\t\t\t\tLe Nouvelliste\t\t\t<\/a>\n\t\t<\/h3>\n\t\t\t\t<\/div>\n\t\t\t\t<\/article>\n\t\t\t\t<article class=\"elementor-post elementor-grid-item post-69886 medienverzeichnis type-medienverzeichnis status-publish has-post-thumbnail hentry land-russie medientyp-presse-en-ligne partner-novaya-gazeta-europe sprache-anglais\" role=\"listitem\">\n\t\t\t\t<a class=\"elementor-post__thumbnail__link\" href=\"https:\/\/swissdox.ch\/fr\/repertoire-des-medias\/novayagazeta-eu\/\" tabindex=\"-1\" >\n\t\t\t<div class=\"elementor-post__thumbnail\"><img loading=\"lazy\" decoding=\"async\" width=\"600\" height=\"800\" src=\"https:\/\/swissdox.ch\/wp-content\/uploads\/2024\/09\/novayagazeta-eu.jpg\" class=\"attachment-full size-full wp-image-54245\" alt=\"\" srcset=\"https:\/\/swissdox.ch\/wp-content\/uploads\/2024\/09\/novayagazeta-eu.jpg 600w, https:\/\/swissdox.ch\/wp-content\/uploads\/2024\/09\/novayagazeta-eu-225x300.jpg 225w\" sizes=\"(max-width: 600px) 100vw, 600px\" \/><\/div>\n\t\t<\/a>\n\t\t\t\t<div class=\"elementor-post__text\">\n\t\t\t\t<h3 class=\"elementor-post__title\">\n\t\t\t<a href=\"https:\/\/swissdox.ch\/fr\/repertoire-des-medias\/novayagazeta-eu\/\" >\n\t\t\t\tnovayagazeta.eu\t\t\t<\/a>\n\t\t<\/h3>\n\t\t\t\t<\/div>\n\t\t\t\t<\/article>\n\t\t\t\t<article class=\"elementor-post elementor-grid-item post-69887 medienverzeichnis type-medienverzeichnis status-publish has-post-thumbnail hentry land-suisse medientyp-presse-en-ligne partner-verlag-null41 sprache-allemand\" role=\"listitem\">\n\t\t\t\t<a class=\"elementor-post__thumbnail__link\" href=\"https:\/\/swissdox.ch\/fr\/repertoire-des-medias\/null41-ch\/\" tabindex=\"-1\" >\n\t\t\t<div class=\"elementor-post__thumbnail\"><img loading=\"lazy\" decoding=\"async\" width=\"600\" height=\"800\" src=\"https:\/\/swissdox.ch\/wp-content\/uploads\/2024\/09\/null41-ch.jpg\" class=\"attachment-full size-full wp-image-54249\" alt=\"\" srcset=\"https:\/\/swissdox.ch\/wp-content\/uploads\/2024\/09\/null41-ch.jpg 600w, https:\/\/swissdox.ch\/wp-content\/uploads\/2024\/09\/null41-ch-225x300.jpg 225w\" sizes=\"(max-width: 600px) 100vw, 600px\" \/><\/div>\n\t\t<\/a>\n\t\t\t\t<div class=\"elementor-post__text\">\n\t\t\t\t<h3 class=\"elementor-post__title\">\n\t\t\t<a href=\"https:\/\/swissdox.ch\/fr\/repertoire-des-medias\/null41-ch\/\" >\n\t\t\t\tnull41.ch\t\t\t<\/a>\n\t\t<\/h3>\n\t\t\t\t<\/div>\n\t\t\t\t<\/article>\n\t\t\t\t<article class=\"elementor-post elementor-grid-item post-69888 medienverzeichnis type-medienverzeichnis status-publish has-post-thumbnail hentry land-suisse medientyp-journal-du-dimanche partner-nzz-mediengruppe sprache-allemand\" role=\"listitem\">\n\t\t\t\t<a class=\"elementor-post__thumbnail__link\" href=\"https:\/\/swissdox.ch\/fr\/repertoire-des-medias\/nzz-am-sonntag\/\" tabindex=\"-1\" >\n\t\t\t<div class=\"elementor-post__thumbnail\"><img loading=\"lazy\" decoding=\"async\" width=\"600\" height=\"800\" src=\"https:\/\/swissdox.ch\/wp-content\/uploads\/2024\/09\/nzz-am-sonntag.jpg\" class=\"attachment-full size-full wp-image-54257\" alt=\"\" srcset=\"https:\/\/swissdox.ch\/wp-content\/uploads\/2024\/09\/nzz-am-sonntag.jpg 600w, https:\/\/swissdox.ch\/wp-content\/uploads\/2024\/09\/nzz-am-sonntag-225x300.jpg 225w\" sizes=\"(max-width: 600px) 100vw, 600px\" \/><\/div>\n\t\t<\/a>\n\t\t\t\t<div class=\"elementor-post__text\">\n\t\t\t\t<h3 class=\"elementor-post__title\">\n\t\t\t<a href=\"https:\/\/swissdox.ch\/fr\/repertoire-des-medias\/nzz-am-sonntag\/\" >\n\t\t\t\tNZZ am Sonntag\t\t\t<\/a>\n\t\t<\/h3>\n\t\t\t\t<\/div>\n\t\t\t\t<\/article>\n\t\t\t\t<article class=\"elementor-post elementor-grid-item post-69889 medienverzeichnis type-medienverzeichnis status-publish has-post-thumbnail hentry land-suisse medientyp-magazine partner-nzz-mediengruppe sprache-allemand\" role=\"listitem\">\n\t\t\t\t<a class=\"elementor-post__thumbnail__link\" href=\"https:\/\/swissdox.ch\/fr\/repertoire-des-medias\/nzz-am-sonntag-magazin\/\" tabindex=\"-1\" >\n\t\t\t<div class=\"elementor-post__thumbnail\"><img loading=\"lazy\" decoding=\"async\" width=\"600\" height=\"800\" src=\"https:\/\/swissdox.ch\/wp-content\/uploads\/2024\/09\/nzz-am-sonntag-magazin.jpg\" class=\"attachment-full size-full wp-image-54253\" alt=\"\" srcset=\"https:\/\/swissdox.ch\/wp-content\/uploads\/2024\/09\/nzz-am-sonntag-magazin.jpg 600w, https:\/\/swissdox.ch\/wp-content\/uploads\/2024\/09\/nzz-am-sonntag-magazin-225x300.jpg 225w\" sizes=\"(max-width: 600px) 100vw, 600px\" \/><\/div>\n\t\t<\/a>\n\t\t\t\t<div class=\"elementor-post__text\">\n\t\t\t\t<h3 class=\"elementor-post__title\">\n\t\t\t<a href=\"https:\/\/swissdox.ch\/fr\/repertoire-des-medias\/nzz-am-sonntag-magazin\/\" >\n\t\t\t\tNZZ am Sonntag Magazin\t\t\t<\/a>\n\t\t<\/h3>\n\t\t\t\t<\/div>\n\t\t\t\t<\/article>\n\t\t\t\t<article class=\"elementor-post elementor-grid-item post-69890 medienverzeichnis type-medienverzeichnis status-publish has-post-thumbnail hentry land-suisse medientyp-magazine partner-nzz-mediengruppe sprache-allemand\" role=\"listitem\">\n\t\t\t\t<a class=\"elementor-post__thumbnail__link\" href=\"https:\/\/swissdox.ch\/fr\/repertoire-des-medias\/nzz-folio\/\" tabindex=\"-1\" >\n\t\t\t<div class=\"elementor-post__thumbnail\"><img loading=\"lazy\" decoding=\"async\" width=\"600\" height=\"799\" src=\"https:\/\/swissdox.ch\/wp-content\/uploads\/2024\/09\/nzz-folio.jpg\" class=\"attachment-full size-full wp-image-54265\" alt=\"\" srcset=\"https:\/\/swissdox.ch\/wp-content\/uploads\/2024\/09\/nzz-folio.jpg 600w, https:\/\/swissdox.ch\/wp-content\/uploads\/2024\/09\/nzz-folio-225x300.jpg 225w\" sizes=\"(max-width: 600px) 100vw, 600px\" \/><\/div>\n\t\t<\/a>\n\t\t\t\t<div class=\"elementor-post__text\">\n\t\t\t\t<h3 class=\"elementor-post__title\">\n\t\t\t<a href=\"https:\/\/swissdox.ch\/fr\/repertoire-des-medias\/nzz-folio\/\" >\n\t\t\t\tNZZ Folio\t\t\t<\/a>\n\t\t<\/h3>\n\t\t\t\t<\/div>\n\t\t\t\t<\/article>\n\t\t\t\t<article class=\"elementor-post elementor-grid-item post-69891 medienverzeichnis type-medienverzeichnis status-publish has-post-thumbnail hentry land-suisse medientyp-magazine partner-nzz-mediengruppe sprache-allemand\" role=\"listitem\">\n\t\t\t\t<a class=\"elementor-post__thumbnail__link\" href=\"https:\/\/swissdox.ch\/fr\/repertoire-des-medias\/nzz-geschichte\/\" tabindex=\"-1\" >\n\t\t\t<div class=\"elementor-post__thumbnail\"><img loading=\"lazy\" decoding=\"async\" width=\"600\" height=\"800\" src=\"https:\/\/swissdox.ch\/wp-content\/uploads\/2024\/09\/nzz-geschichte.jpg\" class=\"attachment-full size-full wp-image-54269\" alt=\"\" srcset=\"https:\/\/swissdox.ch\/wp-content\/uploads\/2024\/09\/nzz-geschichte.jpg 600w, https:\/\/swissdox.ch\/wp-content\/uploads\/2024\/09\/nzz-geschichte-225x300.jpg 225w\" sizes=\"(max-width: 600px) 100vw, 600px\" \/><\/div>\n\t\t<\/a>\n\t\t\t\t<div class=\"elementor-post__text\">\n\t\t\t\t<h3 class=\"elementor-post__title\">\n\t\t\t<a href=\"https:\/\/swissdox.ch\/fr\/repertoire-des-medias\/nzz-geschichte\/\" >\n\t\t\t\tNZZ Geschichte\t\t\t<\/a>\n\t\t<\/h3>\n\t\t\t\t<\/div>\n\t\t\t\t<\/article>\n\t\t\t\t<article class=\"elementor-post elementor-grid-item post-69892 medienverzeichnis type-medienverzeichnis status-publish has-post-thumbnail hentry land-suisse medientyp-presse-en-ligne partner-nzz-mediengruppe sprache-allemand sprache-anglais\" role=\"listitem\">\n\t\t\t\t<a class=\"elementor-post__thumbnail__link\" href=\"https:\/\/swissdox.ch\/fr\/repertoire-des-medias\/nzz-ch\/\" tabindex=\"-1\" >\n\t\t\t<div class=\"elementor-post__thumbnail\"><img loading=\"lazy\" decoding=\"async\" width=\"600\" height=\"800\" src=\"https:\/\/swissdox.ch\/wp-content\/uploads\/2024\/09\/nzz-ch.jpg\" class=\"attachment-full size-full wp-image-54261\" alt=\"\" srcset=\"https:\/\/swissdox.ch\/wp-content\/uploads\/2024\/09\/nzz-ch.jpg 600w, https:\/\/swissdox.ch\/wp-content\/uploads\/2024\/09\/nzz-ch-225x300.jpg 225w\" sizes=\"(max-width: 600px) 100vw, 600px\" \/><\/div>\n\t\t<\/a>\n\t\t\t\t<div class=\"elementor-post__text\">\n\t\t\t\t<h3 class=\"elementor-post__title\">\n\t\t\t<a href=\"https:\/\/swissdox.ch\/fr\/repertoire-des-medias\/nzz-ch\/\" >\n\t\t\t\tnzz.ch\t\t\t<\/a>\n\t\t<\/h3>\n\t\t\t\t<\/div>\n\t\t\t\t<\/article>\n\t\t\t\t<article class=\"elementor-post elementor-grid-item post-69893 medienverzeichnis type-medienverzeichnis status-publish has-post-thumbnail hentry land-suisse medientyp-quotidien partner-ch-media sprache-allemand\" role=\"listitem\">\n\t\t\t\t<a class=\"elementor-post__thumbnail__link\" href=\"https:\/\/swissdox.ch\/fr\/repertoire-des-medias\/obwaldner-zeitung\/\" tabindex=\"-1\" >\n\t\t\t<div class=\"elementor-post__thumbnail\"><img loading=\"lazy\" decoding=\"async\" width=\"600\" height=\"800\" src=\"https:\/\/swissdox.ch\/wp-content\/uploads\/2024\/09\/obwaldner-zeitung.jpg\" class=\"attachment-full size-full wp-image-54281\" alt=\"\" srcset=\"https:\/\/swissdox.ch\/wp-content\/uploads\/2024\/09\/obwaldner-zeitung.jpg 600w, https:\/\/swissdox.ch\/wp-content\/uploads\/2024\/09\/obwaldner-zeitung-225x300.jpg 225w\" sizes=\"(max-width: 600px) 100vw, 600px\" \/><\/div>\n\t\t<\/a>\n\t\t\t\t<div class=\"elementor-post__text\">\n\t\t\t\t<h3 class=\"elementor-post__title\">\n\t\t\t<a href=\"https:\/\/swissdox.ch\/fr\/repertoire-des-medias\/obwaldner-zeitung\/\" >\n\t\t\t\tObwaldner Zeitung\t\t\t<\/a>\n\t\t<\/h3>\n\t\t\t\t<\/div>\n\t\t\t\t<\/article>\n\t\t\t\t<article class=\"elementor-post elementor-grid-item post-69894 medienverzeichnis type-medienverzeichnis status-publish has-post-thumbnail hentry land-suisse medientyp-presse-en-ligne partner-ch-media sprache-allemand\" role=\"listitem\">\n\t\t\t\t<a class=\"elementor-post__thumbnail__link\" href=\"https:\/\/swissdox.ch\/fr\/repertoire-des-medias\/obwaldnerzeitung-ch\/\" tabindex=\"-1\" >\n\t\t\t<div class=\"elementor-post__thumbnail\"><img loading=\"lazy\" decoding=\"async\" width=\"600\" height=\"799\" src=\"https:\/\/swissdox.ch\/wp-content\/uploads\/2026\/07\/obwaldnerzeitung-ch.jpg\" class=\"attachment-full size-full wp-image-69102\" alt=\"\" srcset=\"https:\/\/swissdox.ch\/wp-content\/uploads\/2026\/07\/obwaldnerzeitung-ch.jpg 600w, https:\/\/swissdox.ch\/wp-content\/uploads\/2026\/07\/obwaldnerzeitung-ch-225x300.jpg 225w\" sizes=\"(max-width: 600px) 100vw, 600px\" \/><\/div>\n\t\t<\/a>\n\t\t\t\t<div class=\"elementor-post__text\">\n\t\t\t\t<h3 class=\"elementor-post__title\">\n\t\t\t<a href=\"https:\/\/swissdox.ch\/fr\/repertoire-des-medias\/obwaldnerzeitung-ch\/\" >\n\t\t\t\tobwaldnerzeitung.ch\t\t\t<\/a>\n\t\t<\/h3>\n\t\t\t\t<\/div>\n\t\t\t\t<\/article>\n\t\t\t\t<article class=\"elementor-post elementor-grid-item post-69895 medienverzeichnis type-medienverzeichnis status-publish has-post-thumbnail hentry land-suisse medientyp-presse-en-ligne partner-verein-oeffentlichkeitsgesetz-ch sprache-allemand\" role=\"listitem\">\n\t\t\t\t<a class=\"elementor-post__thumbnail__link\" href=\"https:\/\/swissdox.ch\/fr\/repertoire-des-medias\/oeffentlichkeitsgesetz-ch\/\" tabindex=\"-1\" >\n\t\t\t<div class=\"elementor-post__thumbnail\"><img loading=\"lazy\" decoding=\"async\" width=\"600\" height=\"800\" src=\"https:\/\/swissdox.ch\/wp-content\/uploads\/2024\/09\/oeffentlichkeitsgesetz-ch.jpg\" class=\"attachment-full size-full wp-image-54285\" alt=\"\" srcset=\"https:\/\/swissdox.ch\/wp-content\/uploads\/2024\/09\/oeffentlichkeitsgesetz-ch.jpg 600w, https:\/\/swissdox.ch\/wp-content\/uploads\/2024\/09\/oeffentlichkeitsgesetz-ch-225x300.jpg 225w\" sizes=\"(max-width: 600px) 100vw, 600px\" \/><\/div>\n\t\t<\/a>\n\t\t\t\t<div class=\"elementor-post__text\">\n\t\t\t\t<h3 class=\"elementor-post__title\">\n\t\t\t<a href=\"https:\/\/swissdox.ch\/fr\/repertoire-des-medias\/oeffentlichkeitsgesetz-ch\/\" >\n\t\t\t\toeffentlichkeitsgesetz.ch\t\t\t<\/a>\n\t\t<\/h3>\n\t\t\t\t<\/div>\n\t\t\t\t<\/article>\n\t\t\t\t<article class=\"elementor-post elementor-grid-item post-69896 medienverzeichnis type-medienverzeichnis status-publish has-post-thumbnail hentry land-suisse medientyp-quotidien partner-ch-media sprache-allemand\" role=\"listitem\">\n\t\t\t\t<a class=\"elementor-post__thumbnail__link\" href=\"https:\/\/swissdox.ch\/fr\/repertoire-des-medias\/oltner-tagblatt\/\" tabindex=\"-1\" >\n\t\t\t<div class=\"elementor-post__thumbnail\"><img loading=\"lazy\" decoding=\"async\" width=\"600\" height=\"800\" src=\"https:\/\/swissdox.ch\/wp-content\/uploads\/2024\/09\/oltner-tagblatt.jpg\" class=\"attachment-full size-full wp-image-54289\" alt=\"\" srcset=\"https:\/\/swissdox.ch\/wp-content\/uploads\/2024\/09\/oltner-tagblatt.jpg 600w, https:\/\/swissdox.ch\/wp-content\/uploads\/2024\/09\/oltner-tagblatt-225x300.jpg 225w\" sizes=\"(max-width: 600px) 100vw, 600px\" \/><\/div>\n\t\t<\/a>\n\t\t\t\t<div class=\"elementor-post__text\">\n\t\t\t\t<h3 class=\"elementor-post__title\">\n\t\t\t<a href=\"https:\/\/swissdox.ch\/fr\/repertoire-des-medias\/oltner-tagblatt\/\" >\n\t\t\t\tOltner Tagblatt\t\t\t<\/a>\n\t\t<\/h3>\n\t\t\t\t<\/div>\n\t\t\t\t<\/article>\n\t\t\t\t<article class=\"elementor-post elementor-grid-item post-69897 medienverzeichnis type-medienverzeichnis status-publish has-post-thumbnail hentry land-suisse medientyp-presse-en-ligne partner-ch-media sprache-allemand\" role=\"listitem\">\n\t\t\t\t<a class=\"elementor-post__thumbnail__link\" href=\"https:\/\/swissdox.ch\/fr\/repertoire-des-medias\/oltnertagblatt-ch\/\" tabindex=\"-1\" >\n\t\t\t<div class=\"elementor-post__thumbnail\"><img loading=\"lazy\" decoding=\"async\" width=\"600\" height=\"800\" src=\"https:\/\/swissdox.ch\/wp-content\/uploads\/2024\/09\/oltnertagblatt-ch.jpg\" class=\"attachment-full size-full wp-image-54293\" alt=\"\" srcset=\"https:\/\/swissdox.ch\/wp-content\/uploads\/2024\/09\/oltnertagblatt-ch.jpg 600w, https:\/\/swissdox.ch\/wp-content\/uploads\/2024\/09\/oltnertagblatt-ch-225x300.jpg 225w\" sizes=\"(max-width: 600px) 100vw, 600px\" \/><\/div>\n\t\t<\/a>\n\t\t\t\t<div class=\"elementor-post__text\">\n\t\t\t\t<h3 class=\"elementor-post__title\">\n\t\t\t<a href=\"https:\/\/swissdox.ch\/fr\/repertoire-des-medias\/oltnertagblatt-ch\/\" >\n\t\t\t\toltnertagblatt.ch\t\t\t<\/a>\n\t\t<\/h3>\n\t\t\t\t<\/div>\n\t\t\t\t<\/article>\n\t\t\t\t<article class=\"elementor-post elementor-grid-item post-69898 medienverzeichnis type-medienverzeichnis status-publish has-post-thumbnail hentry land-suisse medientyp-presse-en-ligne partner-onlinereports sprache-allemand\" role=\"listitem\">\n\t\t\t\t<a class=\"elementor-post__thumbnail__link\" href=\"https:\/\/swissdox.ch\/fr\/repertoire-des-medias\/onlinereports-ch\/\" tabindex=\"-1\" >\n\t\t\t<div class=\"elementor-post__thumbnail\"><img loading=\"lazy\" decoding=\"async\" width=\"600\" height=\"800\" src=\"https:\/\/swissdox.ch\/wp-content\/uploads\/2024\/09\/onlinereports-ch.jpg\" class=\"attachment-full size-full wp-image-54297\" alt=\"\" srcset=\"https:\/\/swissdox.ch\/wp-content\/uploads\/2024\/09\/onlinereports-ch.jpg 600w, https:\/\/swissdox.ch\/wp-content\/uploads\/2024\/09\/onlinereports-ch-225x300.jpg 225w\" sizes=\"(max-width: 600px) 100vw, 600px\" \/><\/div>\n\t\t<\/a>\n\t\t\t\t<div class=\"elementor-post__text\">\n\t\t\t\t<h3 class=\"elementor-post__title\">\n\t\t\t<a href=\"https:\/\/swissdox.ch\/fr\/repertoire-des-medias\/onlinereports-ch\/\" >\n\t\t\t\tonlinereports.ch\t\t\t<\/a>\n\t\t<\/h3>\n\t\t\t\t<\/div>\n\t\t\t\t<\/article>\n\t\t\t\t<article class=\"elementor-post elementor-grid-item post-69899 medienverzeichnis type-medienverzeichnis status-publish has-post-thumbnail hentry land-allemagne medientyp-magazine partner-der-theaterverlag sprache-allemand\" role=\"listitem\">\n\t\t\t\t<a class=\"elementor-post__thumbnail__link\" href=\"https:\/\/swissdox.ch\/fr\/repertoire-des-medias\/opernwelt\/\" tabindex=\"-1\" >\n\t\t\t<div class=\"elementor-post__thumbnail\"><img loading=\"lazy\" decoding=\"async\" width=\"600\" height=\"801\" src=\"https:\/\/swissdox.ch\/wp-content\/uploads\/2024\/09\/opernwelt.jpg\" class=\"attachment-full size-full wp-image-55797\" alt=\"\" srcset=\"https:\/\/swissdox.ch\/wp-content\/uploads\/2024\/09\/opernwelt.jpg 600w, https:\/\/swissdox.ch\/wp-content\/uploads\/2024\/09\/opernwelt-225x300.jpg 225w\" sizes=\"(max-width: 600px) 100vw, 600px\" \/><\/div>\n\t\t<\/a>\n\t\t\t\t<div class=\"elementor-post__text\">\n\t\t\t\t<h3 class=\"elementor-post__title\">\n\t\t\t<a href=\"https:\/\/swissdox.ch\/fr\/repertoire-des-medias\/opernwelt\/\" >\n\t\t\t\tOPERNWELT\t\t\t<\/a>\n\t\t<\/h3>\n\t\t\t\t<\/div>\n\t\t\t\t<\/article>\n\t\t\t\t<article class=\"elementor-post elementor-grid-item post-69900 medienverzeichnis type-medienverzeichnis status-publish has-post-thumbnail hentry land-allemagne medientyp-magazine partner-dfv-mediengruppe sprache-allemand\" role=\"listitem\">\n\t\t\t\t<a class=\"elementor-post__thumbnail__link\" href=\"https:\/\/swissdox.ch\/fr\/repertoire-des-medias\/organisationsentwicklung\/\" tabindex=\"-1\" >\n\t\t\t<div class=\"elementor-post__thumbnail\"><img loading=\"lazy\" decoding=\"async\" width=\"600\" height=\"800\" src=\"https:\/\/swissdox.ch\/wp-content\/uploads\/2025\/04\/organisationsentwicklung.jpg\" class=\"attachment-full size-full wp-image-61198\" alt=\"\" srcset=\"https:\/\/swissdox.ch\/wp-content\/uploads\/2025\/04\/organisationsentwicklung.jpg 600w, https:\/\/swissdox.ch\/wp-content\/uploads\/2025\/04\/organisationsentwicklung-225x300.jpg 225w\" sizes=\"(max-width: 600px) 100vw, 600px\" \/><\/div>\n\t\t<\/a>\n\t\t\t\t<div class=\"elementor-post__text\">\n\t\t\t\t<h3 class=\"elementor-post__title\">\n\t\t\t<a href=\"https:\/\/swissdox.ch\/fr\/repertoire-des-medias\/organisationsentwicklung\/\" >\n\t\t\t\tOrganisationsEntwicklung\t\t\t<\/a>\n\t\t<\/h3>\n\t\t\t\t<\/div>\n\t\t\t\t<\/article>\n\t\t\t\t<article class=\"elementor-post elementor-grid-item post-69901 medienverzeichnis type-medienverzeichnis status-publish has-post-thumbnail hentry land-allemagne medientyp-magazine partner-der-theaterverlag sprache-allemand\" role=\"listitem\">\n\t\t\t\t<a class=\"elementor-post__thumbnail__link\" href=\"https:\/\/swissdox.ch\/fr\/repertoire-des-medias\/orpheus\/\" tabindex=\"-1\" >\n\t\t\t<div class=\"elementor-post__thumbnail\"><img loading=\"lazy\" decoding=\"async\" width=\"600\" height=\"800\" src=\"https:\/\/swissdox.ch\/wp-content\/uploads\/2024\/09\/orpheus.jpg\" class=\"attachment-full size-full wp-image-54305\" alt=\"\" srcset=\"https:\/\/swissdox.ch\/wp-content\/uploads\/2024\/09\/orpheus.jpg 600w, https:\/\/swissdox.ch\/wp-content\/uploads\/2024\/09\/orpheus-225x300.jpg 225w\" sizes=\"(max-width: 600px) 100vw, 600px\" \/><\/div>\n\t\t<\/a>\n\t\t\t\t<div class=\"elementor-post__text\">\n\t\t\t\t<h3 class=\"elementor-post__title\">\n\t\t\t<a href=\"https:\/\/swissdox.ch\/fr\/repertoire-des-medias\/orpheus\/\" >\n\t\t\t\torpheus\t\t\t<\/a>\n\t\t<\/h3>\n\t\t\t\t<\/div>\n\t\t\t\t<\/article>\n\t\t\t\t<article class=\"elementor-post elementor-grid-item post-69902 medienverzeichnis type-medienverzeichnis status-publish has-post-thumbnail hentry land-allemagne medientyp-presse-en-ligne partner-rnd-redaktionsnetzwerk-deutschland-gmbh sprache-allemand\" role=\"listitem\">\n\t\t\t\t<a class=\"elementor-post__thumbnail__link\" href=\"https:\/\/swissdox.ch\/fr\/repertoire-des-medias\/ostsee-zeitung-de\/\" tabindex=\"-1\" >\n\t\t\t<div class=\"elementor-post__thumbnail\"><img loading=\"lazy\" decoding=\"async\" width=\"600\" height=\"800\" src=\"https:\/\/swissdox.ch\/wp-content\/uploads\/2026\/07\/ostsee-zeitung-de.jpg\" class=\"attachment-full size-full wp-image-70126\" alt=\"\" srcset=\"https:\/\/swissdox.ch\/wp-content\/uploads\/2026\/07\/ostsee-zeitung-de.jpg 600w, https:\/\/swissdox.ch\/wp-content\/uploads\/2026\/07\/ostsee-zeitung-de-225x300.jpg 225w\" sizes=\"(max-width: 600px) 100vw, 600px\" \/><\/div>\n\t\t<\/a>\n\t\t\t\t<div class=\"elementor-post__text\">\n\t\t\t\t<h3 class=\"elementor-post__title\">\n\t\t\t<a href=\"https:\/\/swissdox.ch\/fr\/repertoire-des-medias\/ostsee-zeitung-de\/\" >\n\t\t\t\tostsee-zeitung.de\t\t\t<\/a>\n\t\t<\/h3>\n\t\t\t\t<\/div>\n\t\t\t\t<\/article>\n\t\t\t\t<article class=\"elementor-post elementor-grid-item post-69903 medienverzeichnis type-medienverzeichnis status-publish has-post-thumbnail hentry land-suisse medientyp-magazine partner-dfv-mediengruppe sprache-allemand\" role=\"listitem\">\n\t\t\t\t<a class=\"elementor-post__thumbnail__link\" href=\"https:\/\/swissdox.ch\/fr\/repertoire-des-medias\/packaktuell\/\" tabindex=\"-1\" >\n\t\t\t<div class=\"elementor-post__thumbnail\"><img loading=\"lazy\" decoding=\"async\" width=\"600\" height=\"799\" src=\"https:\/\/swissdox.ch\/wp-content\/uploads\/2024\/09\/packaktuell.jpg\" class=\"attachment-full size-full wp-image-54313\" alt=\"\" srcset=\"https:\/\/swissdox.ch\/wp-content\/uploads\/2024\/09\/packaktuell.jpg 600w, https:\/\/swissdox.ch\/wp-content\/uploads\/2024\/09\/packaktuell-225x300.jpg 225w\" sizes=\"(max-width: 600px) 100vw, 600px\" \/><\/div>\n\t\t<\/a>\n\t\t\t\t<div class=\"elementor-post__text\">\n\t\t\t\t<h3 class=\"elementor-post__title\">\n\t\t\t<a href=\"https:\/\/swissdox.ch\/fr\/repertoire-des-medias\/packaktuell\/\" >\n\t\t\t\tPACKaktuell\t\t\t<\/a>\n\t\t<\/h3>\n\t\t\t\t<\/div>\n\t\t\t\t<\/article>\n\t\t\t\t<article class=\"elementor-post elementor-grid-item post-69904 medienverzeichnis type-medienverzeichnis status-publish has-post-thumbnail hentry land-allemagne medientyp-presse-en-ligne partner-dfv-mediengruppe sprache-allemand\" role=\"listitem\">\n\t\t\t\t<a class=\"elementor-post__thumbnail__link\" href=\"https:\/\/swissdox.ch\/fr\/repertoire-des-medias\/packaktuell-ch\/\" tabindex=\"-1\" >\n\t\t\t<div class=\"elementor-post__thumbnail\"><img loading=\"lazy\" decoding=\"async\" width=\"600\" height=\"800\" src=\"https:\/\/swissdox.ch\/wp-content\/uploads\/2024\/09\/packaktuell-ch.jpg\" class=\"attachment-full size-full wp-image-54309\" alt=\"\" srcset=\"https:\/\/swissdox.ch\/wp-content\/uploads\/2024\/09\/packaktuell-ch.jpg 600w, https:\/\/swissdox.ch\/wp-content\/uploads\/2024\/09\/packaktuell-ch-225x300.jpg 225w\" sizes=\"(max-width: 600px) 100vw, 600px\" \/><\/div>\n\t\t<\/a>\n\t\t\t\t<div class=\"elementor-post__text\">\n\t\t\t\t<h3 class=\"elementor-post__title\">\n\t\t\t<a href=\"https:\/\/swissdox.ch\/fr\/repertoire-des-medias\/packaktuell-ch\/\" >\n\t\t\t\tpackaktuell.ch\t\t\t<\/a>\n\t\t<\/h3>\n\t\t\t\t<\/div>\n\t\t\t\t<\/article>\n\t\t\t\t<article class=\"elementor-post elementor-grid-item post-69905 medienverzeichnis type-medienverzeichnis status-publish has-post-thumbnail hentry land-suisse medientyp-presse-en-ligne partner-papierlose-zeitung sprache-allemand\" role=\"listitem\">\n\t\t\t\t<a class=\"elementor-post__thumbnail__link\" href=\"https:\/\/swissdox.ch\/fr\/repertoire-des-medias\/papierlosezeitung-ch\/\" tabindex=\"-1\" >\n\t\t\t<div class=\"elementor-post__thumbnail\"><img loading=\"lazy\" decoding=\"async\" width=\"600\" height=\"800\" src=\"https:\/\/swissdox.ch\/wp-content\/uploads\/2024\/09\/papierlosezeitung-ch.jpg\" class=\"attachment-full size-full wp-image-54317\" alt=\"\" srcset=\"https:\/\/swissdox.ch\/wp-content\/uploads\/2024\/09\/papierlosezeitung-ch.jpg 600w, https:\/\/swissdox.ch\/wp-content\/uploads\/2024\/09\/papierlosezeitung-ch-225x300.jpg 225w\" sizes=\"(max-width: 600px) 100vw, 600px\" \/><\/div>\n\t\t<\/a>\n\t\t\t\t<div class=\"elementor-post__text\">\n\t\t\t\t<h3 class=\"elementor-post__title\">\n\t\t\t<a href=\"https:\/\/swissdox.ch\/fr\/repertoire-des-medias\/papierlosezeitung-ch\/\" >\n\t\t\t\tpapierlosezeitung.ch\t\t\t<\/a>\n\t\t<\/h3>\n\t\t\t\t<\/div>\n\t\t\t\t<\/article>\n\t\t\t\t<article class=\"elementor-post elementor-grid-item post-69906 medienverzeichnis type-medienverzeichnis status-publish has-post-thumbnail hentry land-suisse medientyp-presse-en-ligne partner-personlich-verlags-ag sprache-allemand\" role=\"listitem\">\n\t\t\t\t<a class=\"elementor-post__thumbnail__link\" href=\"https:\/\/swissdox.ch\/fr\/repertoire-des-medias\/persoenlich-com\/\" tabindex=\"-1\" >\n\t\t\t<div class=\"elementor-post__thumbnail\"><img loading=\"lazy\" decoding=\"async\" width=\"600\" height=\"800\" src=\"https:\/\/swissdox.ch\/wp-content\/uploads\/2024\/09\/persoenlich-com.jpg\" class=\"attachment-full size-full wp-image-54321\" alt=\"\" srcset=\"https:\/\/swissdox.ch\/wp-content\/uploads\/2024\/09\/persoenlich-com.jpg 600w, https:\/\/swissdox.ch\/wp-content\/uploads\/2024\/09\/persoenlich-com-225x300.jpg 225w\" sizes=\"(max-width: 600px) 100vw, 600px\" \/><\/div>\n\t\t<\/a>\n\t\t\t\t<div class=\"elementor-post__text\">\n\t\t\t\t<h3 class=\"elementor-post__title\">\n\t\t\t<a href=\"https:\/\/swissdox.ch\/fr\/repertoire-des-medias\/persoenlich-com\/\" >\n\t\t\t\tpers\u00f6nlich.com\t\t\t<\/a>\n\t\t<\/h3>\n\t\t\t\t<\/div>\n\t\t\t\t<\/article>\n\t\t\t\t<article class=\"elementor-post elementor-grid-item post-69907 medienverzeichnis type-medienverzeichnis status-publish has-post-thumbnail hentry land-suisse medientyp-presse-en-ligne partner-pfarrblatt-gemeinschaft-bern sprache-allemand\" role=\"listitem\">\n\t\t\t\t<a class=\"elementor-post__thumbnail__link\" href=\"https:\/\/swissdox.ch\/fr\/repertoire-des-medias\/pfarrblattbern-ch\/\" tabindex=\"-1\" >\n\t\t\t<div class=\"elementor-post__thumbnail\"><img loading=\"lazy\" decoding=\"async\" width=\"599\" height=\"800\" src=\"https:\/\/swissdox.ch\/wp-content\/uploads\/2024\/11\/pfarrblattbern-ch.jpg\" class=\"attachment-full size-full wp-image-58064\" alt=\"\" srcset=\"https:\/\/swissdox.ch\/wp-content\/uploads\/2024\/11\/pfarrblattbern-ch.jpg 599w, https:\/\/swissdox.ch\/wp-content\/uploads\/2024\/11\/pfarrblattbern-ch-225x300.jpg 225w\" sizes=\"(max-width: 599px) 100vw, 599px\" \/><\/div>\n\t\t<\/a>\n\t\t\t\t<div class=\"elementor-post__text\">\n\t\t\t\t<h3 class=\"elementor-post__title\">\n\t\t\t<a href=\"https:\/\/swissdox.ch\/fr\/repertoire-des-medias\/pfarrblattbern-ch\/\" >\n\t\t\t\tpfarrblattbern.ch\t\t\t<\/a>\n\t\t<\/h3>\n\t\t\t\t<\/div>\n\t\t\t\t<\/article>\n\t\t\t\t<article class=\"elementor-post elementor-grid-item post-69908 medienverzeichnis type-medienverzeichnis status-publish has-post-thumbnail hentry land-allemagne medientyp-magazine partner-sueddeutscher-verlag sprache-allemand\" role=\"listitem\">\n\t\t\t\t<a class=\"elementor-post__thumbnail__link\" href=\"https:\/\/swissdox.ch\/fr\/repertoire-des-medias\/pharmafood\/\" tabindex=\"-1\" >\n\t\t\t<div class=\"elementor-post__thumbnail\"><img loading=\"lazy\" decoding=\"async\" width=\"600\" height=\"800\" src=\"https:\/\/swissdox.ch\/wp-content\/uploads\/2024\/09\/pharma-food.jpg\" class=\"attachment-full size-full wp-image-54325\" alt=\"\" srcset=\"https:\/\/swissdox.ch\/wp-content\/uploads\/2024\/09\/pharma-food.jpg 600w, https:\/\/swissdox.ch\/wp-content\/uploads\/2024\/09\/pharma-food-225x300.jpg 225w\" sizes=\"(max-width: 600px) 100vw, 600px\" \/><\/div>\n\t\t<\/a>\n\t\t\t\t<div class=\"elementor-post__text\">\n\t\t\t\t<h3 class=\"elementor-post__title\">\n\t\t\t<a href=\"https:\/\/swissdox.ch\/fr\/repertoire-des-medias\/pharmafood\/\" >\n\t\t\t\tPharma+Food\t\t\t<\/a>\n\t\t<\/h3>\n\t\t\t\t<\/div>\n\t\t\t\t<\/article>\n\t\t\t\t<article class=\"elementor-post elementor-grid-item post-69909 medienverzeichnis type-medienverzeichnis status-publish has-post-thumbnail hentry land-suisse medientyp-agence-de-presse partner-fundaziun-medias-rumantschas-fmr sprache-rheto-roman\" role=\"listitem\">\n\t\t\t\t<a class=\"elementor-post__thumbnail__link\" href=\"https:\/\/swissdox.ch\/fr\/repertoire-des-medias\/plattafurma-fmr-ch\/\" tabindex=\"-1\" >\n\t\t\t<div class=\"elementor-post__thumbnail\"><img loading=\"lazy\" decoding=\"async\" width=\"600\" height=\"800\" src=\"https:\/\/swissdox.ch\/wp-content\/uploads\/2024\/09\/plattafurma-fmr-ch.jpg\" class=\"attachment-full size-full wp-image-54337\" alt=\"\" srcset=\"https:\/\/swissdox.ch\/wp-content\/uploads\/2024\/09\/plattafurma-fmr-ch.jpg 600w, https:\/\/swissdox.ch\/wp-content\/uploads\/2024\/09\/plattafurma-fmr-ch-225x300.jpg 225w\" sizes=\"(max-width: 600px) 100vw, 600px\" \/><\/div>\n\t\t<\/a>\n\t\t\t\t<div class=\"elementor-post__text\">\n\t\t\t\t<h3 class=\"elementor-post__title\">\n\t\t\t<a href=\"https:\/\/swissdox.ch\/fr\/repertoire-des-medias\/plattafurma-fmr-ch\/\" >\n\t\t\t\tplattafurma.fmr.ch\t\t\t<\/a>\n\t\t<\/h3>\n\t\t\t\t<\/div>\n\t\t\t\t<\/article>\n\t\t\t\t<article class=\"elementor-post elementor-grid-item post-69910 medienverzeichnis type-medienverzeichnis status-publish has-post-thumbnail hentry land-suisse medientyp-magazine partner-ringier-ag sprache-francais\" role=\"listitem\">\n\t\t\t\t<a class=\"elementor-post__thumbnail__link\" href=\"https:\/\/swissdox.ch\/fr\/repertoire-des-medias\/pme-magazine\/\" tabindex=\"-1\" >\n\t\t\t<div class=\"elementor-post__thumbnail\"><img loading=\"lazy\" decoding=\"async\" width=\"600\" height=\"800\" src=\"https:\/\/swissdox.ch\/wp-content\/uploads\/2024\/09\/pme-magazine.jpg\" class=\"attachment-full size-full wp-image-54345\" alt=\"\" srcset=\"https:\/\/swissdox.ch\/wp-content\/uploads\/2024\/09\/pme-magazine.jpg 600w, https:\/\/swissdox.ch\/wp-content\/uploads\/2024\/09\/pme-magazine-225x300.jpg 225w\" sizes=\"(max-width: 600px) 100vw, 600px\" \/><\/div>\n\t\t<\/a>\n\t\t\t\t<div class=\"elementor-post__text\">\n\t\t\t\t<h3 class=\"elementor-post__title\">\n\t\t\t<a href=\"https:\/\/swissdox.ch\/fr\/repertoire-des-medias\/pme-magazine\/\" >\n\t\t\t\tPME Magazine\t\t\t<\/a>\n\t\t<\/h3>\n\t\t\t\t<\/div>\n\t\t\t\t<\/article>\n\t\t\t\t<article class=\"elementor-post elementor-grid-item post-69911 medienverzeichnis type-medienverzeichnis status-publish has-post-thumbnail hentry land-suisse medientyp-presse-en-ligne partner-ringier-ag sprache-francais\" role=\"listitem\">\n\t\t\t\t<a class=\"elementor-post__thumbnail__link\" href=\"https:\/\/swissdox.ch\/fr\/repertoire-des-medias\/pme-ch\/\" tabindex=\"-1\" >\n\t\t\t<div class=\"elementor-post__thumbnail\"><img loading=\"lazy\" decoding=\"async\" width=\"600\" height=\"800\" src=\"https:\/\/swissdox.ch\/wp-content\/uploads\/2024\/09\/pme-ch.jpg\" class=\"attachment-full size-full wp-image-54341\" alt=\"\" srcset=\"https:\/\/swissdox.ch\/wp-content\/uploads\/2024\/09\/pme-ch.jpg 600w, https:\/\/swissdox.ch\/wp-content\/uploads\/2024\/09\/pme-ch-225x300.jpg 225w\" sizes=\"(max-width: 600px) 100vw, 600px\" \/><\/div>\n\t\t<\/a>\n\t\t\t\t<div class=\"elementor-post__text\">\n\t\t\t\t<h3 class=\"elementor-post__title\">\n\t\t\t<a href=\"https:\/\/swissdox.ch\/fr\/repertoire-des-medias\/pme-ch\/\" >\n\t\t\t\tpme.ch\t\t\t<\/a>\n\t\t<\/h3>\n\t\t\t\t<\/div>\n\t\t\t\t<\/article>\n\t\t\t\t<article class=\"elementor-post elementor-grid-item post-69912 medienverzeichnis type-medienverzeichnis status-publish has-post-thumbnail hentry land-suisse medientyp-presse-en-ligne partner-pomona-media-ag sprache-allemand\" role=\"listitem\">\n\t\t\t\t<a class=\"elementor-post__thumbnail__link\" href=\"https:\/\/swissdox.ch\/fr\/repertoire-des-medias\/pomona-ch\/\" tabindex=\"-1\" >\n\t\t\t<div class=\"elementor-post__thumbnail\"><img loading=\"lazy\" decoding=\"async\" width=\"600\" height=\"800\" src=\"https:\/\/swissdox.ch\/wp-content\/uploads\/2024\/09\/pomona-ch.jpg\" class=\"attachment-full size-full wp-image-54349\" alt=\"\" srcset=\"https:\/\/swissdox.ch\/wp-content\/uploads\/2024\/09\/pomona-ch.jpg 600w, https:\/\/swissdox.ch\/wp-content\/uploads\/2024\/09\/pomona-ch-225x300.jpg 225w\" sizes=\"(max-width: 600px) 100vw, 600px\" \/><\/div>\n\t\t<\/a>\n\t\t\t\t<div class=\"elementor-post__text\">\n\t\t\t\t<h3 class=\"elementor-post__title\">\n\t\t\t<a href=\"https:\/\/swissdox.ch\/fr\/repertoire-des-medias\/pomona-ch\/\" >\n\t\t\t\tpomona.ch\t\t\t<\/a>\n\t\t<\/h3>\n\t\t\t\t<\/div>\n\t\t\t\t<\/article>\n\t\t\t\t<article class=\"elementor-post elementor-grid-item post-69913 medienverzeichnis type-medienverzeichnis status-publish has-post-thumbnail hentry land-suisse medientyp-agence-de-presse partner-pps-pressedienst sprache-allemand\" role=\"listitem\">\n\t\t\t\t<a class=\"elementor-post__thumbnail__link\" href=\"https:\/\/swissdox.ch\/fr\/repertoire-des-medias\/pps-pressedienst\/\" tabindex=\"-1\" >\n\t\t\t<div class=\"elementor-post__thumbnail\"><img loading=\"lazy\" decoding=\"async\" width=\"600\" height=\"800\" src=\"https:\/\/swissdox.ch\/wp-content\/uploads\/2024\/09\/pps-pressedienst.jpg\" class=\"attachment-full size-full wp-image-54353\" alt=\"\" srcset=\"https:\/\/swissdox.ch\/wp-content\/uploads\/2024\/09\/pps-pressedienst.jpg 600w, https:\/\/swissdox.ch\/wp-content\/uploads\/2024\/09\/pps-pressedienst-225x300.jpg 225w\" sizes=\"(max-width: 600px) 100vw, 600px\" \/><\/div>\n\t\t<\/a>\n\t\t\t\t<div class=\"elementor-post__text\">\n\t\t\t\t<h3 class=\"elementor-post__title\">\n\t\t\t<a href=\"https:\/\/swissdox.ch\/fr\/repertoire-des-medias\/pps-pressedienst\/\" >\n\t\t\t\tPPS Pressedienst\t\t\t<\/a>\n\t\t<\/h3>\n\t\t\t\t<\/div>\n\t\t\t\t<\/article>\n\t\t\t\t<article class=\"elementor-post elementor-grid-item post-69914 medienverzeichnis type-medienverzeichnis status-publish has-post-thumbnail hentry land-suisse medientyp-presse-en-ligne partner-christian-keller-medien-gmbh sprache-allemand\" role=\"listitem\">\n\t\t\t\t<a class=\"elementor-post__thumbnail__link\" href=\"https:\/\/swissdox.ch\/fr\/repertoire-des-medias\/primenews-ch\/\" tabindex=\"-1\" >\n\t\t\t<div class=\"elementor-post__thumbnail\"><img loading=\"lazy\" decoding=\"async\" width=\"600\" height=\"800\" src=\"https:\/\/swissdox.ch\/wp-content\/uploads\/2024\/09\/primenews-ch.jpg\" class=\"attachment-full size-full wp-image-54357\" alt=\"\" srcset=\"https:\/\/swissdox.ch\/wp-content\/uploads\/2024\/09\/primenews-ch.jpg 600w, https:\/\/swissdox.ch\/wp-content\/uploads\/2024\/09\/primenews-ch-225x300.jpg 225w\" sizes=\"(max-width: 600px) 100vw, 600px\" \/><\/div>\n\t\t<\/a>\n\t\t\t\t<div class=\"elementor-post__text\">\n\t\t\t\t<h3 class=\"elementor-post__title\">\n\t\t\t<a href=\"https:\/\/swissdox.ch\/fr\/repertoire-des-medias\/primenews-ch\/\" >\n\t\t\t\tprimenews.ch\t\t\t<\/a>\n\t\t<\/h3>\n\t\t\t\t<\/div>\n\t\t\t\t<\/article>\n\t\t\t\t<article class=\"elementor-post elementor-grid-item post-69915 medienverzeichnis type-medienverzeichnis status-publish has-post-thumbnail hentry land-suisse medientyp-magazine partner-pro-velo-schweiz sprache-allemand\" role=\"listitem\">\n\t\t\t\t<a class=\"elementor-post__thumbnail__link\" href=\"https:\/\/swissdox.ch\/fr\/repertoire-des-medias\/pro-velo-magazin\/\" tabindex=\"-1\" >\n\t\t\t<div class=\"elementor-post__thumbnail\"><img loading=\"lazy\" decoding=\"async\" width=\"600\" height=\"799\" src=\"https:\/\/swissdox.ch\/wp-content\/uploads\/2025\/07\/pro-velo-magazin.jpg\" class=\"attachment-full size-full wp-image-63757\" alt=\"\" srcset=\"https:\/\/swissdox.ch\/wp-content\/uploads\/2025\/07\/pro-velo-magazin.jpg 600w, https:\/\/swissdox.ch\/wp-content\/uploads\/2025\/07\/pro-velo-magazin-225x300.jpg 225w\" sizes=\"(max-width: 600px) 100vw, 600px\" \/><\/div>\n\t\t<\/a>\n\t\t\t\t<div class=\"elementor-post__text\">\n\t\t\t\t<h3 class=\"elementor-post__title\">\n\t\t\t<a href=\"https:\/\/swissdox.ch\/fr\/repertoire-des-medias\/pro-velo-magazin\/\" >\n\t\t\t\tPRO VELO Magazin\t\t\t<\/a>\n\t\t<\/h3>\n\t\t\t\t<\/div>\n\t\t\t\t<\/article>\n\t\t\t\t<article class=\"elementor-post elementor-grid-item post-69916 medienverzeichnis type-medienverzeichnis status-publish has-post-thumbnail hentry land-suisse medientyp-magazine partner-pro-velo-schweiz sprache-francais\" role=\"listitem\">\n\t\t\t\t<a class=\"elementor-post__thumbnail__link\" href=\"https:\/\/swissdox.ch\/fr\/repertoire-des-medias\/pro-velo-magazine\/\" tabindex=\"-1\" >\n\t\t\t<div class=\"elementor-post__thumbnail\"><img loading=\"lazy\" decoding=\"async\" width=\"600\" height=\"799\" src=\"https:\/\/swissdox.ch\/wp-content\/uploads\/2025\/07\/pro-velo-magazine.jpg\" class=\"attachment-full size-full wp-image-63761\" alt=\"\" srcset=\"https:\/\/swissdox.ch\/wp-content\/uploads\/2025\/07\/pro-velo-magazine.jpg 600w, https:\/\/swissdox.ch\/wp-content\/uploads\/2025\/07\/pro-velo-magazine-225x300.jpg 225w\" sizes=\"(max-width: 600px) 100vw, 600px\" \/><\/div>\n\t\t<\/a>\n\t\t\t\t<div class=\"elementor-post__text\">\n\t\t\t\t<h3 class=\"elementor-post__title\">\n\t\t\t<a href=\"https:\/\/swissdox.ch\/fr\/repertoire-des-medias\/pro-velo-magazine\/\" >\n\t\t\t\tPRO VELO Magazine\t\t\t<\/a>\n\t\t<\/h3>\n\t\t\t\t<\/div>\n\t\t\t\t<\/article>\n\t\t\t\t<article class=\"elementor-post elementor-grid-item post-69917 medienverzeichnis type-medienverzeichnis status-publish has-post-thumbnail hentry land-allemagne medientyp-magazine partner-sueddeutscher-verlag sprache-allemand\" role=\"listitem\">\n\t\t\t\t<a class=\"elementor-post__thumbnail__link\" href=\"https:\/\/swissdox.ch\/fr\/repertoire-des-medias\/productronic\/\" tabindex=\"-1\" >\n\t\t\t<div class=\"elementor-post__thumbnail\"><img loading=\"lazy\" decoding=\"async\" width=\"600\" height=\"800\" src=\"https:\/\/swissdox.ch\/wp-content\/uploads\/2024\/09\/productronic.jpg\" class=\"attachment-full size-full wp-image-54361\" alt=\"\" srcset=\"https:\/\/swissdox.ch\/wp-content\/uploads\/2024\/09\/productronic.jpg 600w, https:\/\/swissdox.ch\/wp-content\/uploads\/2024\/09\/productronic-225x300.jpg 225w\" sizes=\"(max-width: 600px) 100vw, 600px\" \/><\/div>\n\t\t<\/a>\n\t\t\t\t<div class=\"elementor-post__text\">\n\t\t\t\t<h3 class=\"elementor-post__title\">\n\t\t\t<a href=\"https:\/\/swissdox.ch\/fr\/repertoire-des-medias\/productronic\/\" >\n\t\t\t\tproductronic\t\t\t<\/a>\n\t\t<\/h3>\n\t\t\t\t<\/div>\n\t\t\t\t<\/article>\n\t\t\t\t<article class=\"elementor-post elementor-grid-item post-69918 medienverzeichnis type-medienverzeichnis status-publish has-post-thumbnail hentry land-autriche medientyp-magazine partner-austria-presse-agentur sprache-allemand\" role=\"listitem\">\n\t\t\t\t<a class=\"elementor-post__thumbnail__link\" href=\"https:\/\/swissdox.ch\/fr\/repertoire-des-medias\/profil\/\" tabindex=\"-1\" >\n\t\t\t<div class=\"elementor-post__thumbnail\"><img loading=\"lazy\" decoding=\"async\" width=\"600\" height=\"799\" src=\"https:\/\/swissdox.ch\/wp-content\/uploads\/2024\/09\/profil.jpg\" class=\"attachment-full size-full wp-image-54365\" alt=\"\" srcset=\"https:\/\/swissdox.ch\/wp-content\/uploads\/2024\/09\/profil.jpg 600w, https:\/\/swissdox.ch\/wp-content\/uploads\/2024\/09\/profil-225x300.jpg 225w\" sizes=\"(max-width: 600px) 100vw, 600px\" \/><\/div>\n\t\t<\/a>\n\t\t\t\t<div class=\"elementor-post__text\">\n\t\t\t\t<h3 class=\"elementor-post__title\">\n\t\t\t<a href=\"https:\/\/swissdox.ch\/fr\/repertoire-des-medias\/profil\/\" >\n\t\t\t\tProfil\t\t\t<\/a>\n\t\t<\/h3>\n\t\t\t\t<\/div>\n\t\t\t\t<\/article>\n\t\t\t\t<article class=\"elementor-post elementor-grid-item post-69919 medienverzeichnis type-medienverzeichnis status-publish has-post-thumbnail hentry land-suisse medientyp-agence-de-presse partner-conference-des-eglises-reformees sprache-allemand sprache-francais\" role=\"listitem\">\n\t\t\t\t<a class=\"elementor-post__thumbnail__link\" href=\"https:\/\/swissdox.ch\/fr\/repertoire-des-medias\/protestinfo-ch\/\" tabindex=\"-1\" >\n\t\t\t<div class=\"elementor-post__thumbnail\"><img loading=\"lazy\" decoding=\"async\" width=\"600\" height=\"800\" src=\"https:\/\/swissdox.ch\/wp-content\/uploads\/2024\/09\/protestinfo-ch.jpg\" class=\"attachment-full size-full wp-image-54369\" alt=\"\" srcset=\"https:\/\/swissdox.ch\/wp-content\/uploads\/2024\/09\/protestinfo-ch.jpg 600w, https:\/\/swissdox.ch\/wp-content\/uploads\/2024\/09\/protestinfo-ch-225x300.jpg 225w\" sizes=\"(max-width: 600px) 100vw, 600px\" \/><\/div>\n\t\t<\/a>\n\t\t\t\t<div class=\"elementor-post__text\">\n\t\t\t\t<h3 class=\"elementor-post__title\">\n\t\t\t<a href=\"https:\/\/swissdox.ch\/fr\/repertoire-des-medias\/protestinfo-ch\/\" >\n\t\t\t\tprotestinfo.ch\t\t\t<\/a>\n\t\t<\/h3>\n\t\t\t\t<\/div>\n\t\t\t\t<\/article>\n\t\t\t\t<article class=\"elementor-post elementor-grid-item post-69920 medienverzeichnis type-medienverzeichnis status-publish has-post-thumbnail hentry land-suisse medientyp-presse-en-ligne partner-p-s-verlags-gmbh sprache-allemand\" role=\"listitem\">\n\t\t\t\t<a class=\"elementor-post__thumbnail__link\" href=\"https:\/\/swissdox.ch\/fr\/repertoire-des-medias\/pszeitung-ch\/\" tabindex=\"-1\" >\n\t\t\t<div class=\"elementor-post__thumbnail\"><img loading=\"lazy\" decoding=\"async\" width=\"600\" height=\"800\" src=\"https:\/\/swissdox.ch\/wp-content\/uploads\/2024\/09\/pszeitung-ch.jpg\" class=\"attachment-full size-full wp-image-54373\" alt=\"\" srcset=\"https:\/\/swissdox.ch\/wp-content\/uploads\/2024\/09\/pszeitung-ch.jpg 600w, https:\/\/swissdox.ch\/wp-content\/uploads\/2024\/09\/pszeitung-ch-225x300.jpg 225w\" sizes=\"(max-width: 600px) 100vw, 600px\" \/><\/div>\n\t\t<\/a>\n\t\t\t\t<div class=\"elementor-post__text\">\n\t\t\t\t<h3 class=\"elementor-post__title\">\n\t\t\t<a href=\"https:\/\/swissdox.ch\/fr\/repertoire-des-medias\/pszeitung-ch\/\" >\n\t\t\t\tpszeitung.ch\t\t\t<\/a>\n\t\t<\/h3>\n\t\t\t\t<\/div>\n\t\t\t\t<\/article>\n\t\t\t\t<article class=\"elementor-post elementor-grid-item post-69921 medienverzeichnis type-medienverzeichnis status-publish has-post-thumbnail hentry land-suisse medientyp-magazine partner-public-eye sprache-francais\" role=\"listitem\">\n\t\t\t\t<a class=\"elementor-post__thumbnail__link\" href=\"https:\/\/swissdox.ch\/fr\/repertoire-des-medias\/public-eye-le-magazine\/\" tabindex=\"-1\" >\n\t\t\t<div class=\"elementor-post__thumbnail\"><img loading=\"lazy\" decoding=\"async\" width=\"600\" height=\"799\" src=\"https:\/\/swissdox.ch\/wp-content\/uploads\/2024\/09\/public-eye-le-magazine.jpg\" class=\"attachment-full size-full wp-image-54377\" alt=\"\" srcset=\"https:\/\/swissdox.ch\/wp-content\/uploads\/2024\/09\/public-eye-le-magazine.jpg 600w, https:\/\/swissdox.ch\/wp-content\/uploads\/2024\/09\/public-eye-le-magazine-225x300.jpg 225w\" sizes=\"(max-width: 600px) 100vw, 600px\" \/><\/div>\n\t\t<\/a>\n\t\t\t\t<div class=\"elementor-post__text\">\n\t\t\t\t<h3 class=\"elementor-post__title\">\n\t\t\t<a href=\"https:\/\/swissdox.ch\/fr\/repertoire-des-medias\/public-eye-le-magazine\/\" >\n\t\t\t\tPublic Eye \u2013 Le Magazine\t\t\t<\/a>\n\t\t<\/h3>\n\t\t\t\t<\/div>\n\t\t\t\t<\/article>\n\t\t\t\t<article class=\"elementor-post elementor-grid-item post-69922 medienverzeichnis type-medienverzeichnis status-publish has-post-thumbnail hentry land-suisse medientyp-magazine partner-public-eye sprache-allemand\" role=\"listitem\">\n\t\t\t\t<a class=\"elementor-post__thumbnail__link\" href=\"https:\/\/swissdox.ch\/fr\/repertoire-des-medias\/public-eye-magazin\/\" tabindex=\"-1\" >\n\t\t\t<div class=\"elementor-post__thumbnail\"><img loading=\"lazy\" decoding=\"async\" width=\"600\" height=\"799\" src=\"https:\/\/swissdox.ch\/wp-content\/uploads\/2024\/09\/public-eye-magazin.jpg\" class=\"attachment-full size-full wp-image-54381\" alt=\"\" srcset=\"https:\/\/swissdox.ch\/wp-content\/uploads\/2024\/09\/public-eye-magazin.jpg 600w, https:\/\/swissdox.ch\/wp-content\/uploads\/2024\/09\/public-eye-magazin-225x300.jpg 225w\" sizes=\"(max-width: 600px) 100vw, 600px\" \/><\/div>\n\t\t<\/a>\n\t\t\t\t<div class=\"elementor-post__text\">\n\t\t\t\t<h3 class=\"elementor-post__title\">\n\t\t\t<a href=\"https:\/\/swissdox.ch\/fr\/repertoire-des-medias\/public-eye-magazin\/\" >\n\t\t\t\tPublic Eye Magazin\t\t\t<\/a>\n\t\t<\/h3>\n\t\t\t\t<\/div>\n\t\t\t\t<\/article>\n\t\t\t\t<article class=\"elementor-post elementor-grid-item post-69923 medienverzeichnis type-medienverzeichnis status-publish has-post-thumbnail hentry land-suisse medientyp-audio partner-radio-3fach sprache-allemand\" role=\"listitem\">\n\t\t\t\t<a class=\"elementor-post__thumbnail__link\" href=\"https:\/\/swissdox.ch\/fr\/repertoire-des-medias\/radio-3fach\/\" tabindex=\"-1\" >\n\t\t\t<div class=\"elementor-post__thumbnail\"><img loading=\"lazy\" decoding=\"async\" width=\"600\" height=\"799\" src=\"https:\/\/swissdox.ch\/wp-content\/uploads\/2025\/06\/3fach-ch.jpg\" class=\"attachment-full size-full wp-image-62670\" alt=\"\" srcset=\"https:\/\/swissdox.ch\/wp-content\/uploads\/2025\/06\/3fach-ch.jpg 600w, https:\/\/swissdox.ch\/wp-content\/uploads\/2025\/06\/3fach-ch-225x300.jpg 225w\" sizes=\"(max-width: 600px) 100vw, 600px\" \/><\/div>\n\t\t<\/a>\n\t\t\t\t<div class=\"elementor-post__text\">\n\t\t\t\t<h3 class=\"elementor-post__title\">\n\t\t\t<a href=\"https:\/\/swissdox.ch\/fr\/repertoire-des-medias\/radio-3fach\/\" >\n\t\t\t\tRadio 3FACH\t\t\t<\/a>\n\t\t<\/h3>\n\t\t\t\t<\/div>\n\t\t\t\t<\/article>\n\t\t\t\t<article class=\"elementor-post elementor-grid-item post-69924 medienverzeichnis type-medienverzeichnis status-publish has-post-thumbnail hentry land-suisse medientyp-presse-en-ligne partner-radio-basilisk-betriebs-ag sprache-allemand\" role=\"listitem\">\n\t\t\t\t<a class=\"elementor-post__thumbnail__link\" href=\"https:\/\/swissdox.ch\/fr\/repertoire-des-medias\/radio-basilisk\/\" tabindex=\"-1\" >\n\t\t\t<div class=\"elementor-post__thumbnail\"><img loading=\"lazy\" decoding=\"async\" width=\"600\" height=\"800\" src=\"https:\/\/swissdox.ch\/wp-content\/uploads\/2024\/09\/radio-basilisk.jpg\" class=\"attachment-full size-full wp-image-54389\" alt=\"\" srcset=\"https:\/\/swissdox.ch\/wp-content\/uploads\/2024\/09\/radio-basilisk.jpg 600w, https:\/\/swissdox.ch\/wp-content\/uploads\/2024\/09\/radio-basilisk-225x300.jpg 225w\" sizes=\"(max-width: 600px) 100vw, 600px\" \/><\/div>\n\t\t<\/a>\n\t\t\t\t<div class=\"elementor-post__text\">\n\t\t\t\t<h3 class=\"elementor-post__title\">\n\t\t\t<a href=\"https:\/\/swissdox.ch\/fr\/repertoire-des-medias\/radio-basilisk\/\" >\n\t\t\t\tRadio Basilisk\t\t\t<\/a>\n\t\t<\/h3>\n\t\t\t\t<\/div>\n\t\t\t\t<\/article>\n\t\t\t\t<article class=\"elementor-post elementor-grid-item post-69925 medienverzeichnis type-medienverzeichnis status-publish has-post-thumbnail hentry land-suisse medientyp-audio partner-ag-fur-ein-gemeinschaftsradio-bern-agrabe sprache-allemand\" role=\"listitem\">\n\t\t\t\t<a class=\"elementor-post__thumbnail__link\" href=\"https:\/\/swissdox.ch\/fr\/repertoire-des-medias\/radio-bern-rabe\/\" tabindex=\"-1\" >\n\t\t\t<div class=\"elementor-post__thumbnail\"><img loading=\"lazy\" decoding=\"async\" width=\"600\" height=\"800\" src=\"https:\/\/swissdox.ch\/wp-content\/uploads\/2025\/07\/radio-bern-rabe.jpg\" class=\"attachment-full size-full wp-image-64266\" alt=\"\" srcset=\"https:\/\/swissdox.ch\/wp-content\/uploads\/2025\/07\/radio-bern-rabe.jpg 600w, https:\/\/swissdox.ch\/wp-content\/uploads\/2025\/07\/radio-bern-rabe-225x300.jpg 225w\" sizes=\"(max-width: 600px) 100vw, 600px\" \/><\/div>\n\t\t<\/a>\n\t\t\t\t<div class=\"elementor-post__text\">\n\t\t\t\t<h3 class=\"elementor-post__title\">\n\t\t\t<a href=\"https:\/\/swissdox.ch\/fr\/repertoire-des-medias\/radio-bern-rabe\/\" >\n\t\t\t\tRadio Bern RaBe\t\t\t<\/a>\n\t\t<\/h3>\n\t\t\t\t<\/div>\n\t\t\t\t<\/article>\n\t\t\t\t<article class=\"elementor-post elementor-grid-item post-69926 medienverzeichnis type-medienverzeichnis status-publish has-post-thumbnail hentry land-suisse medientyp-audio partner-verein-radio-lora sprache-allemand\" role=\"listitem\">\n\t\t\t\t<a class=\"elementor-post__thumbnail__link\" href=\"https:\/\/swissdox.ch\/fr\/repertoire-des-medias\/radio-lora\/\" tabindex=\"-1\" >\n\t\t\t<div class=\"elementor-post__thumbnail\"><img loading=\"lazy\" decoding=\"async\" width=\"599\" height=\"800\" src=\"https:\/\/swissdox.ch\/wp-content\/uploads\/2024\/11\/radio-lora.jpg\" class=\"attachment-full size-full wp-image-58068\" alt=\"\" srcset=\"https:\/\/swissdox.ch\/wp-content\/uploads\/2024\/11\/radio-lora.jpg 599w, https:\/\/swissdox.ch\/wp-content\/uploads\/2024\/11\/radio-lora-225x300.jpg 225w\" sizes=\"(max-width: 599px) 100vw, 599px\" \/><\/div>\n\t\t<\/a>\n\t\t\t\t<div class=\"elementor-post__text\">\n\t\t\t\t<h3 class=\"elementor-post__title\">\n\t\t\t<a href=\"https:\/\/swissdox.ch\/fr\/repertoire-des-medias\/radio-lora\/\" >\n\t\t\t\tRadio LoRa\t\t\t<\/a>\n\t\t<\/h3>\n\t\t\t\t<\/div>\n\t\t\t\t<\/article>\n\t\t\t\t<article class=\"elementor-post elementor-grid-item post-69927 medienverzeichnis type-medienverzeichnis status-publish has-post-thumbnail hentry land-suisse medientyp-audio partner-radio-munot-betriebs-ag sprache-allemand\" role=\"listitem\">\n\t\t\t\t<a class=\"elementor-post__thumbnail__link\" href=\"https:\/\/swissdox.ch\/fr\/repertoire-des-medias\/radio-munot\/\" tabindex=\"-1\" >\n\t\t\t<div class=\"elementor-post__thumbnail\"><img loading=\"lazy\" decoding=\"async\" width=\"600\" height=\"799\" src=\"https:\/\/swissdox.ch\/wp-content\/uploads\/2026\/06\/radio-munot.jpg\" class=\"attachment-full size-full wp-image-67973\" alt=\"\" srcset=\"https:\/\/swissdox.ch\/wp-content\/uploads\/2026\/06\/radio-munot.jpg 600w, https:\/\/swissdox.ch\/wp-content\/uploads\/2026\/06\/radio-munot-225x300.jpg 225w\" sizes=\"(max-width: 600px) 100vw, 600px\" \/><\/div>\n\t\t<\/a>\n\t\t\t\t<div class=\"elementor-post__text\">\n\t\t\t\t<h3 class=\"elementor-post__title\">\n\t\t\t<a href=\"https:\/\/swissdox.ch\/fr\/repertoire-des-medias\/radio-munot\/\" >\n\t\t\t\tRadio Munot\t\t\t<\/a>\n\t\t<\/h3>\n\t\t\t\t<\/div>\n\t\t\t\t<\/article>\n\t\t\t\t<article class=\"elementor-post elementor-grid-item post-69928 medienverzeichnis type-medienverzeichnis status-publish has-post-thumbnail hentry land-suisse medientyp-audio partner-bnj-fm-sa sprache-francais\" role=\"listitem\">\n\t\t\t\t<a class=\"elementor-post__thumbnail__link\" href=\"https:\/\/swissdox.ch\/fr\/repertoire-des-medias\/radio-rfj\/\" tabindex=\"-1\" >\n\t\t\t<div class=\"elementor-post__thumbnail\"><img loading=\"lazy\" decoding=\"async\" width=\"600\" height=\"800\" src=\"https:\/\/swissdox.ch\/wp-content\/uploads\/2024\/09\/radio-rfj.jpg\" class=\"attachment-full size-full wp-image-54393\" alt=\"\" srcset=\"https:\/\/swissdox.ch\/wp-content\/uploads\/2024\/09\/radio-rfj.jpg 600w, https:\/\/swissdox.ch\/wp-content\/uploads\/2024\/09\/radio-rfj-225x300.jpg 225w\" sizes=\"(max-width: 600px) 100vw, 600px\" \/><\/div>\n\t\t<\/a>\n\t\t\t\t<div class=\"elementor-post__text\">\n\t\t\t\t<h3 class=\"elementor-post__title\">\n\t\t\t<a href=\"https:\/\/swissdox.ch\/fr\/repertoire-des-medias\/radio-rfj\/\" >\n\t\t\t\tRadio RFJ\t\t\t<\/a>\n\t\t<\/h3>\n\t\t\t\t<\/div>\n\t\t\t\t<\/article>\n\t\t\t\t<article class=\"elementor-post elementor-grid-item post-69929 medienverzeichnis type-medienverzeichnis status-publish has-post-thumbnail hentry land-suisse medientyp-audio partner-bnj-fm-sa sprache-francais\" role=\"listitem\">\n\t\t\t\t<a class=\"elementor-post__thumbnail__link\" href=\"https:\/\/swissdox.ch\/fr\/repertoire-des-medias\/radio-rjb\/\" tabindex=\"-1\" >\n\t\t\t<div class=\"elementor-post__thumbnail\"><img loading=\"lazy\" decoding=\"async\" width=\"600\" height=\"800\" src=\"https:\/\/swissdox.ch\/wp-content\/uploads\/2024\/09\/radio-rjb.jpg\" class=\"attachment-full size-full wp-image-54397\" alt=\"\" srcset=\"https:\/\/swissdox.ch\/wp-content\/uploads\/2024\/09\/radio-rjb.jpg 600w, https:\/\/swissdox.ch\/wp-content\/uploads\/2024\/09\/radio-rjb-225x300.jpg 225w\" sizes=\"(max-width: 600px) 100vw, 600px\" \/><\/div>\n\t\t<\/a>\n\t\t\t\t<div class=\"elementor-post__text\">\n\t\t\t\t<h3 class=\"elementor-post__title\">\n\t\t\t<a href=\"https:\/\/swissdox.ch\/fr\/repertoire-des-medias\/radio-rjb\/\" >\n\t\t\t\tRadio RJB\t\t\t<\/a>\n\t\t<\/h3>\n\t\t\t\t<\/div>\n\t\t\t\t<\/article>\n\t\t\t\t<article class=\"elementor-post elementor-grid-item post-69930 medienverzeichnis type-medienverzeichnis status-publish has-post-thumbnail hentry land-suisse medientyp-audio partner-pomona-media-ag sprache-allemand\" role=\"listitem\">\n\t\t\t\t<a class=\"elementor-post__thumbnail__link\" href=\"https:\/\/swissdox.ch\/fr\/repertoire-des-medias\/radio-rottu-oberwallis\/\" tabindex=\"-1\" >\n\t\t\t<div class=\"elementor-post__thumbnail\"><img loading=\"lazy\" decoding=\"async\" width=\"600\" height=\"799\" src=\"https:\/\/swissdox.ch\/wp-content\/uploads\/2025\/09\/radio-rottu-oberwallis.jpg\" class=\"attachment-full size-full wp-image-65319\" alt=\"\" srcset=\"https:\/\/swissdox.ch\/wp-content\/uploads\/2025\/09\/radio-rottu-oberwallis.jpg 600w, https:\/\/swissdox.ch\/wp-content\/uploads\/2025\/09\/radio-rottu-oberwallis-225x300.jpg 225w\" sizes=\"(max-width: 600px) 100vw, 600px\" \/><\/div>\n\t\t<\/a>\n\t\t\t\t<div class=\"elementor-post__text\">\n\t\t\t\t<h3 class=\"elementor-post__title\">\n\t\t\t<a href=\"https:\/\/swissdox.ch\/fr\/repertoire-des-medias\/radio-rottu-oberwallis\/\" >\n\t\t\t\tradio rottu oberwallis\t\t\t<\/a>\n\t\t<\/h3>\n\t\t\t\t<\/div>\n\t\t\t\t<\/article>\n\t\t\t\t<article class=\"elementor-post elementor-grid-item post-69931 medienverzeichnis type-medienverzeichnis status-publish has-post-thumbnail hentry land-suisse medientyp-audio partner-bnj-fm-sa sprache-francais\" role=\"listitem\">\n\t\t\t\t<a class=\"elementor-post__thumbnail__link\" href=\"https:\/\/swissdox.ch\/fr\/repertoire-des-medias\/radio-rtn\/\" tabindex=\"-1\" >\n\t\t\t<div class=\"elementor-post__thumbnail\"><img loading=\"lazy\" decoding=\"async\" width=\"600\" height=\"800\" src=\"https:\/\/swissdox.ch\/wp-content\/uploads\/2024\/09\/radio-rtn.jpg\" class=\"attachment-full size-full wp-image-54401\" alt=\"\" srcset=\"https:\/\/swissdox.ch\/wp-content\/uploads\/2024\/09\/radio-rtn.jpg 600w, https:\/\/swissdox.ch\/wp-content\/uploads\/2024\/09\/radio-rtn-225x300.jpg 225w\" sizes=\"(max-width: 600px) 100vw, 600px\" \/><\/div>\n\t\t<\/a>\n\t\t\t\t<div class=\"elementor-post__text\">\n\t\t\t\t<h3 class=\"elementor-post__title\">\n\t\t\t<a href=\"https:\/\/swissdox.ch\/fr\/repertoire-des-medias\/radio-rtn\/\" >\n\t\t\t\tRadio RTN\t\t\t<\/a>\n\t\t<\/h3>\n\t\t\t\t<\/div>\n\t\t\t\t<\/article>\n\t\t\t\t<article class=\"elementor-post elementor-grid-item post-69932 medienverzeichnis type-medienverzeichnis status-publish has-post-thumbnail hentry land-suisse medientyp-audio partner-radio-stadtfilter-ag sprache-allemand\" role=\"listitem\">\n\t\t\t\t<a class=\"elementor-post__thumbnail__link\" href=\"https:\/\/swissdox.ch\/fr\/repertoire-des-medias\/radio-stadtfilter\/\" tabindex=\"-1\" >\n\t\t\t<div class=\"elementor-post__thumbnail\"><img loading=\"lazy\" decoding=\"async\" width=\"600\" height=\"800\" src=\"https:\/\/swissdox.ch\/wp-content\/uploads\/2024\/10\/radio-stadtfilter.jpg\" class=\"attachment-full size-full wp-image-57028\" alt=\"\" srcset=\"https:\/\/swissdox.ch\/wp-content\/uploads\/2024\/10\/radio-stadtfilter.jpg 600w, https:\/\/swissdox.ch\/wp-content\/uploads\/2024\/10\/radio-stadtfilter-225x300.jpg 225w\" sizes=\"(max-width: 600px) 100vw, 600px\" \/><\/div>\n\t\t<\/a>\n\t\t\t\t<div class=\"elementor-post__text\">\n\t\t\t\t<h3 class=\"elementor-post__title\">\n\t\t\t<a href=\"https:\/\/swissdox.ch\/fr\/repertoire-des-medias\/radio-stadtfilter\/\" >\n\t\t\t\tRadio Stadtfilter\t\t\t<\/a>\n\t\t<\/h3>\n\t\t\t\t<\/div>\n\t\t\t\t<\/article>\n\t\t\t\t<article class=\"elementor-post elementor-grid-item post-69933 medienverzeichnis type-medienverzeichnis status-publish has-post-thumbnail hentry land-suisse medientyp-audio partner-top-online sprache-allemand\" role=\"listitem\">\n\t\t\t\t<a class=\"elementor-post__thumbnail__link\" href=\"https:\/\/swissdox.ch\/fr\/repertoire-des-medias\/radio-top\/\" tabindex=\"-1\" >\n\t\t\t<div class=\"elementor-post__thumbnail\"><img loading=\"lazy\" decoding=\"async\" width=\"600\" height=\"799\" src=\"https:\/\/swissdox.ch\/wp-content\/uploads\/2025\/12\/radio-top.jpg\" class=\"attachment-full size-full wp-image-65674\" alt=\"\" srcset=\"https:\/\/swissdox.ch\/wp-content\/uploads\/2025\/12\/radio-top.jpg 600w, https:\/\/swissdox.ch\/wp-content\/uploads\/2025\/12\/radio-top-225x300.jpg 225w\" sizes=\"(max-width: 600px) 100vw, 600px\" \/><\/div>\n\t\t<\/a>\n\t\t\t\t<div class=\"elementor-post__text\">\n\t\t\t\t<h3 class=\"elementor-post__title\">\n\t\t\t<a href=\"https:\/\/swissdox.ch\/fr\/repertoire-des-medias\/radio-top\/\" >\n\t\t\t\tRadio Top\t\t\t<\/a>\n\t\t<\/h3>\n\t\t\t\t<\/div>\n\t\t\t\t<\/article>\n\t\t\t\t<article class=\"elementor-post elementor-grid-item post-69934 medienverzeichnis type-medienverzeichnis status-publish has-post-thumbnail hentry land-suisse medientyp-audio partner-association-radio-vostok sprache-francais\" role=\"listitem\">\n\t\t\t\t<a class=\"elementor-post__thumbnail__link\" href=\"https:\/\/swissdox.ch\/fr\/repertoire-des-medias\/radio-vostok\/\" tabindex=\"-1\" >\n\t\t\t<div class=\"elementor-post__thumbnail\"><img loading=\"lazy\" decoding=\"async\" width=\"600\" height=\"800\" src=\"https:\/\/swissdox.ch\/wp-content\/uploads\/2024\/09\/radio-vostok.jpg\" class=\"attachment-full size-full wp-image-54405\" alt=\"\" srcset=\"https:\/\/swissdox.ch\/wp-content\/uploads\/2024\/09\/radio-vostok.jpg 600w, https:\/\/swissdox.ch\/wp-content\/uploads\/2024\/09\/radio-vostok-225x300.jpg 225w\" sizes=\"(max-width: 600px) 100vw, 600px\" \/><\/div>\n\t\t<\/a>\n\t\t\t\t<div class=\"elementor-post__text\">\n\t\t\t\t<h3 class=\"elementor-post__title\">\n\t\t\t<a href=\"https:\/\/swissdox.ch\/fr\/repertoire-des-medias\/radio-vostok\/\" >\n\t\t\t\tRadio Vostok\t\t\t<\/a>\n\t\t<\/h3>\n\t\t\t\t<\/div>\n\t\t\t\t<\/article>\n\t\t\t\t<article class=\"elementor-post elementor-grid-item post-69935 medienverzeichnis type-medienverzeichnis status-publish has-post-thumbnail hentry land-suisse medientyp-audio partner-radio-1 sprache-allemand\" role=\"listitem\">\n\t\t\t\t<a class=\"elementor-post__thumbnail__link\" href=\"https:\/\/swissdox.ch\/fr\/repertoire-des-medias\/radio1-audio\/\" tabindex=\"-1\" >\n\t\t\t<div class=\"elementor-post__thumbnail\"><img loading=\"lazy\" decoding=\"async\" width=\"600\" height=\"800\" src=\"https:\/\/swissdox.ch\/wp-content\/uploads\/2024\/09\/radio1-audio.jpg\" class=\"attachment-full size-full wp-image-54409\" alt=\"\" srcset=\"https:\/\/swissdox.ch\/wp-content\/uploads\/2024\/09\/radio1-audio.jpg 600w, https:\/\/swissdox.ch\/wp-content\/uploads\/2024\/09\/radio1-audio-225x300.jpg 225w\" sizes=\"(max-width: 600px) 100vw, 600px\" \/><\/div>\n\t\t<\/a>\n\t\t\t\t<div class=\"elementor-post__text\">\n\t\t\t\t<h3 class=\"elementor-post__title\">\n\t\t\t<a href=\"https:\/\/swissdox.ch\/fr\/repertoire-des-medias\/radio1-audio\/\" >\n\t\t\t\tradio1 Audio\t\t\t<\/a>\n\t\t<\/h3>\n\t\t\t\t<\/div>\n\t\t\t\t<\/article>\n\t\t\t\t<article class=\"elementor-post elementor-grid-item post-69936 medienverzeichnis type-medienverzeichnis status-publish has-post-thumbnail hentry land-suisse medientyp-audio partner-radiofr sprache-allemand sprache-francais\" role=\"listitem\">\n\t\t\t\t<a class=\"elementor-post__thumbnail__link\" href=\"https:\/\/swissdox.ch\/fr\/repertoire-des-medias\/radiofr\/\" tabindex=\"-1\" >\n\t\t\t<div class=\"elementor-post__thumbnail\"><img loading=\"lazy\" decoding=\"async\" width=\"600\" height=\"800\" src=\"https:\/\/swissdox.ch\/wp-content\/uploads\/2025\/07\/radiofr.jpg\" class=\"attachment-full size-full wp-image-64262\" alt=\"\" srcset=\"https:\/\/swissdox.ch\/wp-content\/uploads\/2025\/07\/radiofr.jpg 600w, https:\/\/swissdox.ch\/wp-content\/uploads\/2025\/07\/radiofr-225x300.jpg 225w\" sizes=\"(max-width: 600px) 100vw, 600px\" \/><\/div>\n\t\t<\/a>\n\t\t\t\t<div class=\"elementor-post__text\">\n\t\t\t\t<h3 class=\"elementor-post__title\">\n\t\t\t<a href=\"https:\/\/swissdox.ch\/fr\/repertoire-des-medias\/radiofr\/\" >\n\t\t\t\tRadioFr\t\t\t<\/a>\n\t\t<\/h3>\n\t\t\t\t<\/div>\n\t\t\t\t<\/article>\n\t\t\t\t<article class=\"elementor-post elementor-grid-item post-69937 medienverzeichnis type-medienverzeichnis status-publish has-post-thumbnail hentry land-suisse medientyp-presse-en-ligne partner-association-radio-vostok sprache-francais\" role=\"listitem\">\n\t\t\t\t<a class=\"elementor-post__thumbnail__link\" href=\"https:\/\/swissdox.ch\/fr\/repertoire-des-medias\/radiovostok-ch\/\" tabindex=\"-1\" >\n\t\t\t<div class=\"elementor-post__thumbnail\"><img loading=\"lazy\" decoding=\"async\" width=\"600\" height=\"800\" src=\"https:\/\/swissdox.ch\/wp-content\/uploads\/2024\/09\/radio-vostok.jpg\" class=\"attachment-full size-full wp-image-54405\" alt=\"\" srcset=\"https:\/\/swissdox.ch\/wp-content\/uploads\/2024\/09\/radio-vostok.jpg 600w, https:\/\/swissdox.ch\/wp-content\/uploads\/2024\/09\/radio-vostok-225x300.jpg 225w\" sizes=\"(max-width: 600px) 100vw, 600px\" \/><\/div>\n\t\t<\/a>\n\t\t\t\t<div class=\"elementor-post__text\">\n\t\t\t\t<h3 class=\"elementor-post__title\">\n\t\t\t<a href=\"https:\/\/swissdox.ch\/fr\/repertoire-des-medias\/radiovostok-ch\/\" >\n\t\t\t\tradiovostok.ch\t\t\t<\/a>\n\t\t<\/h3>\n\t\t\t\t<\/div>\n\t\t\t\t<\/article>\n\t\t\t\t<article class=\"elementor-post elementor-grid-item post-69938 medienverzeichnis type-medienverzeichnis status-publish has-post-thumbnail hentry land-suisse medientyp-presse-en-ligne partner-reformierte-medien sprache-allemand\" role=\"listitem\">\n\t\t\t\t<a class=\"elementor-post__thumbnail__link\" href=\"https:\/\/swissdox.ch\/fr\/repertoire-des-medias\/ref-ch\/\" tabindex=\"-1\" >\n\t\t\t<div class=\"elementor-post__thumbnail\"><img loading=\"lazy\" decoding=\"async\" width=\"600\" height=\"800\" src=\"https:\/\/swissdox.ch\/wp-content\/uploads\/2024\/09\/ref-ch.jpg\" class=\"attachment-full size-full wp-image-54413\" alt=\"\" srcset=\"https:\/\/swissdox.ch\/wp-content\/uploads\/2024\/09\/ref-ch.jpg 600w, https:\/\/swissdox.ch\/wp-content\/uploads\/2024\/09\/ref-ch-225x300.jpg 225w\" sizes=\"(max-width: 600px) 100vw, 600px\" \/><\/div>\n\t\t<\/a>\n\t\t\t\t<div class=\"elementor-post__text\">\n\t\t\t\t<h3 class=\"elementor-post__title\">\n\t\t\t<a href=\"https:\/\/swissdox.ch\/fr\/repertoire-des-medias\/ref-ch\/\" >\n\t\t\t\tref.ch\t\t\t<\/a>\n\t\t<\/h3>\n\t\t\t\t<\/div>\n\t\t\t\t<\/article>\n\t\t\t\t<article class=\"elementor-post elementor-grid-item post-69939 medienverzeichnis type-medienverzeichnis status-publish has-post-thumbnail hentry land-suisse medientyp-presse-en-ligne partner-reflekt-verein sprache-allemand\" role=\"listitem\">\n\t\t\t\t<a class=\"elementor-post__thumbnail__link\" href=\"https:\/\/swissdox.ch\/fr\/repertoire-des-medias\/reflekt-ch\/\" tabindex=\"-1\" >\n\t\t\t<div class=\"elementor-post__thumbnail\"><img loading=\"lazy\" decoding=\"async\" width=\"600\" height=\"800\" src=\"https:\/\/swissdox.ch\/wp-content\/uploads\/2024\/09\/reflekt-ch.jpg\" class=\"attachment-full size-full wp-image-54417\" alt=\"\" srcset=\"https:\/\/swissdox.ch\/wp-content\/uploads\/2024\/09\/reflekt-ch.jpg 600w, https:\/\/swissdox.ch\/wp-content\/uploads\/2024\/09\/reflekt-ch-225x300.jpg 225w\" sizes=\"(max-width: 600px) 100vw, 600px\" \/><\/div>\n\t\t<\/a>\n\t\t\t\t<div class=\"elementor-post__text\">\n\t\t\t\t<h3 class=\"elementor-post__title\">\n\t\t\t<a href=\"https:\/\/swissdox.ch\/fr\/repertoire-des-medias\/reflekt-ch\/\" >\n\t\t\t\treflekt.ch\t\t\t<\/a>\n\t\t<\/h3>\n\t\t\t\t<\/div>\n\t\t\t\t<\/article>\n\t\t\t\t<article class=\"elementor-post elementor-grid-item post-69940 medienverzeichnis type-medienverzeichnis status-publish has-post-thumbnail hentry land-suisse medientyp-magazine partner-reformiert sprache-allemand\" role=\"listitem\">\n\t\t\t\t<a class=\"elementor-post__thumbnail__link\" href=\"https:\/\/swissdox.ch\/fr\/repertoire-des-medias\/reformiert\/\" tabindex=\"-1\" >\n\t\t\t<div class=\"elementor-post__thumbnail\"><img loading=\"lazy\" decoding=\"async\" width=\"600\" height=\"800\" src=\"https:\/\/swissdox.ch\/wp-content\/uploads\/2024\/09\/reformiert.jpg\" class=\"attachment-full size-full wp-image-54421\" alt=\"\" srcset=\"https:\/\/swissdox.ch\/wp-content\/uploads\/2024\/09\/reformiert.jpg 600w, https:\/\/swissdox.ch\/wp-content\/uploads\/2024\/09\/reformiert-225x300.jpg 225w\" sizes=\"(max-width: 600px) 100vw, 600px\" \/><\/div>\n\t\t<\/a>\n\t\t\t\t<div class=\"elementor-post__text\">\n\t\t\t\t<h3 class=\"elementor-post__title\">\n\t\t\t<a href=\"https:\/\/swissdox.ch\/fr\/repertoire-des-medias\/reformiert\/\" >\n\t\t\t\treformiert\t\t\t<\/a>\n\t\t<\/h3>\n\t\t\t\t<\/div>\n\t\t\t\t<\/article>\n\t\t\t\t<article class=\"elementor-post elementor-grid-item post-69941 medienverzeichnis type-medienverzeichnis status-publish has-post-thumbnail hentry land-suisse medientyp-hebdomadaire partner-zo-medien-ag sprache-allemand\" role=\"listitem\">\n\t\t\t\t<a class=\"elementor-post__thumbnail__link\" href=\"https:\/\/swissdox.ch\/fr\/repertoire-des-medias\/regio-ch\/\" tabindex=\"-1\" >\n\t\t\t<div class=\"elementor-post__thumbnail\"><img loading=\"lazy\" decoding=\"async\" width=\"600\" height=\"800\" src=\"https:\/\/swissdox.ch\/wp-content\/uploads\/2024\/09\/regio-ch.jpg\" class=\"attachment-full size-full wp-image-54425\" alt=\"\" srcset=\"https:\/\/swissdox.ch\/wp-content\/uploads\/2024\/09\/regio-ch.jpg 600w, https:\/\/swissdox.ch\/wp-content\/uploads\/2024\/09\/regio-ch-225x300.jpg 225w\" sizes=\"(max-width: 600px) 100vw, 600px\" \/><\/div>\n\t\t<\/a>\n\t\t\t\t<div class=\"elementor-post__text\">\n\t\t\t\t<h3 class=\"elementor-post__title\">\n\t\t\t<a href=\"https:\/\/swissdox.ch\/fr\/repertoire-des-medias\/regio-ch\/\" >\n\t\t\t\tregio.ch\t\t\t<\/a>\n\t\t<\/h3>\n\t\t\t\t<\/div>\n\t\t\t\t<\/article>\n\t\t\t\t<article class=\"elementor-post elementor-grid-item post-69942 medienverzeichnis type-medienverzeichnis status-publish has-post-thumbnail hentry land-allemagne medientyp-presse-en-ligne partner-rnd-redaktionsnetzwerk-deutschland-gmbh sprache-allemand\" role=\"listitem\">\n\t\t\t\t<a class=\"elementor-post__thumbnail__link\" href=\"https:\/\/swissdox.ch\/fr\/repertoire-des-medias\/reisereporter-de\/\" tabindex=\"-1\" >\n\t\t\t<div class=\"elementor-post__thumbnail\"><img loading=\"lazy\" decoding=\"async\" width=\"600\" height=\"799\" src=\"https:\/\/swissdox.ch\/wp-content\/uploads\/2026\/07\/reisereporter-de.jpg\" class=\"attachment-full size-full wp-image-70130\" alt=\"\" srcset=\"https:\/\/swissdox.ch\/wp-content\/uploads\/2026\/07\/reisereporter-de.jpg 600w, https:\/\/swissdox.ch\/wp-content\/uploads\/2026\/07\/reisereporter-de-225x300.jpg 225w\" sizes=\"(max-width: 600px) 100vw, 600px\" \/><\/div>\n\t\t<\/a>\n\t\t\t\t<div class=\"elementor-post__text\">\n\t\t\t\t<h3 class=\"elementor-post__title\">\n\t\t\t<a href=\"https:\/\/swissdox.ch\/fr\/repertoire-des-medias\/reisereporter-de\/\" >\n\t\t\t\treisereporter.de\t\t\t<\/a>\n\t\t<\/h3>\n\t\t\t\t<\/div>\n\t\t\t\t<\/article>\n\t\t\t\t<article class=\"elementor-post elementor-grid-item post-69943 medienverzeichnis type-medienverzeichnis status-publish has-post-thumbnail hentry land-suisse medientyp-magazine partner-puntas-reportagen-ag sprache-allemand\" role=\"listitem\">\n\t\t\t\t<a class=\"elementor-post__thumbnail__link\" href=\"https:\/\/swissdox.ch\/fr\/repertoire-des-medias\/reportagen\/\" tabindex=\"-1\" >\n\t\t\t<div class=\"elementor-post__thumbnail\"><img loading=\"lazy\" decoding=\"async\" width=\"600\" height=\"799\" src=\"https:\/\/swissdox.ch\/wp-content\/uploads\/2024\/09\/reportagen.jpg\" class=\"attachment-full size-full wp-image-54429\" alt=\"\" srcset=\"https:\/\/swissdox.ch\/wp-content\/uploads\/2024\/09\/reportagen.jpg 600w, https:\/\/swissdox.ch\/wp-content\/uploads\/2024\/09\/reportagen-225x300.jpg 225w\" sizes=\"(max-width: 600px) 100vw, 600px\" \/><\/div>\n\t\t<\/a>\n\t\t\t\t<div class=\"elementor-post__text\">\n\t\t\t\t<h3 class=\"elementor-post__title\">\n\t\t\t<a href=\"https:\/\/swissdox.ch\/fr\/repertoire-des-medias\/reportagen\/\" >\n\t\t\t\tReportagen\t\t\t<\/a>\n\t\t<\/h3>\n\t\t\t\t<\/div>\n\t\t\t\t<\/article>\n\t\t\t\t<article class=\"elementor-post elementor-grid-item post-69944 medienverzeichnis type-medienverzeichnis status-publish has-post-thumbnail hentry land-suisse medientyp-presse-en-ligne partner-republik-ag sprache-allemand\" role=\"listitem\">\n\t\t\t\t<a class=\"elementor-post__thumbnail__link\" href=\"https:\/\/swissdox.ch\/fr\/repertoire-des-medias\/republik-ch\/\" tabindex=\"-1\" >\n\t\t\t<div class=\"elementor-post__thumbnail\"><img loading=\"lazy\" decoding=\"async\" width=\"600\" height=\"800\" src=\"https:\/\/swissdox.ch\/wp-content\/uploads\/2024\/09\/republik-ch.jpg\" class=\"attachment-full size-full wp-image-54433\" alt=\"\" srcset=\"https:\/\/swissdox.ch\/wp-content\/uploads\/2024\/09\/republik-ch.jpg 600w, https:\/\/swissdox.ch\/wp-content\/uploads\/2024\/09\/republik-ch-225x300.jpg 225w\" sizes=\"(max-width: 600px) 100vw, 600px\" \/><\/div>\n\t\t<\/a>\n\t\t\t\t<div class=\"elementor-post__text\">\n\t\t\t\t<h3 class=\"elementor-post__title\">\n\t\t\t<a href=\"https:\/\/swissdox.ch\/fr\/repertoire-des-medias\/republik-ch\/\" >\n\t\t\t\trepublik.ch\t\t\t<\/a>\n\t\t<\/h3>\n\t\t\t\t<\/div>\n\t\t\t\t<\/article>\n\t\t\t\t<article class=\"elementor-post elementor-grid-item post-69945 medienverzeichnis type-medienverzeichnis status-publish has-post-thumbnail hentry land-suisse medientyp-magazine partner-automobil-revue-ag sprache-francais\" role=\"listitem\">\n\t\t\t\t<a class=\"elementor-post__thumbnail__link\" href=\"https:\/\/swissdox.ch\/fr\/repertoire-des-medias\/revue-automobile\/\" tabindex=\"-1\" >\n\t\t\t<div class=\"elementor-post__thumbnail\"><img loading=\"lazy\" decoding=\"async\" width=\"600\" height=\"800\" src=\"https:\/\/swissdox.ch\/wp-content\/uploads\/2024\/09\/revue-automobile.jpg\" class=\"attachment-full size-full wp-image-54437\" alt=\"\" srcset=\"https:\/\/swissdox.ch\/wp-content\/uploads\/2024\/09\/revue-automobile.jpg 600w, https:\/\/swissdox.ch\/wp-content\/uploads\/2024\/09\/revue-automobile-225x300.jpg 225w\" sizes=\"(max-width: 600px) 100vw, 600px\" \/><\/div>\n\t\t<\/a>\n\t\t\t\t<div class=\"elementor-post__text\">\n\t\t\t\t<h3 class=\"elementor-post__title\">\n\t\t\t<a href=\"https:\/\/swissdox.ch\/fr\/repertoire-des-medias\/revue-automobile\/\" >\n\t\t\t\tRevue Automobile\t\t\t<\/a>\n\t\t<\/h3>\n\t\t\t\t<\/div>\n\t\t\t\t<\/article>\n\t\t\t\t<article class=\"elementor-post elementor-grid-item post-69946 medienverzeichnis type-medienverzeichnis status-publish has-post-thumbnail hentry land-suisse medientyp-magazine partner-jm-judische-medien-ag sprache-francais\" role=\"listitem\">\n\t\t\t\t<a class=\"elementor-post__thumbnail__link\" href=\"https:\/\/swissdox.ch\/fr\/repertoire-des-medias\/revue-juive\/\" tabindex=\"-1\" >\n\t\t\t<div class=\"elementor-post__thumbnail\"><img loading=\"lazy\" decoding=\"async\" width=\"600\" height=\"800\" src=\"https:\/\/swissdox.ch\/wp-content\/uploads\/2024\/09\/revue-juive.jpg\" class=\"attachment-full size-full wp-image-54441\" alt=\"\" srcset=\"https:\/\/swissdox.ch\/wp-content\/uploads\/2024\/09\/revue-juive.jpg 600w, https:\/\/swissdox.ch\/wp-content\/uploads\/2024\/09\/revue-juive-225x300.jpg 225w\" sizes=\"(max-width: 600px) 100vw, 600px\" \/><\/div>\n\t\t<\/a>\n\t\t\t\t<div class=\"elementor-post__text\">\n\t\t\t\t<h3 class=\"elementor-post__title\">\n\t\t\t<a href=\"https:\/\/swissdox.ch\/fr\/repertoire-des-medias\/revue-juive\/\" >\n\t\t\t\trevue juive\t\t\t<\/a>\n\t\t<\/h3>\n\t\t\t\t<\/div>\n\t\t\t\t<\/article>\n\t\t\t\t<article class=\"elementor-post elementor-grid-item post-69947 medienverzeichnis type-medienverzeichnis status-publish has-post-thumbnail hentry land-suisse medientyp-presse-en-ligne partner-bnj-fm-sa sprache-francais\" role=\"listitem\">\n\t\t\t\t<a class=\"elementor-post__thumbnail__link\" href=\"https:\/\/swissdox.ch\/fr\/repertoire-des-medias\/rfj-ch\/\" tabindex=\"-1\" >\n\t\t\t<div class=\"elementor-post__thumbnail\"><img loading=\"lazy\" decoding=\"async\" width=\"600\" height=\"800\" src=\"https:\/\/swissdox.ch\/wp-content\/uploads\/2024\/09\/radio-rfj.jpg\" class=\"attachment-full size-full wp-image-54393\" alt=\"\" srcset=\"https:\/\/swissdox.ch\/wp-content\/uploads\/2024\/09\/radio-rfj.jpg 600w, https:\/\/swissdox.ch\/wp-content\/uploads\/2024\/09\/radio-rfj-225x300.jpg 225w\" sizes=\"(max-width: 600px) 100vw, 600px\" \/><\/div>\n\t\t<\/a>\n\t\t\t\t<div class=\"elementor-post__text\">\n\t\t\t\t<h3 class=\"elementor-post__title\">\n\t\t\t<a href=\"https:\/\/swissdox.ch\/fr\/repertoire-des-medias\/rfj-ch\/\" >\n\t\t\t\trfj.ch\t\t\t<\/a>\n\t\t<\/h3>\n\t\t\t\t<\/div>\n\t\t\t\t<\/article>\n\t\t\t\t<article class=\"elementor-post elementor-grid-item post-69948 medienverzeichnis type-medienverzeichnis status-publish has-post-thumbnail hentry land-suisse medientyp-quotidien partner-galledia-ag sprache-allemand\" role=\"listitem\">\n\t\t\t\t<a class=\"elementor-post__thumbnail__link\" href=\"https:\/\/swissdox.ch\/fr\/repertoire-des-medias\/der-rheintaler\/\" tabindex=\"-1\" >\n\t\t\t<div class=\"elementor-post__thumbnail\"><img loading=\"lazy\" decoding=\"async\" width=\"600\" height=\"800\" src=\"https:\/\/swissdox.ch\/wp-content\/uploads\/2024\/09\/der-rheintaler.jpg\" class=\"attachment-full size-full wp-image-53613\" alt=\"\" srcset=\"https:\/\/swissdox.ch\/wp-content\/uploads\/2024\/09\/der-rheintaler.jpg 600w, https:\/\/swissdox.ch\/wp-content\/uploads\/2024\/09\/der-rheintaler-225x300.jpg 225w\" sizes=\"(max-width: 600px) 100vw, 600px\" \/><\/div>\n\t\t<\/a>\n\t\t\t\t<div class=\"elementor-post__text\">\n\t\t\t\t<h3 class=\"elementor-post__title\">\n\t\t\t<a href=\"https:\/\/swissdox.ch\/fr\/repertoire-des-medias\/der-rheintaler\/\" >\n\t\t\t\tDer Rheintaler\t\t\t<\/a>\n\t\t<\/h3>\n\t\t\t\t<\/div>\n\t\t\t\t<\/article>\n\t\t\t\t<article class=\"elementor-post elementor-grid-item post-69949 medienverzeichnis type-medienverzeichnis status-publish has-post-thumbnail hentry land-suisse medientyp-presse-en-ligne partner-galledia-ag sprache-allemand\" role=\"listitem\">\n\t\t\t\t<a class=\"elementor-post__thumbnail__link\" href=\"https:\/\/swissdox.ch\/fr\/repertoire-des-medias\/rheintaler-ch\/\" tabindex=\"-1\" >\n\t\t\t<div class=\"elementor-post__thumbnail\"><img loading=\"lazy\" decoding=\"async\" width=\"600\" height=\"800\" src=\"https:\/\/swissdox.ch\/wp-content\/uploads\/2024\/09\/rheintaler-ch.jpg\" class=\"attachment-full size-full wp-image-54445\" alt=\"\" srcset=\"https:\/\/swissdox.ch\/wp-content\/uploads\/2024\/09\/rheintaler-ch.jpg 600w, https:\/\/swissdox.ch\/wp-content\/uploads\/2024\/09\/rheintaler-ch-225x300.jpg 225w\" sizes=\"(max-width: 600px) 100vw, 600px\" \/><\/div>\n\t\t<\/a>\n\t\t\t\t<div class=\"elementor-post__text\">\n\t\t\t\t<h3 class=\"elementor-post__title\">\n\t\t\t<a href=\"https:\/\/swissdox.ch\/fr\/repertoire-des-medias\/rheintaler-ch\/\" >\n\t\t\t\trheintaler.ch\t\t\t<\/a>\n\t\t<\/h3>\n\t\t\t\t<\/div>\n\t\t\t\t<\/article>\n\t\t\t\t<article class=\"elementor-post elementor-grid-item post-69950 medienverzeichnis type-medienverzeichnis status-publish has-post-thumbnail hentry land-suisse medientyp-hebdomadaire partner-riviera-chablais-sa sprache-francais\" role=\"listitem\">\n\t\t\t\t<a class=\"elementor-post__thumbnail__link\" href=\"https:\/\/swissdox.ch\/fr\/repertoire-des-medias\/riviera-chablais\/\" tabindex=\"-1\" >\n\t\t\t<div class=\"elementor-post__thumbnail\"><img loading=\"lazy\" decoding=\"async\" width=\"600\" height=\"799\" src=\"https:\/\/swissdox.ch\/wp-content\/uploads\/2024\/09\/riviera-chablais.jpg\" class=\"attachment-full size-full wp-image-54449\" alt=\"\" srcset=\"https:\/\/swissdox.ch\/wp-content\/uploads\/2024\/09\/riviera-chablais.jpg 600w, https:\/\/swissdox.ch\/wp-content\/uploads\/2024\/09\/riviera-chablais-225x300.jpg 225w\" sizes=\"(max-width: 600px) 100vw, 600px\" \/><\/div>\n\t\t<\/a>\n\t\t\t\t<div class=\"elementor-post__text\">\n\t\t\t\t<h3 class=\"elementor-post__title\">\n\t\t\t<a href=\"https:\/\/swissdox.ch\/fr\/repertoire-des-medias\/riviera-chablais\/\" >\n\t\t\t\tRiviera Chablais\t\t\t<\/a>\n\t\t<\/h3>\n\t\t\t\t<\/div>\n\t\t\t\t<\/article>\n\t\t\t\t<article class=\"elementor-post elementor-grid-item post-69951 medienverzeichnis type-medienverzeichnis status-publish has-post-thumbnail hentry land-suisse medientyp-presse-en-ligne partner-bnj-fm-sa sprache-francais\" role=\"listitem\">\n\t\t\t\t<a class=\"elementor-post__thumbnail__link\" href=\"https:\/\/swissdox.ch\/fr\/repertoire-des-medias\/rjb-ch\/\" tabindex=\"-1\" >\n\t\t\t<div class=\"elementor-post__thumbnail\"><img loading=\"lazy\" decoding=\"async\" width=\"600\" height=\"800\" src=\"https:\/\/swissdox.ch\/wp-content\/uploads\/2024\/09\/radio-rjb.jpg\" class=\"attachment-full size-full wp-image-54397\" alt=\"\" srcset=\"https:\/\/swissdox.ch\/wp-content\/uploads\/2024\/09\/radio-rjb.jpg 600w, https:\/\/swissdox.ch\/wp-content\/uploads\/2024\/09\/radio-rjb-225x300.jpg 225w\" sizes=\"(max-width: 600px) 100vw, 600px\" \/><\/div>\n\t\t<\/a>\n\t\t\t\t<div class=\"elementor-post__text\">\n\t\t\t\t<h3 class=\"elementor-post__title\">\n\t\t\t<a href=\"https:\/\/swissdox.ch\/fr\/repertoire-des-medias\/rjb-ch\/\" >\n\t\t\t\trjb.ch\t\t\t<\/a>\n\t\t<\/h3>\n\t\t\t\t<\/div>\n\t\t\t\t<\/article>\n\t\t\t\t<article class=\"elementor-post elementor-grid-item post-69952 medienverzeichnis type-medienverzeichnis status-publish has-post-thumbnail hentry land-allemagne medientyp-presse-en-ligne partner-rnd-redaktionsnetzwerk-deutschland-gmbh sprache-allemand\" role=\"listitem\">\n\t\t\t\t<a class=\"elementor-post__thumbnail__link\" href=\"https:\/\/swissdox.ch\/fr\/repertoire-des-medias\/rnd-de\/\" tabindex=\"-1\" >\n\t\t\t<div class=\"elementor-post__thumbnail\"><img loading=\"lazy\" decoding=\"async\" width=\"600\" height=\"800\" src=\"https:\/\/swissdox.ch\/wp-content\/uploads\/2026\/07\/rnd-de.jpg\" class=\"attachment-full size-full wp-image-70134\" alt=\"\" srcset=\"https:\/\/swissdox.ch\/wp-content\/uploads\/2026\/07\/rnd-de.jpg 600w, https:\/\/swissdox.ch\/wp-content\/uploads\/2026\/07\/rnd-de-225x300.jpg 225w\" sizes=\"(max-width: 600px) 100vw, 600px\" \/><\/div>\n\t\t<\/a>\n\t\t\t\t<div class=\"elementor-post__text\">\n\t\t\t\t<h3 class=\"elementor-post__title\">\n\t\t\t<a href=\"https:\/\/swissdox.ch\/fr\/repertoire-des-medias\/rnd-de\/\" >\n\t\t\t\trnd.de\t\t\t<\/a>\n\t\t<\/h3>\n\t\t\t\t<\/div>\n\t\t\t\t<\/article>\n\t\t\t\t<article class=\"elementor-post elementor-grid-item post-69953 medienverzeichnis type-medienverzeichnis status-publish has-post-thumbnail hentry land-suisse medientyp-presse-en-ligne partner-akomag sprache-allemand\" role=\"listitem\">\n\t\t\t\t<a class=\"elementor-post__thumbnail__link\" href=\"https:\/\/swissdox.ch\/fr\/repertoire-des-medias\/roi-online-ch\/\" tabindex=\"-1\" >\n\t\t\t<div class=\"elementor-post__thumbnail\"><img loading=\"lazy\" decoding=\"async\" width=\"600\" height=\"800\" src=\"https:\/\/swissdox.ch\/wp-content\/uploads\/2024\/09\/roi-online-ch.jpg\" class=\"attachment-full size-full wp-image-54453\" alt=\"\" srcset=\"https:\/\/swissdox.ch\/wp-content\/uploads\/2024\/09\/roi-online-ch.jpg 600w, https:\/\/swissdox.ch\/wp-content\/uploads\/2024\/09\/roi-online-ch-225x300.jpg 225w\" sizes=\"(max-width: 600px) 100vw, 600px\" \/><\/div>\n\t\t<\/a>\n\t\t\t\t<div class=\"elementor-post__text\">\n\t\t\t\t<h3 class=\"elementor-post__title\">\n\t\t\t<a href=\"https:\/\/swissdox.ch\/fr\/repertoire-des-medias\/roi-online-ch\/\" >\n\t\t\t\troi-online.ch\t\t\t<\/a>\n\t\t<\/h3>\n\t\t\t\t<\/div>\n\t\t\t\t<\/article>\n\t\t\t\t<article class=\"elementor-post elementor-grid-item post-69954 medienverzeichnis type-medienverzeichnis status-publish has-post-thumbnail hentry land-allemagne medientyp-magazine partner-axel-springer-ullstein-syndication-gmbh sprache-allemand\" role=\"listitem\">\n\t\t\t\t<a class=\"elementor-post__thumbnail__link\" href=\"https:\/\/swissdox.ch\/fr\/repertoire-des-medias\/rolling-stone\/\" tabindex=\"-1\" >\n\t\t\t<div class=\"elementor-post__thumbnail\"><img loading=\"lazy\" decoding=\"async\" width=\"600\" height=\"799\" src=\"https:\/\/swissdox.ch\/wp-content\/uploads\/2024\/09\/rolling-stone.jpg\" class=\"attachment-full size-full wp-image-54457\" alt=\"\" srcset=\"https:\/\/swissdox.ch\/wp-content\/uploads\/2024\/09\/rolling-stone.jpg 600w, https:\/\/swissdox.ch\/wp-content\/uploads\/2024\/09\/rolling-stone-225x300.jpg 225w\" sizes=\"(max-width: 600px) 100vw, 600px\" \/><\/div>\n\t\t<\/a>\n\t\t\t\t<div class=\"elementor-post__text\">\n\t\t\t\t<h3 class=\"elementor-post__title\">\n\t\t\t<a href=\"https:\/\/swissdox.ch\/fr\/repertoire-des-medias\/rolling-stone\/\" >\n\t\t\t\tRolling Stone\t\t\t<\/a>\n\t\t<\/h3>\n\t\t\t\t<\/div>\n\t\t\t\t<\/article>\n\t\t\t\t<article class=\"elementor-post elementor-grid-item post-69955 medienverzeichnis type-medienverzeichnis status-publish has-post-thumbnail hentry land-allemagne medientyp-presse-en-ligne partner-axel-springer-ullstein-syndication-gmbh sprache-allemand\" role=\"listitem\">\n\t\t\t\t<a class=\"elementor-post__thumbnail__link\" href=\"https:\/\/swissdox.ch\/fr\/repertoire-des-medias\/rollingstone-de\/\" tabindex=\"-1\" >\n\t\t\t<div class=\"elementor-post__thumbnail\"><img loading=\"lazy\" decoding=\"async\" width=\"600\" height=\"800\" src=\"https:\/\/swissdox.ch\/wp-content\/uploads\/2024\/09\/rollingstone-de.jpg\" class=\"attachment-full size-full wp-image-54461\" alt=\"\" srcset=\"https:\/\/swissdox.ch\/wp-content\/uploads\/2024\/09\/rollingstone-de.jpg 600w, https:\/\/swissdox.ch\/wp-content\/uploads\/2024\/09\/rollingstone-de-225x300.jpg 225w\" sizes=\"(max-width: 600px) 100vw, 600px\" \/><\/div>\n\t\t<\/a>\n\t\t\t\t<div class=\"elementor-post__text\">\n\t\t\t\t<h3 class=\"elementor-post__title\">\n\t\t\t<a href=\"https:\/\/swissdox.ch\/fr\/repertoire-des-medias\/rollingstone-de\/\" >\n\t\t\t\trollingstone.de\t\t\t<\/a>\n\t\t<\/h3>\n\t\t\t\t<\/div>\n\t\t\t\t<\/article>\n\t\t\t\t<article class=\"elementor-post elementor-grid-item post-69956 medienverzeichnis type-medienverzeichnis status-publish has-post-thumbnail hentry land-suisse medientyp-audio partner-srg sprache-italien\" role=\"listitem\">\n\t\t\t\t<a class=\"elementor-post__thumbnail__link\" href=\"https:\/\/swissdox.ch\/fr\/repertoire-des-medias\/rsi-audio\/\" tabindex=\"-1\" >\n\t\t\t<div class=\"elementor-post__thumbnail\"><img loading=\"lazy\" decoding=\"async\" width=\"600\" height=\"800\" src=\"https:\/\/swissdox.ch\/wp-content\/uploads\/2024\/09\/rsi-ch.jpg\" class=\"attachment-full size-full wp-image-54465\" alt=\"\" srcset=\"https:\/\/swissdox.ch\/wp-content\/uploads\/2024\/09\/rsi-ch.jpg 600w, https:\/\/swissdox.ch\/wp-content\/uploads\/2024\/09\/rsi-ch-225x300.jpg 225w\" sizes=\"(max-width: 600px) 100vw, 600px\" \/><\/div>\n\t\t<\/a>\n\t\t\t\t<div class=\"elementor-post__text\">\n\t\t\t\t<h3 class=\"elementor-post__title\">\n\t\t\t<a href=\"https:\/\/swissdox.ch\/fr\/repertoire-des-medias\/rsi-audio\/\" >\n\t\t\t\trsi Audio\t\t\t<\/a>\n\t\t<\/h3>\n\t\t\t\t<\/div>\n\t\t\t\t<\/article>\n\t\t\t\t<article class=\"elementor-post elementor-grid-item post-69957 medienverzeichnis type-medienverzeichnis status-publish has-post-thumbnail hentry land-suisse medientyp-video partner-srg sprache-italien\" role=\"listitem\">\n\t\t\t\t<a class=\"elementor-post__thumbnail__link\" href=\"https:\/\/swissdox.ch\/fr\/repertoire-des-medias\/rsi-video\/\" tabindex=\"-1\" >\n\t\t\t<div class=\"elementor-post__thumbnail\"><img loading=\"lazy\" decoding=\"async\" width=\"600\" height=\"800\" src=\"https:\/\/swissdox.ch\/wp-content\/uploads\/2024\/09\/rsi-ch.jpg\" class=\"attachment-full size-full wp-image-54465\" alt=\"\" srcset=\"https:\/\/swissdox.ch\/wp-content\/uploads\/2024\/09\/rsi-ch.jpg 600w, https:\/\/swissdox.ch\/wp-content\/uploads\/2024\/09\/rsi-ch-225x300.jpg 225w\" sizes=\"(max-width: 600px) 100vw, 600px\" \/><\/div>\n\t\t<\/a>\n\t\t\t\t<div class=\"elementor-post__text\">\n\t\t\t\t<h3 class=\"elementor-post__title\">\n\t\t\t<a href=\"https:\/\/swissdox.ch\/fr\/repertoire-des-medias\/rsi-video\/\" >\n\t\t\t\trsi Video\t\t\t<\/a>\n\t\t<\/h3>\n\t\t\t\t<\/div>\n\t\t\t\t<\/article>\n\t\t\t\t<article class=\"elementor-post elementor-grid-item post-69958 medienverzeichnis type-medienverzeichnis status-publish has-post-thumbnail hentry land-suisse medientyp-presse-en-ligne partner-srg sprache-italien\" role=\"listitem\">\n\t\t\t\t<a class=\"elementor-post__thumbnail__link\" href=\"https:\/\/swissdox.ch\/fr\/repertoire-des-medias\/rsi-ch\/\" tabindex=\"-1\" >\n\t\t\t<div class=\"elementor-post__thumbnail\"><img loading=\"lazy\" decoding=\"async\" width=\"600\" height=\"800\" src=\"https:\/\/swissdox.ch\/wp-content\/uploads\/2024\/09\/rsi-ch.jpg\" class=\"attachment-full size-full wp-image-54465\" alt=\"\" srcset=\"https:\/\/swissdox.ch\/wp-content\/uploads\/2024\/09\/rsi-ch.jpg 600w, https:\/\/swissdox.ch\/wp-content\/uploads\/2024\/09\/rsi-ch-225x300.jpg 225w\" sizes=\"(max-width: 600px) 100vw, 600px\" \/><\/div>\n\t\t<\/a>\n\t\t\t\t<div class=\"elementor-post__text\">\n\t\t\t\t<h3 class=\"elementor-post__title\">\n\t\t\t<a href=\"https:\/\/swissdox.ch\/fr\/repertoire-des-medias\/rsi-ch\/\" >\n\t\t\t\trsi.ch\t\t\t<\/a>\n\t\t<\/h3>\n\t\t\t\t<\/div>\n\t\t\t\t<\/article>\n\t\t\t\t<article class=\"elementor-post elementor-grid-item post-69959 medienverzeichnis type-medienverzeichnis status-publish has-post-thumbnail hentry land-suisse medientyp-presse-en-ligne partner-bnj-fm-sa sprache-francais\" role=\"listitem\">\n\t\t\t\t<a class=\"elementor-post__thumbnail__link\" href=\"https:\/\/swissdox.ch\/fr\/repertoire-des-medias\/rtn-ch\/\" tabindex=\"-1\" >\n\t\t\t<div class=\"elementor-post__thumbnail\"><img loading=\"lazy\" decoding=\"async\" width=\"600\" height=\"800\" src=\"https:\/\/swissdox.ch\/wp-content\/uploads\/2024\/09\/radio-rtn.jpg\" class=\"attachment-full size-full wp-image-54401\" alt=\"\" srcset=\"https:\/\/swissdox.ch\/wp-content\/uploads\/2024\/09\/radio-rtn.jpg 600w, https:\/\/swissdox.ch\/wp-content\/uploads\/2024\/09\/radio-rtn-225x300.jpg 225w\" sizes=\"(max-width: 600px) 100vw, 600px\" \/><\/div>\n\t\t<\/a>\n\t\t\t\t<div class=\"elementor-post__text\">\n\t\t\t\t<h3 class=\"elementor-post__title\">\n\t\t\t<a href=\"https:\/\/swissdox.ch\/fr\/repertoire-des-medias\/rtn-ch\/\" >\n\t\t\t\trtn.ch\t\t\t<\/a>\n\t\t<\/h3>\n\t\t\t\t<\/div>\n\t\t\t\t<\/article>\n\t\t\t\t<article class=\"elementor-post elementor-grid-item post-69960 medienverzeichnis type-medienverzeichnis status-publish has-post-thumbnail hentry land-suisse medientyp-video partner-srg sprache-allemand\" role=\"listitem\">\n\t\t\t\t<a class=\"elementor-post__thumbnail__link\" href=\"https:\/\/swissdox.ch\/fr\/repertoire-des-medias\/rtr-video\/\" tabindex=\"-1\" >\n\t\t\t<div class=\"elementor-post__thumbnail\"><img loading=\"lazy\" decoding=\"async\" width=\"600\" height=\"800\" src=\"https:\/\/swissdox.ch\/wp-content\/uploads\/2024\/09\/rtr-ch.jpg\" class=\"attachment-full size-full wp-image-54469\" alt=\"\" srcset=\"https:\/\/swissdox.ch\/wp-content\/uploads\/2024\/09\/rtr-ch.jpg 600w, https:\/\/swissdox.ch\/wp-content\/uploads\/2024\/09\/rtr-ch-225x300.jpg 225w\" sizes=\"(max-width: 600px) 100vw, 600px\" \/><\/div>\n\t\t<\/a>\n\t\t\t\t<div class=\"elementor-post__text\">\n\t\t\t\t<h3 class=\"elementor-post__title\">\n\t\t\t<a href=\"https:\/\/swissdox.ch\/fr\/repertoire-des-medias\/rtr-video\/\" >\n\t\t\t\trtr Video\t\t\t<\/a>\n\t\t<\/h3>\n\t\t\t\t<\/div>\n\t\t\t\t<\/article>\n\t\t\t\t<article class=\"elementor-post elementor-grid-item post-69961 medienverzeichnis type-medienverzeichnis status-publish has-post-thumbnail hentry land-suisse medientyp-presse-en-ligne partner-srg sprache-rheto-roman\" role=\"listitem\">\n\t\t\t\t<a class=\"elementor-post__thumbnail__link\" href=\"https:\/\/swissdox.ch\/fr\/repertoire-des-medias\/rtr-ch\/\" tabindex=\"-1\" >\n\t\t\t<div class=\"elementor-post__thumbnail\"><img loading=\"lazy\" decoding=\"async\" width=\"600\" height=\"800\" src=\"https:\/\/swissdox.ch\/wp-content\/uploads\/2024\/09\/rtr-ch.jpg\" class=\"attachment-full size-full wp-image-54469\" alt=\"\" srcset=\"https:\/\/swissdox.ch\/wp-content\/uploads\/2024\/09\/rtr-ch.jpg 600w, https:\/\/swissdox.ch\/wp-content\/uploads\/2024\/09\/rtr-ch-225x300.jpg 225w\" sizes=\"(max-width: 600px) 100vw, 600px\" \/><\/div>\n\t\t<\/a>\n\t\t\t\t<div class=\"elementor-post__text\">\n\t\t\t\t<h3 class=\"elementor-post__title\">\n\t\t\t<a href=\"https:\/\/swissdox.ch\/fr\/repertoire-des-medias\/rtr-ch\/\" >\n\t\t\t\trtr.ch\t\t\t<\/a>\n\t\t<\/h3>\n\t\t\t\t<\/div>\n\t\t\t\t<\/article>\n\t\t\t\t<article class=\"elementor-post elementor-grid-item post-69962 medienverzeichnis type-medienverzeichnis status-publish has-post-thumbnail hentry land-suisse medientyp-audio partner-srg sprache-francais\" role=\"listitem\">\n\t\t\t\t<a class=\"elementor-post__thumbnail__link\" href=\"https:\/\/swissdox.ch\/fr\/repertoire-des-medias\/rts-audio\/\" tabindex=\"-1\" >\n\t\t\t<div class=\"elementor-post__thumbnail\"><img loading=\"lazy\" decoding=\"async\" width=\"600\" height=\"800\" src=\"https:\/\/swissdox.ch\/wp-content\/uploads\/2024\/09\/rts-ch.jpg\" class=\"attachment-full size-full wp-image-54473\" alt=\"\" srcset=\"https:\/\/swissdox.ch\/wp-content\/uploads\/2024\/09\/rts-ch.jpg 600w, https:\/\/swissdox.ch\/wp-content\/uploads\/2024\/09\/rts-ch-225x300.jpg 225w\" sizes=\"(max-width: 600px) 100vw, 600px\" \/><\/div>\n\t\t<\/a>\n\t\t\t\t<div class=\"elementor-post__text\">\n\t\t\t\t<h3 class=\"elementor-post__title\">\n\t\t\t<a href=\"https:\/\/swissdox.ch\/fr\/repertoire-des-medias\/rts-audio\/\" >\n\t\t\t\trts Audio\t\t\t<\/a>\n\t\t<\/h3>\n\t\t\t\t<\/div>\n\t\t\t\t<\/article>\n\t\t\t\t<article class=\"elementor-post elementor-grid-item post-69963 medienverzeichnis type-medienverzeichnis status-publish has-post-thumbnail hentry land-suisse medientyp-video partner-srg sprache-francais\" role=\"listitem\">\n\t\t\t\t<a class=\"elementor-post__thumbnail__link\" href=\"https:\/\/swissdox.ch\/fr\/repertoire-des-medias\/rts-video\/\" tabindex=\"-1\" >\n\t\t\t<div class=\"elementor-post__thumbnail\"><img loading=\"lazy\" decoding=\"async\" width=\"600\" height=\"800\" src=\"https:\/\/swissdox.ch\/wp-content\/uploads\/2024\/09\/rts-ch.jpg\" class=\"attachment-full size-full wp-image-54473\" alt=\"\" srcset=\"https:\/\/swissdox.ch\/wp-content\/uploads\/2024\/09\/rts-ch.jpg 600w, https:\/\/swissdox.ch\/wp-content\/uploads\/2024\/09\/rts-ch-225x300.jpg 225w\" sizes=\"(max-width: 600px) 100vw, 600px\" \/><\/div>\n\t\t<\/a>\n\t\t\t\t<div class=\"elementor-post__text\">\n\t\t\t\t<h3 class=\"elementor-post__title\">\n\t\t\t<a href=\"https:\/\/swissdox.ch\/fr\/repertoire-des-medias\/rts-video\/\" >\n\t\t\t\trts Vid\u00e9o\t\t\t<\/a>\n\t\t<\/h3>\n\t\t\t\t<\/div>\n\t\t\t\t<\/article>\n\t\t\t\t<article class=\"elementor-post elementor-grid-item post-69964 medienverzeichnis type-medienverzeichnis status-publish has-post-thumbnail hentry land-suisse medientyp-presse-en-ligne partner-srg sprache-francais\" role=\"listitem\">\n\t\t\t\t<a class=\"elementor-post__thumbnail__link\" href=\"https:\/\/swissdox.ch\/fr\/repertoire-des-medias\/rts-ch\/\" tabindex=\"-1\" >\n\t\t\t<div class=\"elementor-post__thumbnail\"><img loading=\"lazy\" decoding=\"async\" width=\"600\" height=\"800\" src=\"https:\/\/swissdox.ch\/wp-content\/uploads\/2024\/09\/rts-ch.jpg\" class=\"attachment-full size-full wp-image-54473\" alt=\"\" srcset=\"https:\/\/swissdox.ch\/wp-content\/uploads\/2024\/09\/rts-ch.jpg 600w, https:\/\/swissdox.ch\/wp-content\/uploads\/2024\/09\/rts-ch-225x300.jpg 225w\" sizes=\"(max-width: 600px) 100vw, 600px\" \/><\/div>\n\t\t<\/a>\n\t\t\t\t<div class=\"elementor-post__text\">\n\t\t\t\t<h3 class=\"elementor-post__title\">\n\t\t\t<a href=\"https:\/\/swissdox.ch\/fr\/repertoire-des-medias\/rts-ch\/\" >\n\t\t\t\trts.ch\t\t\t<\/a>\n\t\t<\/h3>\n\t\t\t\t<\/div>\n\t\t\t\t<\/article>\n\t\t\t\t<article class=\"elementor-post elementor-grid-item post-69965 medienverzeichnis type-medienverzeichnis status-publish has-post-thumbnail hentry land-suisse medientyp-hebdomadaire partner-fz-furttaler-zeitung sprache-allemand\" role=\"listitem\">\n\t\t\t\t<a class=\"elementor-post__thumbnail__link\" href=\"https:\/\/swissdox.ch\/fr\/repertoire-des-medias\/ruemlanger\/\" tabindex=\"-1\" >\n\t\t\t<div class=\"elementor-post__thumbnail\"><img loading=\"lazy\" decoding=\"async\" width=\"600\" height=\"799\" src=\"https:\/\/swissdox.ch\/wp-content\/uploads\/2024\/09\/ruemlanger.jpg\" class=\"attachment-full size-full wp-image-54477\" alt=\"\" srcset=\"https:\/\/swissdox.ch\/wp-content\/uploads\/2024\/09\/ruemlanger.jpg 600w, https:\/\/swissdox.ch\/wp-content\/uploads\/2024\/09\/ruemlanger-225x300.jpg 225w\" sizes=\"(max-width: 600px) 100vw, 600px\" \/><\/div>\n\t\t<\/a>\n\t\t\t\t<div class=\"elementor-post__text\">\n\t\t\t\t<h3 class=\"elementor-post__title\">\n\t\t\t<a href=\"https:\/\/swissdox.ch\/fr\/repertoire-des-medias\/ruemlanger\/\" >\n\t\t\t\tR\u00fcmlanger\t\t\t<\/a>\n\t\t<\/h3>\n\t\t\t\t<\/div>\n\t\t\t\t<\/article>\n\t\t\t\t<article class=\"elementor-post elementor-grid-item post-69966 medienverzeichnis type-medienverzeichnis status-publish has-post-thumbnail hentry land-suisse medientyp-hebdomadaire partner-effingermedien-ag sprache-allemand\" role=\"listitem\">\n\t\t\t\t<a class=\"elementor-post__thumbnail__link\" href=\"https:\/\/swissdox.ch\/fr\/repertoire-des-medias\/rundschau-nord\/\" tabindex=\"-1\" >\n\t\t\t<div class=\"elementor-post__thumbnail\"><img loading=\"lazy\" decoding=\"async\" width=\"600\" height=\"799\" src=\"https:\/\/swissdox.ch\/wp-content\/uploads\/2024\/09\/rundschau-nord.jpg\" class=\"attachment-full size-full wp-image-54481\" alt=\"\" srcset=\"https:\/\/swissdox.ch\/wp-content\/uploads\/2024\/09\/rundschau-nord.jpg 600w, https:\/\/swissdox.ch\/wp-content\/uploads\/2024\/09\/rundschau-nord-225x300.jpg 225w\" sizes=\"(max-width: 600px) 100vw, 600px\" \/><\/div>\n\t\t<\/a>\n\t\t\t\t<div class=\"elementor-post__text\">\n\t\t\t\t<h3 class=\"elementor-post__title\">\n\t\t\t<a href=\"https:\/\/swissdox.ch\/fr\/repertoire-des-medias\/rundschau-nord\/\" >\n\t\t\t\tRundschau Nord\t\t\t<\/a>\n\t\t<\/h3>\n\t\t\t\t<\/div>\n\t\t\t\t<\/article>\n\t\t\t\t<article class=\"elementor-post elementor-grid-item post-69967 medienverzeichnis type-medienverzeichnis status-publish has-post-thumbnail hentry land-suisse medientyp-hebdomadaire partner-effingermedien-ag sprache-allemand\" role=\"listitem\">\n\t\t\t\t<a class=\"elementor-post__thumbnail__link\" href=\"https:\/\/swissdox.ch\/fr\/repertoire-des-medias\/rundschau-sued\/\" tabindex=\"-1\" >\n\t\t\t<div class=\"elementor-post__thumbnail\"><img loading=\"lazy\" decoding=\"async\" width=\"600\" height=\"799\" src=\"https:\/\/swissdox.ch\/wp-content\/uploads\/2024\/09\/rundschau-sued.jpg\" class=\"attachment-full size-full wp-image-54485\" alt=\"\" srcset=\"https:\/\/swissdox.ch\/wp-content\/uploads\/2024\/09\/rundschau-sued.jpg 600w, https:\/\/swissdox.ch\/wp-content\/uploads\/2024\/09\/rundschau-sued-225x300.jpg 225w\" sizes=\"(max-width: 600px) 100vw, 600px\" \/><\/div>\n\t\t<\/a>\n\t\t\t\t<div class=\"elementor-post__text\">\n\t\t\t\t<h3 class=\"elementor-post__title\">\n\t\t\t<a href=\"https:\/\/swissdox.ch\/fr\/repertoire-des-medias\/rundschau-sued\/\" >\n\t\t\t\tRundschau S\u00fcd\t\t\t<\/a>\n\t\t<\/h3>\n\t\t\t\t<\/div>\n\t\t\t\t<\/article>\n\t\t\t\t<article class=\"elementor-post elementor-grid-item post-69968 medienverzeichnis type-medienverzeichnis status-publish has-post-thumbnail hentry land-allemagne medientyp-presse-en-ligne partner-rnd-redaktionsnetzwerk-deutschland-gmbh sprache-allemand\" role=\"listitem\">\n\t\t\t\t<a class=\"elementor-post__thumbnail__link\" href=\"https:\/\/swissdox.ch\/fr\/repertoire-des-medias\/saechsische-de\/\" tabindex=\"-1\" >\n\t\t\t<div class=\"elementor-post__thumbnail\"><img loading=\"lazy\" decoding=\"async\" width=\"600\" height=\"800\" src=\"https:\/\/swissdox.ch\/wp-content\/uploads\/2026\/07\/saechsische-de.jpg\" class=\"attachment-full size-full wp-image-70138\" alt=\"\" srcset=\"https:\/\/swissdox.ch\/wp-content\/uploads\/2026\/07\/saechsische-de.jpg 600w, https:\/\/swissdox.ch\/wp-content\/uploads\/2026\/07\/saechsische-de-225x300.jpg 225w\" sizes=\"(max-width: 600px) 100vw, 600px\" \/><\/div>\n\t\t<\/a>\n\t\t\t\t<div class=\"elementor-post__text\">\n\t\t\t\t<h3 class=\"elementor-post__title\">\n\t\t\t<a href=\"https:\/\/swissdox.ch\/fr\/repertoire-des-medias\/saechsische-de\/\" >\n\t\t\t\tsaechsische.de\t\t\t<\/a>\n\t\t<\/h3>\n\t\t\t\t<\/div>\n\t\t\t\t<\/article>\n\t\t\t\t<article class=\"elementor-post elementor-grid-item post-69969 medienverzeichnis type-medienverzeichnis status-publish has-post-thumbnail hentry land-suisse medientyp-presse-en-ligne partner-verein-saiten sprache-allemand\" role=\"listitem\">\n\t\t\t\t<a class=\"elementor-post__thumbnail__link\" href=\"https:\/\/swissdox.ch\/fr\/repertoire-des-medias\/saiten-ch\/\" tabindex=\"-1\" >\n\t\t\t<div class=\"elementor-post__thumbnail\"><img loading=\"lazy\" decoding=\"async\" width=\"600\" height=\"800\" src=\"https:\/\/swissdox.ch\/wp-content\/uploads\/2024\/09\/saiten-ch.jpg\" class=\"attachment-full size-full wp-image-54489\" alt=\"\" srcset=\"https:\/\/swissdox.ch\/wp-content\/uploads\/2024\/09\/saiten-ch.jpg 600w, https:\/\/swissdox.ch\/wp-content\/uploads\/2024\/09\/saiten-ch-225x300.jpg 225w\" sizes=\"(max-width: 600px) 100vw, 600px\" \/><\/div>\n\t\t<\/a>\n\t\t\t\t<div class=\"elementor-post__text\">\n\t\t\t\t<h3 class=\"elementor-post__title\">\n\t\t\t<a href=\"https:\/\/swissdox.ch\/fr\/repertoire-des-medias\/saiten-ch\/\" >\n\t\t\t\tsaiten.ch\t\t\t<\/a>\n\t\t<\/h3>\n\t\t\t\t<\/div>\n\t\t\t\t<\/article>\n\t\t\t\t<article class=\"elementor-post elementor-grid-item post-69970 medienverzeichnis type-medienverzeichnis status-publish has-post-thumbnail hentry land-suisse medientyp-presse-en-ligne partner-konsumenteninfo-ag sprache-allemand\" role=\"listitem\">\n\t\t\t\t<a class=\"elementor-post__thumbnail__link\" href=\"https:\/\/swissdox.ch\/fr\/repertoire-des-medias\/saldo-ch\/\" tabindex=\"-1\" >\n\t\t\t<div class=\"elementor-post__thumbnail\"><img loading=\"lazy\" decoding=\"async\" width=\"600\" height=\"800\" src=\"https:\/\/swissdox.ch\/wp-content\/uploads\/2024\/09\/saldo-ch.jpg\" class=\"attachment-full size-full wp-image-54493\" alt=\"\" srcset=\"https:\/\/swissdox.ch\/wp-content\/uploads\/2024\/09\/saldo-ch.jpg 600w, https:\/\/swissdox.ch\/wp-content\/uploads\/2024\/09\/saldo-ch-225x300.jpg 225w\" sizes=\"(max-width: 600px) 100vw, 600px\" \/><\/div>\n\t\t<\/a>\n\t\t\t\t<div class=\"elementor-post__text\">\n\t\t\t\t<h3 class=\"elementor-post__title\">\n\t\t\t<a href=\"https:\/\/swissdox.ch\/fr\/repertoire-des-medias\/saldo-ch\/\" >\n\t\t\t\tsaldo.ch\t\t\t<\/a>\n\t\t<\/h3>\n\t\t\t\t<\/div>\n\t\t\t\t<\/article>\n\t\t\t\t<article class=\"elementor-post elementor-grid-item post-69971 medienverzeichnis type-medienverzeichnis status-publish has-post-thumbnail hentry land-suisse medientyp-hebdomadaire partner-schaffhauser-az sprache-allemand\" role=\"listitem\">\n\t\t\t\t<a class=\"elementor-post__thumbnail__link\" href=\"https:\/\/swissdox.ch\/fr\/repertoire-des-medias\/schaffhauser-az\/\" tabindex=\"-1\" >\n\t\t\t<div class=\"elementor-post__thumbnail\"><img loading=\"lazy\" decoding=\"async\" width=\"600\" height=\"800\" src=\"https:\/\/swissdox.ch\/wp-content\/uploads\/2024\/09\/schaffhauser-az.jpg\" class=\"attachment-full size-full wp-image-54497\" alt=\"\" srcset=\"https:\/\/swissdox.ch\/wp-content\/uploads\/2024\/09\/schaffhauser-az.jpg 600w, https:\/\/swissdox.ch\/wp-content\/uploads\/2024\/09\/schaffhauser-az-225x300.jpg 225w\" sizes=\"(max-width: 600px) 100vw, 600px\" \/><\/div>\n\t\t<\/a>\n\t\t\t\t<div class=\"elementor-post__text\">\n\t\t\t\t<h3 class=\"elementor-post__title\">\n\t\t\t<a href=\"https:\/\/swissdox.ch\/fr\/repertoire-des-medias\/schaffhauser-az\/\" >\n\t\t\t\tSchaffhauser AZ\t\t\t<\/a>\n\t\t<\/h3>\n\t\t\t\t<\/div>\n\t\t\t\t<\/article>\n\t\t\t\t<article class=\"elementor-post elementor-grid-item post-69972 medienverzeichnis type-medienverzeichnis status-publish has-post-thumbnail hentry land-suisse medientyp-quotidien partner-meier-cie-ag-schaffhausen sprache-allemand\" role=\"listitem\">\n\t\t\t\t<a class=\"elementor-post__thumbnail__link\" href=\"https:\/\/swissdox.ch\/fr\/repertoire-des-medias\/schaffhauser-nachrichten\/\" tabindex=\"-1\" >\n\t\t\t<div class=\"elementor-post__thumbnail\"><img loading=\"lazy\" decoding=\"async\" width=\"600\" height=\"800\" src=\"https:\/\/swissdox.ch\/wp-content\/uploads\/2024\/09\/schaffhauser-nachrichten.jpg\" class=\"attachment-full size-full wp-image-54501\" alt=\"\" srcset=\"https:\/\/swissdox.ch\/wp-content\/uploads\/2024\/09\/schaffhauser-nachrichten.jpg 600w, https:\/\/swissdox.ch\/wp-content\/uploads\/2024\/09\/schaffhauser-nachrichten-225x300.jpg 225w\" sizes=\"(max-width: 600px) 100vw, 600px\" \/><\/div>\n\t\t<\/a>\n\t\t\t\t<div class=\"elementor-post__text\">\n\t\t\t\t<h3 class=\"elementor-post__title\">\n\t\t\t<a href=\"https:\/\/swissdox.ch\/fr\/repertoire-des-medias\/schaffhauser-nachrichten\/\" >\n\t\t\t\tSchaffhauser Nachrichten\t\t\t<\/a>\n\t\t<\/h3>\n\t\t\t\t<\/div>\n\t\t\t\t<\/article>\n\t\t\t\t<article class=\"elementor-post elementor-grid-item post-69973 medienverzeichnis type-medienverzeichnis status-publish has-post-thumbnail hentry land-suisse medientyp-magazine partner-schweizer-bauer sprache-allemand\" role=\"listitem\">\n\t\t\t\t<a class=\"elementor-post__thumbnail__link\" href=\"https:\/\/swissdox.ch\/fr\/repertoire-des-medias\/schweizer-bauer\/\" tabindex=\"-1\" >\n\t\t\t<div class=\"elementor-post__thumbnail\"><img loading=\"lazy\" decoding=\"async\" width=\"600\" height=\"800\" src=\"https:\/\/swissdox.ch\/wp-content\/uploads\/2024\/09\/schweizer-bauer.jpg\" class=\"attachment-full size-full wp-image-54509\" alt=\"\" srcset=\"https:\/\/swissdox.ch\/wp-content\/uploads\/2024\/09\/schweizer-bauer.jpg 600w, https:\/\/swissdox.ch\/wp-content\/uploads\/2024\/09\/schweizer-bauer-225x300.jpg 225w\" sizes=\"(max-width: 600px) 100vw, 600px\" \/><\/div>\n\t\t<\/a>\n\t\t\t\t<div class=\"elementor-post__text\">\n\t\t\t\t<h3 class=\"elementor-post__title\">\n\t\t\t<a href=\"https:\/\/swissdox.ch\/fr\/repertoire-des-medias\/schweizer-bauer\/\" >\n\t\t\t\tSchweizer Bauer\t\t\t<\/a>\n\t\t<\/h3>\n\t\t\t\t<\/div>\n\t\t\t\t<\/article>\n\t\t\t\t<article class=\"elementor-post elementor-grid-item post-69974 medienverzeichnis type-medienverzeichnis status-publish has-post-thumbnail hentry land-suisse medientyp-magazine partner-schweizerischer-baumeisterverband sprache-allemand\" role=\"listitem\">\n\t\t\t\t<a class=\"elementor-post__thumbnail__link\" href=\"https:\/\/swissdox.ch\/fr\/repertoire-des-medias\/schweizer-bauwirtschaft\/\" tabindex=\"-1\" >\n\t\t\t<div class=\"elementor-post__thumbnail\"><img loading=\"lazy\" decoding=\"async\" width=\"600\" height=\"799\" src=\"https:\/\/swissdox.ch\/wp-content\/uploads\/2025\/02\/schweizer-bauwirtschaft.jpg\" class=\"attachment-full size-full wp-image-60103\" alt=\"\" srcset=\"https:\/\/swissdox.ch\/wp-content\/uploads\/2025\/02\/schweizer-bauwirtschaft.jpg 600w, https:\/\/swissdox.ch\/wp-content\/uploads\/2025\/02\/schweizer-bauwirtschaft-225x300.jpg 225w\" sizes=\"(max-width: 600px) 100vw, 600px\" \/><\/div>\n\t\t<\/a>\n\t\t\t\t<div class=\"elementor-post__text\">\n\t\t\t\t<h3 class=\"elementor-post__title\">\n\t\t\t<a href=\"https:\/\/swissdox.ch\/fr\/repertoire-des-medias\/schweizer-bauwirtschaft\/\" >\n\t\t\t\tSchweizer Bauwirtschaft\t\t\t<\/a>\n\t\t<\/h3>\n\t\t\t\t<\/div>\n\t\t\t\t<\/article>\n\t\t\t\t<article class=\"elementor-post elementor-grid-item post-69975 medienverzeichnis type-medienverzeichnis status-publish has-post-thumbnail hentry land-suisse medientyp-magazine partner-tx-group-ag sprache-allemand\" role=\"listitem\">\n\t\t\t\t<a class=\"elementor-post__thumbnail__link\" href=\"https:\/\/swissdox.ch\/fr\/repertoire-des-medias\/schweizer-familie\/\" tabindex=\"-1\" >\n\t\t\t<div class=\"elementor-post__thumbnail\"><img loading=\"lazy\" decoding=\"async\" width=\"600\" height=\"799\" src=\"https:\/\/swissdox.ch\/wp-content\/uploads\/2024\/09\/schweizer-familie.jpg\" class=\"attachment-full size-full wp-image-54513\" alt=\"\" srcset=\"https:\/\/swissdox.ch\/wp-content\/uploads\/2024\/09\/schweizer-familie.jpg 600w, https:\/\/swissdox.ch\/wp-content\/uploads\/2024\/09\/schweizer-familie-225x300.jpg 225w\" sizes=\"(max-width: 600px) 100vw, 600px\" \/><\/div>\n\t\t<\/a>\n\t\t\t\t<div class=\"elementor-post__text\">\n\t\t\t\t<h3 class=\"elementor-post__title\">\n\t\t\t<a href=\"https:\/\/swissdox.ch\/fr\/repertoire-des-medias\/schweizer-familie\/\" >\n\t\t\t\tSchweizer Familie\t\t\t<\/a>\n\t\t<\/h3>\n\t\t\t\t<\/div>\n\t\t\t\t<\/article>\n\t\t\t\t<article class=\"elementor-post elementor-grid-item post-69976 medienverzeichnis type-medienverzeichnis status-publish has-post-thumbnail hentry land-suisse medientyp-magazine partner-schweiz-gemeindeverband sprache-allemand\" role=\"listitem\">\n\t\t\t\t<a class=\"elementor-post__thumbnail__link\" href=\"https:\/\/swissdox.ch\/fr\/repertoire-des-medias\/schweizer-gemeinde\/\" tabindex=\"-1\" >\n\t\t\t<div class=\"elementor-post__thumbnail\"><img loading=\"lazy\" decoding=\"async\" width=\"600\" height=\"800\" src=\"https:\/\/swissdox.ch\/wp-content\/uploads\/2024\/09\/schweizer-gemeinde.jpg\" class=\"attachment-full size-full wp-image-54517\" alt=\"\" srcset=\"https:\/\/swissdox.ch\/wp-content\/uploads\/2024\/09\/schweizer-gemeinde.jpg 600w, https:\/\/swissdox.ch\/wp-content\/uploads\/2024\/09\/schweizer-gemeinde-225x300.jpg 225w\" sizes=\"(max-width: 600px) 100vw, 600px\" \/><\/div>\n\t\t<\/a>\n\t\t\t\t<div class=\"elementor-post__text\">\n\t\t\t\t<h3 class=\"elementor-post__title\">\n\t\t\t<a href=\"https:\/\/swissdox.ch\/fr\/repertoire-des-medias\/schweizer-gemeinde\/\" >\n\t\t\t\tSchweizer Gemeinde\t\t\t<\/a>\n\t\t<\/h3>\n\t\t\t\t<\/div>\n\t\t\t\t<\/article>\n\t\t\t\t<article class=\"elementor-post elementor-grid-item post-69977 medienverzeichnis type-medienverzeichnis status-publish has-post-thumbnail hentry land-suisse medientyp-magazine partner-ringier-ag sprache-allemand\" role=\"listitem\">\n\t\t\t\t<a class=\"elementor-post__thumbnail__link\" href=\"https:\/\/swissdox.ch\/fr\/repertoire-des-medias\/schweizer-illustrierte\/\" tabindex=\"-1\" >\n\t\t\t<div class=\"elementor-post__thumbnail\"><img loading=\"lazy\" decoding=\"async\" width=\"600\" height=\"800\" src=\"https:\/\/swissdox.ch\/wp-content\/uploads\/2024\/09\/schweizer-illustrierte.jpg\" class=\"attachment-full size-full wp-image-54525\" alt=\"\" srcset=\"https:\/\/swissdox.ch\/wp-content\/uploads\/2024\/09\/schweizer-illustrierte.jpg 600w, https:\/\/swissdox.ch\/wp-content\/uploads\/2024\/09\/schweizer-illustrierte-225x300.jpg 225w\" sizes=\"(max-width: 600px) 100vw, 600px\" \/><\/div>\n\t\t<\/a>\n\t\t\t\t<div class=\"elementor-post__text\">\n\t\t\t\t<h3 class=\"elementor-post__title\">\n\t\t\t<a href=\"https:\/\/swissdox.ch\/fr\/repertoire-des-medias\/schweizer-illustrierte\/\" >\n\t\t\t\tSchweizer Illustrierte\t\t\t<\/a>\n\t\t<\/h3>\n\t\t\t\t<\/div>\n\t\t\t\t<\/article>\n\t\t\t\t<article class=\"elementor-post elementor-grid-item post-69978 medienverzeichnis type-medienverzeichnis status-publish has-post-thumbnail hentry land-suisse medientyp-magazine partner-johann-oberauer-gmbh sprache-allemand\" role=\"listitem\">\n\t\t\t\t<a class=\"elementor-post__thumbnail__link\" href=\"https:\/\/swissdox.ch\/fr\/repertoire-des-medias\/schweizer-journalistin\/\" tabindex=\"-1\" >\n\t\t\t<div class=\"elementor-post__thumbnail\"><img loading=\"lazy\" decoding=\"async\" width=\"600\" height=\"800\" src=\"https:\/\/swissdox.ch\/wp-content\/uploads\/2024\/09\/schweizer-journalist-in.jpg\" class=\"attachment-full size-full wp-image-54529\" alt=\"\" srcset=\"https:\/\/swissdox.ch\/wp-content\/uploads\/2024\/09\/schweizer-journalist-in.jpg 600w, https:\/\/swissdox.ch\/wp-content\/uploads\/2024\/09\/schweizer-journalist-in-225x300.jpg 225w\" sizes=\"(max-width: 600px) 100vw, 600px\" \/><\/div>\n\t\t<\/a>\n\t\t\t\t<div class=\"elementor-post__text\">\n\t\t\t\t<h3 class=\"elementor-post__title\">\n\t\t\t<a href=\"https:\/\/swissdox.ch\/fr\/repertoire-des-medias\/schweizer-journalistin\/\" >\n\t\t\t\tSchweizer Journalist:in\t\t\t<\/a>\n\t\t<\/h3>\n\t\t\t\t<\/div>\n\t\t\t\t<\/article>\n\t\t\t\t<article class=\"elementor-post elementor-grid-item post-69979 medienverzeichnis type-medienverzeichnis status-publish has-post-thumbnail hentry land-suisse medientyp-magazine partner-ringier-ag sprache-allemand\" role=\"listitem\">\n\t\t\t\t<a class=\"elementor-post__thumbnail__link\" href=\"https:\/\/swissdox.ch\/fr\/repertoire-des-medias\/schweizer-landliebe\/\" tabindex=\"-1\" >\n\t\t\t<div class=\"elementor-post__thumbnail\"><img loading=\"lazy\" decoding=\"async\" width=\"600\" height=\"800\" src=\"https:\/\/swissdox.ch\/wp-content\/uploads\/2024\/09\/schweizer-landliebe.jpg\" class=\"attachment-full size-full wp-image-54533\" alt=\"\" srcset=\"https:\/\/swissdox.ch\/wp-content\/uploads\/2024\/09\/schweizer-landliebe.jpg 600w, https:\/\/swissdox.ch\/wp-content\/uploads\/2024\/09\/schweizer-landliebe-225x300.jpg 225w\" sizes=\"(max-width: 600px) 100vw, 600px\" \/><\/div>\n\t\t<\/a>\n\t\t\t\t<div class=\"elementor-post__text\">\n\t\t\t\t<h3 class=\"elementor-post__title\">\n\t\t\t<a href=\"https:\/\/swissdox.ch\/fr\/repertoire-des-medias\/schweizer-landliebe\/\" >\n\t\t\t\tSchweizer LandLiebe\t\t\t<\/a>\n\t\t<\/h3>\n\t\t\t\t<\/div>\n\t\t\t\t<\/article>\n\t\t\t\t<article class=\"elementor-post elementor-grid-item post-69980 medienverzeichnis type-medienverzeichnis status-publish has-post-thumbnail hentry land-suisse medientyp-presse-en-ligne partner-schweizer-bauer sprache-allemand\" role=\"listitem\">\n\t\t\t\t<a class=\"elementor-post__thumbnail__link\" href=\"https:\/\/swissdox.ch\/fr\/repertoire-des-medias\/schweizerbauer-ch\/\" tabindex=\"-1\" >\n\t\t\t<div class=\"elementor-post__thumbnail\"><img loading=\"lazy\" decoding=\"async\" width=\"600\" height=\"800\" src=\"https:\/\/swissdox.ch\/wp-content\/uploads\/2024\/09\/schweizerbauer-ch.jpg\" class=\"attachment-full size-full wp-image-54537\" alt=\"\" srcset=\"https:\/\/swissdox.ch\/wp-content\/uploads\/2024\/09\/schweizerbauer-ch.jpg 600w, https:\/\/swissdox.ch\/wp-content\/uploads\/2024\/09\/schweizerbauer-ch-225x300.jpg 225w\" sizes=\"(max-width: 600px) 100vw, 600px\" \/><\/div>\n\t\t<\/a>\n\t\t\t\t<div class=\"elementor-post__text\">\n\t\t\t\t<h3 class=\"elementor-post__title\">\n\t\t\t<a href=\"https:\/\/swissdox.ch\/fr\/repertoire-des-medias\/schweizerbauer-ch\/\" >\n\t\t\t\tschweizerbauer.ch\t\t\t<\/a>\n\t\t<\/h3>\n\t\t\t\t<\/div>\n\t\t\t\t<\/article>\n\t\t\t\t<article class=\"elementor-post elementor-grid-item post-69981 medienverzeichnis type-medienverzeichnis status-publish has-post-thumbnail hentry land-suisse medientyp-hebdomadaire partner-sgv-usam sprache-allemand\" role=\"listitem\">\n\t\t\t\t<a class=\"elementor-post__thumbnail__link\" href=\"https:\/\/swissdox.ch\/fr\/repertoire-des-medias\/schweizerische-gewerbezeitung\/\" tabindex=\"-1\" >\n\t\t\t<div class=\"elementor-post__thumbnail\"><img loading=\"lazy\" decoding=\"async\" width=\"600\" height=\"800\" src=\"https:\/\/swissdox.ch\/wp-content\/uploads\/2024\/09\/schweizerische-gewerbezeitung.jpg\" class=\"attachment-full size-full wp-image-54541\" alt=\"\" srcset=\"https:\/\/swissdox.ch\/wp-content\/uploads\/2024\/09\/schweizerische-gewerbezeitung.jpg 600w, https:\/\/swissdox.ch\/wp-content\/uploads\/2024\/09\/schweizerische-gewerbezeitung-225x300.jpg 225w\" sizes=\"(max-width: 600px) 100vw, 600px\" \/><\/div>\n\t\t<\/a>\n\t\t\t\t<div class=\"elementor-post__text\">\n\t\t\t\t<h3 class=\"elementor-post__title\">\n\t\t\t<a href=\"https:\/\/swissdox.ch\/fr\/repertoire-des-medias\/schweizerische-gewerbezeitung\/\" >\n\t\t\t\tSchweizerische Gewerbezeitung\t\t\t<\/a>\n\t\t<\/h3>\n\t\t\t\t<\/div>\n\t\t\t\t<\/article>\n\t\t\t\t<article class=\"elementor-post elementor-grid-item post-69982 medienverzeichnis type-medienverzeichnis status-publish has-post-thumbnail hentry land-suisse medientyp-presse-en-ligne partner-smh-verlag-ag sprache-allemand sprache-anglais sprache-francais\" role=\"listitem\">\n\t\t\t\t<a class=\"elementor-post__thumbnail__link\" href=\"https:\/\/swissdox.ch\/fr\/repertoire-des-medias\/schweizermonat-ch\/\" tabindex=\"-1\" >\n\t\t\t<div class=\"elementor-post__thumbnail\"><img loading=\"lazy\" decoding=\"async\" width=\"600\" height=\"800\" src=\"https:\/\/swissdox.ch\/wp-content\/uploads\/2024\/09\/schweizermonat-ch.jpg\" class=\"attachment-full size-full wp-image-54545\" alt=\"\" srcset=\"https:\/\/swissdox.ch\/wp-content\/uploads\/2024\/09\/schweizermonat-ch.jpg 600w, https:\/\/swissdox.ch\/wp-content\/uploads\/2024\/09\/schweizermonat-ch-225x300.jpg 225w\" sizes=\"(max-width: 600px) 100vw, 600px\" \/><\/div>\n\t\t<\/a>\n\t\t\t\t<div class=\"elementor-post__text\">\n\t\t\t\t<h3 class=\"elementor-post__title\">\n\t\t\t<a href=\"https:\/\/swissdox.ch\/fr\/repertoire-des-medias\/schweizermonat-ch\/\" >\n\t\t\t\tschweizermonat.ch\t\t\t<\/a>\n\t\t<\/h3>\n\t\t\t\t<\/div>\n\t\t\t\t<\/article>\n\t\t\t\t<article class=\"elementor-post elementor-grid-item post-69983 medienverzeichnis type-medienverzeichnis status-publish has-post-thumbnail hentry land-suisse medientyp-presse-en-ligne partner-ch-media sprache-allemand\" role=\"listitem\">\n\t\t\t\t<a class=\"elementor-post__thumbnail__link\" href=\"https:\/\/swissdox.ch\/fr\/repertoire-des-medias\/schweizheute-ch\/\" tabindex=\"-1\" >\n\t\t\t<div class=\"elementor-post__thumbnail\"><img loading=\"lazy\" decoding=\"async\" width=\"600\" height=\"799\" src=\"https:\/\/swissdox.ch\/wp-content\/uploads\/2026\/07\/schweizheute-ch.jpg\" class=\"attachment-full size-full wp-image-69106\" alt=\"\" srcset=\"https:\/\/swissdox.ch\/wp-content\/uploads\/2026\/07\/schweizheute-ch.jpg 600w, https:\/\/swissdox.ch\/wp-content\/uploads\/2026\/07\/schweizheute-ch-225x300.jpg 225w\" sizes=\"(max-width: 600px) 100vw, 600px\" \/><\/div>\n\t\t<\/a>\n\t\t\t\t<div class=\"elementor-post__text\">\n\t\t\t\t<h3 class=\"elementor-post__title\">\n\t\t\t<a href=\"https:\/\/swissdox.ch\/fr\/repertoire-des-medias\/schweizheute-ch\/\" >\n\t\t\t\tschweizheute.ch\t\t\t<\/a>\n\t\t<\/h3>\n\t\t\t\t<\/div>\n\t\t\t\t<\/article>\n\t\t\t\t<article class=\"elementor-post elementor-grid-item post-69984 medienverzeichnis type-medienverzeichnis status-publish has-post-thumbnail hentry land-suisse medientyp-hebdomadaire partner-willisauer-bote sprache-allemand\" role=\"listitem\">\n\t\t\t\t<a class=\"elementor-post__thumbnail__link\" href=\"https:\/\/swissdox.ch\/fr\/repertoire-des-medias\/seetaler-bote\/\" tabindex=\"-1\" >\n\t\t\t<div class=\"elementor-post__thumbnail\"><img loading=\"lazy\" decoding=\"async\" width=\"600\" height=\"800\" src=\"https:\/\/swissdox.ch\/wp-content\/uploads\/2024\/09\/seetaler-bote.jpg\" class=\"attachment-full size-full wp-image-54549\" alt=\"\" srcset=\"https:\/\/swissdox.ch\/wp-content\/uploads\/2024\/09\/seetaler-bote.jpg 600w, https:\/\/swissdox.ch\/wp-content\/uploads\/2024\/09\/seetaler-bote-225x300.jpg 225w\" sizes=\"(max-width: 600px) 100vw, 600px\" \/><\/div>\n\t\t<\/a>\n\t\t\t\t<div class=\"elementor-post__text\">\n\t\t\t\t<h3 class=\"elementor-post__title\">\n\t\t\t<a href=\"https:\/\/swissdox.ch\/fr\/repertoire-des-medias\/seetaler-bote\/\" >\n\t\t\t\tSeetaler Bote\t\t\t<\/a>\n\t\t<\/h3>\n\t\t\t\t<\/div>\n\t\t\t\t<\/article>\n\t\t\t\t<article class=\"elementor-post elementor-grid-item post-69985 medienverzeichnis type-medienverzeichnis status-publish has-post-thumbnail hentry land-suisse medientyp-presse-en-ligne partner-willisauer-bote sprache-allemand\" role=\"listitem\">\n\t\t\t\t<a class=\"elementor-post__thumbnail__link\" href=\"https:\/\/swissdox.ch\/fr\/repertoire-des-medias\/seetalerbote-ch\/\" tabindex=\"-1\" >\n\t\t\t<div class=\"elementor-post__thumbnail\"><img loading=\"lazy\" decoding=\"async\" width=\"600\" height=\"799\" src=\"https:\/\/swissdox.ch\/wp-content\/uploads\/2025\/09\/seetalerbote-ch.jpg\" class=\"attachment-full size-full wp-image-65323\" alt=\"\" srcset=\"https:\/\/swissdox.ch\/wp-content\/uploads\/2025\/09\/seetalerbote-ch.jpg 600w, https:\/\/swissdox.ch\/wp-content\/uploads\/2025\/09\/seetalerbote-ch-225x300.jpg 225w\" sizes=\"(max-width: 600px) 100vw, 600px\" \/><\/div>\n\t\t<\/a>\n\t\t\t\t<div class=\"elementor-post__text\">\n\t\t\t\t<h3 class=\"elementor-post__title\">\n\t\t\t<a href=\"https:\/\/swissdox.ch\/fr\/repertoire-des-medias\/seetalerbote-ch\/\" >\n\t\t\t\tseetalerbote.ch\t\t\t<\/a>\n\t\t<\/h3>\n\t\t\t\t<\/div>\n\t\t\t\t<\/article>\n\t\t\t\t<article class=\"elementor-post elementor-grid-item post-69986 medienverzeichnis type-medienverzeichnis status-publish has-post-thumbnail hentry land-suisse medientyp-presse-en-ligne partner-surseer-woche-ag sprache-allemand\" role=\"listitem\">\n\t\t\t\t<a class=\"elementor-post__thumbnail__link\" href=\"https:\/\/swissdox.ch\/fr\/repertoire-des-medias\/sempacherwoche-ch\/\" tabindex=\"-1\" >\n\t\t\t<div class=\"elementor-post__thumbnail\"><img loading=\"lazy\" decoding=\"async\" width=\"600\" height=\"800\" src=\"https:\/\/swissdox.ch\/wp-content\/uploads\/2025\/09\/sempacherwoche-ch.jpg\" class=\"attachment-full size-full wp-image-65327\" alt=\"\" srcset=\"https:\/\/swissdox.ch\/wp-content\/uploads\/2025\/09\/sempacherwoche-ch.jpg 600w, https:\/\/swissdox.ch\/wp-content\/uploads\/2025\/09\/sempacherwoche-ch-225x300.jpg 225w\" sizes=\"(max-width: 600px) 100vw, 600px\" \/><\/div>\n\t\t<\/a>\n\t\t\t\t<div class=\"elementor-post__text\">\n\t\t\t\t<h3 class=\"elementor-post__title\">\n\t\t\t<a href=\"https:\/\/swissdox.ch\/fr\/repertoire-des-medias\/sempacherwoche-ch\/\" >\n\t\t\t\tsempacherwoche.ch\t\t\t<\/a>\n\t\t<\/h3>\n\t\t\t\t<\/div>\n\t\t\t\t<\/article>\n\t\t\t\t<article class=\"elementor-post elementor-grid-item post-69987 medienverzeichnis type-medienverzeichnis status-publish has-post-thumbnail hentry land-suisse medientyp-presse-en-ligne partner-meier-cie-ag-schaffhausen sprache-allemand\" role=\"listitem\">\n\t\t\t\t<a class=\"elementor-post__thumbnail__link\" href=\"https:\/\/swissdox.ch\/fr\/repertoire-des-medias\/shn-ch\/\" tabindex=\"-1\" >\n\t\t\t<div class=\"elementor-post__thumbnail\"><img loading=\"lazy\" decoding=\"async\" width=\"600\" height=\"800\" src=\"https:\/\/swissdox.ch\/wp-content\/uploads\/2024\/09\/shn-ch.jpg\" class=\"attachment-full size-full wp-image-54553\" alt=\"\" srcset=\"https:\/\/swissdox.ch\/wp-content\/uploads\/2024\/09\/shn-ch.jpg 600w, https:\/\/swissdox.ch\/wp-content\/uploads\/2024\/09\/shn-ch-225x300.jpg 225w\" sizes=\"(max-width: 600px) 100vw, 600px\" \/><\/div>\n\t\t<\/a>\n\t\t\t\t<div class=\"elementor-post__text\">\n\t\t\t\t<h3 class=\"elementor-post__title\">\n\t\t\t<a href=\"https:\/\/swissdox.ch\/fr\/repertoire-des-medias\/shn-ch\/\" >\n\t\t\t\tshn.ch\t\t\t<\/a>\n\t\t<\/h3>\n\t\t\t\t<\/div>\n\t\t\t\t<\/article>\n\t\t\t\t<article class=\"elementor-post elementor-grid-item post-69988 medienverzeichnis type-medienverzeichnis status-publish has-post-thumbnail hentry land-suisse medientyp-quotidien partner-ch-media sprache-allemand\" role=\"listitem\">\n\t\t\t\t<a class=\"elementor-post__thumbnail__link\" href=\"https:\/\/swissdox.ch\/fr\/repertoire-des-medias\/solothurner-zeitung\/\" tabindex=\"-1\" >\n\t\t\t<div class=\"elementor-post__thumbnail\"><img loading=\"lazy\" decoding=\"async\" width=\"600\" height=\"800\" src=\"https:\/\/swissdox.ch\/wp-content\/uploads\/2024\/09\/solothurner-zeitung.jpg\" class=\"attachment-full size-full wp-image-54557\" alt=\"\" srcset=\"https:\/\/swissdox.ch\/wp-content\/uploads\/2024\/09\/solothurner-zeitung.jpg 600w, https:\/\/swissdox.ch\/wp-content\/uploads\/2024\/09\/solothurner-zeitung-225x300.jpg 225w\" sizes=\"(max-width: 600px) 100vw, 600px\" \/><\/div>\n\t\t<\/a>\n\t\t\t\t<div class=\"elementor-post__text\">\n\t\t\t\t<h3 class=\"elementor-post__title\">\n\t\t\t<a href=\"https:\/\/swissdox.ch\/fr\/repertoire-des-medias\/solothurner-zeitung\/\" >\n\t\t\t\tSolothurner Zeitung\t\t\t<\/a>\n\t\t<\/h3>\n\t\t\t\t<\/div>\n\t\t\t\t<\/article>\n\t\t\t\t<article class=\"elementor-post elementor-grid-item post-69989 medienverzeichnis type-medienverzeichnis status-publish has-post-thumbnail hentry land-suisse medientyp-presse-en-ligne partner-ch-media sprache-allemand\" role=\"listitem\">\n\t\t\t\t<a class=\"elementor-post__thumbnail__link\" href=\"https:\/\/swissdox.ch\/fr\/repertoire-des-medias\/solothurnerzeitung-ch\/\" tabindex=\"-1\" >\n\t\t\t<div class=\"elementor-post__thumbnail\"><img loading=\"lazy\" decoding=\"async\" width=\"600\" height=\"800\" src=\"https:\/\/swissdox.ch\/wp-content\/uploads\/2024\/09\/solothurnerzeitung-ch.jpg\" class=\"attachment-full size-full wp-image-54561\" alt=\"\" srcset=\"https:\/\/swissdox.ch\/wp-content\/uploads\/2024\/09\/solothurnerzeitung-ch.jpg 600w, https:\/\/swissdox.ch\/wp-content\/uploads\/2024\/09\/solothurnerzeitung-ch-225x300.jpg 225w\" sizes=\"(max-width: 600px) 100vw, 600px\" \/><\/div>\n\t\t<\/a>\n\t\t\t\t<div class=\"elementor-post__text\">\n\t\t\t\t<h3 class=\"elementor-post__title\">\n\t\t\t<a href=\"https:\/\/swissdox.ch\/fr\/repertoire-des-medias\/solothurnerzeitung-ch\/\" >\n\t\t\t\tsolothurnerzeitung.ch\t\t\t<\/a>\n\t\t<\/h3>\n\t\t\t\t<\/div>\n\t\t\t\t<\/article>\n\t\t\t\t<article class=\"elementor-post elementor-grid-item post-69990 medienverzeichnis type-medienverzeichnis status-publish has-post-thumbnail hentry land-suisse medientyp-magazine partner-die-medien-ag sprache-allemand\" role=\"listitem\">\n\t\t\t\t<a class=\"elementor-post__thumbnail__link\" href=\"https:\/\/swissdox.ch\/fr\/repertoire-des-medias\/sonntag\/\" tabindex=\"-1\" >\n\t\t\t<div class=\"elementor-post__thumbnail\"><img loading=\"lazy\" decoding=\"async\" width=\"600\" height=\"800\" src=\"https:\/\/swissdox.ch\/wp-content\/uploads\/2024\/09\/sonntag.jpg\" class=\"attachment-full size-full wp-image-54565\" alt=\"\" srcset=\"https:\/\/swissdox.ch\/wp-content\/uploads\/2024\/09\/sonntag.jpg 600w, https:\/\/swissdox.ch\/wp-content\/uploads\/2024\/09\/sonntag-225x300.jpg 225w\" sizes=\"(max-width: 600px) 100vw, 600px\" \/><\/div>\n\t\t<\/a>\n\t\t\t\t<div class=\"elementor-post__text\">\n\t\t\t\t<h3 class=\"elementor-post__title\">\n\t\t\t<a href=\"https:\/\/swissdox.ch\/fr\/repertoire-des-medias\/sonntag\/\" >\n\t\t\t\tSonntag\t\t\t<\/a>\n\t\t<\/h3>\n\t\t\t\t<\/div>\n\t\t\t\t<\/article>\n\t\t\t\t<article class=\"elementor-post elementor-grid-item post-69991 medienverzeichnis type-medienverzeichnis status-publish has-post-thumbnail hentry land-suisse medientyp-journal-du-dimanche partner-ringier-ag sprache-allemand\" role=\"listitem\">\n\t\t\t\t<a class=\"elementor-post__thumbnail__link\" href=\"https:\/\/swissdox.ch\/fr\/repertoire-des-medias\/sonntagsblick\/\" tabindex=\"-1\" >\n\t\t\t<div class=\"elementor-post__thumbnail\"><img loading=\"lazy\" decoding=\"async\" width=\"600\" height=\"800\" src=\"https:\/\/swissdox.ch\/wp-content\/uploads\/2025\/06\/sonntagsblick.jpg\" class=\"attachment-full size-full wp-image-62637\" alt=\"\" srcset=\"https:\/\/swissdox.ch\/wp-content\/uploads\/2025\/06\/sonntagsblick.jpg 600w, https:\/\/swissdox.ch\/wp-content\/uploads\/2025\/06\/sonntagsblick-225x300.jpg 225w\" sizes=\"(max-width: 600px) 100vw, 600px\" \/><\/div>\n\t\t<\/a>\n\t\t\t\t<div class=\"elementor-post__text\">\n\t\t\t\t<h3 class=\"elementor-post__title\">\n\t\t\t<a href=\"https:\/\/swissdox.ch\/fr\/repertoire-des-medias\/sonntagsblick\/\" >\n\t\t\t\tSonntagsBlick\t\t\t<\/a>\n\t\t<\/h3>\n\t\t\t\t<\/div>\n\t\t\t\t<\/article>\n\t\t\t\t<article class=\"elementor-post elementor-grid-item post-69992 medienverzeichnis type-medienverzeichnis status-publish has-post-thumbnail hentry land-suisse medientyp-journal-du-dimanche partner-tx-group-ag sprache-allemand\" role=\"listitem\">\n\t\t\t\t<a class=\"elementor-post__thumbnail__link\" href=\"https:\/\/swissdox.ch\/fr\/repertoire-des-medias\/sonntagszeitung\/\" tabindex=\"-1\" >\n\t\t\t<div class=\"elementor-post__thumbnail\"><img loading=\"lazy\" decoding=\"async\" width=\"600\" height=\"799\" src=\"https:\/\/swissdox.ch\/wp-content\/uploads\/2024\/09\/sonntagszeitung.jpg\" class=\"attachment-full size-full wp-image-54573\" alt=\"\" srcset=\"https:\/\/swissdox.ch\/wp-content\/uploads\/2024\/09\/sonntagszeitung.jpg 600w, https:\/\/swissdox.ch\/wp-content\/uploads\/2024\/09\/sonntagszeitung-225x300.jpg 225w\" sizes=\"(max-width: 600px) 100vw, 600px\" \/><\/div>\n\t\t<\/a>\n\t\t\t\t<div class=\"elementor-post__text\">\n\t\t\t\t<h3 class=\"elementor-post__title\">\n\t\t\t<a href=\"https:\/\/swissdox.ch\/fr\/repertoire-des-medias\/sonntagszeitung\/\" >\n\t\t\t\tSonntagsZeitung\t\t\t<\/a>\n\t\t<\/h3>\n\t\t\t\t<\/div>\n\t\t\t\t<\/article>\n\t\t\t\t<article class=\"elementor-post elementor-grid-item post-69993 medienverzeichnis type-medienverzeichnis status-publish has-post-thumbnail hentry land-suisse medientyp-presse-en-ligne partner-bundesamt-fuer-sozialversicherungen-bsv sprache-allemand sprache-francais\" role=\"listitem\">\n\t\t\t\t<a class=\"elementor-post__thumbnail__link\" href=\"https:\/\/swissdox.ch\/fr\/repertoire-des-medias\/sozialesicherheit-ch\/\" tabindex=\"-1\" >\n\t\t\t<div class=\"elementor-post__thumbnail\"><img loading=\"lazy\" decoding=\"async\" width=\"600\" height=\"800\" src=\"https:\/\/swissdox.ch\/wp-content\/uploads\/2024\/09\/sozialesicherheit-ch.jpg\" class=\"attachment-full size-full wp-image-54577\" alt=\"\" srcset=\"https:\/\/swissdox.ch\/wp-content\/uploads\/2024\/09\/sozialesicherheit-ch.jpg 600w, https:\/\/swissdox.ch\/wp-content\/uploads\/2024\/09\/sozialesicherheit-ch-225x300.jpg 225w\" sizes=\"(max-width: 600px) 100vw, 600px\" \/><\/div>\n\t\t<\/a>\n\t\t\t\t<div class=\"elementor-post__text\">\n\t\t\t\t<h3 class=\"elementor-post__title\">\n\t\t\t<a href=\"https:\/\/swissdox.ch\/fr\/repertoire-des-medias\/sozialesicherheit-ch\/\" >\n\t\t\t\tsozialesicherheit.ch\t\t\t<\/a>\n\t\t<\/h3>\n\t\t\t\t<\/div>\n\t\t\t\t<\/article>\n\t\t\t\t<article class=\"elementor-post elementor-grid-item post-69994 medienverzeichnis type-medienverzeichnis status-publish has-post-thumbnail hentry land-suisse medientyp-audio partner-srg sprache-allemand\" role=\"listitem\">\n\t\t\t\t<a class=\"elementor-post__thumbnail__link\" href=\"https:\/\/swissdox.ch\/fr\/repertoire-des-medias\/srf-audio\/\" tabindex=\"-1\" >\n\t\t\t<div class=\"elementor-post__thumbnail\"><img loading=\"lazy\" decoding=\"async\" width=\"600\" height=\"800\" src=\"https:\/\/swissdox.ch\/wp-content\/uploads\/2024\/09\/srf-ch.jpg\" class=\"attachment-full size-full wp-image-54581\" alt=\"\" srcset=\"https:\/\/swissdox.ch\/wp-content\/uploads\/2024\/09\/srf-ch.jpg 600w, https:\/\/swissdox.ch\/wp-content\/uploads\/2024\/09\/srf-ch-225x300.jpg 225w\" sizes=\"(max-width: 600px) 100vw, 600px\" \/><\/div>\n\t\t<\/a>\n\t\t\t\t<div class=\"elementor-post__text\">\n\t\t\t\t<h3 class=\"elementor-post__title\">\n\t\t\t<a href=\"https:\/\/swissdox.ch\/fr\/repertoire-des-medias\/srf-audio\/\" >\n\t\t\t\tsrf Audio\t\t\t<\/a>\n\t\t<\/h3>\n\t\t\t\t<\/div>\n\t\t\t\t<\/article>\n\t\t\t\t<article class=\"elementor-post elementor-grid-item post-69995 medienverzeichnis type-medienverzeichnis status-publish has-post-thumbnail hentry land-suisse medientyp-video partner-srg sprache-allemand\" role=\"listitem\">\n\t\t\t\t<a class=\"elementor-post__thumbnail__link\" href=\"https:\/\/swissdox.ch\/fr\/repertoire-des-medias\/srf-video\/\" tabindex=\"-1\" >\n\t\t\t<div class=\"elementor-post__thumbnail\"><img loading=\"lazy\" decoding=\"async\" width=\"600\" height=\"800\" src=\"https:\/\/swissdox.ch\/wp-content\/uploads\/2024\/09\/srf-ch.jpg\" class=\"attachment-full size-full wp-image-54581\" alt=\"\" srcset=\"https:\/\/swissdox.ch\/wp-content\/uploads\/2024\/09\/srf-ch.jpg 600w, https:\/\/swissdox.ch\/wp-content\/uploads\/2024\/09\/srf-ch-225x300.jpg 225w\" sizes=\"(max-width: 600px) 100vw, 600px\" \/><\/div>\n\t\t<\/a>\n\t\t\t\t<div class=\"elementor-post__text\">\n\t\t\t\t<h3 class=\"elementor-post__title\">\n\t\t\t<a href=\"https:\/\/swissdox.ch\/fr\/repertoire-des-medias\/srf-video\/\" >\n\t\t\t\tsrf Video\t\t\t<\/a>\n\t\t<\/h3>\n\t\t\t\t<\/div>\n\t\t\t\t<\/article>\n\t\t\t\t<article class=\"elementor-post elementor-grid-item post-69996 medienverzeichnis type-medienverzeichnis status-publish has-post-thumbnail hentry land-suisse medientyp-presse-en-ligne partner-srg sprache-allemand\" role=\"listitem\">\n\t\t\t\t<a class=\"elementor-post__thumbnail__link\" href=\"https:\/\/swissdox.ch\/fr\/repertoire-des-medias\/srf-ch\/\" tabindex=\"-1\" >\n\t\t\t<div class=\"elementor-post__thumbnail\"><img loading=\"lazy\" decoding=\"async\" width=\"600\" height=\"800\" src=\"https:\/\/swissdox.ch\/wp-content\/uploads\/2024\/09\/srf-ch.jpg\" class=\"attachment-full size-full wp-image-54581\" alt=\"\" srcset=\"https:\/\/swissdox.ch\/wp-content\/uploads\/2024\/09\/srf-ch.jpg 600w, https:\/\/swissdox.ch\/wp-content\/uploads\/2024\/09\/srf-ch-225x300.jpg 225w\" sizes=\"(max-width: 600px) 100vw, 600px\" \/><\/div>\n\t\t<\/a>\n\t\t\t\t<div class=\"elementor-post__text\">\n\t\t\t\t<h3 class=\"elementor-post__title\">\n\t\t\t<a href=\"https:\/\/swissdox.ch\/fr\/repertoire-des-medias\/srf-ch\/\" >\n\t\t\t\tsrf.ch\t\t\t<\/a>\n\t\t<\/h3>\n\t\t\t\t<\/div>\n\t\t\t\t<\/article>\n\t\t\t\t<article class=\"elementor-post elementor-grid-item post-69997 medienverzeichnis type-medienverzeichnis status-publish has-post-thumbnail hentry land-suisse medientyp-quotidien partner-ch-media sprache-allemand\" role=\"listitem\">\n\t\t\t\t<a class=\"elementor-post__thumbnail__link\" href=\"https:\/\/swissdox.ch\/fr\/repertoire-des-medias\/st-galler-tagblatt\/\" tabindex=\"-1\" >\n\t\t\t<div class=\"elementor-post__thumbnail\"><img loading=\"lazy\" decoding=\"async\" width=\"600\" height=\"800\" src=\"https:\/\/swissdox.ch\/wp-content\/uploads\/2024\/09\/st-galler-tagblatt.jpg\" class=\"attachment-full size-full wp-image-54585\" alt=\"\" srcset=\"https:\/\/swissdox.ch\/wp-content\/uploads\/2024\/09\/st-galler-tagblatt.jpg 600w, https:\/\/swissdox.ch\/wp-content\/uploads\/2024\/09\/st-galler-tagblatt-225x300.jpg 225w\" sizes=\"(max-width: 600px) 100vw, 600px\" \/><\/div>\n\t\t<\/a>\n\t\t\t\t<div class=\"elementor-post__text\">\n\t\t\t\t<h3 class=\"elementor-post__title\">\n\t\t\t<a href=\"https:\/\/swissdox.ch\/fr\/repertoire-des-medias\/st-galler-tagblatt\/\" >\n\t\t\t\tSt. Galler Tagblatt\t\t\t<\/a>\n\t\t<\/h3>\n\t\t\t\t<\/div>\n\t\t\t\t<\/article>\n\t\t\t\t<article class=\"elementor-post elementor-grid-item post-69998 medienverzeichnis type-medienverzeichnis status-publish has-post-thumbnail hentry land-autriche medientyp-quotidien partner-austria-presse-agentur sprache-allemand\" role=\"listitem\">\n\t\t\t\t<a class=\"elementor-post__thumbnail__link\" href=\"https:\/\/swissdox.ch\/fr\/repertoire-des-medias\/der-standard\/\" tabindex=\"-1\" >\n\t\t\t<div class=\"elementor-post__thumbnail\"><img loading=\"lazy\" decoding=\"async\" width=\"600\" height=\"800\" src=\"https:\/\/swissdox.ch\/wp-content\/uploads\/2024\/09\/der-standard.jpg\" class=\"attachment-full size-full wp-image-53617\" alt=\"\" srcset=\"https:\/\/swissdox.ch\/wp-content\/uploads\/2024\/09\/der-standard.jpg 600w, https:\/\/swissdox.ch\/wp-content\/uploads\/2024\/09\/der-standard-225x300.jpg 225w\" sizes=\"(max-width: 600px) 100vw, 600px\" \/><\/div>\n\t\t<\/a>\n\t\t\t\t<div class=\"elementor-post__text\">\n\t\t\t\t<h3 class=\"elementor-post__title\">\n\t\t\t<a href=\"https:\/\/swissdox.ch\/fr\/repertoire-des-medias\/der-standard\/\" >\n\t\t\t\tDer Standard\t\t\t<\/a>\n\t\t<\/h3>\n\t\t\t\t<\/div>\n\t\t\t\t<\/article>\n\t\t\t\t<article class=\"elementor-post elementor-grid-item post-69999 medienverzeichnis type-medienverzeichnis status-publish has-post-thumbnail hentry land-suisse medientyp-quotidien partner-meier-cie-ag-schaffhausen sprache-allemand\" role=\"listitem\">\n\t\t\t\t<a class=\"elementor-post__thumbnail__link\" href=\"https:\/\/swissdox.ch\/fr\/repertoire-des-medias\/steiner-anzeiger\/\" tabindex=\"-1\" >\n\t\t\t<div class=\"elementor-post__thumbnail\"><img loading=\"lazy\" decoding=\"async\" width=\"600\" height=\"800\" src=\"https:\/\/swissdox.ch\/wp-content\/uploads\/2024\/09\/steiner-anzeiger.jpg\" class=\"attachment-full size-full wp-image-54589\" alt=\"\" srcset=\"https:\/\/swissdox.ch\/wp-content\/uploads\/2024\/09\/steiner-anzeiger.jpg 600w, https:\/\/swissdox.ch\/wp-content\/uploads\/2024\/09\/steiner-anzeiger-225x300.jpg 225w\" sizes=\"(max-width: 600px) 100vw, 600px\" \/><\/div>\n\t\t<\/a>\n\t\t\t\t<div class=\"elementor-post__text\">\n\t\t\t\t<h3 class=\"elementor-post__title\">\n\t\t\t<a href=\"https:\/\/swissdox.ch\/fr\/repertoire-des-medias\/steiner-anzeiger\/\" >\n\t\t\t\tSteiner Anzeiger\t\t\t<\/a>\n\t\t<\/h3>\n\t\t\t\t<\/div>\n\t\t\t\t<\/article>\n\t\t\t\t<article class=\"elementor-post elementor-grid-item post-70000 medienverzeichnis type-medienverzeichnis status-publish has-post-thumbnail hentry land-suisse medientyp-presse-en-ligne partner-streetlife-media-ag sprache-allemand\" role=\"listitem\">\n\t\t\t\t<a class=\"elementor-post__thumbnail__link\" href=\"https:\/\/swissdox.ch\/fr\/repertoire-des-medias\/streetlife-ch\/\" tabindex=\"-1\" >\n\t\t\t<div class=\"elementor-post__thumbnail\"><img loading=\"lazy\" decoding=\"async\" width=\"600\" height=\"800\" src=\"https:\/\/swissdox.ch\/wp-content\/uploads\/2024\/09\/streetlife-ch.jpg\" class=\"attachment-full size-full wp-image-54593\" alt=\"\" srcset=\"https:\/\/swissdox.ch\/wp-content\/uploads\/2024\/09\/streetlife-ch.jpg 600w, https:\/\/swissdox.ch\/wp-content\/uploads\/2024\/09\/streetlife-ch-225x300.jpg 225w\" sizes=\"(max-width: 600px) 100vw, 600px\" \/><\/div>\n\t\t<\/a>\n\t\t\t\t<div class=\"elementor-post__text\">\n\t\t\t\t<h3 class=\"elementor-post__title\">\n\t\t\t<a href=\"https:\/\/swissdox.ch\/fr\/repertoire-des-medias\/streetlife-ch\/\" >\n\t\t\t\tstreetlife.ch\t\t\t<\/a>\n\t\t<\/h3>\n\t\t\t\t<\/div>\n\t\t\t\t<\/article>\n\t\t\t\t<article class=\"elementor-post elementor-grid-item post-70001 medienverzeichnis type-medienverzeichnis status-publish has-post-thumbnail hentry land-suisse medientyp-magazine partner-ringier-ag sprache-allemand\" role=\"listitem\">\n\t\t\t\t<a class=\"elementor-post__thumbnail__link\" href=\"https:\/\/swissdox.ch\/fr\/repertoire-des-medias\/style\/\" tabindex=\"-1\" >\n\t\t\t<div class=\"elementor-post__thumbnail\"><img loading=\"lazy\" decoding=\"async\" width=\"600\" height=\"800\" src=\"https:\/\/swissdox.ch\/wp-content\/uploads\/2024\/09\/style.jpg\" class=\"attachment-full size-full wp-image-54601\" alt=\"\" srcset=\"https:\/\/swissdox.ch\/wp-content\/uploads\/2024\/09\/style.jpg 600w, https:\/\/swissdox.ch\/wp-content\/uploads\/2024\/09\/style-225x300.jpg 225w\" sizes=\"(max-width: 600px) 100vw, 600px\" \/><\/div>\n\t\t<\/a>\n\t\t\t\t<div class=\"elementor-post__text\">\n\t\t\t\t<h3 class=\"elementor-post__title\">\n\t\t\t<a href=\"https:\/\/swissdox.ch\/fr\/repertoire-des-medias\/style\/\" >\n\t\t\t\tStyle\t\t\t<\/a>\n\t\t<\/h3>\n\t\t\t\t<\/div>\n\t\t\t\t<\/article>\n\t\t\t\t<article class=\"elementor-post elementor-grid-item post-70002 medienverzeichnis type-medienverzeichnis status-publish has-post-thumbnail hentry land-suisse medientyp-magazine partner-ringier-ag sprache-francais\" role=\"listitem\">\n\t\t\t\t<a class=\"elementor-post__thumbnail__link\" href=\"https:\/\/swissdox.ch\/fr\/repertoire-des-medias\/style-fr\/\" tabindex=\"-1\" >\n\t\t\t<div class=\"elementor-post__thumbnail\"><img loading=\"lazy\" decoding=\"async\" width=\"600\" height=\"800\" src=\"https:\/\/swissdox.ch\/wp-content\/uploads\/2024\/09\/style-fr.jpg\" class=\"attachment-full size-full wp-image-54597\" alt=\"\" srcset=\"https:\/\/swissdox.ch\/wp-content\/uploads\/2024\/09\/style-fr.jpg 600w, https:\/\/swissdox.ch\/wp-content\/uploads\/2024\/09\/style-fr-225x300.jpg 225w\" sizes=\"(max-width: 600px) 100vw, 600px\" \/><\/div>\n\t\t<\/a>\n\t\t\t\t<div class=\"elementor-post__text\">\n\t\t\t\t<h3 class=\"elementor-post__title\">\n\t\t\t<a href=\"https:\/\/swissdox.ch\/fr\/repertoire-des-medias\/style-fr\/\" >\n\t\t\t\tStyle (fr)\t\t\t<\/a>\n\t\t<\/h3>\n\t\t\t\t<\/div>\n\t\t\t\t<\/article>\n\t\t\t\t<article class=\"elementor-post elementor-grid-item post-70003 medienverzeichnis type-medienverzeichnis status-publish has-post-thumbnail hentry land-allemagne medientyp-quotidien partner-sueddeutscher-verlag sprache-allemand\" role=\"listitem\">\n\t\t\t\t<a class=\"elementor-post__thumbnail__link\" href=\"https:\/\/swissdox.ch\/fr\/repertoire-des-medias\/sueddeutsche-zeitung\/\" tabindex=\"-1\" >\n\t\t\t<div class=\"elementor-post__thumbnail\"><img loading=\"lazy\" decoding=\"async\" width=\"600\" height=\"799\" src=\"https:\/\/swissdox.ch\/wp-content\/uploads\/2024\/09\/sueddeutsche-zeitung.jpg\" class=\"attachment-full size-full wp-image-54613\" alt=\"\" srcset=\"https:\/\/swissdox.ch\/wp-content\/uploads\/2024\/09\/sueddeutsche-zeitung.jpg 600w, https:\/\/swissdox.ch\/wp-content\/uploads\/2024\/09\/sueddeutsche-zeitung-225x300.jpg 225w\" sizes=\"(max-width: 600px) 100vw, 600px\" \/><\/div>\n\t\t<\/a>\n\t\t\t\t<div class=\"elementor-post__text\">\n\t\t\t\t<h3 class=\"elementor-post__title\">\n\t\t\t<a href=\"https:\/\/swissdox.ch\/fr\/repertoire-des-medias\/sueddeutsche-zeitung\/\" >\n\t\t\t\tS\u00fcddeutsche Zeitung\t\t\t<\/a>\n\t\t<\/h3>\n\t\t\t\t<\/div>\n\t\t\t\t<\/article>\n\t\t\t\t<article class=\"elementor-post elementor-grid-item post-70004 medienverzeichnis type-medienverzeichnis status-publish has-post-thumbnail hentry land-allemagne medientyp-magazine partner-sueddeutscher-verlag sprache-allemand\" role=\"listitem\">\n\t\t\t\t<a class=\"elementor-post__thumbnail__link\" href=\"https:\/\/swissdox.ch\/fr\/repertoire-des-medias\/sueddeutsche-zeitung-magazin\/\" tabindex=\"-1\" >\n\t\t\t<div class=\"elementor-post__thumbnail\"><img loading=\"lazy\" decoding=\"async\" width=\"600\" height=\"799\" src=\"https:\/\/swissdox.ch\/wp-content\/uploads\/2024\/09\/sueddeutsche-zeitung-magazin.jpg\" class=\"attachment-full size-full wp-image-54609\" alt=\"\" srcset=\"https:\/\/swissdox.ch\/wp-content\/uploads\/2024\/09\/sueddeutsche-zeitung-magazin.jpg 600w, https:\/\/swissdox.ch\/wp-content\/uploads\/2024\/09\/sueddeutsche-zeitung-magazin-225x300.jpg 225w\" sizes=\"(max-width: 600px) 100vw, 600px\" \/><\/div>\n\t\t<\/a>\n\t\t\t\t<div class=\"elementor-post__text\">\n\t\t\t\t<h3 class=\"elementor-post__title\">\n\t\t\t<a href=\"https:\/\/swissdox.ch\/fr\/repertoire-des-medias\/sueddeutsche-zeitung-magazin\/\" >\n\t\t\t\tS\u00fcddeutsche Zeitung Magazin\t\t\t<\/a>\n\t\t<\/h3>\n\t\t\t\t<\/div>\n\t\t\t\t<\/article>\n\t\t\t\t<article class=\"elementor-post elementor-grid-item post-70005 medienverzeichnis type-medienverzeichnis status-publish has-post-thumbnail hentry land-suisse medientyp-quotidien partner-somedia-ag sprache-allemand\" role=\"listitem\">\n\t\t\t\t<a class=\"elementor-post__thumbnail__link\" href=\"https:\/\/swissdox.ch\/fr\/repertoire-des-medias\/suedostschweiz\/\" tabindex=\"-1\" >\n\t\t\t<div class=\"elementor-post__thumbnail\"><img loading=\"lazy\" decoding=\"async\" width=\"600\" height=\"799\" src=\"https:\/\/swissdox.ch\/wp-content\/uploads\/2024\/09\/suedostschweiz.jpg\" class=\"attachment-full size-full wp-image-54617\" alt=\"\" srcset=\"https:\/\/swissdox.ch\/wp-content\/uploads\/2024\/09\/suedostschweiz.jpg 600w, https:\/\/swissdox.ch\/wp-content\/uploads\/2024\/09\/suedostschweiz-225x300.jpg 225w\" sizes=\"(max-width: 600px) 100vw, 600px\" \/><\/div>\n\t\t<\/a>\n\t\t\t\t<div class=\"elementor-post__text\">\n\t\t\t\t<h3 class=\"elementor-post__title\">\n\t\t\t<a href=\"https:\/\/swissdox.ch\/fr\/repertoire-des-medias\/suedostschweiz\/\" >\n\t\t\t\tS\u00fcdostschweiz\t\t\t<\/a>\n\t\t<\/h3>\n\t\t\t\t<\/div>\n\t\t\t\t<\/article>\n\t\t\t\t<article class=\"elementor-post elementor-grid-item post-70006 medienverzeichnis type-medienverzeichnis status-publish has-post-thumbnail hentry land-allemagne medientyp-quotidien partner-sueddeutscher-verlag sprache-allemand\" role=\"listitem\">\n\t\t\t\t<a class=\"elementor-post__thumbnail__link\" href=\"https:\/\/swissdox.ch\/fr\/repertoire-des-medias\/suedthueringer-zeitung\/\" tabindex=\"-1\" >\n\t\t\t<div class=\"elementor-post__thumbnail\"><img loading=\"lazy\" decoding=\"async\" width=\"600\" height=\"800\" src=\"https:\/\/swissdox.ch\/wp-content\/uploads\/2024\/09\/suedthueringer-zeitung.jpg\" class=\"attachment-full size-full wp-image-54621\" alt=\"\" srcset=\"https:\/\/swissdox.ch\/wp-content\/uploads\/2024\/09\/suedthueringer-zeitung.jpg 600w, https:\/\/swissdox.ch\/wp-content\/uploads\/2024\/09\/suedthueringer-zeitung-225x300.jpg 225w\" sizes=\"(max-width: 600px) 100vw, 600px\" \/><\/div>\n\t\t<\/a>\n\t\t\t\t<div class=\"elementor-post__text\">\n\t\t\t\t<h3 class=\"elementor-post__title\">\n\t\t\t<a href=\"https:\/\/swissdox.ch\/fr\/repertoire-des-medias\/suedthueringer-zeitung\/\" >\n\t\t\t\tS\u00fcdth\u00fcringer Zeitung\t\t\t<\/a>\n\t\t<\/h3>\n\t\t\t\t<\/div>\n\t\t\t\t<\/article>\n\t\t\t\t<article class=\"elementor-post elementor-grid-item post-70007 medienverzeichnis type-medienverzeichnis status-publish has-post-thumbnail hentry land-allemagne medientyp-presse-en-ligne partner-sueddeutscher-verlag sprache-allemand\" role=\"listitem\">\n\t\t\t\t<a class=\"elementor-post__thumbnail__link\" href=\"https:\/\/swissdox.ch\/fr\/repertoire-des-medias\/sueddeutsche-de\/\" tabindex=\"-1\" >\n\t\t\t<div class=\"elementor-post__thumbnail\"><img loading=\"lazy\" decoding=\"async\" width=\"600\" height=\"800\" src=\"https:\/\/swissdox.ch\/wp-content\/uploads\/2024\/09\/sueddeutsche-de.jpg\" class=\"attachment-full size-full wp-image-54605\" alt=\"\" srcset=\"https:\/\/swissdox.ch\/wp-content\/uploads\/2024\/09\/sueddeutsche-de.jpg 600w, https:\/\/swissdox.ch\/wp-content\/uploads\/2024\/09\/sueddeutsche-de-225x300.jpg 225w\" sizes=\"(max-width: 600px) 100vw, 600px\" \/><\/div>\n\t\t<\/a>\n\t\t\t\t<div class=\"elementor-post__text\">\n\t\t\t\t<h3 class=\"elementor-post__title\">\n\t\t\t<a href=\"https:\/\/swissdox.ch\/fr\/repertoire-des-medias\/sueddeutsche-de\/\" >\n\t\t\t\tsueddeutsche.de\t\t\t<\/a>\n\t\t<\/h3>\n\t\t\t\t<\/div>\n\t\t\t\t<\/article>\n\t\t\t\t<article class=\"elementor-post elementor-grid-item post-70008 medienverzeichnis type-medienverzeichnis status-publish has-post-thumbnail hentry land-inde medientyp-quotidien partner-bennett-coleman-co-limited partner-tt-verlag-ug sprache-anglais\" role=\"listitem\">\n\t\t\t\t<a class=\"elementor-post__thumbnail__link\" href=\"https:\/\/swissdox.ch\/fr\/repertoire-des-medias\/sunday-times-india\/\" tabindex=\"-1\" >\n\t\t\t<div class=\"elementor-post__thumbnail\"><img loading=\"lazy\" decoding=\"async\" width=\"600\" height=\"799\" src=\"https:\/\/swissdox.ch\/wp-content\/uploads\/2025\/06\/sunday-times.jpg\" class=\"attachment-full size-full wp-image-62654\" alt=\"\" srcset=\"https:\/\/swissdox.ch\/wp-content\/uploads\/2025\/06\/sunday-times.jpg 600w, https:\/\/swissdox.ch\/wp-content\/uploads\/2025\/06\/sunday-times-225x300.jpg 225w\" sizes=\"(max-width: 600px) 100vw, 600px\" \/><\/div>\n\t\t<\/a>\n\t\t\t\t<div class=\"elementor-post__text\">\n\t\t\t\t<h3 class=\"elementor-post__title\">\n\t\t\t<a href=\"https:\/\/swissdox.ch\/fr\/repertoire-des-medias\/sunday-times-india\/\" >\n\t\t\t\tSunday Times (India)\t\t\t<\/a>\n\t\t<\/h3>\n\t\t\t\t<\/div>\n\t\t\t\t<\/article>\n\t\t\t\t<article class=\"elementor-post elementor-grid-item post-70009 medienverzeichnis type-medienverzeichnis status-publish has-post-thumbnail hentry land-suisse medientyp-magazine partner-verein-surprise sprache-allemand\" role=\"listitem\">\n\t\t\t\t<a class=\"elementor-post__thumbnail__link\" href=\"https:\/\/swissdox.ch\/fr\/repertoire-des-medias\/surprise\/\" tabindex=\"-1\" >\n\t\t\t<div class=\"elementor-post__thumbnail\"><img loading=\"lazy\" decoding=\"async\" width=\"600\" height=\"800\" src=\"https:\/\/swissdox.ch\/wp-content\/uploads\/2024\/09\/surprise.jpg\" class=\"attachment-full size-full wp-image-54625\" alt=\"\" srcset=\"https:\/\/swissdox.ch\/wp-content\/uploads\/2024\/09\/surprise.jpg 600w, https:\/\/swissdox.ch\/wp-content\/uploads\/2024\/09\/surprise-225x300.jpg 225w\" sizes=\"(max-width: 600px) 100vw, 600px\" \/><\/div>\n\t\t<\/a>\n\t\t\t\t<div class=\"elementor-post__text\">\n\t\t\t\t<h3 class=\"elementor-post__title\">\n\t\t\t<a href=\"https:\/\/swissdox.ch\/fr\/repertoire-des-medias\/surprise\/\" >\n\t\t\t\tSurprise\t\t\t<\/a>\n\t\t<\/h3>\n\t\t\t\t<\/div>\n\t\t\t\t<\/article>\n\t\t\t\t<article class=\"elementor-post elementor-grid-item post-70010 medienverzeichnis type-medienverzeichnis status-publish has-post-thumbnail hentry land-suisse medientyp-presse-en-ligne partner-surseer-woche-ag sprache-allemand\" role=\"listitem\">\n\t\t\t\t<a class=\"elementor-post__thumbnail__link\" href=\"https:\/\/swissdox.ch\/fr\/repertoire-des-medias\/surseerwoche-ch\/\" tabindex=\"-1\" >\n\t\t\t<div class=\"elementor-post__thumbnail\"><img loading=\"lazy\" decoding=\"async\" width=\"600\" height=\"800\" src=\"https:\/\/swissdox.ch\/wp-content\/uploads\/2025\/09\/surseerwoche-ch.jpg\" class=\"attachment-full size-full wp-image-65331\" alt=\"\" srcset=\"https:\/\/swissdox.ch\/wp-content\/uploads\/2025\/09\/surseerwoche-ch.jpg 600w, https:\/\/swissdox.ch\/wp-content\/uploads\/2025\/09\/surseerwoche-ch-225x300.jpg 225w\" sizes=\"(max-width: 600px) 100vw, 600px\" \/><\/div>\n\t\t<\/a>\n\t\t\t\t<div class=\"elementor-post__text\">\n\t\t\t\t<h3 class=\"elementor-post__title\">\n\t\t\t<a href=\"https:\/\/swissdox.ch\/fr\/repertoire-des-medias\/surseerwoche-ch\/\" >\n\t\t\t\tsurseerwoche.ch\t\t\t<\/a>\n\t\t<\/h3>\n\t\t\t\t<\/div>\n\t\t\t\t<\/article>\n\t\t\t\t<article class=\"elementor-post elementor-grid-item post-70011 medienverzeichnis type-medienverzeichnis status-publish has-post-thumbnail hentry land-suisse medientyp-presse-en-ligne partner-verein-swiss-cath-ch sprache-allemand\" role=\"listitem\">\n\t\t\t\t<a class=\"elementor-post__thumbnail__link\" href=\"https:\/\/swissdox.ch\/fr\/repertoire-des-medias\/swiss-cath-ch\/\" tabindex=\"-1\" >\n\t\t\t<div class=\"elementor-post__thumbnail\"><img loading=\"lazy\" decoding=\"async\" width=\"600\" height=\"800\" src=\"https:\/\/swissdox.ch\/wp-content\/uploads\/2024\/09\/swiss-cath-ch.jpg\" class=\"attachment-full size-full wp-image-54629\" alt=\"\" srcset=\"https:\/\/swissdox.ch\/wp-content\/uploads\/2024\/09\/swiss-cath-ch.jpg 600w, https:\/\/swissdox.ch\/wp-content\/uploads\/2024\/09\/swiss-cath-ch-225x300.jpg 225w\" sizes=\"(max-width: 600px) 100vw, 600px\" \/><\/div>\n\t\t<\/a>\n\t\t\t\t<div class=\"elementor-post__text\">\n\t\t\t\t<h3 class=\"elementor-post__title\">\n\t\t\t<a href=\"https:\/\/swissdox.ch\/fr\/repertoire-des-medias\/swiss-cath-ch\/\" >\n\t\t\t\tswiss-cath.ch\t\t\t<\/a>\n\t\t<\/h3>\n\t\t\t\t<\/div>\n\t\t\t\t<\/article>\n\t\t\t\t<article class=\"elementor-post elementor-grid-item post-70012 medienverzeichnis type-medienverzeichnis status-publish has-post-thumbnail hentry land-suisse medientyp-presse-en-ligne partner-srg sprache-allemand sprache-anglais sprache-francais sprache-italien\" role=\"listitem\">\n\t\t\t\t<a class=\"elementor-post__thumbnail__link\" href=\"https:\/\/swissdox.ch\/fr\/repertoire-des-medias\/swissinfo-ch\/\" tabindex=\"-1\" >\n\t\t\t<div class=\"elementor-post__thumbnail\"><img loading=\"lazy\" decoding=\"async\" width=\"600\" height=\"800\" src=\"https:\/\/swissdox.ch\/wp-content\/uploads\/2024\/09\/swissinfo-ch.jpg\" class=\"attachment-full size-full wp-image-54637\" alt=\"\" srcset=\"https:\/\/swissdox.ch\/wp-content\/uploads\/2024\/09\/swissinfo-ch.jpg 600w, https:\/\/swissdox.ch\/wp-content\/uploads\/2024\/09\/swissinfo-ch-225x300.jpg 225w\" sizes=\"(max-width: 600px) 100vw, 600px\" \/><\/div>\n\t\t<\/a>\n\t\t\t\t<div class=\"elementor-post__text\">\n\t\t\t\t<h3 class=\"elementor-post__title\">\n\t\t\t<a href=\"https:\/\/swissdox.ch\/fr\/repertoire-des-medias\/swissinfo-ch\/\" >\n\t\t\t\tswissinfo.ch\t\t\t<\/a>\n\t\t<\/h3>\n\t\t\t\t<\/div>\n\t\t\t\t<\/article>\n\t\t\t\t<article class=\"elementor-post elementor-grid-item post-70013 medienverzeichnis type-medienverzeichnis status-publish has-post-thumbnail hentry land-allemagne medientyp-presse-en-ligne partner-sueddeutscher-verlag sprache-allemand\" role=\"listitem\">\n\t\t\t\t<a class=\"elementor-post__thumbnail__link\" href=\"https:\/\/swissdox.ch\/fr\/repertoire-des-medias\/sz-magazin-sueddeutsche-de\/\" tabindex=\"-1\" >\n\t\t\t<div class=\"elementor-post__thumbnail\"><img loading=\"lazy\" decoding=\"async\" width=\"600\" height=\"800\" src=\"https:\/\/swissdox.ch\/wp-content\/uploads\/2024\/09\/sz-magazin-sueddeutsche-de.jpg\" class=\"attachment-full size-full wp-image-54641\" alt=\"\" srcset=\"https:\/\/swissdox.ch\/wp-content\/uploads\/2024\/09\/sz-magazin-sueddeutsche-de.jpg 600w, https:\/\/swissdox.ch\/wp-content\/uploads\/2024\/09\/sz-magazin-sueddeutsche-de-225x300.jpg 225w\" sizes=\"(max-width: 600px) 100vw, 600px\" \/><\/div>\n\t\t<\/a>\n\t\t\t\t<div class=\"elementor-post__text\">\n\t\t\t\t<h3 class=\"elementor-post__title\">\n\t\t\t<a href=\"https:\/\/swissdox.ch\/fr\/repertoire-des-medias\/sz-magazin-sueddeutsche-de\/\" >\n\t\t\t\tsz-magazin.sueddeutsche.de\t\t\t<\/a>\n\t\t<\/h3>\n\t\t\t\t<\/div>\n\t\t\t\t<\/article>\n\t\t\t\t<article class=\"elementor-post elementor-grid-item post-70014 medienverzeichnis type-medienverzeichnis status-publish has-post-thumbnail hentry land-suisse medientyp-hebdomadaire partner-jm-judische-medien-ag sprache-allemand\" role=\"listitem\">\n\t\t\t\t<a class=\"elementor-post__thumbnail__link\" href=\"https:\/\/swissdox.ch\/fr\/repertoire-des-medias\/tachles\/\" tabindex=\"-1\" >\n\t\t\t<div class=\"elementor-post__thumbnail\"><img loading=\"lazy\" decoding=\"async\" width=\"600\" height=\"800\" src=\"https:\/\/swissdox.ch\/wp-content\/uploads\/2024\/09\/tachles.jpg\" class=\"attachment-full size-full wp-image-54649\" alt=\"\" srcset=\"https:\/\/swissdox.ch\/wp-content\/uploads\/2024\/09\/tachles.jpg 600w, https:\/\/swissdox.ch\/wp-content\/uploads\/2024\/09\/tachles-225x300.jpg 225w\" sizes=\"(max-width: 600px) 100vw, 600px\" \/><\/div>\n\t\t<\/a>\n\t\t\t\t<div class=\"elementor-post__text\">\n\t\t\t\t<h3 class=\"elementor-post__title\">\n\t\t\t<a href=\"https:\/\/swissdox.ch\/fr\/repertoire-des-medias\/tachles\/\" >\n\t\t\t\ttachles\t\t\t<\/a>\n\t\t<\/h3>\n\t\t\t\t<\/div>\n\t\t\t\t<\/article>\n\t\t\t\t<article class=\"elementor-post elementor-grid-item post-70015 medienverzeichnis type-medienverzeichnis status-publish has-post-thumbnail hentry land-suisse medientyp-presse-en-ligne partner-jm-judische-medien-ag sprache-allemand\" role=\"listitem\">\n\t\t\t\t<a class=\"elementor-post__thumbnail__link\" href=\"https:\/\/swissdox.ch\/fr\/repertoire-des-medias\/tachles-ch\/\" tabindex=\"-1\" >\n\t\t\t<div class=\"elementor-post__thumbnail\"><img loading=\"lazy\" decoding=\"async\" width=\"600\" height=\"800\" src=\"https:\/\/swissdox.ch\/wp-content\/uploads\/2024\/09\/tachles-ch.jpg\" class=\"attachment-full size-full wp-image-54645\" alt=\"\" srcset=\"https:\/\/swissdox.ch\/wp-content\/uploads\/2024\/09\/tachles-ch.jpg 600w, https:\/\/swissdox.ch\/wp-content\/uploads\/2024\/09\/tachles-ch-225x300.jpg 225w\" sizes=\"(max-width: 600px) 100vw, 600px\" \/><\/div>\n\t\t<\/a>\n\t\t\t\t<div class=\"elementor-post__text\">\n\t\t\t\t<h3 class=\"elementor-post__title\">\n\t\t\t<a href=\"https:\/\/swissdox.ch\/fr\/repertoire-des-medias\/tachles-ch\/\" >\n\t\t\t\ttachles.ch\t\t\t<\/a>\n\t\t<\/h3>\n\t\t\t\t<\/div>\n\t\t\t\t<\/article>\n\t\t\t\t<article class=\"elementor-post elementor-grid-item post-70016 medienverzeichnis type-medienverzeichnis status-publish has-post-thumbnail hentry land-suisse medientyp-hebdomadaire partner-tagblatt-der-stadt-zurich sprache-allemand\" role=\"listitem\">\n\t\t\t\t<a class=\"elementor-post__thumbnail__link\" href=\"https:\/\/swissdox.ch\/fr\/repertoire-des-medias\/tagblatt-der-stadt-zuerich\/\" tabindex=\"-1\" >\n\t\t\t<div class=\"elementor-post__thumbnail\"><img loading=\"lazy\" decoding=\"async\" width=\"600\" height=\"799\" src=\"https:\/\/swissdox.ch\/wp-content\/uploads\/2024\/09\/tagblatt-der-stadt-zuerich.jpg\" class=\"attachment-full size-full wp-image-54657\" alt=\"\" srcset=\"https:\/\/swissdox.ch\/wp-content\/uploads\/2024\/09\/tagblatt-der-stadt-zuerich.jpg 600w, https:\/\/swissdox.ch\/wp-content\/uploads\/2024\/09\/tagblatt-der-stadt-zuerich-225x300.jpg 225w\" sizes=\"(max-width: 600px) 100vw, 600px\" \/><\/div>\n\t\t<\/a>\n\t\t\t\t<div class=\"elementor-post__text\">\n\t\t\t\t<h3 class=\"elementor-post__title\">\n\t\t\t<a href=\"https:\/\/swissdox.ch\/fr\/repertoire-des-medias\/tagblatt-der-stadt-zuerich\/\" >\n\t\t\t\tTagblatt der Stadt Z\u00fcrich\t\t\t<\/a>\n\t\t<\/h3>\n\t\t\t\t<\/div>\n\t\t\t\t<\/article>\n\t\t\t\t<article class=\"elementor-post elementor-grid-item post-70017 medienverzeichnis type-medienverzeichnis status-publish has-post-thumbnail hentry land-suisse medientyp-presse-en-ligne partner-ch-media sprache-allemand\" role=\"listitem\">\n\t\t\t\t<a class=\"elementor-post__thumbnail__link\" href=\"https:\/\/swissdox.ch\/fr\/repertoire-des-medias\/tagblatt-ch\/\" tabindex=\"-1\" >\n\t\t\t<div class=\"elementor-post__thumbnail\"><img loading=\"lazy\" decoding=\"async\" width=\"600\" height=\"800\" src=\"https:\/\/swissdox.ch\/wp-content\/uploads\/2024\/09\/tagblatt-ch.jpg\" class=\"attachment-full size-full wp-image-54653\" alt=\"\" srcset=\"https:\/\/swissdox.ch\/wp-content\/uploads\/2024\/09\/tagblatt-ch.jpg 600w, https:\/\/swissdox.ch\/wp-content\/uploads\/2024\/09\/tagblatt-ch-225x300.jpg 225w\" sizes=\"(max-width: 600px) 100vw, 600px\" \/><\/div>\n\t\t<\/a>\n\t\t\t\t<div class=\"elementor-post__text\">\n\t\t\t\t<h3 class=\"elementor-post__title\">\n\t\t\t<a href=\"https:\/\/swissdox.ch\/fr\/repertoire-des-medias\/tagblatt-ch\/\" >\n\t\t\t\ttagblatt.ch\t\t\t<\/a>\n\t\t<\/h3>\n\t\t\t\t<\/div>\n\t\t\t\t<\/article>\n\t\t\t\t<article class=\"elementor-post elementor-grid-item post-70018 medienverzeichnis type-medienverzeichnis status-publish has-post-thumbnail hentry land-suisse medientyp-quotidien partner-tx-group-ag sprache-allemand\" role=\"listitem\">\n\t\t\t\t<a class=\"elementor-post__thumbnail__link\" href=\"https:\/\/swissdox.ch\/fr\/repertoire-des-medias\/tages-anzeiger\/\" tabindex=\"-1\" >\n\t\t\t<div class=\"elementor-post__thumbnail\"><img loading=\"lazy\" decoding=\"async\" width=\"600\" height=\"799\" src=\"https:\/\/swissdox.ch\/wp-content\/uploads\/2024\/09\/tages-anzeiger.jpg\" class=\"attachment-full size-full wp-image-54661\" alt=\"\" srcset=\"https:\/\/swissdox.ch\/wp-content\/uploads\/2024\/09\/tages-anzeiger.jpg 600w, https:\/\/swissdox.ch\/wp-content\/uploads\/2024\/09\/tages-anzeiger-225x300.jpg 225w\" sizes=\"(max-width: 600px) 100vw, 600px\" \/><\/div>\n\t\t<\/a>\n\t\t\t\t<div class=\"elementor-post__text\">\n\t\t\t\t<h3 class=\"elementor-post__title\">\n\t\t\t<a href=\"https:\/\/swissdox.ch\/fr\/repertoire-des-medias\/tages-anzeiger\/\" >\n\t\t\t\tTages-Anzeiger\t\t\t<\/a>\n\t\t<\/h3>\n\t\t\t\t<\/div>\n\t\t\t\t<\/article>\n\t\t\t\t<article class=\"elementor-post elementor-grid-item post-70019 medienverzeichnis type-medienverzeichnis status-publish has-post-thumbnail hentry land-suisse medientyp-presse-en-ligne partner-tx-group-ag sprache-allemand\" role=\"listitem\">\n\t\t\t\t<a class=\"elementor-post__thumbnail__link\" href=\"https:\/\/swissdox.ch\/fr\/repertoire-des-medias\/tagesanzeiger-ch\/\" tabindex=\"-1\" >\n\t\t\t<div class=\"elementor-post__thumbnail\"><img loading=\"lazy\" decoding=\"async\" width=\"600\" height=\"800\" src=\"https:\/\/swissdox.ch\/wp-content\/uploads\/2024\/09\/tagesanzeiger-ch.jpg\" class=\"attachment-full size-full wp-image-54665\" alt=\"\" srcset=\"https:\/\/swissdox.ch\/wp-content\/uploads\/2024\/09\/tagesanzeiger-ch.jpg 600w, https:\/\/swissdox.ch\/wp-content\/uploads\/2024\/09\/tagesanzeiger-ch-225x300.jpg 225w\" sizes=\"(max-width: 600px) 100vw, 600px\" \/><\/div>\n\t\t<\/a>\n\t\t\t\t<div class=\"elementor-post__text\">\n\t\t\t\t<h3 class=\"elementor-post__title\">\n\t\t\t<a href=\"https:\/\/swissdox.ch\/fr\/repertoire-des-medias\/tagesanzeiger-ch\/\" >\n\t\t\t\ttagesanzeiger.ch\t\t\t<\/a>\n\t\t<\/h3>\n\t\t\t\t<\/div>\n\t\t\t\t<\/article>\n\t\t\t\t<article class=\"elementor-post elementor-grid-item post-70020 medienverzeichnis type-medienverzeichnis status-publish has-post-thumbnail hentry land-allemagne medientyp-magazine partner-der-theaterverlag sprache-allemand\" role=\"listitem\">\n\t\t\t\t<a class=\"elementor-post__thumbnail__link\" href=\"https:\/\/swissdox.ch\/fr\/repertoire-des-medias\/tanz\/\" tabindex=\"-1\" >\n\t\t\t<div class=\"elementor-post__thumbnail\"><img loading=\"lazy\" decoding=\"async\" width=\"600\" height=\"799\" src=\"https:\/\/swissdox.ch\/wp-content\/uploads\/2024\/09\/tanz.jpg\" class=\"attachment-full size-full wp-image-54669\" alt=\"\" srcset=\"https:\/\/swissdox.ch\/wp-content\/uploads\/2024\/09\/tanz.jpg 600w, https:\/\/swissdox.ch\/wp-content\/uploads\/2024\/09\/tanz-225x300.jpg 225w\" sizes=\"(max-width: 600px) 100vw, 600px\" \/><\/div>\n\t\t<\/a>\n\t\t\t\t<div class=\"elementor-post__text\">\n\t\t\t\t<h3 class=\"elementor-post__title\">\n\t\t\t<a href=\"https:\/\/swissdox.ch\/fr\/repertoire-des-medias\/tanz\/\" >\n\t\t\t\ttanz\t\t\t<\/a>\n\t\t<\/h3>\n\t\t\t\t<\/div>\n\t\t\t\t<\/article>\n\t\t\t\t<article class=\"elementor-post elementor-grid-item post-70021 medienverzeichnis type-medienverzeichnis status-publish has-post-thumbnail hentry land-allemagne medientyp-presse-en-ligne partner-taz-verlagsgenossenschaft sprache-allemand\" role=\"listitem\">\n\t\t\t\t<a class=\"elementor-post__thumbnail__link\" href=\"https:\/\/swissdox.ch\/fr\/repertoire-des-medias\/taz-de\/\" tabindex=\"-1\" >\n\t\t\t<div class=\"elementor-post__thumbnail\"><img loading=\"lazy\" decoding=\"async\" width=\"600\" height=\"800\" src=\"https:\/\/swissdox.ch\/wp-content\/uploads\/2025\/02\/taz-de.jpg\" class=\"attachment-full size-full wp-image-60107\" alt=\"\" srcset=\"https:\/\/swissdox.ch\/wp-content\/uploads\/2025\/02\/taz-de.jpg 600w, https:\/\/swissdox.ch\/wp-content\/uploads\/2025\/02\/taz-de-225x300.jpg 225w\" sizes=\"(max-width: 600px) 100vw, 600px\" \/><\/div>\n\t\t<\/a>\n\t\t\t\t<div class=\"elementor-post__text\">\n\t\t\t\t<h3 class=\"elementor-post__title\">\n\t\t\t<a href=\"https:\/\/swissdox.ch\/fr\/repertoire-des-medias\/taz-de\/\" >\n\t\t\t\ttaz.de\t\t\t<\/a>\n\t\t<\/h3>\n\t\t\t\t<\/div>\n\t\t\t\t<\/article>\n\t\t\t\t<article class=\"elementor-post elementor-grid-item post-70022 medienverzeichnis type-medienverzeichnis status-publish has-post-thumbnail hentry land-suisse medientyp-presse-en-ligne partner-tx-group-ag sprache-francais\" role=\"listitem\">\n\t\t\t\t<a class=\"elementor-post__thumbnail__link\" href=\"https:\/\/swissdox.ch\/fr\/repertoire-des-medias\/tdg-ch\/\" tabindex=\"-1\" >\n\t\t\t<div class=\"elementor-post__thumbnail\"><img loading=\"lazy\" decoding=\"async\" width=\"600\" height=\"800\" src=\"https:\/\/swissdox.ch\/wp-content\/uploads\/2024\/09\/tdg-ch.jpg\" class=\"attachment-full size-full wp-image-54673\" alt=\"\" srcset=\"https:\/\/swissdox.ch\/wp-content\/uploads\/2024\/09\/tdg-ch.jpg 600w, https:\/\/swissdox.ch\/wp-content\/uploads\/2024\/09\/tdg-ch-225x300.jpg 225w\" sizes=\"(max-width: 600px) 100vw, 600px\" \/><\/div>\n\t\t<\/a>\n\t\t\t\t<div class=\"elementor-post__text\">\n\t\t\t\t<h3 class=\"elementor-post__title\">\n\t\t\t<a href=\"https:\/\/swissdox.ch\/fr\/repertoire-des-medias\/tdg-ch\/\" >\n\t\t\t\ttdg.ch\t\t\t<\/a>\n\t\t<\/h3>\n\t\t\t\t<\/div>\n\t\t\t\t<\/article>\n\t\t\t\t<article class=\"elementor-post elementor-grid-item post-70023 medienverzeichnis type-medienverzeichnis status-publish has-post-thumbnail hentry land-suisse medientyp-magazine partner-ringier-ag sprache-allemand\" role=\"listitem\">\n\t\t\t\t<a class=\"elementor-post__thumbnail__link\" href=\"https:\/\/swissdox.ch\/fr\/repertoire-des-medias\/tele\/\" tabindex=\"-1\" >\n\t\t\t<div class=\"elementor-post__thumbnail\"><img loading=\"lazy\" decoding=\"async\" width=\"600\" height=\"800\" src=\"https:\/\/swissdox.ch\/wp-content\/uploads\/2024\/09\/tele.jpg\" class=\"attachment-full size-full wp-image-54677\" alt=\"\" srcset=\"https:\/\/swissdox.ch\/wp-content\/uploads\/2024\/09\/tele.jpg 600w, https:\/\/swissdox.ch\/wp-content\/uploads\/2024\/09\/tele-225x300.jpg 225w\" sizes=\"(max-width: 600px) 100vw, 600px\" \/><\/div>\n\t\t<\/a>\n\t\t\t\t<div class=\"elementor-post__text\">\n\t\t\t\t<h3 class=\"elementor-post__title\">\n\t\t\t<a href=\"https:\/\/swissdox.ch\/fr\/repertoire-des-medias\/tele\/\" >\n\t\t\t\tTele\t\t\t<\/a>\n\t\t<\/h3>\n\t\t\t\t<\/div>\n\t\t\t\t<\/article>\n\t\t\t\t<article class=\"elementor-post elementor-grid-item post-70024 medienverzeichnis type-medienverzeichnis status-publish has-post-thumbnail hentry land-suisse medientyp-video partner-top-online sprache-allemand\" role=\"listitem\">\n\t\t\t\t<a class=\"elementor-post__thumbnail__link\" href=\"https:\/\/swissdox.ch\/fr\/repertoire-des-medias\/tele-top\/\" tabindex=\"-1\" >\n\t\t\t<div class=\"elementor-post__thumbnail\"><img loading=\"lazy\" decoding=\"async\" width=\"600\" height=\"799\" src=\"https:\/\/swissdox.ch\/wp-content\/uploads\/2025\/06\/tele-top.jpg\" class=\"attachment-full size-full wp-image-62658\" alt=\"\" srcset=\"https:\/\/swissdox.ch\/wp-content\/uploads\/2025\/06\/tele-top.jpg 600w, https:\/\/swissdox.ch\/wp-content\/uploads\/2025\/06\/tele-top-225x300.jpg 225w\" sizes=\"(max-width: 600px) 100vw, 600px\" \/><\/div>\n\t\t<\/a>\n\t\t\t\t<div class=\"elementor-post__text\">\n\t\t\t\t<h3 class=\"elementor-post__title\">\n\t\t\t<a href=\"https:\/\/swissdox.ch\/fr\/repertoire-des-medias\/tele-top\/\" >\n\t\t\t\tTele Top\t\t\t<\/a>\n\t\t<\/h3>\n\t\t\t\t<\/div>\n\t\t\t\t<\/article>\n\t\t\t\t<article class=\"elementor-post elementor-grid-item post-70025 medienverzeichnis type-medienverzeichnis status-publish has-post-thumbnail hentry land-suisse medientyp-video partner-telebasel sprache-allemand\" role=\"listitem\">\n\t\t\t\t<a class=\"elementor-post__thumbnail__link\" href=\"https:\/\/swissdox.ch\/fr\/repertoire-des-medias\/telebasel\/\" tabindex=\"-1\" >\n\t\t\t<div class=\"elementor-post__thumbnail\"><img loading=\"lazy\" decoding=\"async\" width=\"600\" height=\"800\" src=\"https:\/\/swissdox.ch\/wp-content\/uploads\/2024\/10\/telebasel.jpg\" class=\"attachment-full size-full wp-image-57032\" alt=\"\" srcset=\"https:\/\/swissdox.ch\/wp-content\/uploads\/2024\/10\/telebasel.jpg 600w, https:\/\/swissdox.ch\/wp-content\/uploads\/2024\/10\/telebasel-225x300.jpg 225w\" sizes=\"(max-width: 600px) 100vw, 600px\" \/><\/div>\n\t\t<\/a>\n\t\t\t\t<div class=\"elementor-post__text\">\n\t\t\t\t<h3 class=\"elementor-post__title\">\n\t\t\t<a href=\"https:\/\/swissdox.ch\/fr\/repertoire-des-medias\/telebasel\/\" >\n\t\t\t\tteleBasel\t\t\t<\/a>\n\t\t<\/h3>\n\t\t\t\t<\/div>\n\t\t\t\t<\/article>\n\t\t\t\t<article class=\"elementor-post elementor-grid-item post-70026 medienverzeichnis type-medienverzeichnis status-publish has-post-thumbnail hentry land-suisse medientyp-quotidien partner-le-temps-sa sprache-francais\" role=\"listitem\">\n\t\t\t\t<a class=\"elementor-post__thumbnail__link\" href=\"https:\/\/swissdox.ch\/fr\/repertoire-des-medias\/le-temps\/\" tabindex=\"-1\" >\n\t\t\t<div class=\"elementor-post__thumbnail\"><img loading=\"lazy\" decoding=\"async\" width=\"600\" height=\"799\" src=\"https:\/\/swissdox.ch\/wp-content\/uploads\/2024\/09\/le-temps.jpg\" class=\"attachment-full size-full wp-image-54069\" alt=\"\" srcset=\"https:\/\/swissdox.ch\/wp-content\/uploads\/2024\/09\/le-temps.jpg 600w, https:\/\/swissdox.ch\/wp-content\/uploads\/2024\/09\/le-temps-225x300.jpg 225w\" sizes=\"(max-width: 600px) 100vw, 600px\" \/><\/div>\n\t\t<\/a>\n\t\t\t\t<div class=\"elementor-post__text\">\n\t\t\t\t<h3 class=\"elementor-post__title\">\n\t\t\t<a href=\"https:\/\/swissdox.ch\/fr\/repertoire-des-medias\/le-temps\/\" >\n\t\t\t\tLe Temps\t\t\t<\/a>\n\t\t<\/h3>\n\t\t\t\t<\/div>\n\t\t\t\t<\/article>\n\t\t\t\t<article class=\"elementor-post elementor-grid-item post-70027 medienverzeichnis type-medienverzeichnis status-publish has-post-thumbnail hentry land-suisse medientyp-magazine partner-terre-et-nature-publications-sa sprache-francais\" role=\"listitem\">\n\t\t\t\t<a class=\"elementor-post__thumbnail__link\" href=\"https:\/\/swissdox.ch\/fr\/repertoire-des-medias\/terre-nature\/\" tabindex=\"-1\" >\n\t\t\t<div class=\"elementor-post__thumbnail\"><img loading=\"lazy\" decoding=\"async\" width=\"600\" height=\"799\" src=\"https:\/\/swissdox.ch\/wp-content\/uploads\/2024\/09\/terre-nature.jpg\" class=\"attachment-full size-full wp-image-54681\" alt=\"\" srcset=\"https:\/\/swissdox.ch\/wp-content\/uploads\/2024\/09\/terre-nature.jpg 600w, https:\/\/swissdox.ch\/wp-content\/uploads\/2024\/09\/terre-nature-225x300.jpg 225w\" sizes=\"(max-width: 600px) 100vw, 600px\" \/><\/div>\n\t\t<\/a>\n\t\t\t\t<div class=\"elementor-post__text\">\n\t\t\t\t<h3 class=\"elementor-post__title\">\n\t\t\t<a href=\"https:\/\/swissdox.ch\/fr\/repertoire-des-medias\/terre-nature\/\" >\n\t\t\t\tTerre &#038; Nature\t\t\t<\/a>\n\t\t<\/h3>\n\t\t\t\t<\/div>\n\t\t\t\t<\/article>\n\t\t\t\t<article class=\"elementor-post elementor-grid-item post-70028 medienverzeichnis type-medienverzeichnis status-publish has-post-thumbnail hentry land-allemagne medientyp-presse-en-ligne partner-dfv-mediengruppe sprache-allemand sprache-anglais\" role=\"listitem\">\n\t\t\t\t<a class=\"elementor-post__thumbnail__link\" href=\"https:\/\/swissdox.ch\/fr\/repertoire-des-medias\/textiletechnology-net\/\" tabindex=\"-1\" >\n\t\t\t<div class=\"elementor-post__thumbnail\"><img loading=\"lazy\" decoding=\"async\" width=\"600\" height=\"800\" src=\"https:\/\/swissdox.ch\/wp-content\/uploads\/2024\/09\/textiletechnology-net.jpg\" class=\"attachment-full size-full wp-image-54685\" alt=\"\" srcset=\"https:\/\/swissdox.ch\/wp-content\/uploads\/2024\/09\/textiletechnology-net.jpg 600w, https:\/\/swissdox.ch\/wp-content\/uploads\/2024\/09\/textiletechnology-net-225x300.jpg 225w\" sizes=\"(max-width: 600px) 100vw, 600px\" \/><\/div>\n\t\t<\/a>\n\t\t\t\t<div class=\"elementor-post__text\">\n\t\t\t\t<h3 class=\"elementor-post__title\">\n\t\t\t<a href=\"https:\/\/swissdox.ch\/fr\/repertoire-des-medias\/textiletechnology-net\/\" >\n\t\t\t\ttextiletechnology.net\t\t\t<\/a>\n\t\t<\/h3>\n\t\t\t\t<\/div>\n\t\t\t\t<\/article>\n\t\t\t\t<article class=\"elementor-post elementor-grid-item post-70029 medienverzeichnis type-medienverzeichnis status-publish has-post-thumbnail hentry land-suisse medientyp-quotidien partner-tx-group-ag sprache-allemand\" role=\"listitem\">\n\t\t\t\t<a class=\"elementor-post__thumbnail__link\" href=\"https:\/\/swissdox.ch\/fr\/repertoire-des-medias\/thalwiler-anzeiger-sihltaler\/\" tabindex=\"-1\" >\n\t\t\t<div class=\"elementor-post__thumbnail\"><img loading=\"lazy\" decoding=\"async\" width=\"600\" height=\"799\" src=\"https:\/\/swissdox.ch\/wp-content\/uploads\/2024\/09\/thalwiler-anzeiger.jpg\" class=\"attachment-full size-full wp-image-54689\" alt=\"\" srcset=\"https:\/\/swissdox.ch\/wp-content\/uploads\/2024\/09\/thalwiler-anzeiger.jpg 600w, https:\/\/swissdox.ch\/wp-content\/uploads\/2024\/09\/thalwiler-anzeiger-225x300.jpg 225w\" sizes=\"(max-width: 600px) 100vw, 600px\" \/><\/div>\n\t\t<\/a>\n\t\t\t\t<div class=\"elementor-post__text\">\n\t\t\t\t<h3 class=\"elementor-post__title\">\n\t\t\t<a href=\"https:\/\/swissdox.ch\/fr\/repertoire-des-medias\/thalwiler-anzeiger-sihltaler\/\" >\n\t\t\t\tThalwiler Anzeiger\/Sihltaler\t\t\t<\/a>\n\t\t<\/h3>\n\t\t\t\t<\/div>\n\t\t\t\t<\/article>\n\t\t\t\t<article class=\"elementor-post elementor-grid-item post-70030 medienverzeichnis type-medienverzeichnis status-publish has-post-thumbnail hentry land-suisse medientyp-quotidien partner-meier-cie-ag-schaffhausen sprache-allemand\" role=\"listitem\">\n\t\t\t\t<a class=\"elementor-post__thumbnail__link\" href=\"https:\/\/swissdox.ch\/fr\/repertoire-des-medias\/thaynger-anzeiger\/\" tabindex=\"-1\" >\n\t\t\t<div class=\"elementor-post__thumbnail\"><img loading=\"lazy\" decoding=\"async\" width=\"600\" height=\"800\" src=\"https:\/\/swissdox.ch\/wp-content\/uploads\/2024\/09\/thaynger-anzeiger.jpg\" class=\"attachment-full size-full wp-image-54693\" alt=\"\" srcset=\"https:\/\/swissdox.ch\/wp-content\/uploads\/2024\/09\/thaynger-anzeiger.jpg 600w, https:\/\/swissdox.ch\/wp-content\/uploads\/2024\/09\/thaynger-anzeiger-225x300.jpg 225w\" sizes=\"(max-width: 600px) 100vw, 600px\" \/><\/div>\n\t\t<\/a>\n\t\t\t\t<div class=\"elementor-post__text\">\n\t\t\t\t<h3 class=\"elementor-post__title\">\n\t\t\t<a href=\"https:\/\/swissdox.ch\/fr\/repertoire-des-medias\/thaynger-anzeiger\/\" >\n\t\t\t\tThaynger Anzeiger\t\t\t<\/a>\n\t\t<\/h3>\n\t\t\t\t<\/div>\n\t\t\t\t<\/article>\n\t\t\t\t<article class=\"elementor-post elementor-grid-item post-70031 medienverzeichnis type-medienverzeichnis status-publish has-post-thumbnail hentry land-inde medientyp-quotidien partner-bennett-coleman-co-limited sprache-anglais\" role=\"listitem\">\n\t\t\t\t<a class=\"elementor-post__thumbnail__link\" href=\"https:\/\/swissdox.ch\/fr\/repertoire-des-medias\/the-economic-times\/\" tabindex=\"-1\" >\n\t\t\t<div class=\"elementor-post__thumbnail\"><img loading=\"lazy\" decoding=\"async\" width=\"600\" height=\"800\" src=\"https:\/\/swissdox.ch\/wp-content\/uploads\/2025\/06\/the-economic-times.jpg\" class=\"attachment-full size-full wp-image-62662\" alt=\"\" srcset=\"https:\/\/swissdox.ch\/wp-content\/uploads\/2025\/06\/the-economic-times.jpg 600w, https:\/\/swissdox.ch\/wp-content\/uploads\/2025\/06\/the-economic-times-225x300.jpg 225w\" sizes=\"(max-width: 600px) 100vw, 600px\" \/><\/div>\n\t\t<\/a>\n\t\t\t\t<div class=\"elementor-post__text\">\n\t\t\t\t<h3 class=\"elementor-post__title\">\n\t\t\t<a href=\"https:\/\/swissdox.ch\/fr\/repertoire-des-medias\/the-economic-times\/\" >\n\t\t\t\tThe Economic Times\t\t\t<\/a>\n\t\t<\/h3>\n\t\t\t\t<\/div>\n\t\t\t\t<\/article>\n\t\t\t\t<article class=\"elementor-post elementor-grid-item post-70032 medienverzeichnis type-medienverzeichnis status-publish has-post-thumbnail hentry land-inde medientyp-quotidien partner-bennett-coleman-co-limited partner-tt-verlag-ug sprache-anglais\" role=\"listitem\">\n\t\t\t\t<a class=\"elementor-post__thumbnail__link\" href=\"https:\/\/swissdox.ch\/fr\/repertoire-des-medias\/the-times-of-india\/\" tabindex=\"-1\" >\n\t\t\t<div class=\"elementor-post__thumbnail\"><img loading=\"lazy\" decoding=\"async\" width=\"600\" height=\"800\" src=\"https:\/\/swissdox.ch\/wp-content\/uploads\/2025\/06\/the-times-of-india.jpg\" class=\"attachment-full size-full wp-image-62666\" alt=\"\" srcset=\"https:\/\/swissdox.ch\/wp-content\/uploads\/2025\/06\/the-times-of-india.jpg 600w, https:\/\/swissdox.ch\/wp-content\/uploads\/2025\/06\/the-times-of-india-225x300.jpg 225w\" sizes=\"(max-width: 600px) 100vw, 600px\" \/><\/div>\n\t\t<\/a>\n\t\t\t\t<div class=\"elementor-post__text\">\n\t\t\t\t<h3 class=\"elementor-post__title\">\n\t\t\t<a href=\"https:\/\/swissdox.ch\/fr\/repertoire-des-medias\/the-times-of-india\/\" >\n\t\t\t\tThe Times of India\t\t\t<\/a>\n\t\t<\/h3>\n\t\t\t\t<\/div>\n\t\t\t\t<\/article>\n\t\t\t\t<article class=\"elementor-post elementor-grid-item post-70033 medienverzeichnis type-medienverzeichnis status-publish has-post-thumbnail hentry land-allemagne medientyp-magazine partner-der-theaterverlag sprache-allemand\" role=\"listitem\">\n\t\t\t\t<a class=\"elementor-post__thumbnail__link\" href=\"https:\/\/swissdox.ch\/fr\/repertoire-des-medias\/theater-heute\/\" tabindex=\"-1\" >\n\t\t\t<div class=\"elementor-post__thumbnail\"><img loading=\"lazy\" decoding=\"async\" width=\"600\" height=\"800\" src=\"https:\/\/swissdox.ch\/wp-content\/uploads\/2024\/09\/theater-heute.jpg\" class=\"attachment-full size-full wp-image-54697\" alt=\"\" srcset=\"https:\/\/swissdox.ch\/wp-content\/uploads\/2024\/09\/theater-heute.jpg 600w, https:\/\/swissdox.ch\/wp-content\/uploads\/2024\/09\/theater-heute-225x300.jpg 225w\" sizes=\"(max-width: 600px) 100vw, 600px\" \/><\/div>\n\t\t<\/a>\n\t\t\t\t<div class=\"elementor-post__text\">\n\t\t\t\t<h3 class=\"elementor-post__title\">\n\t\t\t<a href=\"https:\/\/swissdox.ch\/fr\/repertoire-des-medias\/theater-heute\/\" >\n\t\t\t\tTheater heute\t\t\t<\/a>\n\t\t<\/h3>\n\t\t\t\t<\/div>\n\t\t\t\t<\/article>\n\t\t\t\t<article class=\"elementor-post elementor-grid-item post-70034 medienverzeichnis type-medienverzeichnis status-publish has-post-thumbnail hentry land-grande-bretagne medientyp-presse-en-ligne partner-guardian-news-media-limited-gnm sprache-anglais\" role=\"listitem\">\n\t\t\t\t<a class=\"elementor-post__thumbnail__link\" href=\"https:\/\/swissdox.ch\/fr\/repertoire-des-medias\/theguardian-com\/\" tabindex=\"-1\" >\n\t\t\t<div class=\"elementor-post__thumbnail\"><img loading=\"lazy\" decoding=\"async\" width=\"600\" height=\"800\" src=\"https:\/\/swissdox.ch\/wp-content\/uploads\/2025\/12\/theguardian-com.jpg\" class=\"attachment-full size-full wp-image-65678\" alt=\"\" srcset=\"https:\/\/swissdox.ch\/wp-content\/uploads\/2025\/12\/theguardian-com.jpg 600w, https:\/\/swissdox.ch\/wp-content\/uploads\/2025\/12\/theguardian-com-225x300.jpg 225w\" sizes=\"(max-width: 600px) 100vw, 600px\" \/><\/div>\n\t\t<\/a>\n\t\t\t\t<div class=\"elementor-post__text\">\n\t\t\t\t<h3 class=\"elementor-post__title\">\n\t\t\t<a href=\"https:\/\/swissdox.ch\/fr\/repertoire-des-medias\/theguardian-com\/\" >\n\t\t\t\ttheguardian.com\t\t\t<\/a>\n\t\t<\/h3>\n\t\t\t\t<\/div>\n\t\t\t\t<\/article>\n\t\t\t\t<article class=\"elementor-post elementor-grid-item post-70035 medienverzeichnis type-medienverzeichnis status-publish has-post-thumbnail hentry land-suisse medientyp-quotidien partner-tx-group-ag sprache-allemand\" role=\"listitem\">\n\t\t\t\t<a class=\"elementor-post__thumbnail__link\" href=\"https:\/\/swissdox.ch\/fr\/repertoire-des-medias\/thuner-tagblatt\/\" tabindex=\"-1\" >\n\t\t\t<div class=\"elementor-post__thumbnail\"><img loading=\"lazy\" decoding=\"async\" width=\"600\" height=\"799\" src=\"https:\/\/swissdox.ch\/wp-content\/uploads\/2024\/09\/thuner-tagblatt.jpg\" class=\"attachment-full size-full wp-image-54701\" alt=\"\" srcset=\"https:\/\/swissdox.ch\/wp-content\/uploads\/2024\/09\/thuner-tagblatt.jpg 600w, https:\/\/swissdox.ch\/wp-content\/uploads\/2024\/09\/thuner-tagblatt-225x300.jpg 225w\" sizes=\"(max-width: 600px) 100vw, 600px\" \/><\/div>\n\t\t<\/a>\n\t\t\t\t<div class=\"elementor-post__text\">\n\t\t\t\t<h3 class=\"elementor-post__title\">\n\t\t\t<a href=\"https:\/\/swissdox.ch\/fr\/repertoire-des-medias\/thuner-tagblatt\/\" >\n\t\t\t\tThuner Tagblatt\t\t\t<\/a>\n\t\t<\/h3>\n\t\t\t\t<\/div>\n\t\t\t\t<\/article>\n\t\t\t\t<article class=\"elementor-post elementor-grid-item post-70036 medienverzeichnis type-medienverzeichnis status-publish has-post-thumbnail hentry land-suisse medientyp-quotidien partner-ch-media sprache-allemand\" role=\"listitem\">\n\t\t\t\t<a class=\"elementor-post__thumbnail__link\" href=\"https:\/\/swissdox.ch\/fr\/repertoire-des-medias\/thurgauer-zeitung\/\" tabindex=\"-1\" >\n\t\t\t<div class=\"elementor-post__thumbnail\"><img loading=\"lazy\" decoding=\"async\" width=\"600\" height=\"800\" src=\"https:\/\/swissdox.ch\/wp-content\/uploads\/2024\/09\/thurgauer-zeitung.jpg\" class=\"attachment-full size-full wp-image-54709\" alt=\"\" srcset=\"https:\/\/swissdox.ch\/wp-content\/uploads\/2024\/09\/thurgauer-zeitung.jpg 600w, https:\/\/swissdox.ch\/wp-content\/uploads\/2024\/09\/thurgauer-zeitung-225x300.jpg 225w\" sizes=\"(max-width: 600px) 100vw, 600px\" \/><\/div>\n\t\t<\/a>\n\t\t\t\t<div class=\"elementor-post__text\">\n\t\t\t\t<h3 class=\"elementor-post__title\">\n\t\t\t<a href=\"https:\/\/swissdox.ch\/fr\/repertoire-des-medias\/thurgauer-zeitung\/\" >\n\t\t\t\tThurgauer Zeitung\t\t\t<\/a>\n\t\t<\/h3>\n\t\t\t\t<\/div>\n\t\t\t\t<\/article>\n\t\t\t\t<article class=\"elementor-post elementor-grid-item post-70037 medienverzeichnis type-medienverzeichnis status-publish has-post-thumbnail hentry land-suisse medientyp-presse-en-ligne partner-ch-media sprache-allemand\" role=\"listitem\">\n\t\t\t\t<a class=\"elementor-post__thumbnail__link\" href=\"https:\/\/swissdox.ch\/fr\/repertoire-des-medias\/thurgauerzeitung-ch\/\" tabindex=\"-1\" >\n\t\t\t<div class=\"elementor-post__thumbnail\"><img loading=\"lazy\" decoding=\"async\" width=\"600\" height=\"800\" src=\"https:\/\/swissdox.ch\/wp-content\/uploads\/2026\/07\/thurgauerzeitung-ch.jpg\" class=\"attachment-full size-full wp-image-69110\" alt=\"\" srcset=\"https:\/\/swissdox.ch\/wp-content\/uploads\/2026\/07\/thurgauerzeitung-ch.jpg 600w, https:\/\/swissdox.ch\/wp-content\/uploads\/2026\/07\/thurgauerzeitung-ch-225x300.jpg 225w\" sizes=\"(max-width: 600px) 100vw, 600px\" \/><\/div>\n\t\t<\/a>\n\t\t\t\t<div class=\"elementor-post__text\">\n\t\t\t\t<h3 class=\"elementor-post__title\">\n\t\t\t<a href=\"https:\/\/swissdox.ch\/fr\/repertoire-des-medias\/thurgauerzeitung-ch\/\" >\n\t\t\t\tthurgauerzeitung.ch\t\t\t<\/a>\n\t\t<\/h3>\n\t\t\t\t<\/div>\n\t\t\t\t<\/article>\n\t\t\t\t<article class=\"elementor-post elementor-grid-item post-70038 medienverzeichnis type-medienverzeichnis status-publish has-post-thumbnail hentry land-suisse medientyp-presse-en-ligne partner-thurgau-kultur-ag sprache-allemand\" role=\"listitem\">\n\t\t\t\t<a class=\"elementor-post__thumbnail__link\" href=\"https:\/\/swissdox.ch\/fr\/repertoire-des-medias\/thurgaukultur-ch\/\" tabindex=\"-1\" >\n\t\t\t<div class=\"elementor-post__thumbnail\"><img loading=\"lazy\" decoding=\"async\" width=\"600\" height=\"800\" src=\"https:\/\/swissdox.ch\/wp-content\/uploads\/2024\/09\/thurgaukultur-ch.jpg\" class=\"attachment-full size-full wp-image-54713\" alt=\"\" srcset=\"https:\/\/swissdox.ch\/wp-content\/uploads\/2024\/09\/thurgaukultur-ch.jpg 600w, https:\/\/swissdox.ch\/wp-content\/uploads\/2024\/09\/thurgaukultur-ch-225x300.jpg 225w\" sizes=\"(max-width: 600px) 100vw, 600px\" \/><\/div>\n\t\t<\/a>\n\t\t\t\t<div class=\"elementor-post__text\">\n\t\t\t\t<h3 class=\"elementor-post__title\">\n\t\t\t<a href=\"https:\/\/swissdox.ch\/fr\/repertoire-des-medias\/thurgaukultur-ch\/\" >\n\t\t\t\tthurgaukultur.ch\t\t\t<\/a>\n\t\t<\/h3>\n\t\t\t\t<\/div>\n\t\t\t\t<\/article>\n\t\t\t\t<article class=\"elementor-post elementor-grid-item post-70039 medienverzeichnis type-medienverzeichnis status-publish has-post-thumbnail hentry land-suisse medientyp-presse-en-ligne partner-schweizer-agrarmedien-ag sprache-allemand\" role=\"listitem\">\n\t\t\t\t<a class=\"elementor-post__thumbnail__link\" href=\"https:\/\/swissdox.ch\/fr\/repertoire-des-medias\/tierwelt-ch\/\" tabindex=\"-1\" >\n\t\t\t<div class=\"elementor-post__thumbnail\"><img loading=\"lazy\" decoding=\"async\" width=\"600\" height=\"800\" src=\"https:\/\/swissdox.ch\/wp-content\/uploads\/2025\/07\/tierwelt-ch.jpg\" class=\"attachment-full size-full wp-image-63769\" alt=\"\" srcset=\"https:\/\/swissdox.ch\/wp-content\/uploads\/2025\/07\/tierwelt-ch.jpg 600w, https:\/\/swissdox.ch\/wp-content\/uploads\/2025\/07\/tierwelt-ch-225x300.jpg 225w\" sizes=\"(max-width: 600px) 100vw, 600px\" \/><\/div>\n\t\t<\/a>\n\t\t\t\t<div class=\"elementor-post__text\">\n\t\t\t\t<h3 class=\"elementor-post__title\">\n\t\t\t<a href=\"https:\/\/swissdox.ch\/fr\/repertoire-des-medias\/tierwelt-ch\/\" >\n\t\t\t\ttierwelt.ch\t\t\t<\/a>\n\t\t<\/h3>\n\t\t\t\t<\/div>\n\t\t\t\t<\/article>\n\t\t\t\t<article class=\"elementor-post elementor-grid-item post-70040 medienverzeichnis type-medienverzeichnis status-publish has-post-thumbnail hentry land-suisse medientyp-presse-en-ligne partner-bks-information-gmbh sprache-allemand\" role=\"listitem\">\n\t\t\t\t<a class=\"elementor-post__thumbnail__link\" href=\"https:\/\/swissdox.ch\/fr\/repertoire-des-medias\/tippinpoint-ch\/\" tabindex=\"-1\" >\n\t\t\t<div class=\"elementor-post__thumbnail\"><img loading=\"lazy\" decoding=\"async\" width=\"600\" height=\"800\" src=\"https:\/\/swissdox.ch\/wp-content\/uploads\/2024\/09\/tippinpoint-ch.jpg\" class=\"attachment-full size-full wp-image-54717\" alt=\"\" srcset=\"https:\/\/swissdox.ch\/wp-content\/uploads\/2024\/09\/tippinpoint-ch.jpg 600w, https:\/\/swissdox.ch\/wp-content\/uploads\/2024\/09\/tippinpoint-ch-225x300.jpg 225w\" sizes=\"(max-width: 600px) 100vw, 600px\" \/><\/div>\n\t\t<\/a>\n\t\t\t\t<div class=\"elementor-post__text\">\n\t\t\t\t<h3 class=\"elementor-post__title\">\n\t\t\t<a href=\"https:\/\/swissdox.ch\/fr\/repertoire-des-medias\/tippinpoint-ch\/\" >\n\t\t\t\ttippinpoint.ch\t\t\t<\/a>\n\t\t<\/h3>\n\t\t\t\t<\/div>\n\t\t\t\t<\/article>\n\t\t\t\t<article class=\"elementor-post elementor-grid-item post-70041 medienverzeichnis type-medienverzeichnis status-publish has-post-thumbnail hentry land-suisse medientyp-quotidien partner-ch-media sprache-allemand\" role=\"listitem\">\n\t\t\t\t<a class=\"elementor-post__thumbnail__link\" href=\"https:\/\/swissdox.ch\/fr\/repertoire-des-medias\/toggenburger-tagblatt\/\" tabindex=\"-1\" >\n\t\t\t<div class=\"elementor-post__thumbnail\"><img loading=\"lazy\" decoding=\"async\" width=\"600\" height=\"800\" src=\"https:\/\/swissdox.ch\/wp-content\/uploads\/2024\/09\/toggenburger-tagblatt.jpg\" class=\"attachment-full size-full wp-image-54721\" alt=\"\" srcset=\"https:\/\/swissdox.ch\/wp-content\/uploads\/2024\/09\/toggenburger-tagblatt.jpg 600w, https:\/\/swissdox.ch\/wp-content\/uploads\/2024\/09\/toggenburger-tagblatt-225x300.jpg 225w\" sizes=\"(max-width: 600px) 100vw, 600px\" \/><\/div>\n\t\t<\/a>\n\t\t\t\t<div class=\"elementor-post__text\">\n\t\t\t\t<h3 class=\"elementor-post__title\">\n\t\t\t<a href=\"https:\/\/swissdox.ch\/fr\/repertoire-des-medias\/toggenburger-tagblatt\/\" >\n\t\t\t\tToggenburger Tagblatt\t\t\t<\/a>\n\t\t<\/h3>\n\t\t\t\t<\/div>\n\t\t\t\t<\/article>\n\t\t\t\t<article class=\"elementor-post elementor-grid-item post-70042 medienverzeichnis type-medienverzeichnis status-publish has-post-thumbnail hentry land-suisse medientyp-presse-en-ligne partner-top-online sprache-allemand\" role=\"listitem\">\n\t\t\t\t<a class=\"elementor-post__thumbnail__link\" href=\"https:\/\/swissdox.ch\/fr\/repertoire-des-medias\/toponline-ch\/\" tabindex=\"-1\" >\n\t\t\t<div class=\"elementor-post__thumbnail\"><img loading=\"lazy\" decoding=\"async\" width=\"600\" height=\"800\" src=\"https:\/\/swissdox.ch\/wp-content\/uploads\/2024\/09\/toponline-ch.jpg\" class=\"attachment-full size-full wp-image-54725\" alt=\"\" srcset=\"https:\/\/swissdox.ch\/wp-content\/uploads\/2024\/09\/toponline-ch.jpg 600w, https:\/\/swissdox.ch\/wp-content\/uploads\/2024\/09\/toponline-ch-225x300.jpg 225w\" sizes=\"(max-width: 600px) 100vw, 600px\" \/><\/div>\n\t\t<\/a>\n\t\t\t\t<div class=\"elementor-post__text\">\n\t\t\t\t<h3 class=\"elementor-post__title\">\n\t\t\t<a href=\"https:\/\/swissdox.ch\/fr\/repertoire-des-medias\/toponline-ch\/\" >\n\t\t\t\ttoponline.ch\t\t\t<\/a>\n\t\t<\/h3>\n\t\t\t\t<\/div>\n\t\t\t\t<\/article>\n\t\t\t\t<article class=\"elementor-post elementor-grid-item post-70043 medienverzeichnis type-medienverzeichnis status-publish has-post-thumbnail hentry land-suisse medientyp-quotidien partner-tx-group-ag sprache-francais\" role=\"listitem\">\n\t\t\t\t<a class=\"elementor-post__thumbnail__link\" href=\"https:\/\/swissdox.ch\/fr\/repertoire-des-medias\/tribune-de-geneve\/\" tabindex=\"-1\" >\n\t\t\t<div class=\"elementor-post__thumbnail\"><img loading=\"lazy\" decoding=\"async\" width=\"600\" height=\"799\" src=\"https:\/\/swissdox.ch\/wp-content\/uploads\/2024\/09\/tribune-de-geneve.jpg\" class=\"attachment-full size-full wp-image-54729\" alt=\"\" srcset=\"https:\/\/swissdox.ch\/wp-content\/uploads\/2024\/09\/tribune-de-geneve.jpg 600w, https:\/\/swissdox.ch\/wp-content\/uploads\/2024\/09\/tribune-de-geneve-225x300.jpg 225w\" sizes=\"(max-width: 600px) 100vw, 600px\" \/><\/div>\n\t\t<\/a>\n\t\t\t\t<div class=\"elementor-post__text\">\n\t\t\t\t<h3 class=\"elementor-post__title\">\n\t\t\t<a href=\"https:\/\/swissdox.ch\/fr\/repertoire-des-medias\/tribune-de-geneve\/\" >\n\t\t\t\tTribune de Gen\u00e8ve\t\t\t<\/a>\n\t\t<\/h3>\n\t\t\t\t<\/div>\n\t\t\t\t<\/article>\n\t\t\t\t<article class=\"elementor-post elementor-grid-item post-70044 medienverzeichnis type-medienverzeichnis status-publish has-post-thumbnail hentry land-suisse medientyp-magazine partner-tx-group-ag sprache-francais\" role=\"listitem\">\n\t\t\t\t<a class=\"elementor-post__thumbnail__link\" href=\"https:\/\/swissdox.ch\/fr\/repertoire-des-medias\/tribune-des-arts\/\" tabindex=\"-1\" >\n\t\t\t<div class=\"elementor-post__thumbnail\"><img loading=\"lazy\" decoding=\"async\" width=\"600\" height=\"800\" src=\"https:\/\/swissdox.ch\/wp-content\/uploads\/2024\/09\/tribune-des-arts.jpg\" class=\"attachment-full size-full wp-image-54733\" alt=\"\" srcset=\"https:\/\/swissdox.ch\/wp-content\/uploads\/2024\/09\/tribune-des-arts.jpg 600w, https:\/\/swissdox.ch\/wp-content\/uploads\/2024\/09\/tribune-des-arts-225x300.jpg 225w\" sizes=\"(max-width: 600px) 100vw, 600px\" \/><\/div>\n\t\t<\/a>\n\t\t\t\t<div class=\"elementor-post__text\">\n\t\t\t\t<h3 class=\"elementor-post__title\">\n\t\t\t<a href=\"https:\/\/swissdox.ch\/fr\/repertoire-des-medias\/tribune-des-arts\/\" >\n\t\t\t\tTribune des Arts\t\t\t<\/a>\n\t\t<\/h3>\n\t\t\t\t<\/div>\n\t\t\t\t<\/article>\n\t\t\t\t<article class=\"elementor-post elementor-grid-item post-70045 medienverzeichnis type-medienverzeichnis status-publish has-post-thumbnail hentry land-suisse medientyp-magazine partner-tx-group-ag sprache-allemand\" role=\"listitem\">\n\t\t\t\t<a class=\"elementor-post__thumbnail__link\" href=\"https:\/\/swissdox.ch\/fr\/repertoire-des-medias\/tribune-des-arts-de\/\" tabindex=\"-1\" >\n\t\t\t<div class=\"elementor-post__thumbnail\"><img loading=\"lazy\" decoding=\"async\" width=\"600\" height=\"818\" src=\"https:\/\/swissdox.ch\/wp-content\/uploads\/2024\/09\/tribune-des-arts-de.jpg\" class=\"attachment-full size-full wp-image-55821\" alt=\"\" srcset=\"https:\/\/swissdox.ch\/wp-content\/uploads\/2024\/09\/tribune-des-arts-de.jpg 600w, https:\/\/swissdox.ch\/wp-content\/uploads\/2024\/09\/tribune-des-arts-de-220x300.jpg 220w\" sizes=\"(max-width: 600px) 100vw, 600px\" \/><\/div>\n\t\t<\/a>\n\t\t\t\t<div class=\"elementor-post__text\">\n\t\t\t\t<h3 class=\"elementor-post__title\">\n\t\t\t<a href=\"https:\/\/swissdox.ch\/fr\/repertoire-des-medias\/tribune-des-arts-de\/\" >\n\t\t\t\tTribune des Arts (de)\t\t\t<\/a>\n\t\t<\/h3>\n\t\t\t\t<\/div>\n\t\t\t\t<\/article>\n\t\t\t\t<article class=\"elementor-post elementor-grid-item post-70046 medienverzeichnis type-medienverzeichnis status-publish has-post-thumbnail hentry land-suisse medientyp-presse-en-ligne partner-tsuri-ag sprache-allemand\" role=\"listitem\">\n\t\t\t\t<a class=\"elementor-post__thumbnail__link\" href=\"https:\/\/swissdox.ch\/fr\/repertoire-des-medias\/tsri-ch\/\" tabindex=\"-1\" >\n\t\t\t<div class=\"elementor-post__thumbnail\"><img loading=\"lazy\" decoding=\"async\" width=\"600\" height=\"800\" src=\"https:\/\/swissdox.ch\/wp-content\/uploads\/2024\/09\/tsueri-ch.jpg\" class=\"attachment-full size-full wp-image-54737\" alt=\"\" srcset=\"https:\/\/swissdox.ch\/wp-content\/uploads\/2024\/09\/tsueri-ch.jpg 600w, https:\/\/swissdox.ch\/wp-content\/uploads\/2024\/09\/tsueri-ch-225x300.jpg 225w\" sizes=\"(max-width: 600px) 100vw, 600px\" \/><\/div>\n\t\t<\/a>\n\t\t\t\t<div class=\"elementor-post__text\">\n\t\t\t\t<h3 class=\"elementor-post__title\">\n\t\t\t<a href=\"https:\/\/swissdox.ch\/fr\/repertoire-des-medias\/tsri-ch\/\" >\n\t\t\t\ttsri.ch\t\t\t<\/a>\n\t\t<\/h3>\n\t\t\t\t<\/div>\n\t\t\t\t<\/article>\n\t\t\t\t<article class=\"elementor-post elementor-grid-item post-70047 medienverzeichnis type-medienverzeichnis status-publish has-post-thumbnail hentry land-suisse medientyp-quotidien partner-verein-tuufner-poscht sprache-allemand\" role=\"listitem\">\n\t\t\t\t<a class=\"elementor-post__thumbnail__link\" href=\"https:\/\/swissdox.ch\/fr\/repertoire-des-medias\/tueuefner-poscht\/\" tabindex=\"-1\" >\n\t\t\t<div class=\"elementor-post__thumbnail\"><img loading=\"lazy\" decoding=\"async\" width=\"600\" height=\"800\" src=\"https:\/\/swissdox.ch\/wp-content\/uploads\/2024\/09\/tueuefner-poscht.jpg\" class=\"attachment-full size-full wp-image-54741\" alt=\"\" srcset=\"https:\/\/swissdox.ch\/wp-content\/uploads\/2024\/09\/tueuefner-poscht.jpg 600w, https:\/\/swissdox.ch\/wp-content\/uploads\/2024\/09\/tueuefner-poscht-225x300.jpg 225w\" sizes=\"(max-width: 600px) 100vw, 600px\" \/><\/div>\n\t\t<\/a>\n\t\t\t\t<div class=\"elementor-post__text\">\n\t\t\t\t<h3 class=\"elementor-post__title\">\n\t\t\t<a href=\"https:\/\/swissdox.ch\/fr\/repertoire-des-medias\/tueuefner-poscht\/\" >\n\t\t\t\tT\u00fc\u00fcfner Poscht\t\t\t<\/a>\n\t\t<\/h3>\n\t\t\t\t<\/div>\n\t\t\t\t<\/article>\n\t\t\t\t<article class=\"elementor-post elementor-grid-item post-70048 medienverzeichnis type-medienverzeichnis status-publish has-post-thumbnail hentry land-suisse medientyp-magazine partner-ringier-ag sprache-allemand\" role=\"listitem\">\n\t\t\t\t<a class=\"elementor-post__thumbnail__link\" href=\"https:\/\/swissdox.ch\/fr\/repertoire-des-medias\/tv-land-luet\/\" tabindex=\"-1\" >\n\t\t\t<div class=\"elementor-post__thumbnail\"><img loading=\"lazy\" decoding=\"async\" width=\"600\" height=\"800\" src=\"https:\/\/swissdox.ch\/wp-content\/uploads\/2024\/09\/tv-land-luet.jpg\" class=\"attachment-full size-full wp-image-54749\" alt=\"\" srcset=\"https:\/\/swissdox.ch\/wp-content\/uploads\/2024\/09\/tv-land-luet.jpg 600w, https:\/\/swissdox.ch\/wp-content\/uploads\/2024\/09\/tv-land-luet-225x300.jpg 225w\" sizes=\"(max-width: 600px) 100vw, 600px\" \/><\/div>\n\t\t<\/a>\n\t\t\t\t<div class=\"elementor-post__text\">\n\t\t\t\t<h3 class=\"elementor-post__title\">\n\t\t\t<a href=\"https:\/\/swissdox.ch\/fr\/repertoire-des-medias\/tv-land-luet\/\" >\n\t\t\t\tTV Land &#038; L\u00fct\t\t\t<\/a>\n\t\t<\/h3>\n\t\t\t\t<\/div>\n\t\t\t\t<\/article>\n\t\t\t\t<article class=\"elementor-post elementor-grid-item post-70049 medienverzeichnis type-medienverzeichnis status-publish has-post-thumbnail hentry land-suisse medientyp-magazine partner-ringier-ag sprache-allemand\" role=\"listitem\">\n\t\t\t\t<a class=\"elementor-post__thumbnail__link\" href=\"https:\/\/swissdox.ch\/fr\/repertoire-des-medias\/tv-star\/\" tabindex=\"-1\" >\n\t\t\t<div class=\"elementor-post__thumbnail\"><img loading=\"lazy\" decoding=\"async\" width=\"600\" height=\"800\" src=\"https:\/\/swissdox.ch\/wp-content\/uploads\/2024\/09\/tv-star.jpg\" class=\"attachment-full size-full wp-image-54753\" alt=\"\" srcset=\"https:\/\/swissdox.ch\/wp-content\/uploads\/2024\/09\/tv-star.jpg 600w, https:\/\/swissdox.ch\/wp-content\/uploads\/2024\/09\/tv-star-225x300.jpg 225w\" sizes=\"(max-width: 600px) 100vw, 600px\" \/><\/div>\n\t\t<\/a>\n\t\t\t\t<div class=\"elementor-post__text\">\n\t\t\t\t<h3 class=\"elementor-post__title\">\n\t\t\t<a href=\"https:\/\/swissdox.ch\/fr\/repertoire-des-medias\/tv-star\/\" >\n\t\t\t\tTV Star\t\t\t<\/a>\n\t\t<\/h3>\n\t\t\t\t<\/div>\n\t\t\t\t<\/article>\n\t\t\t\t<article class=\"elementor-post elementor-grid-item post-70050 medienverzeichnis type-medienverzeichnis status-publish has-post-thumbnail hentry land-suisse medientyp-magazine partner-ringier-ag sprache-allemand\" role=\"listitem\">\n\t\t\t\t<a class=\"elementor-post__thumbnail__link\" href=\"https:\/\/swissdox.ch\/fr\/repertoire-des-medias\/tv-vier\/\" tabindex=\"-1\" >\n\t\t\t<div class=\"elementor-post__thumbnail\"><img loading=\"lazy\" decoding=\"async\" width=\"600\" height=\"800\" src=\"https:\/\/swissdox.ch\/wp-content\/uploads\/2024\/09\/tv-4.jpg\" class=\"attachment-full size-full wp-image-54745\" alt=\"\" srcset=\"https:\/\/swissdox.ch\/wp-content\/uploads\/2024\/09\/tv-4.jpg 600w, https:\/\/swissdox.ch\/wp-content\/uploads\/2024\/09\/tv-4-225x300.jpg 225w\" sizes=\"(max-width: 600px) 100vw, 600px\" \/><\/div>\n\t\t<\/a>\n\t\t\t\t<div class=\"elementor-post__text\">\n\t\t\t\t<h3 class=\"elementor-post__title\">\n\t\t\t<a href=\"https:\/\/swissdox.ch\/fr\/repertoire-des-medias\/tv-vier\/\" >\n\t\t\t\tTV vier\t\t\t<\/a>\n\t\t<\/h3>\n\t\t\t\t<\/div>\n\t\t\t\t<\/article>\n\t\t\t\t<article class=\"elementor-post elementor-grid-item post-70051 medienverzeichnis type-medienverzeichnis status-publish has-post-thumbnail hentry land-suisse medientyp-quotidien partner-ch-media sprache-allemand\" role=\"listitem\">\n\t\t\t\t<a class=\"elementor-post__thumbnail__link\" href=\"https:\/\/swissdox.ch\/fr\/repertoire-des-medias\/urner-zeitung\/\" tabindex=\"-1\" >\n\t\t\t<div class=\"elementor-post__thumbnail\"><img loading=\"lazy\" decoding=\"async\" width=\"600\" height=\"800\" src=\"https:\/\/swissdox.ch\/wp-content\/uploads\/2024\/09\/urner-zeitung.jpg\" class=\"attachment-full size-full wp-image-54757\" alt=\"\" srcset=\"https:\/\/swissdox.ch\/wp-content\/uploads\/2024\/09\/urner-zeitung.jpg 600w, https:\/\/swissdox.ch\/wp-content\/uploads\/2024\/09\/urner-zeitung-225x300.jpg 225w\" sizes=\"(max-width: 600px) 100vw, 600px\" \/><\/div>\n\t\t<\/a>\n\t\t\t\t<div class=\"elementor-post__text\">\n\t\t\t\t<h3 class=\"elementor-post__title\">\n\t\t\t<a href=\"https:\/\/swissdox.ch\/fr\/repertoire-des-medias\/urner-zeitung\/\" >\n\t\t\t\tUrner Zeitung\t\t\t<\/a>\n\t\t<\/h3>\n\t\t\t\t<\/div>\n\t\t\t\t<\/article>\n\t\t\t\t<article class=\"elementor-post elementor-grid-item post-70052 medienverzeichnis type-medienverzeichnis status-publish has-post-thumbnail hentry land-suisse medientyp-presse-en-ligne partner-ch-media sprache-allemand\" role=\"listitem\">\n\t\t\t\t<a class=\"elementor-post__thumbnail__link\" href=\"https:\/\/swissdox.ch\/fr\/repertoire-des-medias\/urnerzeitung-ch\/\" tabindex=\"-1\" >\n\t\t\t<div class=\"elementor-post__thumbnail\"><img loading=\"lazy\" decoding=\"async\" width=\"600\" height=\"799\" src=\"https:\/\/swissdox.ch\/wp-content\/uploads\/2026\/07\/urnerzeitung-ch.jpg\" class=\"attachment-full size-full wp-image-69114\" alt=\"\" srcset=\"https:\/\/swissdox.ch\/wp-content\/uploads\/2026\/07\/urnerzeitung-ch.jpg 600w, https:\/\/swissdox.ch\/wp-content\/uploads\/2026\/07\/urnerzeitung-ch-225x300.jpg 225w\" sizes=\"(max-width: 600px) 100vw, 600px\" \/><\/div>\n\t\t<\/a>\n\t\t\t\t<div class=\"elementor-post__text\">\n\t\t\t\t<h3 class=\"elementor-post__title\">\n\t\t\t<a href=\"https:\/\/swissdox.ch\/fr\/repertoire-des-medias\/urnerzeitung-ch\/\" >\n\t\t\t\turnerzeitung.ch\t\t\t<\/a>\n\t\t<\/h3>\n\t\t\t\t<\/div>\n\t\t\t\t<\/article>\n\t\t\t\t<article class=\"elementor-post elementor-grid-item post-70053 medienverzeichnis type-medienverzeichnis status-publish has-post-thumbnail hentry land-liechtenstein medientyp-presse-en-ligne partner-vaduzer-medienhaus-ag sprache-allemand\" role=\"listitem\">\n\t\t\t\t<a class=\"elementor-post__thumbnail__link\" href=\"https:\/\/swissdox.ch\/fr\/repertoire-des-medias\/vaterland-li\/\" tabindex=\"-1\" >\n\t\t\t<div class=\"elementor-post__thumbnail\"><img loading=\"lazy\" decoding=\"async\" width=\"600\" height=\"800\" src=\"https:\/\/swissdox.ch\/wp-content\/uploads\/2024\/09\/vaterland-li.jpg\" class=\"attachment-full size-full wp-image-54761\" alt=\"\" srcset=\"https:\/\/swissdox.ch\/wp-content\/uploads\/2024\/09\/vaterland-li.jpg 600w, https:\/\/swissdox.ch\/wp-content\/uploads\/2024\/09\/vaterland-li-225x300.jpg 225w\" sizes=\"(max-width: 600px) 100vw, 600px\" \/><\/div>\n\t\t<\/a>\n\t\t\t\t<div class=\"elementor-post__text\">\n\t\t\t\t<h3 class=\"elementor-post__title\">\n\t\t\t<a href=\"https:\/\/swissdox.ch\/fr\/repertoire-des-medias\/vaterland-li\/\" >\n\t\t\t\tvaterland.li\t\t\t<\/a>\n\t\t<\/h3>\n\t\t\t\t<\/div>\n\t\t\t\t<\/article>\n\t\t\t\t<article class=\"elementor-post elementor-grid-item post-70054 medienverzeichnis type-medienverzeichnis status-publish has-post-thumbnail hentry land-suisse medientyp-magazine partner-velomedien-ag sprache-allemand\" role=\"listitem\">\n\t\t\t\t<a class=\"elementor-post__thumbnail__link\" href=\"https:\/\/swissdox.ch\/fr\/repertoire-des-medias\/velojournal\/\" tabindex=\"-1\" >\n\t\t\t<div class=\"elementor-post__thumbnail\"><img loading=\"lazy\" decoding=\"async\" width=\"599\" height=\"800\" src=\"https:\/\/swissdox.ch\/wp-content\/uploads\/2024\/11\/velojournal.jpg\" class=\"attachment-full size-full wp-image-58076\" alt=\"\" srcset=\"https:\/\/swissdox.ch\/wp-content\/uploads\/2024\/11\/velojournal.jpg 599w, https:\/\/swissdox.ch\/wp-content\/uploads\/2024\/11\/velojournal-225x300.jpg 225w\" sizes=\"(max-width: 599px) 100vw, 599px\" \/><\/div>\n\t\t<\/a>\n\t\t\t\t<div class=\"elementor-post__text\">\n\t\t\t\t<h3 class=\"elementor-post__title\">\n\t\t\t<a href=\"https:\/\/swissdox.ch\/fr\/repertoire-des-medias\/velojournal\/\" >\n\t\t\t\tVELOJOURNAL\t\t\t<\/a>\n\t\t<\/h3>\n\t\t\t\t<\/div>\n\t\t\t\t<\/article>\n\t\t\t\t<article class=\"elementor-post elementor-grid-item post-70055 medienverzeichnis type-medienverzeichnis status-publish has-post-thumbnail hentry land-suisse medientyp-presse-en-ligne partner-velomedien-ag sprache-allemand\" role=\"listitem\">\n\t\t\t\t<a class=\"elementor-post__thumbnail__link\" href=\"https:\/\/swissdox.ch\/fr\/repertoire-des-medias\/velojournal-ch\/\" tabindex=\"-1\" >\n\t\t\t<div class=\"elementor-post__thumbnail\"><img loading=\"lazy\" decoding=\"async\" width=\"599\" height=\"800\" src=\"https:\/\/swissdox.ch\/wp-content\/uploads\/2024\/11\/velojournal-ch.jpg\" class=\"attachment-full size-full wp-image-58072\" alt=\"\" srcset=\"https:\/\/swissdox.ch\/wp-content\/uploads\/2024\/11\/velojournal-ch.jpg 599w, https:\/\/swissdox.ch\/wp-content\/uploads\/2024\/11\/velojournal-ch-225x300.jpg 225w\" sizes=\"(max-width: 599px) 100vw, 599px\" \/><\/div>\n\t\t<\/a>\n\t\t\t\t<div class=\"elementor-post__text\">\n\t\t\t\t<h3 class=\"elementor-post__title\">\n\t\t\t<a href=\"https:\/\/swissdox.ch\/fr\/repertoire-des-medias\/velojournal-ch\/\" >\n\t\t\t\tvelojournal.ch\t\t\t<\/a>\n\t\t<\/h3>\n\t\t\t\t<\/div>\n\t\t\t\t<\/article>\n\t\t\t\t<article class=\"elementor-post elementor-grid-item post-70056 medienverzeichnis type-medienverzeichnis status-publish has-post-thumbnail hentry land-suisse medientyp-magazine partner-vpod-bildungspolitik sprache-allemand\" role=\"listitem\">\n\t\t\t\t<a class=\"elementor-post__thumbnail__link\" href=\"https:\/\/swissdox.ch\/fr\/repertoire-des-medias\/vpod-bildungspolitik\/\" tabindex=\"-1\" >\n\t\t\t<div class=\"elementor-post__thumbnail\"><img loading=\"lazy\" decoding=\"async\" width=\"600\" height=\"800\" src=\"https:\/\/swissdox.ch\/wp-content\/uploads\/2024\/09\/vpod-bildungspolitik.jpg\" class=\"attachment-full size-full wp-image-54765\" alt=\"\" srcset=\"https:\/\/swissdox.ch\/wp-content\/uploads\/2024\/09\/vpod-bildungspolitik.jpg 600w, https:\/\/swissdox.ch\/wp-content\/uploads\/2024\/09\/vpod-bildungspolitik-225x300.jpg 225w\" sizes=\"(max-width: 600px) 100vw, 600px\" \/><\/div>\n\t\t<\/a>\n\t\t\t\t<div class=\"elementor-post__text\">\n\t\t\t\t<h3 class=\"elementor-post__title\">\n\t\t\t<a href=\"https:\/\/swissdox.ch\/fr\/repertoire-des-medias\/vpod-bildungspolitik\/\" >\n\t\t\t\tvpod bildungspolitik\t\t\t<\/a>\n\t\t<\/h3>\n\t\t\t\t<\/div>\n\t\t\t\t<\/article>\n\t\t\t\t<article class=\"elementor-post elementor-grid-item post-70057 medienverzeichnis type-medienverzeichnis status-publish has-post-thumbnail hentry land-allemagne medientyp-magazine partner-sueddeutscher-verlag sprache-allemand\" role=\"listitem\">\n\t\t\t\t<a class=\"elementor-post__thumbnail__link\" href=\"https:\/\/swissdox.ch\/fr\/repertoire-des-medias\/wv\/\" tabindex=\"-1\" >\n\t\t\t<div class=\"elementor-post__thumbnail\"><img loading=\"lazy\" decoding=\"async\" width=\"600\" height=\"800\" src=\"https:\/\/swissdox.ch\/wp-content\/uploads\/2024\/09\/wuv.jpg\" class=\"attachment-full size-full wp-image-54833\" alt=\"\" srcset=\"https:\/\/swissdox.ch\/wp-content\/uploads\/2024\/09\/wuv.jpg 600w, https:\/\/swissdox.ch\/wp-content\/uploads\/2024\/09\/wuv-225x300.jpg 225w\" sizes=\"(max-width: 600px) 100vw, 600px\" \/><\/div>\n\t\t<\/a>\n\t\t\t\t<div class=\"elementor-post__text\">\n\t\t\t\t<h3 class=\"elementor-post__title\">\n\t\t\t<a href=\"https:\/\/swissdox.ch\/fr\/repertoire-des-medias\/wv\/\" >\n\t\t\t\tW&#038;V\t\t\t<\/a>\n\t\t<\/h3>\n\t\t\t\t<\/div>\n\t\t\t\t<\/article>\n\t\t\t\t<article class=\"elementor-post elementor-grid-item post-70058 medienverzeichnis type-medienverzeichnis status-publish has-post-thumbnail hentry land-suisse medientyp-quotidien partner-pomona-media-ag sprache-allemand\" role=\"listitem\">\n\t\t\t\t<a class=\"elementor-post__thumbnail__link\" href=\"https:\/\/swissdox.ch\/fr\/repertoire-des-medias\/walliser-bote\/\" tabindex=\"-1\" >\n\t\t\t<div class=\"elementor-post__thumbnail\"><img loading=\"lazy\" decoding=\"async\" width=\"600\" height=\"800\" src=\"https:\/\/swissdox.ch\/wp-content\/uploads\/2024\/09\/walliser-bote.jpg\" class=\"attachment-full size-full wp-image-54769\" alt=\"\" srcset=\"https:\/\/swissdox.ch\/wp-content\/uploads\/2024\/09\/walliser-bote.jpg 600w, https:\/\/swissdox.ch\/wp-content\/uploads\/2024\/09\/walliser-bote-225x300.jpg 225w\" sizes=\"(max-width: 600px) 100vw, 600px\" \/><\/div>\n\t\t<\/a>\n\t\t\t\t<div class=\"elementor-post__text\">\n\t\t\t\t<h3 class=\"elementor-post__title\">\n\t\t\t<a href=\"https:\/\/swissdox.ch\/fr\/repertoire-des-medias\/walliser-bote\/\" >\n\t\t\t\tWalliser Bote\t\t\t<\/a>\n\t\t<\/h3>\n\t\t\t\t<\/div>\n\t\t\t\t<\/article>\n\t\t\t\t<article class=\"elementor-post elementor-grid-item post-70059 medienverzeichnis type-medienverzeichnis status-publish has-post-thumbnail hentry land-suisse medientyp-presse-en-ligne partner-ch-media sprache-allemand sprache-francais\" role=\"listitem\">\n\t\t\t\t<a class=\"elementor-post__thumbnail__link\" href=\"https:\/\/swissdox.ch\/fr\/repertoire-des-medias\/watson-ch\/\" tabindex=\"-1\" >\n\t\t\t<div class=\"elementor-post__thumbnail\"><img loading=\"lazy\" decoding=\"async\" width=\"600\" height=\"799\" src=\"https:\/\/swissdox.ch\/wp-content\/uploads\/2025\/06\/watson-ch.jpg\" class=\"attachment-full size-full wp-image-62628\" alt=\"\" srcset=\"https:\/\/swissdox.ch\/wp-content\/uploads\/2025\/06\/watson-ch.jpg 600w, https:\/\/swissdox.ch\/wp-content\/uploads\/2025\/06\/watson-ch-225x300.jpg 225w\" sizes=\"(max-width: 600px) 100vw, 600px\" \/><\/div>\n\t\t<\/a>\n\t\t\t\t<div class=\"elementor-post__text\">\n\t\t\t\t<h3 class=\"elementor-post__title\">\n\t\t\t<a href=\"https:\/\/swissdox.ch\/fr\/repertoire-des-medias\/watson-ch\/\" >\n\t\t\t\twatson.ch\t\t\t<\/a>\n\t\t<\/h3>\n\t\t\t\t<\/div>\n\t\t\t\t<\/article>\n\t\t\t\t<article class=\"elementor-post elementor-grid-item post-70060 medienverzeichnis type-medienverzeichnis status-publish has-post-thumbnail hentry land-suisse medientyp-magazine partner-walder-zeitschrift-waz sprache-allemand\" role=\"listitem\">\n\t\t\t\t<a class=\"elementor-post__thumbnail__link\" href=\"https:\/\/swissdox.ch\/fr\/repertoire-des-medias\/waz-walder-zeitschrift\/\" tabindex=\"-1\" >\n\t\t\t<div class=\"elementor-post__thumbnail\"><img loading=\"lazy\" decoding=\"async\" width=\"600\" height=\"800\" src=\"https:\/\/swissdox.ch\/wp-content\/uploads\/2024\/09\/waz-walder-zeitschrift.jpg\" class=\"attachment-full size-full wp-image-54777\" alt=\"\" srcset=\"https:\/\/swissdox.ch\/wp-content\/uploads\/2024\/09\/waz-walder-zeitschrift.jpg 600w, https:\/\/swissdox.ch\/wp-content\/uploads\/2024\/09\/waz-walder-zeitschrift-225x300.jpg 225w\" sizes=\"(max-width: 600px) 100vw, 600px\" \/><\/div>\n\t\t<\/a>\n\t\t\t\t<div class=\"elementor-post__text\">\n\t\t\t\t<h3 class=\"elementor-post__title\">\n\t\t\t<a href=\"https:\/\/swissdox.ch\/fr\/repertoire-des-medias\/waz-walder-zeitschrift\/\" >\n\t\t\t\tWAZ Walder Zeitschrift\t\t\t<\/a>\n\t\t<\/h3>\n\t\t\t\t<\/div>\n\t\t\t\t<\/article>\n\t\t\t\t<article class=\"elementor-post elementor-grid-item post-70061 medienverzeichnis type-medienverzeichnis status-publish has-post-thumbnail hentry land-allemagne medientyp-journal-du-dimanche partner-axel-springer-ullstein-syndication-gmbh sprache-allemand\" role=\"listitem\">\n\t\t\t\t<a class=\"elementor-post__thumbnail__link\" href=\"https:\/\/swissdox.ch\/fr\/repertoire-des-medias\/welt-am-sonntag\/\" tabindex=\"-1\" >\n\t\t\t<div class=\"elementor-post__thumbnail\"><img loading=\"lazy\" decoding=\"async\" width=\"600\" height=\"800\" src=\"https:\/\/swissdox.ch\/wp-content\/uploads\/2024\/09\/welt-am-sonntag.jpg\" class=\"attachment-full size-full wp-image-54781\" alt=\"\" srcset=\"https:\/\/swissdox.ch\/wp-content\/uploads\/2024\/09\/welt-am-sonntag.jpg 600w, https:\/\/swissdox.ch\/wp-content\/uploads\/2024\/09\/welt-am-sonntag-225x300.jpg 225w\" sizes=\"(max-width: 600px) 100vw, 600px\" \/><\/div>\n\t\t<\/a>\n\t\t\t\t<div class=\"elementor-post__text\">\n\t\t\t\t<h3 class=\"elementor-post__title\">\n\t\t\t<a href=\"https:\/\/swissdox.ch\/fr\/repertoire-des-medias\/welt-am-sonntag\/\" >\n\t\t\t\tWelt am Sonntag\t\t\t<\/a>\n\t\t<\/h3>\n\t\t\t\t<\/div>\n\t\t\t\t<\/article>\n\t\t\t\t<article class=\"elementor-post elementor-grid-item post-70062 medienverzeichnis type-medienverzeichnis status-publish has-post-thumbnail hentry land-allemagne medientyp-journal-du-dimanche partner-axel-springer-ullstein-syndication-gmbh sprache-allemand\" role=\"listitem\">\n\t\t\t\t<a class=\"elementor-post__thumbnail__link\" href=\"https:\/\/swissdox.ch\/fr\/repertoire-des-medias\/welt-am-sonntag-fruehausgabe-samstag\/\" tabindex=\"-1\" >\n\t\t\t<div class=\"elementor-post__thumbnail\"><img loading=\"lazy\" decoding=\"async\" width=\"600\" height=\"800\" src=\"https:\/\/swissdox.ch\/wp-content\/uploads\/2024\/09\/welt-am-sonntag.jpg\" class=\"attachment-full size-full wp-image-54781\" alt=\"\" srcset=\"https:\/\/swissdox.ch\/wp-content\/uploads\/2024\/09\/welt-am-sonntag.jpg 600w, https:\/\/swissdox.ch\/wp-content\/uploads\/2024\/09\/welt-am-sonntag-225x300.jpg 225w\" sizes=\"(max-width: 600px) 100vw, 600px\" \/><\/div>\n\t\t<\/a>\n\t\t\t\t<div class=\"elementor-post__text\">\n\t\t\t\t<h3 class=\"elementor-post__title\">\n\t\t\t<a href=\"https:\/\/swissdox.ch\/fr\/repertoire-des-medias\/welt-am-sonntag-fruehausgabe-samstag\/\" >\n\t\t\t\tWelt am Sonntag (Fr\u00fchausgabe Samstag)\t\t\t<\/a>\n\t\t<\/h3>\n\t\t\t\t<\/div>\n\t\t\t\t<\/article>\n\t\t\t\t<article class=\"elementor-post elementor-grid-item post-70063 medienverzeichnis type-medienverzeichnis status-publish has-post-thumbnail hentry land-allemagne medientyp-journal-du-dimanche partner-axel-springer-ullstein-syndication-gmbh sprache-francais\" role=\"listitem\">\n\t\t\t\t<a class=\"elementor-post__thumbnail__link\" href=\"https:\/\/swissdox.ch\/fr\/repertoire-des-medias\/welt-am-sonntag-translated-into-french\/\" tabindex=\"-1\" >\n\t\t\t<div class=\"elementor-post__thumbnail\"><img loading=\"lazy\" decoding=\"async\" width=\"600\" height=\"800\" src=\"https:\/\/swissdox.ch\/wp-content\/uploads\/2024\/09\/welt-am-sonntag.jpg\" class=\"attachment-full size-full wp-image-54781\" alt=\"\" srcset=\"https:\/\/swissdox.ch\/wp-content\/uploads\/2024\/09\/welt-am-sonntag.jpg 600w, https:\/\/swissdox.ch\/wp-content\/uploads\/2024\/09\/welt-am-sonntag-225x300.jpg 225w\" sizes=\"(max-width: 600px) 100vw, 600px\" \/><\/div>\n\t\t<\/a>\n\t\t\t\t<div class=\"elementor-post__text\">\n\t\t\t\t<h3 class=\"elementor-post__title\">\n\t\t\t<a href=\"https:\/\/swissdox.ch\/fr\/repertoire-des-medias\/welt-am-sonntag-translated-into-french\/\" >\n\t\t\t\tWelt am Sonntag (translated into French)\t\t\t<\/a>\n\t\t<\/h3>\n\t\t\t\t<\/div>\n\t\t\t\t<\/article>\n\t\t\t\t<article class=\"elementor-post elementor-grid-item post-70064 medienverzeichnis type-medienverzeichnis status-publish has-post-thumbnail hentry land-allemagne medientyp-quotidien partner-axel-springer-ullstein-syndication-gmbh sprache-allemand\" role=\"listitem\">\n\t\t\t\t<a class=\"elementor-post__thumbnail__link\" href=\"https:\/\/swissdox.ch\/fr\/repertoire-des-medias\/die-welt\/\" tabindex=\"-1\" >\n\t\t\t<div class=\"elementor-post__thumbnail\"><img loading=\"lazy\" decoding=\"async\" width=\"600\" height=\"800\" src=\"https:\/\/swissdox.ch\/wp-content\/uploads\/2024\/09\/die-welt.jpg\" class=\"attachment-full size-full wp-image-53633\" alt=\"\" srcset=\"https:\/\/swissdox.ch\/wp-content\/uploads\/2024\/09\/die-welt.jpg 600w, https:\/\/swissdox.ch\/wp-content\/uploads\/2024\/09\/die-welt-225x300.jpg 225w\" sizes=\"(max-width: 600px) 100vw, 600px\" \/><\/div>\n\t\t<\/a>\n\t\t\t\t<div class=\"elementor-post__text\">\n\t\t\t\t<h3 class=\"elementor-post__title\">\n\t\t\t<a href=\"https:\/\/swissdox.ch\/fr\/repertoire-des-medias\/die-welt\/\" >\n\t\t\t\tDie Welt\t\t\t<\/a>\n\t\t<\/h3>\n\t\t\t\t<\/div>\n\t\t\t\t<\/article>\n\t\t\t\t<article class=\"elementor-post elementor-grid-item post-70065 medienverzeichnis type-medienverzeichnis status-publish has-post-thumbnail hentry land-allemagne medientyp-quotidien partner-axel-springer-ullstein-syndication-gmbh sprache-francais\" role=\"listitem\">\n\t\t\t\t<a class=\"elementor-post__thumbnail__link\" href=\"https:\/\/swissdox.ch\/fr\/repertoire-des-medias\/die-welt-translated-into-french\/\" tabindex=\"-1\" >\n\t\t\t<div class=\"elementor-post__thumbnail\"><img loading=\"lazy\" decoding=\"async\" width=\"600\" height=\"800\" src=\"https:\/\/swissdox.ch\/wp-content\/uploads\/2024\/09\/die-welt.jpg\" class=\"attachment-full size-full wp-image-53633\" alt=\"\" srcset=\"https:\/\/swissdox.ch\/wp-content\/uploads\/2024\/09\/die-welt.jpg 600w, https:\/\/swissdox.ch\/wp-content\/uploads\/2024\/09\/die-welt-225x300.jpg 225w\" sizes=\"(max-width: 600px) 100vw, 600px\" \/><\/div>\n\t\t<\/a>\n\t\t\t\t<div class=\"elementor-post__text\">\n\t\t\t\t<h3 class=\"elementor-post__title\">\n\t\t\t<a href=\"https:\/\/swissdox.ch\/fr\/repertoire-des-medias\/die-welt-translated-into-french\/\" >\n\t\t\t\tDie Welt (translated into French)\t\t\t<\/a>\n\t\t<\/h3>\n\t\t\t\t<\/div>\n\t\t\t\t<\/article>\n\t\t\t\t<article class=\"elementor-post elementor-grid-item post-70066 medienverzeichnis type-medienverzeichnis status-publish has-post-thumbnail hentry land-suisse medientyp-hebdomadaire partner-weltwoche-verlags-ag sprache-allemand\" role=\"listitem\">\n\t\t\t\t<a class=\"elementor-post__thumbnail__link\" href=\"https:\/\/swissdox.ch\/fr\/repertoire-des-medias\/die-weltwoche\/\" tabindex=\"-1\" >\n\t\t\t<div class=\"elementor-post__thumbnail\"><img loading=\"lazy\" decoding=\"async\" width=\"600\" height=\"800\" src=\"https:\/\/swissdox.ch\/wp-content\/uploads\/2024\/09\/die-weltwoche.jpg\" class=\"attachment-full size-full wp-image-53637\" alt=\"\" srcset=\"https:\/\/swissdox.ch\/wp-content\/uploads\/2024\/09\/die-weltwoche.jpg 600w, https:\/\/swissdox.ch\/wp-content\/uploads\/2024\/09\/die-weltwoche-225x300.jpg 225w\" sizes=\"(max-width: 600px) 100vw, 600px\" \/><\/div>\n\t\t<\/a>\n\t\t\t\t<div class=\"elementor-post__text\">\n\t\t\t\t<h3 class=\"elementor-post__title\">\n\t\t\t<a href=\"https:\/\/swissdox.ch\/fr\/repertoire-des-medias\/die-weltwoche\/\" >\n\t\t\t\tDie Weltwoche\t\t\t<\/a>\n\t\t<\/h3>\n\t\t\t\t<\/div>\n\t\t\t\t<\/article>\n\t\t\t\t<article class=\"elementor-post elementor-grid-item post-70067 medienverzeichnis type-medienverzeichnis status-publish has-post-thumbnail hentry land-suisse medientyp-presse-en-ligne partner-weltwoche-verlags-ag sprache-allemand sprache-anglais\" role=\"listitem\">\n\t\t\t\t<a class=\"elementor-post__thumbnail__link\" href=\"https:\/\/swissdox.ch\/fr\/repertoire-des-medias\/weltwoche-ch\/\" tabindex=\"-1\" >\n\t\t\t<div class=\"elementor-post__thumbnail\"><img loading=\"lazy\" decoding=\"async\" width=\"600\" height=\"800\" src=\"https:\/\/swissdox.ch\/wp-content\/uploads\/2024\/09\/weltwoche-ch.jpg\" class=\"attachment-full size-full wp-image-54785\" alt=\"\" srcset=\"https:\/\/swissdox.ch\/wp-content\/uploads\/2024\/09\/weltwoche-ch.jpg 600w, https:\/\/swissdox.ch\/wp-content\/uploads\/2024\/09\/weltwoche-ch-225x300.jpg 225w\" sizes=\"(max-width: 600px) 100vw, 600px\" \/><\/div>\n\t\t<\/a>\n\t\t\t\t<div class=\"elementor-post__text\">\n\t\t\t\t<h3 class=\"elementor-post__title\">\n\t\t\t<a href=\"https:\/\/swissdox.ch\/fr\/repertoire-des-medias\/weltwoche-ch\/\" >\n\t\t\t\tweltwoche.ch\t\t\t<\/a>\n\t\t<\/h3>\n\t\t\t\t<\/div>\n\t\t\t\t<\/article>\n\t\t\t\t<article class=\"elementor-post elementor-grid-item post-70068 medienverzeichnis type-medienverzeichnis status-publish has-post-thumbnail hentry land-suisse medientyp-presse-en-ligne partner-weltwoche-verlags-ag sprache-allemand sprache-anglais\" role=\"listitem\">\n\t\t\t\t<a class=\"elementor-post__thumbnail__link\" href=\"https:\/\/swissdox.ch\/fr\/repertoire-des-medias\/weltwoche-de\/\" tabindex=\"-1\" >\n\t\t\t<div class=\"elementor-post__thumbnail\"><img loading=\"lazy\" decoding=\"async\" width=\"600\" height=\"800\" src=\"https:\/\/swissdox.ch\/wp-content\/uploads\/2024\/09\/weltwoche-de.jpg\" class=\"attachment-full size-full wp-image-54789\" alt=\"\" srcset=\"https:\/\/swissdox.ch\/wp-content\/uploads\/2024\/09\/weltwoche-de.jpg 600w, https:\/\/swissdox.ch\/wp-content\/uploads\/2024\/09\/weltwoche-de-225x300.jpg 225w\" sizes=\"(max-width: 600px) 100vw, 600px\" \/><\/div>\n\t\t<\/a>\n\t\t\t\t<div class=\"elementor-post__text\">\n\t\t\t\t<h3 class=\"elementor-post__title\">\n\t\t\t<a href=\"https:\/\/swissdox.ch\/fr\/repertoire-des-medias\/weltwoche-de\/\" >\n\t\t\t\tweltwoche.de\t\t\t<\/a>\n\t\t<\/h3>\n\t\t\t\t<\/div>\n\t\t\t\t<\/article>\n\t\t\t\t<article class=\"elementor-post elementor-grid-item post-70069 medienverzeichnis type-medienverzeichnis status-publish has-post-thumbnail hentry land-suisse medientyp-quotidien partner-galledia-ag sprache-allemand\" role=\"listitem\">\n\t\t\t\t<a class=\"elementor-post__thumbnail__link\" href=\"https:\/\/swissdox.ch\/fr\/repertoire-des-medias\/werdenberger-obertoggenburger\/\" tabindex=\"-1\" >\n\t\t\t<div class=\"elementor-post__thumbnail\"><img loading=\"lazy\" decoding=\"async\" width=\"600\" height=\"800\" src=\"https:\/\/swissdox.ch\/wp-content\/uploads\/2024\/09\/werdenberger-obertoggenburger.jpg\" class=\"attachment-full size-full wp-image-54793\" alt=\"\" srcset=\"https:\/\/swissdox.ch\/wp-content\/uploads\/2024\/09\/werdenberger-obertoggenburger.jpg 600w, https:\/\/swissdox.ch\/wp-content\/uploads\/2024\/09\/werdenberger-obertoggenburger-225x300.jpg 225w\" sizes=\"(max-width: 600px) 100vw, 600px\" \/><\/div>\n\t\t<\/a>\n\t\t\t\t<div class=\"elementor-post__text\">\n\t\t\t\t<h3 class=\"elementor-post__title\">\n\t\t\t<a href=\"https:\/\/swissdox.ch\/fr\/repertoire-des-medias\/werdenberger-obertoggenburger\/\" >\n\t\t\t\tWerdenberger &#038; Obertoggenburger\t\t\t<\/a>\n\t\t<\/h3>\n\t\t\t\t<\/div>\n\t\t\t\t<\/article>\n\t\t\t\t<article class=\"elementor-post elementor-grid-item post-70070 medienverzeichnis type-medienverzeichnis status-publish has-post-thumbnail hentry land-suisse medientyp-quotidien partner-ch-media sprache-allemand\" role=\"listitem\">\n\t\t\t\t<a class=\"elementor-post__thumbnail__link\" href=\"https:\/\/swissdox.ch\/fr\/repertoire-des-medias\/wiler-zeitung\/\" tabindex=\"-1\" >\n\t\t\t<div class=\"elementor-post__thumbnail\"><img loading=\"lazy\" decoding=\"async\" width=\"600\" height=\"800\" src=\"https:\/\/swissdox.ch\/wp-content\/uploads\/2024\/09\/wiler-zeitung.jpg\" class=\"attachment-full size-full wp-image-54797\" alt=\"\" srcset=\"https:\/\/swissdox.ch\/wp-content\/uploads\/2024\/09\/wiler-zeitung.jpg 600w, https:\/\/swissdox.ch\/wp-content\/uploads\/2024\/09\/wiler-zeitung-225x300.jpg 225w\" sizes=\"(max-width: 600px) 100vw, 600px\" \/><\/div>\n\t\t<\/a>\n\t\t\t\t<div class=\"elementor-post__text\">\n\t\t\t\t<h3 class=\"elementor-post__title\">\n\t\t\t<a href=\"https:\/\/swissdox.ch\/fr\/repertoire-des-medias\/wiler-zeitung\/\" >\n\t\t\t\tWiler Zeitung\t\t\t<\/a>\n\t\t<\/h3>\n\t\t\t\t<\/div>\n\t\t\t\t<\/article>\n\t\t\t\t<article class=\"elementor-post elementor-grid-item post-70071 medienverzeichnis type-medienverzeichnis status-publish has-post-thumbnail hentry land-suisse medientyp-quotidien partner-willisauer-bote sprache-allemand\" role=\"listitem\">\n\t\t\t\t<a class=\"elementor-post__thumbnail__link\" href=\"https:\/\/swissdox.ch\/fr\/repertoire-des-medias\/willisauer-bote\/\" tabindex=\"-1\" >\n\t\t\t<div class=\"elementor-post__thumbnail\"><img loading=\"lazy\" decoding=\"async\" width=\"600\" height=\"800\" src=\"https:\/\/swissdox.ch\/wp-content\/uploads\/2024\/09\/willisauer-bote.jpg\" class=\"attachment-full size-full wp-image-54801\" alt=\"\" srcset=\"https:\/\/swissdox.ch\/wp-content\/uploads\/2024\/09\/willisauer-bote.jpg 600w, https:\/\/swissdox.ch\/wp-content\/uploads\/2024\/09\/willisauer-bote-225x300.jpg 225w\" sizes=\"(max-width: 600px) 100vw, 600px\" \/><\/div>\n\t\t<\/a>\n\t\t\t\t<div class=\"elementor-post__text\">\n\t\t\t\t<h3 class=\"elementor-post__title\">\n\t\t\t<a href=\"https:\/\/swissdox.ch\/fr\/repertoire-des-medias\/willisauer-bote\/\" >\n\t\t\t\tWillisauer Bote\t\t\t<\/a>\n\t\t<\/h3>\n\t\t\t\t<\/div>\n\t\t\t\t<\/article>\n\t\t\t\t<article class=\"elementor-post elementor-grid-item post-70072 medienverzeichnis type-medienverzeichnis status-publish has-post-thumbnail hentry land-suisse medientyp-presse-en-ligne partner-willisauer-bote sprache-allemand\" role=\"listitem\">\n\t\t\t\t<a class=\"elementor-post__thumbnail__link\" href=\"https:\/\/swissdox.ch\/fr\/repertoire-des-medias\/willisauerbote-ch\/\" tabindex=\"-1\" >\n\t\t\t<div class=\"elementor-post__thumbnail\"><img loading=\"lazy\" decoding=\"async\" width=\"600\" height=\"800\" src=\"https:\/\/swissdox.ch\/wp-content\/uploads\/2025\/09\/willisauerbote-ch.jpg\" class=\"attachment-full size-full wp-image-65343\" alt=\"\" srcset=\"https:\/\/swissdox.ch\/wp-content\/uploads\/2025\/09\/willisauerbote-ch.jpg 600w, https:\/\/swissdox.ch\/wp-content\/uploads\/2025\/09\/willisauerbote-ch-225x300.jpg 225w\" sizes=\"(max-width: 600px) 100vw, 600px\" \/><\/div>\n\t\t<\/a>\n\t\t\t\t<div class=\"elementor-post__text\">\n\t\t\t\t<h3 class=\"elementor-post__title\">\n\t\t\t<a href=\"https:\/\/swissdox.ch\/fr\/repertoire-des-medias\/willisauerbote-ch\/\" >\n\t\t\t\twillisauerbote.ch\t\t\t<\/a>\n\t\t<\/h3>\n\t\t\t\t<\/div>\n\t\t\t\t<\/article>\n\t\t\t\t<article class=\"elementor-post elementor-grid-item post-70073 medienverzeichnis type-medienverzeichnis status-publish has-post-thumbnail hentry land-suisse medientyp-hebdomadaire partner-winterthurer-zeitung-ag sprache-allemand\" role=\"listitem\">\n\t\t\t\t<a class=\"elementor-post__thumbnail__link\" href=\"https:\/\/swissdox.ch\/fr\/repertoire-des-medias\/winterthurer-zeitung\/\" tabindex=\"-1\" >\n\t\t\t<div class=\"elementor-post__thumbnail\"><img loading=\"lazy\" decoding=\"async\" width=\"600\" height=\"799\" src=\"https:\/\/swissdox.ch\/wp-content\/uploads\/2024\/09\/winterthurer-zeitung.jpg\" class=\"attachment-full size-full wp-image-54805\" alt=\"\" srcset=\"https:\/\/swissdox.ch\/wp-content\/uploads\/2024\/09\/winterthurer-zeitung.jpg 600w, https:\/\/swissdox.ch\/wp-content\/uploads\/2024\/09\/winterthurer-zeitung-225x300.jpg 225w\" sizes=\"(max-width: 600px) 100vw, 600px\" \/><\/div>\n\t\t<\/a>\n\t\t\t\t<div class=\"elementor-post__text\">\n\t\t\t\t<h3 class=\"elementor-post__title\">\n\t\t\t<a href=\"https:\/\/swissdox.ch\/fr\/repertoire-des-medias\/winterthurer-zeitung\/\" >\n\t\t\t\tWinterthurer Zeitung\t\t\t<\/a>\n\t\t<\/h3>\n\t\t\t\t<\/div>\n\t\t\t\t<\/article>\n\t\t\t\t<article class=\"elementor-post elementor-grid-item post-70074 medienverzeichnis type-medienverzeichnis status-publish has-post-thumbnail hentry land-suisse medientyp-presse-en-ligne partner-verlag-achtvier-gmbh sprache-allemand\" role=\"listitem\">\n\t\t\t\t<a class=\"elementor-post__thumbnail__link\" href=\"https:\/\/swissdox.ch\/fr\/repertoire-des-medias\/wnti-ch\/\" tabindex=\"-1\" >\n\t\t\t<div class=\"elementor-post__thumbnail\"><img loading=\"lazy\" decoding=\"async\" width=\"600\" height=\"800\" src=\"https:\/\/swissdox.ch\/wp-content\/uploads\/2025\/07\/wnti-ch.jpg\" class=\"attachment-full size-full wp-image-63773\" alt=\"\" srcset=\"https:\/\/swissdox.ch\/wp-content\/uploads\/2025\/07\/wnti-ch.jpg 600w, https:\/\/swissdox.ch\/wp-content\/uploads\/2025\/07\/wnti-ch-225x300.jpg 225w\" sizes=\"(max-width: 600px) 100vw, 600px\" \/><\/div>\n\t\t<\/a>\n\t\t\t\t<div class=\"elementor-post__text\">\n\t\t\t\t<h3 class=\"elementor-post__title\">\n\t\t\t<a href=\"https:\/\/swissdox.ch\/fr\/repertoire-des-medias\/wnti-ch\/\" >\n\t\t\t\twnti.ch\t\t\t<\/a>\n\t\t<\/h3>\n\t\t\t\t<\/div>\n\t\t\t\t<\/article>\n\t\t\t\t<article class=\"elementor-post elementor-grid-item post-70075 medienverzeichnis type-medienverzeichnis status-publish has-post-thumbnail hentry land-suisse medientyp-quotidien partner-ch-media sprache-allemand\" role=\"listitem\">\n\t\t\t\t<a class=\"elementor-post__thumbnail__link\" href=\"https:\/\/swissdox.ch\/fr\/repertoire-des-medias\/wochenblatt\/\" tabindex=\"-1\" >\n\t\t\t<div class=\"elementor-post__thumbnail\"><img loading=\"lazy\" decoding=\"async\" width=\"600\" height=\"799\" src=\"https:\/\/swissdox.ch\/wp-content\/uploads\/2024\/09\/wochenblatt.jpg\" class=\"attachment-full size-full wp-image-54813\" alt=\"\" srcset=\"https:\/\/swissdox.ch\/wp-content\/uploads\/2024\/09\/wochenblatt.jpg 600w, https:\/\/swissdox.ch\/wp-content\/uploads\/2024\/09\/wochenblatt-225x300.jpg 225w\" sizes=\"(max-width: 600px) 100vw, 600px\" \/><\/div>\n\t\t<\/a>\n\t\t\t\t<div class=\"elementor-post__text\">\n\t\t\t\t<h3 class=\"elementor-post__title\">\n\t\t\t<a href=\"https:\/\/swissdox.ch\/fr\/repertoire-des-medias\/wochenblatt\/\" >\n\t\t\t\tWochenblatt\t\t\t<\/a>\n\t\t<\/h3>\n\t\t\t\t<\/div>\n\t\t\t\t<\/article>\n\t\t\t\t<article class=\"elementor-post elementor-grid-item post-70076 medienverzeichnis type-medienverzeichnis status-publish has-post-thumbnail hentry land-suisse medientyp-hebdomadaire partner-wochenzeitung sprache-allemand\" role=\"listitem\">\n\t\t\t\t<a class=\"elementor-post__thumbnail__link\" href=\"https:\/\/swissdox.ch\/fr\/repertoire-des-medias\/die-wochenzeitung\/\" tabindex=\"-1\" >\n\t\t\t<div class=\"elementor-post__thumbnail\"><img loading=\"lazy\" decoding=\"async\" width=\"600\" height=\"799\" src=\"https:\/\/swissdox.ch\/wp-content\/uploads\/2026\/06\/die-wochenzeitung.jpg\" class=\"attachment-full size-full wp-image-68937\" alt=\"\" srcset=\"https:\/\/swissdox.ch\/wp-content\/uploads\/2026\/06\/die-wochenzeitung.jpg 600w, https:\/\/swissdox.ch\/wp-content\/uploads\/2026\/06\/die-wochenzeitung-225x300.jpg 225w\" sizes=\"(max-width: 600px) 100vw, 600px\" \/><\/div>\n\t\t<\/a>\n\t\t\t\t<div class=\"elementor-post__text\">\n\t\t\t\t<h3 class=\"elementor-post__title\">\n\t\t\t<a href=\"https:\/\/swissdox.ch\/fr\/repertoire-des-medias\/die-wochenzeitung\/\" >\n\t\t\t\tDie Wochenzeitung\t\t\t<\/a>\n\t\t<\/h3>\n\t\t\t\t<\/div>\n\t\t\t\t<\/article>\n\t\t\t\t<article class=\"elementor-post elementor-grid-item post-70077 medienverzeichnis type-medienverzeichnis status-publish has-post-thumbnail hentry land-suisse medientyp-magazine partner-unia sprache-allemand\" role=\"listitem\">\n\t\t\t\t<a class=\"elementor-post__thumbnail__link\" href=\"https:\/\/swissdox.ch\/fr\/repertoire-des-medias\/work\/\" tabindex=\"-1\" >\n\t\t\t<div class=\"elementor-post__thumbnail\"><img loading=\"lazy\" decoding=\"async\" width=\"600\" height=\"800\" src=\"https:\/\/swissdox.ch\/wp-content\/uploads\/2024\/09\/work.jpg\" class=\"attachment-full size-full wp-image-54817\" alt=\"\" srcset=\"https:\/\/swissdox.ch\/wp-content\/uploads\/2024\/09\/work.jpg 600w, https:\/\/swissdox.ch\/wp-content\/uploads\/2024\/09\/work-225x300.jpg 225w\" sizes=\"(max-width: 600px) 100vw, 600px\" \/><\/div>\n\t\t<\/a>\n\t\t\t\t<div class=\"elementor-post__text\">\n\t\t\t\t<h3 class=\"elementor-post__title\">\n\t\t\t<a href=\"https:\/\/swissdox.ch\/fr\/repertoire-des-medias\/work\/\" >\n\t\t\t\twork\t\t\t<\/a>\n\t\t<\/h3>\n\t\t\t\t<\/div>\n\t\t\t\t<\/article>\n\t\t\t\t<article class=\"elementor-post elementor-grid-item post-70078 medienverzeichnis type-medienverzeichnis status-publish has-post-thumbnail hentry land-suisse medientyp-presse-en-ligne partner-unia sprache-allemand\" role=\"listitem\">\n\t\t\t\t<a class=\"elementor-post__thumbnail__link\" href=\"https:\/\/swissdox.ch\/fr\/repertoire-des-medias\/workzeitung-ch\/\" tabindex=\"-1\" >\n\t\t\t<div class=\"elementor-post__thumbnail\"><img loading=\"lazy\" decoding=\"async\" width=\"600\" height=\"800\" src=\"https:\/\/swissdox.ch\/wp-content\/uploads\/2024\/09\/workzeitung-ch.jpg\" class=\"attachment-full size-full wp-image-54821\" alt=\"\" srcset=\"https:\/\/swissdox.ch\/wp-content\/uploads\/2024\/09\/workzeitung-ch.jpg 600w, https:\/\/swissdox.ch\/wp-content\/uploads\/2024\/09\/workzeitung-ch-225x300.jpg 225w\" sizes=\"(max-width: 600px) 100vw, 600px\" \/><\/div>\n\t\t<\/a>\n\t\t\t\t<div class=\"elementor-post__text\">\n\t\t\t\t<h3 class=\"elementor-post__title\">\n\t\t\t<a href=\"https:\/\/swissdox.ch\/fr\/repertoire-des-medias\/workzeitung-ch\/\" >\n\t\t\t\tworkzeitung.ch\t\t\t<\/a>\n\t\t<\/h3>\n\t\t\t\t<\/div>\n\t\t\t\t<\/article>\n\t\t\t\t<article class=\"elementor-post elementor-grid-item post-70079 medienverzeichnis type-medienverzeichnis status-publish has-post-thumbnail hentry land-suisse medientyp-presse-en-ligne partner-wochenzeitung sprache-allemand\" role=\"listitem\">\n\t\t\t\t<a class=\"elementor-post__thumbnail__link\" href=\"https:\/\/swissdox.ch\/fr\/repertoire-des-medias\/woz-ch-kolumnen\/\" tabindex=\"-1\" >\n\t\t\t<div class=\"elementor-post__thumbnail\"><img loading=\"lazy\" decoding=\"async\" width=\"600\" height=\"800\" src=\"https:\/\/swissdox.ch\/wp-content\/uploads\/2026\/06\/woz-ch-kolumnen.jpg\" class=\"attachment-full size-full wp-image-68941\" alt=\"\" srcset=\"https:\/\/swissdox.ch\/wp-content\/uploads\/2026\/06\/woz-ch-kolumnen.jpg 600w, https:\/\/swissdox.ch\/wp-content\/uploads\/2026\/06\/woz-ch-kolumnen-225x300.jpg 225w\" sizes=\"(max-width: 600px) 100vw, 600px\" \/><\/div>\n\t\t<\/a>\n\t\t\t\t<div class=\"elementor-post__text\">\n\t\t\t\t<h3 class=\"elementor-post__title\">\n\t\t\t<a href=\"https:\/\/swissdox.ch\/fr\/repertoire-des-medias\/woz-ch-kolumnen\/\" >\n\t\t\t\twoz.ch\/kolumnen\t\t\t<\/a>\n\t\t<\/h3>\n\t\t\t\t<\/div>\n\t\t\t\t<\/article>\n\t\t\t\t<article class=\"elementor-post elementor-grid-item post-70080 medienverzeichnis type-medienverzeichnis status-publish has-post-thumbnail hentry land-suisse medientyp-presse-en-ligne partner-galledia-ag sprache-allemand\" role=\"listitem\">\n\t\t\t\t<a class=\"elementor-post__thumbnail__link\" href=\"https:\/\/swissdox.ch\/fr\/repertoire-des-medias\/wundo-ch\/\" tabindex=\"-1\" >\n\t\t\t<div class=\"elementor-post__thumbnail\"><img loading=\"lazy\" decoding=\"async\" width=\"600\" height=\"800\" src=\"https:\/\/swissdox.ch\/wp-content\/uploads\/2024\/09\/wundo-ch.jpg\" class=\"attachment-full size-full wp-image-54829\" alt=\"\" srcset=\"https:\/\/swissdox.ch\/wp-content\/uploads\/2024\/09\/wundo-ch.jpg 600w, https:\/\/swissdox.ch\/wp-content\/uploads\/2024\/09\/wundo-ch-225x300.jpg 225w\" sizes=\"(max-width: 600px) 100vw, 600px\" \/><\/div>\n\t\t<\/a>\n\t\t\t\t<div class=\"elementor-post__text\">\n\t\t\t\t<h3 class=\"elementor-post__title\">\n\t\t\t<a href=\"https:\/\/swissdox.ch\/fr\/repertoire-des-medias\/wundo-ch\/\" >\n\t\t\t\twundo.ch\t\t\t<\/a>\n\t\t<\/h3>\n\t\t\t\t<\/div>\n\t\t\t\t<\/article>\n\t\t\t\t<article class=\"elementor-post elementor-grid-item post-70081 medienverzeichnis type-medienverzeichnis status-publish has-post-thumbnail hentry land-suisse medientyp-magazine partner-weltwoche-verlags-ag sprache-allemand\" role=\"listitem\">\n\t\t\t\t<a class=\"elementor-post__thumbnail__link\" href=\"https:\/\/swissdox.ch\/fr\/repertoire-des-medias\/ww-magazin\/\" tabindex=\"-1\" >\n\t\t\t<div class=\"elementor-post__thumbnail\"><img loading=\"lazy\" decoding=\"async\" width=\"600\" height=\"800\" src=\"https:\/\/swissdox.ch\/wp-content\/uploads\/2024\/09\/ww-magazin.jpg\" class=\"attachment-full size-full wp-image-54837\" alt=\"\" srcset=\"https:\/\/swissdox.ch\/wp-content\/uploads\/2024\/09\/ww-magazin.jpg 600w, https:\/\/swissdox.ch\/wp-content\/uploads\/2024\/09\/ww-magazin-225x300.jpg 225w\" sizes=\"(max-width: 600px) 100vw, 600px\" \/><\/div>\n\t\t<\/a>\n\t\t\t\t<div class=\"elementor-post__text\">\n\t\t\t\t<h3 class=\"elementor-post__title\">\n\t\t\t<a href=\"https:\/\/swissdox.ch\/fr\/repertoire-des-medias\/ww-magazin\/\" >\n\t\t\t\tWW-Magazin\t\t\t<\/a>\n\t\t<\/h3>\n\t\t\t\t<\/div>\n\t\t\t\t<\/article>\n\t\t\t\t<article class=\"elementor-post elementor-grid-item post-70082 medienverzeichnis type-medienverzeichnis status-publish has-post-thumbnail hentry land-allemagne medientyp-magazine partner-dfv-mediengruppe sprache-allemand\" role=\"listitem\">\n\t\t\t\t<a class=\"elementor-post__thumbnail__link\" href=\"https:\/\/swissdox.ch\/fr\/repertoire-des-medias\/wwt-wasserwirtschaft-wassertechnik\/\" tabindex=\"-1\" >\n\t\t\t<div class=\"elementor-post__thumbnail\"><img loading=\"lazy\" decoding=\"async\" width=\"600\" height=\"800\" src=\"https:\/\/swissdox.ch\/wp-content\/uploads\/2024\/09\/wwt-wasserwirtschaft-wassertechnik.jpg\" class=\"attachment-full size-full wp-image-54841\" alt=\"\" srcset=\"https:\/\/swissdox.ch\/wp-content\/uploads\/2024\/09\/wwt-wasserwirtschaft-wassertechnik.jpg 600w, https:\/\/swissdox.ch\/wp-content\/uploads\/2024\/09\/wwt-wasserwirtschaft-wassertechnik-225x300.jpg 225w\" sizes=\"(max-width: 600px) 100vw, 600px\" \/><\/div>\n\t\t<\/a>\n\t\t\t\t<div class=\"elementor-post__text\">\n\t\t\t\t<h3 class=\"elementor-post__title\">\n\t\t\t<a href=\"https:\/\/swissdox.ch\/fr\/repertoire-des-medias\/wwt-wasserwirtschaft-wassertechnik\/\" >\n\t\t\t\twwt Wasserwirtschaft Wassertechnik\t\t\t<\/a>\n\t\t<\/h3>\n\t\t\t\t<\/div>\n\t\t\t\t<\/article>\n\t\t\t\t<article class=\"elementor-post elementor-grid-item post-70083 medienverzeichnis type-medienverzeichnis status-publish has-post-thumbnail hentry land-suisse medientyp-magazine partner-medienart-ag sprache-allemand\" role=\"listitem\">\n\t\t\t\t<a class=\"elementor-post__thumbnail__link\" href=\"https:\/\/swissdox.ch\/fr\/repertoire-des-medias\/zeitlupe\/\" tabindex=\"-1\" >\n\t\t\t<div class=\"elementor-post__thumbnail\"><img loading=\"lazy\" decoding=\"async\" width=\"600\" height=\"799\" src=\"https:\/\/swissdox.ch\/wp-content\/uploads\/2024\/09\/zeitlupe.jpg\" class=\"attachment-full size-full wp-image-54845\" alt=\"\" srcset=\"https:\/\/swissdox.ch\/wp-content\/uploads\/2024\/09\/zeitlupe.jpg 600w, https:\/\/swissdox.ch\/wp-content\/uploads\/2024\/09\/zeitlupe-225x300.jpg 225w\" sizes=\"(max-width: 600px) 100vw, 600px\" \/><\/div>\n\t\t<\/a>\n\t\t\t\t<div class=\"elementor-post__text\">\n\t\t\t\t<h3 class=\"elementor-post__title\">\n\t\t\t<a href=\"https:\/\/swissdox.ch\/fr\/repertoire-des-medias\/zeitlupe\/\" >\n\t\t\t\tZeitlupe\t\t\t<\/a>\n\t\t<\/h3>\n\t\t\t\t<\/div>\n\t\t\t\t<\/article>\n\t\t\t\t<article class=\"elementor-post elementor-grid-item post-70084 medienverzeichnis type-medienverzeichnis status-publish has-post-thumbnail hentry land-suisse medientyp-presse-en-ligne partner-zentralplus-ag sprache-allemand\" role=\"listitem\">\n\t\t\t\t<a class=\"elementor-post__thumbnail__link\" href=\"https:\/\/swissdox.ch\/fr\/repertoire-des-medias\/zentralplus\/\" tabindex=\"-1\" >\n\t\t\t<div class=\"elementor-post__thumbnail\"><img loading=\"lazy\" decoding=\"async\" width=\"600\" height=\"800\" src=\"https:\/\/swissdox.ch\/wp-content\/uploads\/2024\/09\/zentralplus-ch.jpg\" class=\"attachment-full size-full wp-image-54849\" alt=\"\" srcset=\"https:\/\/swissdox.ch\/wp-content\/uploads\/2024\/09\/zentralplus-ch.jpg 600w, https:\/\/swissdox.ch\/wp-content\/uploads\/2024\/09\/zentralplus-ch-225x300.jpg 225w\" sizes=\"(max-width: 600px) 100vw, 600px\" \/><\/div>\n\t\t<\/a>\n\t\t\t\t<div class=\"elementor-post__text\">\n\t\t\t\t<h3 class=\"elementor-post__title\">\n\t\t\t<a href=\"https:\/\/swissdox.ch\/fr\/repertoire-des-medias\/zentralplus\/\" >\n\t\t\t\tzentralplus\t\t\t<\/a>\n\t\t<\/h3>\n\t\t\t\t<\/div>\n\t\t\t\t<\/article>\n\t\t\t\t<article class=\"elementor-post elementor-grid-item post-70085 medienverzeichnis type-medienverzeichnis status-publish has-post-thumbnail hentry land-suisse medientyp-magazine partner-zhaw sprache-allemand\" role=\"listitem\">\n\t\t\t\t<a class=\"elementor-post__thumbnail__link\" href=\"https:\/\/swissdox.ch\/fr\/repertoire-des-medias\/zhaw-impact\/\" tabindex=\"-1\" >\n\t\t\t<div class=\"elementor-post__thumbnail\"><img loading=\"lazy\" decoding=\"async\" width=\"600\" height=\"800\" src=\"https:\/\/swissdox.ch\/wp-content\/uploads\/2024\/09\/zhaw-impact.jpg\" class=\"attachment-full size-full wp-image-54853\" alt=\"\" srcset=\"https:\/\/swissdox.ch\/wp-content\/uploads\/2024\/09\/zhaw-impact.jpg 600w, https:\/\/swissdox.ch\/wp-content\/uploads\/2024\/09\/zhaw-impact-225x300.jpg 225w\" sizes=\"(max-width: 600px) 100vw, 600px\" \/><\/div>\n\t\t<\/a>\n\t\t\t\t<div class=\"elementor-post__text\">\n\t\t\t\t<h3 class=\"elementor-post__title\">\n\t\t\t<a href=\"https:\/\/swissdox.ch\/fr\/repertoire-des-medias\/zhaw-impact\/\" >\n\t\t\t\tZHAW-Impact\t\t\t<\/a>\n\t\t<\/h3>\n\t\t\t\t<\/div>\n\t\t\t\t<\/article>\n\t\t\t\t<article class=\"elementor-post elementor-grid-item post-70086 medienverzeichnis type-medienverzeichnis status-publish has-post-thumbnail hentry land-suisse medientyp-presse-en-ligne partner-zo-medien-ag sprache-allemand\" role=\"listitem\">\n\t\t\t\t<a class=\"elementor-post__thumbnail__link\" href=\"https:\/\/swissdox.ch\/fr\/repertoire-des-medias\/zo-online-ch\/\" tabindex=\"-1\" >\n\t\t\t<div class=\"elementor-post__thumbnail\"><img loading=\"lazy\" decoding=\"async\" width=\"600\" height=\"800\" src=\"https:\/\/swissdox.ch\/wp-content\/uploads\/2025\/06\/zo-online-ch.jpg\" class=\"attachment-full size-full wp-image-63637\" alt=\"\" srcset=\"https:\/\/swissdox.ch\/wp-content\/uploads\/2025\/06\/zo-online-ch.jpg 600w, https:\/\/swissdox.ch\/wp-content\/uploads\/2025\/06\/zo-online-ch-225x300.jpg 225w\" sizes=\"(max-width: 600px) 100vw, 600px\" \/><\/div>\n\t\t<\/a>\n\t\t\t\t<div class=\"elementor-post__text\">\n\t\t\t\t<h3 class=\"elementor-post__title\">\n\t\t\t<a href=\"https:\/\/swissdox.ch\/fr\/repertoire-des-medias\/zo-online-ch\/\" >\n\t\t\t\tzo-online.ch\t\t\t<\/a>\n\t\t<\/h3>\n\t\t\t\t<\/div>\n\t\t\t\t<\/article>\n\t\t\t\t<article class=\"elementor-post elementor-grid-item post-70087 medienverzeichnis type-medienverzeichnis status-publish has-post-thumbnail hentry land-suisse medientyp-quotidien partner-ch-media sprache-allemand\" role=\"listitem\">\n\t\t\t\t<a class=\"elementor-post__thumbnail__link\" href=\"https:\/\/swissdox.ch\/fr\/repertoire-des-medias\/zofinger-tagblatt\/\" tabindex=\"-1\" >\n\t\t\t<div class=\"elementor-post__thumbnail\"><img loading=\"lazy\" decoding=\"async\" width=\"600\" height=\"800\" src=\"https:\/\/swissdox.ch\/wp-content\/uploads\/2024\/09\/zofinger-tagblatt.jpg\" class=\"attachment-full size-full wp-image-54857\" alt=\"\" srcset=\"https:\/\/swissdox.ch\/wp-content\/uploads\/2024\/09\/zofinger-tagblatt.jpg 600w, https:\/\/swissdox.ch\/wp-content\/uploads\/2024\/09\/zofinger-tagblatt-225x300.jpg 225w\" sizes=\"(max-width: 600px) 100vw, 600px\" \/><\/div>\n\t\t<\/a>\n\t\t\t\t<div class=\"elementor-post__text\">\n\t\t\t\t<h3 class=\"elementor-post__title\">\n\t\t\t<a href=\"https:\/\/swissdox.ch\/fr\/repertoire-des-medias\/zofinger-tagblatt\/\" >\n\t\t\t\tZofinger Tagblatt\t\t\t<\/a>\n\t\t<\/h3>\n\t\t\t\t<\/div>\n\t\t\t\t<\/article>\n\t\t\t\t<article class=\"elementor-post elementor-grid-item post-70088 medienverzeichnis type-medienverzeichnis status-publish has-post-thumbnail hentry land-suisse medientyp-presse-en-ligne partner-ch-media sprache-allemand\" role=\"listitem\">\n\t\t\t\t<a class=\"elementor-post__thumbnail__link\" href=\"https:\/\/swissdox.ch\/fr\/repertoire-des-medias\/zofingertagblatt-ch\/\" tabindex=\"-1\" >\n\t\t\t<div class=\"elementor-post__thumbnail\"><img loading=\"lazy\" decoding=\"async\" width=\"600\" height=\"800\" src=\"https:\/\/swissdox.ch\/wp-content\/uploads\/2024\/09\/zofingertagblatt-ch.jpg\" class=\"attachment-full size-full wp-image-54861\" alt=\"\" srcset=\"https:\/\/swissdox.ch\/wp-content\/uploads\/2024\/09\/zofingertagblatt-ch.jpg 600w, https:\/\/swissdox.ch\/wp-content\/uploads\/2024\/09\/zofingertagblatt-ch-225x300.jpg 225w\" sizes=\"(max-width: 600px) 100vw, 600px\" \/><\/div>\n\t\t<\/a>\n\t\t\t\t<div class=\"elementor-post__text\">\n\t\t\t\t<h3 class=\"elementor-post__title\">\n\t\t\t<a href=\"https:\/\/swissdox.ch\/fr\/repertoire-des-medias\/zofingertagblatt-ch\/\" >\n\t\t\t\tzofingertagblatt.ch\t\t\t<\/a>\n\t\t<\/h3>\n\t\t\t\t<\/div>\n\t\t\t\t<\/article>\n\t\t\t\t<article class=\"elementor-post elementor-grid-item post-70089 medienverzeichnis type-medienverzeichnis status-publish has-post-thumbnail hentry land-suisse medientyp-presse-en-ligne partner-zurcher-studierendenzeitung-zs sprache-allemand\" role=\"listitem\">\n\t\t\t\t<a class=\"elementor-post__thumbnail__link\" href=\"https:\/\/swissdox.ch\/fr\/repertoire-des-medias\/zsonline-ch\/\" tabindex=\"-1\" >\n\t\t\t<div class=\"elementor-post__thumbnail\"><img loading=\"lazy\" decoding=\"async\" width=\"600\" height=\"800\" src=\"https:\/\/swissdox.ch\/wp-content\/uploads\/2024\/09\/zsonline-ch.jpg\" class=\"attachment-full size-full wp-image-54865\" alt=\"\" srcset=\"https:\/\/swissdox.ch\/wp-content\/uploads\/2024\/09\/zsonline-ch.jpg 600w, https:\/\/swissdox.ch\/wp-content\/uploads\/2024\/09\/zsonline-ch-225x300.jpg 225w\" sizes=\"(max-width: 600px) 100vw, 600px\" \/><\/div>\n\t\t<\/a>\n\t\t\t\t<div class=\"elementor-post__text\">\n\t\t\t\t<h3 class=\"elementor-post__title\">\n\t\t\t<a href=\"https:\/\/swissdox.ch\/fr\/repertoire-des-medias\/zsonline-ch\/\" >\n\t\t\t\tzsonline.ch\t\t\t<\/a>\n\t\t<\/h3>\n\t\t\t\t<\/div>\n\t\t\t\t<\/article>\n\t\t\t\t<article class=\"elementor-post elementor-grid-item post-70090 medienverzeichnis type-medienverzeichnis status-publish has-post-thumbnail hentry land-suisse medientyp-quotidien partner-ch-media sprache-allemand\" role=\"listitem\">\n\t\t\t\t<a class=\"elementor-post__thumbnail__link\" href=\"https:\/\/swissdox.ch\/fr\/repertoire-des-medias\/zuger-zeitung\/\" tabindex=\"-1\" >\n\t\t\t<div class=\"elementor-post__thumbnail\"><img loading=\"lazy\" decoding=\"async\" width=\"600\" height=\"800\" src=\"https:\/\/swissdox.ch\/wp-content\/uploads\/2024\/09\/zuger-zeitung.jpg\" class=\"attachment-full size-full wp-image-54893\" alt=\"\" srcset=\"https:\/\/swissdox.ch\/wp-content\/uploads\/2024\/09\/zuger-zeitung.jpg 600w, https:\/\/swissdox.ch\/wp-content\/uploads\/2024\/09\/zuger-zeitung-225x300.jpg 225w\" sizes=\"(max-width: 600px) 100vw, 600px\" \/><\/div>\n\t\t<\/a>\n\t\t\t\t<div class=\"elementor-post__text\">\n\t\t\t\t<h3 class=\"elementor-post__title\">\n\t\t\t<a href=\"https:\/\/swissdox.ch\/fr\/repertoire-des-medias\/zuger-zeitung\/\" >\n\t\t\t\tZuger Zeitung\t\t\t<\/a>\n\t\t<\/h3>\n\t\t\t\t<\/div>\n\t\t\t\t<\/article>\n\t\t\t\t<article class=\"elementor-post elementor-grid-item post-70091 medienverzeichnis type-medienverzeichnis status-publish has-post-thumbnail hentry land-suisse medientyp-presse-en-ligne partner-ch-media sprache-allemand\" role=\"listitem\">\n\t\t\t\t<a class=\"elementor-post__thumbnail__link\" href=\"https:\/\/swissdox.ch\/fr\/repertoire-des-medias\/zugerzeitung-ch\/\" tabindex=\"-1\" >\n\t\t\t<div class=\"elementor-post__thumbnail\"><img loading=\"lazy\" decoding=\"async\" width=\"600\" height=\"800\" src=\"https:\/\/swissdox.ch\/wp-content\/uploads\/2026\/07\/zugerzeitung-ch.jpg\" class=\"attachment-full size-full wp-image-69118\" alt=\"\" srcset=\"https:\/\/swissdox.ch\/wp-content\/uploads\/2026\/07\/zugerzeitung-ch.jpg 600w, https:\/\/swissdox.ch\/wp-content\/uploads\/2026\/07\/zugerzeitung-ch-225x300.jpg 225w\" sizes=\"(max-width: 600px) 100vw, 600px\" \/><\/div>\n\t\t<\/a>\n\t\t\t\t<div class=\"elementor-post__text\">\n\t\t\t\t<h3 class=\"elementor-post__title\">\n\t\t\t<a href=\"https:\/\/swissdox.ch\/fr\/repertoire-des-medias\/zugerzeitung-ch\/\" >\n\t\t\t\tzugerzeitung.ch\t\t\t<\/a>\n\t\t<\/h3>\n\t\t\t\t<\/div>\n\t\t\t\t<\/article>\n\t\t\t\t<article class=\"elementor-post elementor-grid-item post-70092 medienverzeichnis type-medienverzeichnis status-publish has-post-thumbnail hentry land-suisse medientyp-quotidien partner-zo-medien-ag sprache-allemand\" role=\"listitem\">\n\t\t\t\t<a class=\"elementor-post__thumbnail__link\" href=\"https:\/\/swissdox.ch\/fr\/repertoire-des-medias\/zuercher-oberlaender-anzeiger-von-uster\/\" tabindex=\"-1\" >\n\t\t\t<div class=\"elementor-post__thumbnail\"><img loading=\"lazy\" decoding=\"async\" width=\"600\" height=\"800\" src=\"https:\/\/swissdox.ch\/wp-content\/uploads\/2024\/09\/zuercher-oberlaender.jpg\" class=\"attachment-full size-full wp-image-54873\" alt=\"\" srcset=\"https:\/\/swissdox.ch\/wp-content\/uploads\/2024\/09\/zuercher-oberlaender.jpg 600w, https:\/\/swissdox.ch\/wp-content\/uploads\/2024\/09\/zuercher-oberlaender-225x300.jpg 225w\" sizes=\"(max-width: 600px) 100vw, 600px\" \/><\/div>\n\t\t<\/a>\n\t\t\t\t<div class=\"elementor-post__text\">\n\t\t\t\t<h3 class=\"elementor-post__title\">\n\t\t\t<a href=\"https:\/\/swissdox.ch\/fr\/repertoire-des-medias\/zuercher-oberlaender-anzeiger-von-uster\/\" >\n\t\t\t\tZ\u00fcrcher Oberl\u00e4nder\/Anzeiger von Uster\t\t\t<\/a>\n\t\t<\/h3>\n\t\t\t\t<\/div>\n\t\t\t\t<\/article>\n\t\t\t\t<article class=\"elementor-post elementor-grid-item post-70093 medienverzeichnis type-medienverzeichnis status-publish has-post-thumbnail hentry land-suisse medientyp-quotidien partner-tx-group-ag sprache-allemand\" role=\"listitem\">\n\t\t\t\t<a class=\"elementor-post__thumbnail__link\" href=\"https:\/\/swissdox.ch\/fr\/repertoire-des-medias\/zuercher-unterlaender\/\" tabindex=\"-1\" >\n\t\t\t<div class=\"elementor-post__thumbnail\"><img loading=\"lazy\" decoding=\"async\" width=\"600\" height=\"799\" src=\"https:\/\/swissdox.ch\/wp-content\/uploads\/2024\/09\/zuercher-unterlaender.jpg\" class=\"attachment-full size-full wp-image-54877\" alt=\"\" srcset=\"https:\/\/swissdox.ch\/wp-content\/uploads\/2024\/09\/zuercher-unterlaender.jpg 600w, https:\/\/swissdox.ch\/wp-content\/uploads\/2024\/09\/zuercher-unterlaender-225x300.jpg 225w\" sizes=\"(max-width: 600px) 100vw, 600px\" \/><\/div>\n\t\t<\/a>\n\t\t\t\t<div class=\"elementor-post__text\">\n\t\t\t\t<h3 class=\"elementor-post__title\">\n\t\t\t<a href=\"https:\/\/swissdox.ch\/fr\/repertoire-des-medias\/zuercher-unterlaender\/\" >\n\t\t\t\tZ\u00fcrcher Unterl\u00e4nder\t\t\t<\/a>\n\t\t<\/h3>\n\t\t\t\t<\/div>\n\t\t\t\t<\/article>\n\t\t\t\t<article class=\"elementor-post elementor-grid-item post-70094 medienverzeichnis type-medienverzeichnis status-publish has-post-thumbnail hentry land-suisse medientyp-quotidien partner-tx-group-ag sprache-allemand\" role=\"listitem\">\n\t\t\t\t<a class=\"elementor-post__thumbnail__link\" href=\"https:\/\/swissdox.ch\/fr\/repertoire-des-medias\/zuerichsee-zeitung\/\" tabindex=\"-1\" >\n\t\t\t<div class=\"elementor-post__thumbnail\"><img loading=\"lazy\" decoding=\"async\" width=\"600\" height=\"799\" src=\"https:\/\/swissdox.ch\/wp-content\/uploads\/2024\/09\/zuerichsee-zeitung.jpg\" class=\"attachment-full size-full wp-image-54881\" alt=\"\" srcset=\"https:\/\/swissdox.ch\/wp-content\/uploads\/2024\/09\/zuerichsee-zeitung.jpg 600w, https:\/\/swissdox.ch\/wp-content\/uploads\/2024\/09\/zuerichsee-zeitung-225x300.jpg 225w\" sizes=\"(max-width: 600px) 100vw, 600px\" \/><\/div>\n\t\t<\/a>\n\t\t\t\t<div class=\"elementor-post__text\">\n\t\t\t\t<h3 class=\"elementor-post__title\">\n\t\t\t<a href=\"https:\/\/swissdox.ch\/fr\/repertoire-des-medias\/zuerichsee-zeitung\/\" >\n\t\t\t\tZ\u00fcrichsee-Zeitung\t\t\t<\/a>\n\t\t<\/h3>\n\t\t\t\t<\/div>\n\t\t\t\t<\/article>\n\t\t\t\t<article class=\"elementor-post elementor-grid-item post-70095 medienverzeichnis type-medienverzeichnis status-publish has-post-thumbnail hentry land-suisse medientyp-magazine partner-zwoelf sprache-allemand\" role=\"listitem\">\n\t\t\t\t<a class=\"elementor-post__thumbnail__link\" href=\"https:\/\/swissdox.ch\/fr\/repertoire-des-medias\/zwoelf\/\" tabindex=\"-1\" >\n\t\t\t<div class=\"elementor-post__thumbnail\"><img loading=\"lazy\" decoding=\"async\" width=\"600\" height=\"800\" src=\"https:\/\/swissdox.ch\/wp-content\/uploads\/2024\/09\/zwoelf.jpg\" class=\"attachment-full size-full wp-image-54901\" alt=\"\" srcset=\"https:\/\/swissdox.ch\/wp-content\/uploads\/2024\/09\/zwoelf.jpg 600w, https:\/\/swissdox.ch\/wp-content\/uploads\/2024\/09\/zwoelf-225x300.jpg 225w\" sizes=\"(max-width: 600px) 100vw, 600px\" \/><\/div>\n\t\t<\/a>\n\t\t\t\t<div class=\"elementor-post__text\">\n\t\t\t\t<h3 class=\"elementor-post__title\">\n\t\t\t<a href=\"https:\/\/swissdox.ch\/fr\/repertoire-des-medias\/zwoelf\/\" >\n\t\t\t\tzw\u00f6lf\t\t\t<\/a>\n\t\t<\/h3>\n\t\t\t\t<\/div>\n\t\t\t\t<\/article>\n\t\t\t\t<\/div>\n\t\t\t\t\t<span class=\"e-load-more-spinner\">\n\t\t\t\t<svg aria-hidden=\"true\" class=\"e-font-icon-svg e-fas-spinner\" viewBox=\"0 0 512 512\" xmlns=\"http:\/\/www.w3.org\/2000\/svg\"><path d=\"M304 48c0 26.51-21.49 48-48 48s-48-21.49-48-48 21.49-48 48-48 48 21.49 48 48zm-48 368c-26.51 0-48 21.49-48 48s21.49 48 48 48 48-21.49 48-48-21.49-48-48-48zm208-208c-26.51 0-48 21.49-48 48s21.49 48 48 48 48-21.49 48-48-21.49-48-48-48zM96 256c0-26.51-21.49-48-48-48S0 229.49 0 256s21.49 48 48 48 48-21.49 48-48zm12.922 99.078c-26.51 0-48 21.49-48 48s21.49 48 48 48 48-21.49 48-48c0-26.509-21.491-48-48-48zm294.156 0c-26.51 0-48 21.49-48 48s21.49 48 48 48 48-21.49 48-48c0-26.509-21.49-48-48-48zM108.922 60.922c-26.51 0-48 21.49-48 48s21.49 48 48 48 48-21.49 48-48-21.491-48-48-48z\"><\/path><\/svg>\t\t\t<\/span>\n\t\t\n\t\t\t\t\t\t<\/div>\n\t\t\t\t<\/div>\n\t\t\t\t\t<\/div>\n\t\t<\/div>\n\t\t\t\t\t<\/div>\n\t\t<\/section>\n\t\t\t\t<\/div>\n\t\t","protected":false},"excerpt":{"rendered":"<p>Archives m\u00e9dia Les archives m\u00e9dia de Swissdox contiennent plus de 43 millions de documents. Plus de 600 sources: Des quotidiens, des hebdomadaires et des journaux<\/p>\n","protected":false},"author":1,"featured_media":0,"parent":0,"menu_order":3,"comment_status":"closed","ping_status":"closed","template":"","meta":{"_acf_changed":false,"inline_featured_image":false,"footnotes":"","_wp_rev_ctl_limit":""},"class_list":["post-33389","page","type-page","status-publish","hentry"],"acf":[],"yoast_head":"<!-- This site is optimized with the Yoast SEO plugin v28.3 - https:\/\/yoast.com\/product\/yoast-seo-wordpress\/ -->\n<title>Archives m\u00e9dia - Swissdox<\/title>\n<meta name=\"description\" content=\"Les archives m\u00e9dia de Swissdox contiennent plus de 43 millions de documents. Plus de 600 sources imprim\u00e9es, en ligne, radio et TV sont \u00e0 votre disposition.\" \/>\n<meta name=\"robots\" content=\"index, follow, max-snippet:-1, max-image-preview:large, max-video-preview:-1\" \/>\n<link rel=\"canonical\" href=\"https:\/\/swissdox.ch\/fr\/archives-media\/\" \/>\n<meta property=\"og:locale\" content=\"fr_FR\" \/>\n<meta property=\"og:type\" content=\"article\" \/>\n<meta property=\"og:title\" content=\"Archives m\u00e9dia - Swissdox\" \/>\n<meta property=\"og:description\" content=\"Les archives m\u00e9dia de Swissdox contiennent plus de 43 millions de documents. Plus de 600 sources imprim\u00e9es, en ligne, radio et TV sont \u00e0 votre disposition.\" \/>\n<meta property=\"og:url\" content=\"https:\/\/swissdox.ch\/fr\/archives-media\/\" \/>\n<meta property=\"og:site_name\" content=\"Swissdox\" \/>\n<meta property=\"article:modified_time\" content=\"2026-08-13T07:59:49+00:00\" \/>\n<meta name=\"twitter:card\" content=\"summary_large_image\" \/>\n<meta name=\"twitter:label1\" content=\"Dur\u00e9e de lecture estim\u00e9e\" \/>\n\t<meta name=\"twitter:data1\" content=\"99 minutes\" \/>\n<script type=\"application\/ld+json\" class=\"yoast-schema-graph\">{\"@context\":\"https:\\\/\\\/schema.org\",\"@graph\":[{\"@type\":\"WebPage\",\"@id\":\"https:\\\/\\\/swissdox.ch\\\/fr\\\/archives-media\\\/\",\"url\":\"https:\\\/\\\/swissdox.ch\\\/fr\\\/archives-media\\\/\",\"name\":\"Archives m\u00e9dia - Swissdox\",\"isPartOf\":{\"@id\":\"https:\\\/\\\/swissdox.ch\\\/fr\\\/#website\"},\"datePublished\":\"2022-10-03T13:42:07+00:00\",\"dateModified\":\"2026-08-13T07:59:49+00:00\",\"description\":\"Les archives m\u00e9dia de Swissdox contiennent plus de 43 millions de documents. Plus de 600 sources imprim\u00e9es, en ligne, radio et TV sont \u00e0 votre disposition.\",\"breadcrumb\":{\"@id\":\"https:\\\/\\\/swissdox.ch\\\/fr\\\/archives-media\\\/#breadcrumb\"},\"inLanguage\":\"fr-FR\",\"potentialAction\":[{\"@type\":\"ReadAction\",\"target\":[\"https:\\\/\\\/swissdox.ch\\\/fr\\\/archives-media\\\/\"]}]},{\"@type\":\"BreadcrumbList\",\"@id\":\"https:\\\/\\\/swissdox.ch\\\/fr\\\/archives-media\\\/#breadcrumb\",\"itemListElement\":[{\"@type\":\"ListItem\",\"position\":1,\"name\":\"Home\",\"item\":\"https:\\\/\\\/swissdox.ch\\\/fr\\\/\"},{\"@type\":\"ListItem\",\"position\":2,\"name\":\"Archives m\u00e9dia\"}]},{\"@type\":\"WebSite\",\"@id\":\"https:\\\/\\\/swissdox.ch\\\/fr\\\/#website\",\"url\":\"https:\\\/\\\/swissdox.ch\\\/fr\\\/\",\"name\":\"Swissdox\",\"description\":\"Medienbeobachtung\",\"publisher\":{\"@id\":\"https:\\\/\\\/swissdox.ch\\\/fr\\\/#organization\"},\"potentialAction\":[{\"@type\":\"SearchAction\",\"target\":{\"@type\":\"EntryPoint\",\"urlTemplate\":\"https:\\\/\\\/swissdox.ch\\\/fr\\\/?s={search_term_string}\"},\"query-input\":{\"@type\":\"PropertyValueSpecification\",\"valueRequired\":true,\"valueName\":\"search_term_string\"}}],\"inLanguage\":\"fr-FR\"},{\"@type\":\"Organization\",\"@id\":\"https:\\\/\\\/swissdox.ch\\\/fr\\\/#organization\",\"name\":\"Swissdox AG\",\"url\":\"https:\\\/\\\/swissdox.ch\\\/fr\\\/\",\"logo\":{\"@type\":\"ImageObject\",\"inLanguage\":\"fr-FR\",\"@id\":\"https:\\\/\\\/swissdox.ch\\\/fr\\\/#\\\/schema\\\/logo\\\/image\\\/\",\"url\":\"https:\\\/\\\/swissdox.ch\\\/wp-content\\\/uploads\\\/2020\\\/06\\\/swissdox_lowresolution_logo.jpg\",\"contentUrl\":\"https:\\\/\\\/swissdox.ch\\\/wp-content\\\/uploads\\\/2020\\\/06\\\/swissdox_lowresolution_logo.jpg\",\"width\":704,\"height\":163,\"caption\":\"Swissdox AG\"},\"image\":{\"@id\":\"https:\\\/\\\/swissdox.ch\\\/fr\\\/#\\\/schema\\\/logo\\\/image\\\/\"}}]}<\/script>\n<!-- \/ Yoast SEO plugin. -->","yoast_head_json":{"title":"Archives m\u00e9dia - Swissdox","description":"Les archives m\u00e9dia de Swissdox contiennent plus de 43 millions de documents. Plus de 600 sources imprim\u00e9es, en ligne, radio et TV sont \u00e0 votre disposition.","robots":{"index":"index","follow":"follow","max-snippet":"max-snippet:-1","max-image-preview":"max-image-preview:large","max-video-preview":"max-video-preview:-1"},"canonical":"https:\/\/swissdox.ch\/fr\/archives-media\/","og_locale":"fr_FR","og_type":"article","og_title":"Archives m\u00e9dia - Swissdox","og_description":"Les archives m\u00e9dia de Swissdox contiennent plus de 43 millions de documents. Plus de 600 sources imprim\u00e9es, en ligne, radio et TV sont \u00e0 votre disposition.","og_url":"https:\/\/swissdox.ch\/fr\/archives-media\/","og_site_name":"Swissdox","article_modified_time":"2026-08-13T07:59:49+00:00","twitter_card":"summary_large_image","twitter_misc":{"Dur\u00e9e de lecture estim\u00e9e":"99 minutes"},"schema":{"@context":"https:\/\/schema.org","@graph":[{"@type":"WebPage","@id":"https:\/\/swissdox.ch\/fr\/archives-media\/","url":"https:\/\/swissdox.ch\/fr\/archives-media\/","name":"Archives m\u00e9dia - Swissdox","isPartOf":{"@id":"https:\/\/swissdox.ch\/fr\/#website"},"datePublished":"2022-10-03T13:42:07+00:00","dateModified":"2026-08-13T07:59:49+00:00","description":"Les archives m\u00e9dia de Swissdox contiennent plus de 43 millions de documents. Plus de 600 sources imprim\u00e9es, en ligne, radio et TV sont \u00e0 votre disposition.","breadcrumb":{"@id":"https:\/\/swissdox.ch\/fr\/archives-media\/#breadcrumb"},"inLanguage":"fr-FR","potentialAction":[{"@type":"ReadAction","target":["https:\/\/swissdox.ch\/fr\/archives-media\/"]}]},{"@type":"BreadcrumbList","@id":"https:\/\/swissdox.ch\/fr\/archives-media\/#breadcrumb","itemListElement":[{"@type":"ListItem","position":1,"name":"Home","item":"https:\/\/swissdox.ch\/fr\/"},{"@type":"ListItem","position":2,"name":"Archives m\u00e9dia"}]},{"@type":"WebSite","@id":"https:\/\/swissdox.ch\/fr\/#website","url":"https:\/\/swissdox.ch\/fr\/","name":"Swissdox","description":"Medienbeobachtung","publisher":{"@id":"https:\/\/swissdox.ch\/fr\/#organization"},"potentialAction":[{"@type":"SearchAction","target":{"@type":"EntryPoint","urlTemplate":"https:\/\/swissdox.ch\/fr\/?s={search_term_string}"},"query-input":{"@type":"PropertyValueSpecification","valueRequired":true,"valueName":"search_term_string"}}],"inLanguage":"fr-FR"},{"@type":"Organization","@id":"https:\/\/swissdox.ch\/fr\/#organization","name":"Swissdox AG","url":"https:\/\/swissdox.ch\/fr\/","logo":{"@type":"ImageObject","inLanguage":"fr-FR","@id":"https:\/\/swissdox.ch\/fr\/#\/schema\/logo\/image\/","url":"https:\/\/swissdox.ch\/wp-content\/uploads\/2020\/06\/swissdox_lowresolution_logo.jpg","contentUrl":"https:\/\/swissdox.ch\/wp-content\/uploads\/2020\/06\/swissdox_lowresolution_logo.jpg","width":704,"height":163,"caption":"Swissdox AG"},"image":{"@id":"https:\/\/swissdox.ch\/fr\/#\/schema\/logo\/image\/"}}]}},"_links":{"self":[{"href":"https:\/\/swissdox.ch\/fr\/wp-json\/wp\/v2\/pages\/33389","targetHints":{"allow":["GET"]}}],"collection":[{"href":"https:\/\/swissdox.ch\/fr\/wp-json\/wp\/v2\/pages"}],"about":[{"href":"https:\/\/swissdox.ch\/fr\/wp-json\/wp\/v2\/types\/page"}],"author":[{"embeddable":true,"href":"https:\/\/swissdox.ch\/fr\/wp-json\/wp\/v2\/users\/1"}],"replies":[{"embeddable":true,"href":"https:\/\/swissdox.ch\/fr\/wp-json\/wp\/v2\/comments?post=33389"}],"version-history":[{"count":0,"href":"https:\/\/swissdox.ch\/fr\/wp-json\/wp\/v2\/pages\/33389\/revisions"}],"wp:attachment":[{"href":"https:\/\/swissdox.ch\/fr\/wp-json\/wp\/v2\/media?parent=33389"}],"curies":[{"name":"wp","href":"https:\/\/api.w.org\/{rel}","templated":true}]}}